{"id":101156,"date":"2026-03-09T12:00:26","date_gmt":"2026-03-09T11:00:26","guid":{"rendered":"https:\/\/www.camping-carolins.com\/gite-vermietung\/"},"modified":"2026-03-09T13:24:13","modified_gmt":"2026-03-09T12:24:13","slug":"gite-vermietung","status":"publish","type":"page","link":"https:\/\/www.camping-carolins.com\/de\/gite-vermietung\/","title":{"rendered":"Ferienh\u00e4user"},"content":{"rendered":"\n<section class=\"wp-block-group page-first has-custom-color-1-background-color has-background has-global-padding is-layout-constrained wp-block-group-is-layout-constrained\" style=\"padding-top:var(--wp--preset--spacing--30);padding-bottom:var(--wp--preset--spacing--30)\"><\/section>\n\n<div class=\"wp-block-group page-hebergement has-global-padding is-layout-constrained wp-block-group-is-layout-constrained\" style=\"padding-top:6rem\">\n<div class=\"wp-block-group groupe-title has-global-padding is-layout-constrained wp-block-group-is-layout-constrained\">\n<h1 class=\"wp-block-heading has-text-align-center has-custom-color-1-color has-text-color has-link-color wp-elements-e895deac903dbd624b4b843e7f30cffe\">Vermietung von charmanten Ferienwohnungen im Cotentin Ein au\u00dfergew\u00f6hnlicher Aufenthalt in der Basse-Normandie<\/h1>\n\n\n\n<div class=\"wp-block-group title-img is-layout-flow wp-block-group-is-layout-flow\">\n<figure class=\"wp-block-image aligncenter size-full\"><img decoding=\"async\" width=\"23\" height=\"22\" src=\"https:\/\/www.camping-carolins.com\/wp-content\/uploads\/2025\/05\/Calque_2-1.svg\" alt=\"vermietung von mobilheimen cotentin\" class=\"wp-image-101\"\/><\/figure>\n<\/div>\n<\/div>\n\n\n\n<p class=\"has-text-align-center\">Sie suchen eine Ferienunterkunft im Cotentin f\u00fcr Ihren n\u00e4chsten Urlaub in der Normandie?<br\/>Entdecken Sie in der N\u00e4he von Barneville-Carteret unsere hochwertigen Unterk\u00fcnfte, die Ger\u00e4umigkeit, Komfort und eine privilegierte Lage zwischen Meer und Natur vereinen.<\/p>\n\n\n\n<p class=\"has-text-align-center\">Unsere Ferienwohnungen sind ideal gelegen, um die K\u00fcste der Normandie, die Str\u00e4nde der Westk\u00fcste des Cotentin und den authentischen Charme von Portbail in vollen Z\u00fcgen zu genie\u00dfen.<\/p>\n\n\n\n<div\n    class=\"gt-hebergements-filtres gt-hebergements-filtres--accordeons gt-hebergements-filtres--sidebar  wp-block-gt-gt-fse-hebergements\"    data-wp-interactive=\"gt\/fse\/filtres\"\n    data-wp-on--keydown=\"actions.handleKeydown\"\n    data-wp-on-document--click=\"actions.outsideClick\"\n    data-wp-context='{\"isSidebar\":true,\"isSidebarOpen\":false,\"isStickyButton\":true,\"isAccordeon\":true}'>\n    <div class=\"gt-hebergements-actions\">\n        \n        <button\n            class=\"gt-hebergements-open-button gt-hebergements-open-button--sticky\"\n            data-wp-on--click=\"actions.toggleSidebar\"\n            data-wp-bind--aria-expanded=\"context.isSidebarOpen\"\n            data-wp-class--active=\"state.activeCheckboxes\"\n            style=\"display:flex;align-items:center;gap:8px;flex-direction:row;\">\n            <div style=\"width:24px;height:24px;background-color:#fffaf5;mask:url(https:\/\/www.camping-carolins.com\/wp-content\/uploads\/2025\/06\/filtre-1.svg) no-repeat center \/ contain;-webkit-mask:url(https:\/\/www.camping-carolins.com\/wp-content\/uploads\/2025\/06\/filtre-1.svg) no-repeat center \/ contain;mask-size:contain;-webkit-mask-size:contain;flex-shrink:0;\" title=\"filtre (1)\"><\/div>            <span class=\"gt-hebergements-label-button\">\n                Siehe Filter            <\/span>\n            <span\n                data-wp-text=\"state.activeCheckboxes\"\n                data-wp-bind--hidden=\"!state.activeCheckboxes\"><\/span>\n        <\/button>\n\n        <div data-wp-bind--hidden=\"!state.activeCheckboxes\">\n            <button\n                class=\"gt-hebergements-reset-button\"\n                data-wp-on--click=\"actions.clearAllFilters\">\n                <i class=\"fas fa-undo-alt\"><\/i>\n                Zur\u00fccksetzen            <\/button>\n        <\/div>\n    <\/div>\n\n    <div\n        class=\"gt-hebergements-filtres__sidebar\"\n        data-wp-bind--hidden=\"!context.isSidebarOpen\"\n        data-wp-class--opened=\"context.isSidebarOpen\"\n\n        >\n                    <button\n                class=\"gt-hebergements-filtres__close-btn\"\n                data-wp-on--click=\"actions.closeSidebar\"\n                aria-label=\"Fermer les filtres\">\n                &times;\n            <\/button>\n                                                                                <div\n                    class=\"gt-hebergements-filtre closed\"\n                    data-gt-filtre-name=\"types\"\n                    data-gt-cookie=\"gtTypes\"\n                    aria-expanded=\"\"\n                    data-gt-filtre-operator=\"OR\">\n\n                                        <p\n                        class=\"gt-hebergements-filtre__name\"\n                        data-wp-on--click=\"actions.toggleFilter\"\n                        style=\"\n                            background-color: transparent;\n                            color: inherit;\n                            border-radius: 0px;\n                            padding: 0px;\n                        \">\n                        <span>\n                            Types                            <span\n                                class=\"gt-hebergements-filtre__count\"\n                                data-wp-bind--hidden=\"!state.count.types\"\n                                data-wp-text=\"state.count.types\"\n                                hidden>\n                            <\/span>\n                        <\/span>\n                    <\/p>\n                    <div\n                        class=\"gt-hebergements-filtre__content\"\n                        style=\"\n                            background-color: transparent;\n                            color: inherit;\n                            border-radius: 0px;\n                            padding: 0px;\n                        \">\n                        <label>\n                            <input\n                                type=\"checkbox\"\n                                name=\"types[]\"\n                                data-wp-on--click=\"actions.clearFilter\"\n                                value=\"\"\n                                checked \/>\n                            <span class=\"custom-checkbox\"><\/span>\n                            Alle                        <\/label>\n\n                                                                                                            <label>\n                                <input\n                                    type=\"checkbox\"\n                                    name=\"types[]\"\n                                    data-wp-on--click=\"actions.runFilters\"\n                                    value=\"139\"\n                                     \/>\n                                <span class=\"custom-checkbox\"><\/span>\n                                Ferienh\u00e4user                                                            <\/label>\n                                                                                <label>\n                                <input\n                                    type=\"checkbox\"\n                                    name=\"types[]\"\n                                    data-wp-on--click=\"actions.runFilters\"\n                                    value=\"138\"\n                                     \/>\n                                <span class=\"custom-checkbox\"><\/span>\n                                Atypische Unterk\u00fcnfte                                                            <\/label>\n                                                                                <label>\n                                <input\n                                    type=\"checkbox\"\n                                    name=\"types[]\"\n                                    data-wp-on--click=\"actions.runFilters\"\n                                    value=\"137\"\n                                     \/>\n                                <span class=\"custom-checkbox\"><\/span>\n                                Mobilheime                                                            <\/label>\n                                            <\/div>\n                <\/div>\n                                                                                    <div\n                    class=\"gt-hebergements-filtre closed\"\n                    data-gt-filtre-name=\"options\"\n                    data-gt-cookie=\"gtOptions\"\n                    aria-expanded=\"\"\n                    data-gt-filtre-operator=\"AND\">\n\n                                        <p\n                        class=\"gt-hebergements-filtre__name\"\n                        data-wp-on--click=\"actions.toggleFilter\"\n                        style=\"\n                            background-color: transparent;\n                            color: inherit;\n                            border-radius: 0px;\n                            padding: 0px;\n                        \">\n                        <span>\n                            Options                            <span\n                                class=\"gt-hebergements-filtre__count\"\n                                data-wp-bind--hidden=\"!state.count.options\"\n                                data-wp-text=\"state.count.options\"\n                                hidden>\n                            <\/span>\n                        <\/span>\n                    <\/p>\n                    <div\n                        class=\"gt-hebergements-filtre__content\"\n                        style=\"\n                            background-color: transparent;\n                            color: inherit;\n                            border-radius: 0px;\n                            padding: 0px;\n                        \">\n                        <label>\n                            <input\n                                type=\"checkbox\"\n                                name=\"options[]\"\n                                data-wp-on--click=\"actions.clearFilter\"\n                                value=\"\"\n                                checked \/>\n                            <span class=\"custom-checkbox\"><\/span>\n                            Alle                        <\/label>\n\n                                                                                <label>\n                                <input\n                                    type=\"checkbox\"\n                                    name=\"options[]\"\n                                    data-wp-on--click=\"actions.runFilters\"\n                                    value=\"198\"\n                                     \/>\n                                <span class=\"custom-checkbox\"><\/span>\n                                climatisation reversible                                                            <\/label>\n                                                                                <label>\n                                <input\n                                    type=\"checkbox\"\n                                    name=\"options[]\"\n                                    data-wp-on--click=\"actions.runFilters\"\n                                    value=\"177\"\n                                     \/>\n                                <span class=\"custom-checkbox\"><\/span>\n                                D\u00fcnenansicht                                                            <\/label>\n                                                                                <label>\n                                <input\n                                    type=\"checkbox\"\n                                    name=\"options[]\"\n                                    data-wp-on--click=\"actions.runFilters\"\n                                    value=\"199\"\n                                     \/>\n                                <span class=\"custom-checkbox\"><\/span>\n                                Kostenloses WLAN                                                            <\/label>\n                                                                                <label>\n                                <input\n                                    type=\"checkbox\"\n                                    name=\"options[]\"\n                                    data-wp-on--click=\"actions.runFilters\"\n                                    value=\"179\"\n                                     \/>\n                                <span class=\"custom-checkbox\"><\/span>\n                                Option Nordisches Bad                                                            <\/label>\n                                                                                <label>\n                                <input\n                                    type=\"checkbox\"\n                                    name=\"options[]\"\n                                    data-wp-on--click=\"actions.runFilters\"\n                                    value=\"211\"\n                                     \/>\n                                <span class=\"custom-checkbox\"><\/span>\n                                Spa                                                            <\/label>\n                                                                                <label>\n                                <input\n                                    type=\"checkbox\"\n                                    name=\"options[]\"\n                                    data-wp-on--click=\"actions.runFilters\"\n                                    value=\"197\"\n                                     \/>\n                                <span class=\"custom-checkbox\"><\/span>\n                                Terrasse                                                            <\/label>\n                                            <\/div>\n                <\/div>\n                                                                <div\n                    class=\"gt-hebergements-filtre closed\"\n                    data-gt-filtre-name=\"capacities\"\n                    data-gt-cookie=\"gtCapacities\"\n                    aria-expanded=\"\"\n                    data-gt-filtre-operator=\"OR\">\n\n                                        <p\n                        class=\"gt-hebergements-filtre__name\"\n                        data-wp-on--click=\"actions.toggleFilter\"\n                        style=\"\n                            background-color: transparent;\n                            color: inherit;\n                            border-radius: 0px;\n                            padding: 0px;\n                        \">\n                        <span>\n                            Anzahl der Personen                            <span\n                                class=\"gt-hebergements-filtre__count\"\n                                data-wp-bind--hidden=\"!state.count.capacities\"\n                                data-wp-text=\"state.count.capacities\"\n                                hidden>\n                            <\/span>\n                        <\/span>\n                    <\/p>\n                    <div\n                        class=\"gt-hebergements-filtre__content\"\n                        style=\"\n                            background-color: transparent;\n                            color: inherit;\n                            border-radius: 0px;\n                            padding: 0px;\n                        \">\n                        <label>\n                            <input\n                                type=\"checkbox\"\n                                name=\"capacities[]\"\n                                data-wp-on--click=\"actions.clearFilter\"\n                                value=\"\"\n                                checked \/>\n                            <span class=\"custom-checkbox\"><\/span>\n                            Alle                        <\/label>\n\n                                                                                <label>\n                                <input\n                                    type=\"checkbox\"\n                                    name=\"capacities[]\"\n                                    data-wp-on--click=\"actions.runFilters\"\n                                    value=\"116\"\n                                     \/>\n                                <span class=\"custom-checkbox\"><\/span>\n                                1                                                            <\/label>\n                                                                                <label>\n                                <input\n                                    type=\"checkbox\"\n                                    name=\"capacities[]\"\n                                    data-wp-on--click=\"actions.runFilters\"\n                                    value=\"117\"\n                                     \/>\n                                <span class=\"custom-checkbox\"><\/span>\n                                2                                                            <\/label>\n                                                                                <label>\n                                <input\n                                    type=\"checkbox\"\n                                    name=\"capacities[]\"\n                                    data-wp-on--click=\"actions.runFilters\"\n                                    value=\"191\"\n                                     \/>\n                                <span class=\"custom-checkbox\"><\/span>\n                                3                                                            <\/label>\n                                                                                <label>\n                                <input\n                                    type=\"checkbox\"\n                                    name=\"capacities[]\"\n                                    data-wp-on--click=\"actions.runFilters\"\n                                    value=\"71\"\n                                     \/>\n                                <span class=\"custom-checkbox\"><\/span>\n                                4                                                            <\/label>\n                                                                                <label>\n                                <input\n                                    type=\"checkbox\"\n                                    name=\"capacities[]\"\n                                    data-wp-on--click=\"actions.runFilters\"\n                                    value=\"73\"\n                                     \/>\n                                <span class=\"custom-checkbox\"><\/span>\n                                6                                                            <\/label>\n                                                                                <label>\n                                <input\n                                    type=\"checkbox\"\n                                    name=\"capacities[]\"\n                                    data-wp-on--click=\"actions.runFilters\"\n                                    value=\"74\"\n                                     \/>\n                                <span class=\"custom-checkbox\"><\/span>\n                                7                                                            <\/label>\n                                                                                <label>\n                                <input\n                                    type=\"checkbox\"\n                                    name=\"capacities[]\"\n                                    data-wp-on--click=\"actions.runFilters\"\n                                    value=\"70\"\n                                     \/>\n                                <span class=\"custom-checkbox\"><\/span>\n                                8                                                            <\/label>\n                                            <\/div>\n                <\/div>\n                                                                <div\n                    class=\"gt-hebergements-filtre closed\"\n                    data-gt-filtre-name=\"rooms\"\n                    data-gt-cookie=\"gtRooms\"\n                    aria-expanded=\"\"\n                    data-gt-filtre-operator=\"OR\">\n\n                                        <p\n                        class=\"gt-hebergements-filtre__name\"\n                        data-wp-on--click=\"actions.toggleFilter\"\n                        style=\"\n                            background-color: transparent;\n                            color: inherit;\n                            border-radius: 0px;\n                            padding: 0px;\n                        \">\n                        <span>\n                            Anzahl der Zimmer                            <span\n                                class=\"gt-hebergements-filtre__count\"\n                                data-wp-bind--hidden=\"!state.count.rooms\"\n                                data-wp-text=\"state.count.rooms\"\n                                hidden>\n                            <\/span>\n                        <\/span>\n                    <\/p>\n                    <div\n                        class=\"gt-hebergements-filtre__content\"\n                        style=\"\n                            background-color: transparent;\n                            color: inherit;\n                            border-radius: 0px;\n                            padding: 0px;\n                        \">\n                        <label>\n                            <input\n                                type=\"checkbox\"\n                                name=\"rooms[]\"\n                                data-wp-on--click=\"actions.clearFilter\"\n                                value=\"\"\n                                checked \/>\n                            <span class=\"custom-checkbox\"><\/span>\n                            Alle                        <\/label>\n\n                                                                                <label>\n                                <input\n                                    type=\"checkbox\"\n                                    name=\"rooms[]\"\n                                    data-wp-on--click=\"actions.runFilters\"\n                                    value=\"206\"\n                                     \/>\n                                <span class=\"custom-checkbox\"><\/span>\n                                0                                                            <\/label>\n                                                                                <label>\n                                <input\n                                    type=\"checkbox\"\n                                    name=\"rooms[]\"\n                                    data-wp-on--click=\"actions.runFilters\"\n                                    value=\"9\"\n                                     \/>\n                                <span class=\"custom-checkbox\"><\/span>\n                                1                                                            <\/label>\n                                                                                <label>\n                                <input\n                                    type=\"checkbox\"\n                                    name=\"rooms[]\"\n                                    data-wp-on--click=\"actions.runFilters\"\n                                    value=\"16\"\n                                     \/>\n                                <span class=\"custom-checkbox\"><\/span>\n                                2                                                            <\/label>\n                                                                                <label>\n                                <input\n                                    type=\"checkbox\"\n                                    name=\"rooms[]\"\n                                    data-wp-on--click=\"actions.runFilters\"\n                                    value=\"7\"\n                                     \/>\n                                <span class=\"custom-checkbox\"><\/span>\n                                3                                                            <\/label>\n                                                                                <label>\n                                <input\n                                    type=\"checkbox\"\n                                    name=\"rooms[]\"\n                                    data-wp-on--click=\"actions.runFilters\"\n                                    value=\"26\"\n                                     \/>\n                                <span class=\"custom-checkbox\"><\/span>\n                                4                                                            <\/label>\n                                            <\/div>\n                <\/div>\n                                                                <div\n                    class=\"gt-hebergements-filtre closed\"\n                    data-gt-filtre-name=\"bathrooms\"\n                    data-gt-cookie=\"gtBathrooms\"\n                    aria-expanded=\"\"\n                    data-gt-filtre-operator=\"OR\">\n\n                                        <p\n                        class=\"gt-hebergements-filtre__name\"\n                        data-wp-on--click=\"actions.toggleFilter\"\n                        style=\"\n                            background-color: transparent;\n                            color: inherit;\n                            border-radius: 0px;\n                            padding: 0px;\n                        \">\n                        <span>\n                            Anzahl der Badezimmer                            <span\n                                class=\"gt-hebergements-filtre__count\"\n                                data-wp-bind--hidden=\"!state.count.bathrooms\"\n                                data-wp-text=\"state.count.bathrooms\"\n                                hidden>\n                            <\/span>\n                        <\/span>\n                    <\/p>\n                    <div\n                        class=\"gt-hebergements-filtre__content\"\n                        style=\"\n                            background-color: transparent;\n                            color: inherit;\n                            border-radius: 0px;\n                            padding: 0px;\n                        \">\n                        <label>\n                            <input\n                                type=\"checkbox\"\n                                name=\"bathrooms[]\"\n                                data-wp-on--click=\"actions.clearFilter\"\n                                value=\"\"\n                                checked \/>\n                            <span class=\"custom-checkbox\"><\/span>\n                            Alle                        <\/label>\n\n                                                                                <label>\n                                <input\n                                    type=\"checkbox\"\n                                    name=\"bathrooms[]\"\n                                    data-wp-on--click=\"actions.runFilters\"\n                                    value=\"79\"\n                                     \/>\n                                <span class=\"custom-checkbox\"><\/span>\n                                1                                                            <\/label>\n                                                                                <label>\n                                <input\n                                    type=\"checkbox\"\n                                    name=\"bathrooms[]\"\n                                    data-wp-on--click=\"actions.runFilters\"\n                                    value=\"80\"\n                                     \/>\n                                <span class=\"custom-checkbox\"><\/span>\n                                2                                                            <\/label>\n                                            <\/div>\n                <\/div>\n                                            <\/div>\n<\/div>\n\n\n<div data-wp-context=\"{}\" data-wp-interactive=\"core\/query\" data-wp-key=\"2\" data-wp-router-region=\"query-2\" class=\"wp-block-query alignwide gt-fse-hebergements is-layout-flow wp-block-query-is-layout-flow gt-fse-widgets-ctv-open-product\"><ul class=\"columns-3 wp-block-post-template is-layout-grid wp-container-core-post-template-is-layout-6d3fbd8f wp-block-post-template-is-layout-grid gt-fse-widgets-ctv-open-product\"><li data-gt-Thelis-product-id=\"\" data-gt-bathrooms=\"79\" data-gt-campings=\"\" data-gt-capacities=\"117\" data-gt-ctv-product-id=\"148709\" data-gt-gammes=\"\" data-gt-options=\"198,199,211,197\" data-gt-rooms=\"206\" data-gt-superficies=\"208\" data-gt-types=\"139\" data-wp-key=\"post-template-item-112975\" class=\"wp-block-post post-112975 hebergement type-hebergement status-publish has-post-thumbnail hentry gt-hebergements-options-climatisation-reversible-de gt-hebergements-options-kostenloses-wlan gt-hebergements-options-spa-de gt-hebergements-options-terrasse-de gt-hebergements-types-gites gt-hebergements-nombre-personnes-117 gt-hebergements-nombre-sdb-1-en gt-hebergements-superficie-208 gt-fse-widgets-ctv-open-product\">\n<figure class=\"hebergement-featured-image wp-block-post-featured-image gt-fse-widgets-ctv-open-product\"><img decoding=\"async\" width=\"630\" height=\"473\" src=\"https:\/\/www.camping-carolins.com\/wp-content\/uploads\/2026\/02\/sable-studio.webp\" class=\"attachment-full size-full wp-post-image gt-fse-widgets-ctv-open-product\" alt=\"sand studio\" style=\"object-fit:cover;\" srcset=\"https:\/\/www.camping-carolins.com\/wp-content\/uploads\/2026\/02\/sable-studio.webp 630w, https:\/\/www.camping-carolins.com\/wp-content\/uploads\/2026\/02\/sable-studio-300x225.webp 300w\" sizes=\"(max-width: 630px) 100vw, 630px\" \/><\/figure>\n\n\n<div class=\"wp-block-group groupe-title has-global-padding is-layout-constrained wp-block-group-is-layout-constrained gt-fse-widgets-ctv-open-product\">\n<p class=\"has-text-align-center has-custom-color-1-color has-text-color has-link-color has-pl-miamo-medium-font-family wp-elements-09c7c8ede681f5d547f79fb3c43ab45a gt-fse-widgets-ctv-open-product\" style=\"font-size:clamp(14px, 0.875rem + ((1vw - 3.2px) * 0.339), 18px);\">Sand &#8211; Studio &#8211; Spa &#8211; Terrasse<\/p>\n\n\n\n<div class=\"wp-block-group title-img is-layout-flow wp-block-group-is-layout-flow gt-fse-widgets-ctv-open-product\">\n<figure class=\"wp-block-image aligncenter size-full gt-fse-widgets-ctv-open-product\"><img decoding=\"async\" width=\"23\" height=\"22\" src=\"https:\/\/www.camping-carolins.com\/wp-content\/uploads\/2025\/05\/Calque_2-1.svg\" alt=\"Ebene_2 (1)\" class=\"wp-image-101 gt-fse-widgets-ctv-open-product\"\/><\/figure>\n<\/div>\n<\/div>\n\n\n\n<div class=\"wp-block-group is-content-justification-center is-nowrap is-layout-flex wp-container-core-group-is-layout-23441af8 wp-block-group-is-layout-flex gt-fse-widgets-ctv-open-product\">\n<div class=\"wp-block-group info-hebergement is-vertical is-content-justification-center is-layout-flex wp-container-core-group-is-layout-ce155fab wp-block-group-is-layout-flex gt-fse-widgets-ctv-open-product\">\n<div class=\"wp-block-group is-nowrap is-layout-flex wp-container-core-group-is-layout-4b0a85f0 wp-block-group-is-layout-flex gt-fse-widgets-ctv-open-product\"><div class=\"taxonomy-gt-hebergements-nombre-personnes has-link-color wp-elements-7fd33be752484661bf91943a4b633676 wp-block-post-terms has-text-color has-custom-color-1-color has-pl-miamo-font-family gt-fse-widgets-ctv-open-product\"><span class=\"gt-fse-widgets-ctv-open-product\">2<\/span><\/div>\n\n\n<p class=\"has-custom-color-1-color has-text-color has-link-color has-pl-miamo-font-family has-small-font-size wp-elements-d4b8c5663a379995781a3389b460d342 gt-fse-widgets-ctv-open-product\">Pers.<\/p>\n<\/div>\n\n\n\n<figure class=\"wp-block-image size-full is-resized gt-fse-widgets-ctv-open-product\"><img decoding=\"async\" src=\"https:\/\/www.camping-carolins.com\/wp-content\/uploads\/2025\/05\/utilisateur.svg\" alt=\"Benutzer\" class=\"wp-image-719 gt-fse-widgets-ctv-open-product\" style=\"width:30px\"\/><\/figure>\n<\/div>\n\n\n\n<div class=\"wp-block-group info-hebergement is-vertical is-content-justification-center is-layout-flex wp-container-core-group-is-layout-ce155fab wp-block-group-is-layout-flex gt-fse-widgets-ctv-open-product\">\n<div class=\"wp-block-group is-nowrap is-layout-flex wp-container-core-group-is-layout-4b0a85f0 wp-block-group-is-layout-flex gt-fse-widgets-ctv-open-product\"><div class=\"taxonomy-gt-hebergements-nombre-chambres has-link-color wp-elements-55a3f916099b15031809078941912377 wp-block-post-terms has-text-color has-custom-color-1-color has-pl-miamo-font-family gt-fse-widgets-ctv-open-product\"><span class=\"gt-fse-widgets-ctv-open-product\">0<\/span><\/div>\n\n\n<p class=\"has-custom-color-1-color has-text-color has-link-color has-pl-miamo-font-family has-small-font-size wp-elements-e2fb2348fef2e97c283f5a4aa8f9f4af gt-fse-widgets-ctv-open-product\">Zmr<\/p>\n<\/div>\n\n\n\n<figure class=\"wp-block-image size-full is-resized gt-fse-widgets-ctv-open-product\"><img decoding=\"async\" width=\"512\" height=\"512\" src=\"https:\/\/www.camping-carolins.com\/wp-content\/uploads\/2025\/05\/lit-double-1.svg\" alt=\"Doppelbett (1)\" class=\"wp-image-721 gt-fse-widgets-ctv-open-product\" style=\"width:30px\"\/><\/figure>\n<\/div>\n\n\n\n<div class=\"wp-block-group info-hebergement is-vertical is-content-justification-center is-layout-flex wp-container-core-group-is-layout-ce155fab wp-block-group-is-layout-flex gt-fse-widgets-ctv-open-product\">\n<div class=\"wp-block-group is-nowrap is-layout-flex wp-container-core-group-is-layout-4b0a85f0 wp-block-group-is-layout-flex gt-fse-widgets-ctv-open-product\"><div class=\"taxonomy-gt-hebergements-nombre-sdb has-link-color wp-elements-ebcc3de940066aae1dce34a8b1f2c1c1 wp-block-post-terms has-text-color has-custom-color-1-color has-pl-miamo-font-family gt-fse-widgets-ctv-open-product\"><span class=\"gt-fse-widgets-ctv-open-product\">1<\/span><\/div>\n\n\n<p class=\"has-custom-color-1-color has-text-color has-link-color has-pl-miamo-font-family has-small-font-size wp-elements-b47f170cbfe49a7547aa90abd171823b gt-fse-widgets-ctv-open-product\">WC\/Bdzmr<\/p>\n<\/div>\n\n\n\n<figure class=\"wp-block-image size-full is-resized gt-fse-widgets-ctv-open-product\"><img decoding=\"async\" width=\"512\" height=\"512\" src=\"https:\/\/www.camping-carolins.com\/wp-content\/uploads\/2025\/05\/douche-1.svg\" alt=\"Dusche (1)\" class=\"wp-image-722 gt-fse-widgets-ctv-open-product\" style=\"width:30px\"\/><\/figure>\n<\/div>\n\n\n\n<div class=\"wp-block-group info-hebergement is-vertical is-content-justification-center is-layout-flex wp-container-core-group-is-layout-ce155fab wp-block-group-is-layout-flex gt-fse-widgets-ctv-open-product\">\n<div class=\"wp-block-group is-nowrap is-layout-flex wp-container-core-group-is-layout-4b0a85f0 wp-block-group-is-layout-flex gt-fse-widgets-ctv-open-product\"><div class=\"taxonomy-gt-hebergements-superficie has-link-color wp-elements-509f41ff01c2a468c32ae24933d9a8e4 wp-block-post-terms has-text-color has-custom-color-1-color has-pl-miamo-font-family gt-fse-widgets-ctv-open-product\"><span class=\"gt-fse-widgets-ctv-open-product\">27<\/span><\/div>\n\n\n<p class=\"has-custom-color-1-color has-text-color has-link-color has-pl-miamo-font-family has-small-font-size wp-elements-24253458f7449c62a549dddb98fc4d4d gt-fse-widgets-ctv-open-product\">m\u00b2<\/p>\n<\/div>\n\n\n\n<figure class=\"wp-block-image size-full is-resized gt-fse-widgets-ctv-open-product\"><img decoding=\"async\" width=\"512\" height=\"512\" src=\"https:\/\/www.camping-carolins.com\/wp-content\/uploads\/2025\/05\/surface.svg\" alt=\"Oberfl&#xE4;che\" class=\"wp-image-720 gt-fse-widgets-ctv-open-product\" style=\"width:30px\"\/><\/figure>\n<\/div>\n<\/div>\n\n\n<a class=\"is-style-lien-cover wp-block-read-more gt-fse-widgets-ctv-open-product\" href=\"https:\/\/www.camping-carolins.com\/de\/hebergement\/sable-studio-2-personnes\/\" target=\"_blank\">Weiterlesen<span class=\"screen-reader-text gt-fse-widgets-ctv-open-product\">: Sand &#8211; Studio &#8211; Spa &#8211; Terrasse<\/span><\/a>\n<\/li><li data-gt-Thelis-product-id=\"\" data-gt-bathrooms=\"79\" data-gt-campings=\"\" data-gt-capacities=\"71\" data-gt-ctv-product-id=\"148712\" data-gt-gammes=\"\" data-gt-options=\"198,199,197\" data-gt-rooms=\"9\" data-gt-superficies=\"209\" data-gt-types=\"139\" data-wp-key=\"post-template-item-94811\" class=\"wp-block-post post-94811 hebergement type-hebergement status-publish has-post-thumbnail hentry gt-hebergements-options-climatisation-reversible-de gt-hebergements-options-kostenloses-wlan gt-hebergements-options-terrasse-de gt-hebergements-types-gites gt-hebergements-nombre-personnes-71 gt-hebergements-nombre-chambres-9 gt-hebergements-nombre-sdb-1-en gt-hebergements-superficie-209 gt-fse-widgets-ctv-open-product\">\n<figure class=\"hebergement-featured-image wp-block-post-featured-image gt-fse-widgets-ctv-open-product\"><img decoding=\"async\" width=\"2560\" height=\"1661\" src=\"https:\/\/www.camping-carolins.com\/wp-content\/uploads\/2026\/02\/DSC8736-scaled.jpg\" class=\"attachment-full size-full wp-post-image gt-fse-widgets-ctv-open-product\" alt=\"DSC8736\" style=\"object-fit:cover;\" srcset=\"https:\/\/www.camping-carolins.com\/wp-content\/uploads\/2026\/02\/DSC8736-scaled.jpg 2560w, https:\/\/www.camping-carolins.com\/wp-content\/uploads\/2026\/02\/DSC8736-300x195.jpg 300w, https:\/\/www.camping-carolins.com\/wp-content\/uploads\/2026\/02\/DSC8736-1024x664.jpg 1024w, https:\/\/www.camping-carolins.com\/wp-content\/uploads\/2026\/02\/DSC8736-768x498.jpg 768w, https:\/\/www.camping-carolins.com\/wp-content\/uploads\/2026\/02\/DSC8736-1536x997.jpg 1536w, https:\/\/www.camping-carolins.com\/wp-content\/uploads\/2026\/02\/DSC8736-2048x1329.jpg 2048w\" sizes=\"(max-width: 2560px) 100vw, 2560px\" \/><\/figure>\n\n\n<div class=\"wp-block-group groupe-title has-global-padding is-layout-constrained wp-block-group-is-layout-constrained gt-fse-widgets-ctv-open-product\">\n<p class=\"has-text-align-center has-custom-color-1-color has-text-color has-link-color has-pl-miamo-medium-font-family wp-elements-09c7c8ede681f5d547f79fb3c43ab45a gt-fse-widgets-ctv-open-product\" style=\"font-size:clamp(14px, 0.875rem + ((1vw - 3.2px) * 0.339), 18px);\">Embrun &#8211; 4 personnes &#8211; 1 chambre 42m2<\/p>\n\n\n\n<div class=\"wp-block-group title-img is-layout-flow wp-block-group-is-layout-flow gt-fse-widgets-ctv-open-product\">\n<figure class=\"wp-block-image aligncenter size-full gt-fse-widgets-ctv-open-product\"><img decoding=\"async\" width=\"23\" height=\"22\" src=\"https:\/\/www.camping-carolins.com\/wp-content\/uploads\/2025\/05\/Calque_2-1.svg\" alt=\"Ebene_2 (1)\" class=\"wp-image-101 gt-fse-widgets-ctv-open-product\"\/><\/figure>\n<\/div>\n<\/div>\n\n\n\n<div class=\"wp-block-group is-content-justification-center is-nowrap is-layout-flex wp-container-core-group-is-layout-23441af8 wp-block-group-is-layout-flex gt-fse-widgets-ctv-open-product\">\n<div class=\"wp-block-group info-hebergement is-vertical is-content-justification-center is-layout-flex wp-container-core-group-is-layout-ce155fab wp-block-group-is-layout-flex gt-fse-widgets-ctv-open-product\">\n<div class=\"wp-block-group is-nowrap is-layout-flex wp-container-core-group-is-layout-4b0a85f0 wp-block-group-is-layout-flex gt-fse-widgets-ctv-open-product\"><div class=\"taxonomy-gt-hebergements-nombre-personnes has-link-color wp-elements-7fd33be752484661bf91943a4b633676 wp-block-post-terms has-text-color has-custom-color-1-color has-pl-miamo-font-family gt-fse-widgets-ctv-open-product\"><span class=\"gt-fse-widgets-ctv-open-product\">4<\/span><\/div>\n\n\n<p class=\"has-custom-color-1-color has-text-color has-link-color has-pl-miamo-font-family has-small-font-size wp-elements-d4b8c5663a379995781a3389b460d342 gt-fse-widgets-ctv-open-product\">Pers.<\/p>\n<\/div>\n\n\n\n<figure class=\"wp-block-image size-full is-resized gt-fse-widgets-ctv-open-product\"><img decoding=\"async\" src=\"https:\/\/www.camping-carolins.com\/wp-content\/uploads\/2025\/05\/utilisateur.svg\" alt=\"Benutzer\" class=\"wp-image-719 gt-fse-widgets-ctv-open-product\" style=\"width:30px\"\/><\/figure>\n<\/div>\n\n\n\n<div class=\"wp-block-group info-hebergement is-vertical is-content-justification-center is-layout-flex wp-container-core-group-is-layout-ce155fab wp-block-group-is-layout-flex gt-fse-widgets-ctv-open-product\">\n<div class=\"wp-block-group is-nowrap is-layout-flex wp-container-core-group-is-layout-4b0a85f0 wp-block-group-is-layout-flex gt-fse-widgets-ctv-open-product\"><div class=\"taxonomy-gt-hebergements-nombre-chambres has-link-color wp-elements-55a3f916099b15031809078941912377 wp-block-post-terms has-text-color has-custom-color-1-color has-pl-miamo-font-family gt-fse-widgets-ctv-open-product\"><span class=\"gt-fse-widgets-ctv-open-product\">1<\/span><\/div>\n\n\n<p class=\"has-custom-color-1-color has-text-color has-link-color has-pl-miamo-font-family has-small-font-size wp-elements-e2fb2348fef2e97c283f5a4aa8f9f4af gt-fse-widgets-ctv-open-product\">Zmr<\/p>\n<\/div>\n\n\n\n<figure class=\"wp-block-image size-full is-resized gt-fse-widgets-ctv-open-product\"><img decoding=\"async\" width=\"512\" height=\"512\" src=\"https:\/\/www.camping-carolins.com\/wp-content\/uploads\/2025\/05\/lit-double-1.svg\" alt=\"Doppelbett (1)\" class=\"wp-image-721 gt-fse-widgets-ctv-open-product\" style=\"width:30px\"\/><\/figure>\n<\/div>\n\n\n\n<div class=\"wp-block-group info-hebergement is-vertical is-content-justification-center is-layout-flex wp-container-core-group-is-layout-ce155fab wp-block-group-is-layout-flex gt-fse-widgets-ctv-open-product\">\n<div class=\"wp-block-group is-nowrap is-layout-flex wp-container-core-group-is-layout-4b0a85f0 wp-block-group-is-layout-flex gt-fse-widgets-ctv-open-product\"><div class=\"taxonomy-gt-hebergements-nombre-sdb has-link-color wp-elements-ebcc3de940066aae1dce34a8b1f2c1c1 wp-block-post-terms has-text-color has-custom-color-1-color has-pl-miamo-font-family gt-fse-widgets-ctv-open-product\"><span class=\"gt-fse-widgets-ctv-open-product\">1<\/span><\/div>\n\n\n<p class=\"has-custom-color-1-color has-text-color has-link-color has-pl-miamo-font-family has-small-font-size wp-elements-b47f170cbfe49a7547aa90abd171823b gt-fse-widgets-ctv-open-product\">WC\/Bdzmr<\/p>\n<\/div>\n\n\n\n<figure class=\"wp-block-image size-full is-resized gt-fse-widgets-ctv-open-product\"><img decoding=\"async\" width=\"512\" height=\"512\" src=\"https:\/\/www.camping-carolins.com\/wp-content\/uploads\/2025\/05\/douche-1.svg\" alt=\"Dusche (1)\" class=\"wp-image-722 gt-fse-widgets-ctv-open-product\" style=\"width:30px\"\/><\/figure>\n<\/div>\n\n\n\n<div class=\"wp-block-group info-hebergement is-vertical is-content-justification-center is-layout-flex wp-container-core-group-is-layout-ce155fab wp-block-group-is-layout-flex gt-fse-widgets-ctv-open-product\">\n<div class=\"wp-block-group is-nowrap is-layout-flex wp-container-core-group-is-layout-4b0a85f0 wp-block-group-is-layout-flex gt-fse-widgets-ctv-open-product\"><div class=\"taxonomy-gt-hebergements-superficie has-link-color wp-elements-509f41ff01c2a468c32ae24933d9a8e4 wp-block-post-terms has-text-color has-custom-color-1-color has-pl-miamo-font-family gt-fse-widgets-ctv-open-product\"><span class=\"gt-fse-widgets-ctv-open-product\">42<\/span><\/div>\n\n\n<p class=\"has-custom-color-1-color has-text-color has-link-color has-pl-miamo-font-family has-small-font-size wp-elements-24253458f7449c62a549dddb98fc4d4d gt-fse-widgets-ctv-open-product\">m\u00b2<\/p>\n<\/div>\n\n\n\n<figure class=\"wp-block-image size-full is-resized gt-fse-widgets-ctv-open-product\"><img decoding=\"async\" width=\"512\" height=\"512\" src=\"https:\/\/www.camping-carolins.com\/wp-content\/uploads\/2025\/05\/surface.svg\" alt=\"Oberfl&#xE4;che\" class=\"wp-image-720 gt-fse-widgets-ctv-open-product\" style=\"width:30px\"\/><\/figure>\n<\/div>\n<\/div>\n\n\n<a class=\"is-style-lien-cover wp-block-read-more gt-fse-widgets-ctv-open-product\" href=\"https:\/\/www.camping-carolins.com\/de\/hebergement\/embrun-4-personnes-1-chambre-42m2\/\" target=\"_blank\">Weiterlesen<span class=\"screen-reader-text gt-fse-widgets-ctv-open-product\">: Embrun &#8211; 2 Zimmer -Terrasse<\/span><\/a>\n<\/li><li data-gt-Thelis-product-id=\"\" data-gt-bathrooms=\"79\" data-gt-campings=\"\" data-gt-capacities=\"191\" data-gt-ctv-product-id=\"148714\" data-gt-gammes=\"\" data-gt-options=\"198,199\" data-gt-rooms=\"206\" data-gt-superficies=\"190\" data-gt-types=\"139\" data-wp-key=\"post-template-item-94146\" class=\"wp-block-post post-94146 hebergement type-hebergement status-publish has-post-thumbnail hentry gt-hebergements-options-climatisation-reversible-de gt-hebergements-options-kostenloses-wlan gt-hebergements-types-gites gt-hebergements-nombre-personnes-191 gt-hebergements-nombre-sdb-1-en gt-hebergements-superficie-190 gt-fse-widgets-ctv-open-product\">\n<figure class=\"hebergement-featured-image wp-block-post-featured-image gt-fse-widgets-ctv-open-product\"><img decoding=\"async\" width=\"2560\" height=\"1704\" src=\"https:\/\/www.camping-carolins.com\/wp-content\/uploads\/2026\/02\/1-1-scaled.jpg\" class=\"attachment-full size-full wp-post-image gt-fse-widgets-ctv-open-product\" alt=\"1\" style=\"object-fit:cover;\" srcset=\"https:\/\/www.camping-carolins.com\/wp-content\/uploads\/2026\/02\/1-1-scaled.jpg 2560w, https:\/\/www.camping-carolins.com\/wp-content\/uploads\/2026\/02\/1-1-300x200.jpg 300w, https:\/\/www.camping-carolins.com\/wp-content\/uploads\/2026\/02\/1-1-1024x682.jpg 1024w, https:\/\/www.camping-carolins.com\/wp-content\/uploads\/2026\/02\/1-1-768x511.jpg 768w, https:\/\/www.camping-carolins.com\/wp-content\/uploads\/2026\/02\/1-1-1536x1022.jpg 1536w, https:\/\/www.camping-carolins.com\/wp-content\/uploads\/2026\/02\/1-1-2048x1363.jpg 2048w\" sizes=\"(max-width: 2560px) 100vw, 2560px\" \/><\/figure>\n\n\n<div class=\"wp-block-group groupe-title has-global-padding is-layout-constrained wp-block-group-is-layout-constrained gt-fse-widgets-ctv-open-product\">\n<p class=\"has-text-align-center has-custom-color-1-color has-text-color has-link-color has-pl-miamo-medium-font-family wp-elements-09c7c8ede681f5d547f79fb3c43ab45a gt-fse-widgets-ctv-open-product\" style=\"font-size:clamp(14px, 0.875rem + ((1vw - 3.2px) * 0.339), 18px);\">Studio Les Nuages \u2013 3 Personen<\/p>\n\n\n\n<div class=\"wp-block-group title-img is-layout-flow wp-block-group-is-layout-flow gt-fse-widgets-ctv-open-product\">\n<figure class=\"wp-block-image aligncenter size-full gt-fse-widgets-ctv-open-product\"><img decoding=\"async\" width=\"23\" height=\"22\" src=\"https:\/\/www.camping-carolins.com\/wp-content\/uploads\/2025\/05\/Calque_2-1.svg\" alt=\"Ebene_2 (1)\" class=\"wp-image-101 gt-fse-widgets-ctv-open-product\"\/><\/figure>\n<\/div>\n<\/div>\n\n\n\n<div class=\"wp-block-group is-content-justification-center is-nowrap is-layout-flex wp-container-core-group-is-layout-23441af8 wp-block-group-is-layout-flex gt-fse-widgets-ctv-open-product\">\n<div class=\"wp-block-group info-hebergement is-vertical is-content-justification-center is-layout-flex wp-container-core-group-is-layout-ce155fab wp-block-group-is-layout-flex gt-fse-widgets-ctv-open-product\">\n<div class=\"wp-block-group is-nowrap is-layout-flex wp-container-core-group-is-layout-4b0a85f0 wp-block-group-is-layout-flex gt-fse-widgets-ctv-open-product\"><div class=\"taxonomy-gt-hebergements-nombre-personnes has-link-color wp-elements-7fd33be752484661bf91943a4b633676 wp-block-post-terms has-text-color has-custom-color-1-color has-pl-miamo-font-family gt-fse-widgets-ctv-open-product\"><span class=\"gt-fse-widgets-ctv-open-product\">3<\/span><\/div>\n\n\n<p class=\"has-custom-color-1-color has-text-color has-link-color has-pl-miamo-font-family has-small-font-size wp-elements-d4b8c5663a379995781a3389b460d342 gt-fse-widgets-ctv-open-product\">Pers.<\/p>\n<\/div>\n\n\n\n<figure class=\"wp-block-image size-full is-resized gt-fse-widgets-ctv-open-product\"><img decoding=\"async\" src=\"https:\/\/www.camping-carolins.com\/wp-content\/uploads\/2025\/05\/utilisateur.svg\" alt=\"Benutzer\" class=\"wp-image-719 gt-fse-widgets-ctv-open-product\" style=\"width:30px\"\/><\/figure>\n<\/div>\n\n\n\n<div class=\"wp-block-group info-hebergement is-vertical is-content-justification-center is-layout-flex wp-container-core-group-is-layout-ce155fab wp-block-group-is-layout-flex gt-fse-widgets-ctv-open-product\">\n<div class=\"wp-block-group is-nowrap is-layout-flex wp-container-core-group-is-layout-4b0a85f0 wp-block-group-is-layout-flex gt-fse-widgets-ctv-open-product\"><div class=\"taxonomy-gt-hebergements-nombre-chambres has-link-color wp-elements-55a3f916099b15031809078941912377 wp-block-post-terms has-text-color has-custom-color-1-color has-pl-miamo-font-family gt-fse-widgets-ctv-open-product\"><span class=\"gt-fse-widgets-ctv-open-product\">0<\/span><\/div>\n\n\n<p class=\"has-custom-color-1-color has-text-color has-link-color has-pl-miamo-font-family has-small-font-size wp-elements-e2fb2348fef2e97c283f5a4aa8f9f4af gt-fse-widgets-ctv-open-product\">Zmr<\/p>\n<\/div>\n\n\n\n<figure class=\"wp-block-image size-full is-resized gt-fse-widgets-ctv-open-product\"><img decoding=\"async\" width=\"512\" height=\"512\" src=\"https:\/\/www.camping-carolins.com\/wp-content\/uploads\/2025\/05\/lit-double-1.svg\" alt=\"Doppelbett (1)\" class=\"wp-image-721 gt-fse-widgets-ctv-open-product\" style=\"width:30px\"\/><\/figure>\n<\/div>\n\n\n\n<div class=\"wp-block-group info-hebergement is-vertical is-content-justification-center is-layout-flex wp-container-core-group-is-layout-ce155fab wp-block-group-is-layout-flex gt-fse-widgets-ctv-open-product\">\n<div class=\"wp-block-group is-nowrap is-layout-flex wp-container-core-group-is-layout-4b0a85f0 wp-block-group-is-layout-flex gt-fse-widgets-ctv-open-product\"><div class=\"taxonomy-gt-hebergements-nombre-sdb has-link-color wp-elements-ebcc3de940066aae1dce34a8b1f2c1c1 wp-block-post-terms has-text-color has-custom-color-1-color has-pl-miamo-font-family gt-fse-widgets-ctv-open-product\"><span class=\"gt-fse-widgets-ctv-open-product\">1<\/span><\/div>\n\n\n<p class=\"has-custom-color-1-color has-text-color has-link-color has-pl-miamo-font-family has-small-font-size wp-elements-b47f170cbfe49a7547aa90abd171823b gt-fse-widgets-ctv-open-product\">WC\/Bdzmr<\/p>\n<\/div>\n\n\n\n<figure class=\"wp-block-image size-full is-resized gt-fse-widgets-ctv-open-product\"><img decoding=\"async\" width=\"512\" height=\"512\" src=\"https:\/\/www.camping-carolins.com\/wp-content\/uploads\/2025\/05\/douche-1.svg\" alt=\"Dusche (1)\" class=\"wp-image-722 gt-fse-widgets-ctv-open-product\" style=\"width:30px\"\/><\/figure>\n<\/div>\n\n\n\n<div class=\"wp-block-group info-hebergement is-vertical is-content-justification-center is-layout-flex wp-container-core-group-is-layout-ce155fab wp-block-group-is-layout-flex gt-fse-widgets-ctv-open-product\">\n<div class=\"wp-block-group is-nowrap is-layout-flex wp-container-core-group-is-layout-4b0a85f0 wp-block-group-is-layout-flex gt-fse-widgets-ctv-open-product\"><div class=\"taxonomy-gt-hebergements-superficie has-link-color wp-elements-509f41ff01c2a468c32ae24933d9a8e4 wp-block-post-terms has-text-color has-custom-color-1-color has-pl-miamo-font-family gt-fse-widgets-ctv-open-product\"><span class=\"gt-fse-widgets-ctv-open-product\">26<\/span><\/div>\n\n\n<p class=\"has-custom-color-1-color has-text-color has-link-color has-pl-miamo-font-family has-small-font-size wp-elements-24253458f7449c62a549dddb98fc4d4d gt-fse-widgets-ctv-open-product\">m\u00b2<\/p>\n<\/div>\n\n\n\n<figure class=\"wp-block-image size-full is-resized gt-fse-widgets-ctv-open-product\"><img decoding=\"async\" width=\"512\" height=\"512\" src=\"https:\/\/www.camping-carolins.com\/wp-content\/uploads\/2025\/05\/surface.svg\" alt=\"Oberfl&#xE4;che\" class=\"wp-image-720 gt-fse-widgets-ctv-open-product\" style=\"width:30px\"\/><\/figure>\n<\/div>\n<\/div>\n\n\n<a class=\"is-style-lien-cover wp-block-read-more gt-fse-widgets-ctv-open-product\" href=\"https:\/\/www.camping-carolins.com\/de\/hebergement\/studio-les-nuages-3-personnes\/\" target=\"_blank\">Weiterlesen<span class=\"screen-reader-text gt-fse-widgets-ctv-open-product\">: Brume &#8211; Studio &#8211; 3 Personen<\/span><\/a>\n<\/li><li data-gt-Thelis-product-id=\"\" data-gt-bathrooms=\"80\" data-gt-campings=\"\" data-gt-capacities=\"70\" data-gt-ctv-product-id=\"138104\" data-gt-gammes=\"\" data-gt-options=\"\" data-gt-rooms=\"26\" data-gt-superficies=\"5\" data-gt-types=\"139\" data-wp-key=\"post-template-item-33942\" class=\"wp-block-post post-33942 hebergement type-hebergement status-publish has-post-thumbnail hentry gt-hebergements-types-gites gt-hebergements-nombre-personnes-70 gt-hebergements-nombre-chambres-26 gt-hebergements-nombre-sdb-2-en gt-hebergements-superficie-5 gt-fse-widgets-ctv-open-product\">\n<figure class=\"hebergement-featured-image wp-block-post-featured-image gt-fse-widgets-ctv-open-product\"><img decoding=\"async\" width=\"1000\" height=\"667\" src=\"https:\/\/www.camping-carolins.com\/wp-content\/uploads\/2025\/05\/gite-le-cabestan.jpg\" class=\"attachment-full size-full wp-post-image gt-fse-widgets-ctv-open-product\" alt=\"gite le cabestan\" style=\"object-fit:cover;\" srcset=\"https:\/\/www.camping-carolins.com\/wp-content\/uploads\/2025\/05\/gite-le-cabestan.jpg 1000w, https:\/\/www.camping-carolins.com\/wp-content\/uploads\/2025\/05\/gite-le-cabestan-300x200.jpg 300w, https:\/\/www.camping-carolins.com\/wp-content\/uploads\/2025\/05\/gite-le-cabestan-768x512.jpg 768w\" sizes=\"(max-width: 1000px) 100vw, 1000px\" \/><\/figure>\n\n\n<div class=\"wp-block-group groupe-title has-global-padding is-layout-constrained wp-block-group-is-layout-constrained gt-fse-widgets-ctv-open-product\">\n<p class=\"has-text-align-center has-custom-color-1-color has-text-color has-link-color has-pl-miamo-medium-font-family wp-elements-09c7c8ede681f5d547f79fb3c43ab45a gt-fse-widgets-ctv-open-product\" style=\"font-size:clamp(14px, 0.875rem + ((1vw - 3.2px) * 0.339), 18px);\">Gite Le Cabestan &#8211; 200 Meter bis zum Strand<\/p>\n\n\n\n<div class=\"wp-block-group title-img is-layout-flow wp-block-group-is-layout-flow gt-fse-widgets-ctv-open-product\">\n<figure class=\"wp-block-image aligncenter size-full gt-fse-widgets-ctv-open-product\"><img decoding=\"async\" width=\"23\" height=\"22\" src=\"https:\/\/www.camping-carolins.com\/wp-content\/uploads\/2025\/05\/Calque_2-1.svg\" alt=\"Ebene_2 (1)\" class=\"wp-image-101 gt-fse-widgets-ctv-open-product\"\/><\/figure>\n<\/div>\n<\/div>\n\n\n\n<div class=\"wp-block-group is-content-justification-center is-nowrap is-layout-flex wp-container-core-group-is-layout-23441af8 wp-block-group-is-layout-flex gt-fse-widgets-ctv-open-product\">\n<div class=\"wp-block-group info-hebergement is-vertical is-content-justification-center is-layout-flex wp-container-core-group-is-layout-ce155fab wp-block-group-is-layout-flex gt-fse-widgets-ctv-open-product\">\n<div class=\"wp-block-group is-nowrap is-layout-flex wp-container-core-group-is-layout-4b0a85f0 wp-block-group-is-layout-flex gt-fse-widgets-ctv-open-product\"><div class=\"taxonomy-gt-hebergements-nombre-personnes has-link-color wp-elements-7fd33be752484661bf91943a4b633676 wp-block-post-terms has-text-color has-custom-color-1-color has-pl-miamo-font-family gt-fse-widgets-ctv-open-product\"><span class=\"gt-fse-widgets-ctv-open-product\">8<\/span><\/div>\n\n\n<p class=\"has-custom-color-1-color has-text-color has-link-color has-pl-miamo-font-family has-small-font-size wp-elements-d4b8c5663a379995781a3389b460d342 gt-fse-widgets-ctv-open-product\">Pers.<\/p>\n<\/div>\n\n\n\n<figure class=\"wp-block-image size-full is-resized gt-fse-widgets-ctv-open-product\"><img decoding=\"async\" src=\"https:\/\/www.camping-carolins.com\/wp-content\/uploads\/2025\/05\/utilisateur.svg\" alt=\"Benutzer\" class=\"wp-image-719 gt-fse-widgets-ctv-open-product\" style=\"width:30px\"\/><\/figure>\n<\/div>\n\n\n\n<div class=\"wp-block-group info-hebergement is-vertical is-content-justification-center is-layout-flex wp-container-core-group-is-layout-ce155fab wp-block-group-is-layout-flex gt-fse-widgets-ctv-open-product\">\n<div class=\"wp-block-group is-nowrap is-layout-flex wp-container-core-group-is-layout-4b0a85f0 wp-block-group-is-layout-flex gt-fse-widgets-ctv-open-product\"><div class=\"taxonomy-gt-hebergements-nombre-chambres has-link-color wp-elements-55a3f916099b15031809078941912377 wp-block-post-terms has-text-color has-custom-color-1-color has-pl-miamo-font-family gt-fse-widgets-ctv-open-product\"><span class=\"gt-fse-widgets-ctv-open-product\">4<\/span><\/div>\n\n\n<p class=\"has-custom-color-1-color has-text-color has-link-color has-pl-miamo-font-family has-small-font-size wp-elements-e2fb2348fef2e97c283f5a4aa8f9f4af gt-fse-widgets-ctv-open-product\">Zmr<\/p>\n<\/div>\n\n\n\n<figure class=\"wp-block-image size-full is-resized gt-fse-widgets-ctv-open-product\"><img decoding=\"async\" width=\"512\" height=\"512\" src=\"https:\/\/www.camping-carolins.com\/wp-content\/uploads\/2025\/05\/lit-double-1.svg\" alt=\"Doppelbett (1)\" class=\"wp-image-721 gt-fse-widgets-ctv-open-product\" style=\"width:30px\"\/><\/figure>\n<\/div>\n\n\n\n<div class=\"wp-block-group info-hebergement is-vertical is-content-justification-center is-layout-flex wp-container-core-group-is-layout-ce155fab wp-block-group-is-layout-flex gt-fse-widgets-ctv-open-product\">\n<div class=\"wp-block-group is-nowrap is-layout-flex wp-container-core-group-is-layout-4b0a85f0 wp-block-group-is-layout-flex gt-fse-widgets-ctv-open-product\"><div class=\"taxonomy-gt-hebergements-nombre-sdb has-link-color wp-elements-ebcc3de940066aae1dce34a8b1f2c1c1 wp-block-post-terms has-text-color has-custom-color-1-color has-pl-miamo-font-family gt-fse-widgets-ctv-open-product\"><span class=\"gt-fse-widgets-ctv-open-product\">2<\/span><\/div>\n\n\n<p class=\"has-custom-color-1-color has-text-color has-link-color has-pl-miamo-font-family has-small-font-size wp-elements-b47f170cbfe49a7547aa90abd171823b gt-fse-widgets-ctv-open-product\">WC\/Bdzmr<\/p>\n<\/div>\n\n\n\n<figure class=\"wp-block-image size-full is-resized gt-fse-widgets-ctv-open-product\"><img decoding=\"async\" width=\"512\" height=\"512\" src=\"https:\/\/www.camping-carolins.com\/wp-content\/uploads\/2025\/05\/douche-1.svg\" alt=\"Dusche (1)\" class=\"wp-image-722 gt-fse-widgets-ctv-open-product\" style=\"width:30px\"\/><\/figure>\n<\/div>\n\n\n\n<div class=\"wp-block-group info-hebergement is-vertical is-content-justification-center is-layout-flex wp-container-core-group-is-layout-ce155fab wp-block-group-is-layout-flex gt-fse-widgets-ctv-open-product\">\n<div class=\"wp-block-group is-nowrap is-layout-flex wp-container-core-group-is-layout-4b0a85f0 wp-block-group-is-layout-flex gt-fse-widgets-ctv-open-product\"><div class=\"taxonomy-gt-hebergements-superficie has-link-color wp-elements-509f41ff01c2a468c32ae24933d9a8e4 wp-block-post-terms has-text-color has-custom-color-1-color has-pl-miamo-font-family gt-fse-widgets-ctv-open-product\"><span class=\"gt-fse-widgets-ctv-open-product\">110<\/span><\/div>\n\n\n<p class=\"has-custom-color-1-color has-text-color has-link-color has-pl-miamo-font-family has-small-font-size wp-elements-24253458f7449c62a549dddb98fc4d4d gt-fse-widgets-ctv-open-product\">m\u00b2<\/p>\n<\/div>\n\n\n\n<figure class=\"wp-block-image size-full is-resized gt-fse-widgets-ctv-open-product\"><img decoding=\"async\" width=\"512\" height=\"512\" src=\"https:\/\/www.camping-carolins.com\/wp-content\/uploads\/2025\/05\/surface.svg\" alt=\"Oberfl&#xE4;che\" class=\"wp-image-720 gt-fse-widgets-ctv-open-product\" style=\"width:30px\"\/><\/figure>\n<\/div>\n<\/div>\n\n\n<a class=\"is-style-lien-cover wp-block-read-more gt-fse-widgets-ctv-open-product\" href=\"https:\/\/www.camping-carolins.com\/de\/hebergement\/ferienhaus-le-cabestan-200-meter-vom-strand-entfernt\/\" target=\"_blank\">Weiterlesen<span class=\"screen-reader-text gt-fse-widgets-ctv-open-product\">: Ferienhaus Le Cabestan \u2013 200 Meter vom Strand entfernt \u2013 DENNEVILLE<\/span><\/a>\n<\/li><\/ul><\/div>\n<\/div>\n\n<section class=\"wp-block-group page-two slider has-global-padding is-layout-constrained wp-block-group-is-layout-constrained\" style=\"padding-top:10rem\">\n<div class=\"wp-block-columns is-layout-flex wp-container-core-columns-is-layout-28f84493 wp-block-columns-is-layout-flex\">\n<div class=\"wp-block-column left is-layout-flow wp-block-column-is-layout-flow\" style=\"flex-basis:60%\">\n<div data-swiper=\"{&quot;speed&quot;:400,&quot;spaceBetween&quot;:16,&quot;slidesPerView&quot;:1,&quot;createElements&quot;:true,&quot;loop&quot;:true,&quot;freemode&quot;:true,&quot;pagination&quot;:{&quot;el&quot;:&quot;.swiper-pagination&quot;,&quot;dynamicBullets&quot;:true},&quot;breakpoints&quot;:[{&quot;slidesPerView&quot;:1}],&quot;effect&quot;:&quot;fade&quot;,&quot;navigation&quot;:false,&quot;autoplay&quot;:{&quot;delay&quot;:5000}}\" class=\"wp-block-group gt-is-slider gt-is-slider-desktop has-global-padding is-layout-constrained wp-block-group-is-layout-constrained\">\n<figure class=\"wp-block-image size-full animated fadeIn slow\"><img decoding=\"async\" width=\"1213\" height=\"800\" src=\"https:\/\/www.camping-carolins.com\/wp-content\/uploads\/2026\/03\/cuisine-equipee-gite.png\" alt=\"cuisine equip&#xE9;e gite\" class=\"wp-image-99782\" srcset=\"https:\/\/www.camping-carolins.com\/wp-content\/uploads\/2026\/03\/cuisine-equipee-gite.png 1213w, https:\/\/www.camping-carolins.com\/wp-content\/uploads\/2026\/03\/cuisine-equipee-gite-300x198.png 300w, https:\/\/www.camping-carolins.com\/wp-content\/uploads\/2026\/03\/cuisine-equipee-gite-1024x675.png 1024w, https:\/\/www.camping-carolins.com\/wp-content\/uploads\/2026\/03\/cuisine-equipee-gite-768x507.png 768w\" sizes=\"(max-width: 1213px) 100vw, 1213px\" \/><\/figure>\n\n\n\n<figure class=\"wp-block-image size-full\"><img decoding=\"async\" width=\"1199\" height=\"800\" src=\"https:\/\/www.camping-carolins.com\/wp-content\/uploads\/2026\/03\/gite-sdb.png\" alt=\"gite sdb\" class=\"wp-image-99790\" srcset=\"https:\/\/www.camping-carolins.com\/wp-content\/uploads\/2026\/03\/gite-sdb.png 1199w, https:\/\/www.camping-carolins.com\/wp-content\/uploads\/2026\/03\/gite-sdb-300x200.png 300w, https:\/\/www.camping-carolins.com\/wp-content\/uploads\/2026\/03\/gite-sdb-1024x683.png 1024w, https:\/\/www.camping-carolins.com\/wp-content\/uploads\/2026\/03\/gite-sdb-768x512.png 768w\" sizes=\"(max-width: 1199px) 100vw, 1199px\" \/><\/figure>\n\n\n\n<figure class=\"wp-block-image size-full\"><img decoding=\"async\" width=\"1217\" height=\"800\" src=\"https:\/\/www.camping-carolins.com\/wp-content\/uploads\/2026\/03\/chambre-a-coucher-gite.png\" alt=\"chambre &#xE0; coucher gite\" class=\"wp-image-99778\" srcset=\"https:\/\/www.camping-carolins.com\/wp-content\/uploads\/2026\/03\/chambre-a-coucher-gite.png 1217w, https:\/\/www.camping-carolins.com\/wp-content\/uploads\/2026\/03\/chambre-a-coucher-gite-300x197.png 300w, https:\/\/www.camping-carolins.com\/wp-content\/uploads\/2026\/03\/chambre-a-coucher-gite-1024x673.png 1024w, https:\/\/www.camping-carolins.com\/wp-content\/uploads\/2026\/03\/chambre-a-coucher-gite-768x505.png 768w\" sizes=\"(max-width: 1217px) 100vw, 1217px\" \/><\/figure>\n<\/div>\n<\/div>\n\n\n\n<div class=\"wp-block-column is-vertically-aligned-center right has-link-color wp-elements-2bf66b9a09a541105327384c5eeae173 is-layout-flow wp-block-column-is-layout-flow\">\n<div class=\"wp-block-group groupe-title has-global-padding is-layout-constrained wp-block-group-is-layout-constrained\">\n<h2 class=\"wp-block-heading has-text-align-center has-custom-color-1-color has-text-color has-link-color wp-elements-cd0fa9695664adc9b59d1d75ecc79c21\">Le Cabestan \u2013 Familienferienhaus in Denneville-Plage, 200 m vom Meer entfernt<\/h2>\n\n\n\n<div class=\"wp-block-group title-img is-layout-flow wp-block-group-is-layout-flow\">\n<figure class=\"wp-block-image aligncenter size-full\"><img decoding=\"async\" width=\"23\" height=\"22\" src=\"https:\/\/www.camping-carolins.com\/wp-content\/uploads\/2025\/05\/Calque_2-1.svg\" alt=\"Titeldekoration\" class=\"wp-image-101\"\/><\/figure>\n<\/div>\n<\/div>\n\n\n\n<div class=\"wp-block-group has-global-padding is-layout-constrained wp-container-core-group-is-layout-97829e9f wp-block-group-is-layout-constrained\" style=\"padding-right:var(--wp--preset--spacing--40);padding-left:var(--wp--preset--spacing--40)\">\n<p style=\"padding-top:var(--wp--preset--spacing--20);padding-right:0;padding-left:0\">Das Le Cabestan liegt in Denneville-Plage, nur 200 Meter vom Strand und 3 km vom Campingplatz entfernt. Es handelt sich um ein 110 m\u00b2 gro\u00dfes Einfamilienhaus mit 4 Schlafzimmern auf einem 800 m\u00b2 gro\u00dfen Privatgrundst\u00fcck.<\/p>\n\n\n\n<p>Diese ger\u00e4umige Ferienunterkunft im Cotentin eignet sich perfekt f\u00fcr Aufenthalte mit der Familie oder mit Freunden. Sie verf\u00fcgt \u00fcber: <\/p>\n\n\n\n<ul class=\"wp-block-list\">\n<li>vier komfortablen Schlafzimmern,<\/li>\n\n\n\n<li>einem Spielzimmer,<\/li>\n\n\n\n<li>einem gro\u00dfen privaten Garten,<\/li>\n\n\n\n<li>Komplette Ausstattung f\u00fcr einen Aufenthalt in v\u00f6lliger Unabh\u00e4ngigkeit.<\/li>\n<\/ul>\n\n\n\n<p style=\"padding-top:0;padding-right:0;padding-left:0\">Dank seiner privilegierten Lage ist es eine ideale Ferienunterkunft in Denneville, in der N\u00e4he von Barneville-Carteret und den ber\u00fchmten Str\u00e4nden des \u00c4rmelkanals.<\/p>\n<\/div>\n<\/div>\n<\/div>\n<\/section>\n\n<section class=\"wp-block-group page-two reverse has-custom-color-1-background-color has-background has-global-padding is-layout-constrained wp-block-group-is-layout-constrained\" style=\"padding-top:10rem;padding-bottom:10rem\">\n<div class=\"wp-block-columns are-vertically-aligned-center is-layout-flex wp-container-core-columns-is-layout-7fc3d43a wp-block-columns-is-layout-flex\">\n<div class=\"wp-block-column is-vertically-aligned-center left is-layout-flow wp-block-column-is-layout-flow\" style=\"flex-basis:40%\">\n<div class=\"wp-block-group groupe-title has-global-padding is-layout-constrained wp-block-group-is-layout-constrained\">\n<h2 class=\"wp-block-heading has-text-align-center has-base-2-color has-text-color has-link-color wp-elements-3f4f0caa6cb3c3282635ab14803ee07e\">La Dune Blanche \u2013 Vermietung von Luxuswohnungen in Portbail<\/h2>\n\n\n\n<div class=\"wp-block-group title-img is-layout-flow wp-block-group-is-layout-flow\">\n<figure class=\"wp-block-image aligncenter size-full\"><img decoding=\"async\" width=\"23\" height=\"22\" src=\"https:\/\/www.camping-carolins.com\/wp-content\/uploads\/2025\/05\/Calque_2-1.svg\" alt=\"Titeldekoration\" class=\"wp-image-101\"\/><\/figure>\n<\/div>\n<\/div>\n\n\n\n<div class=\"wp-block-group has-global-padding is-layout-constrained wp-container-core-group-is-layout-97829e9f wp-block-group-is-layout-constrained\" style=\"padding-right:var(--wp--preset--spacing--40);padding-left:var(--wp--preset--spacing--40)\">\n<p class=\"has-base-2-color has-text-color has-link-color wp-elements-41c7bd88f3aed311b0641f7edc078c15\">Die komplett renovierte La Dune Blanche ist eine charmante Residenz im Herzen von Portbail, 3 km vom Campingplatz entfernt.<\/p>\n\n\n\n<p class=\"has-base-color has-text-color has-link-color wp-elements-abb05c851c27da40bee9f807d7bb1ce9\">Das Hotel liegt am Hauptplatz, in unmittelbarer N\u00e4he zu Gesch\u00e4ften und Restaurants und nur 200 Meter von der Br\u00fccke mit den 13 B\u00f6gen und dem Hafen von Portbail entfernt. Es genie\u00dft eine seltene Lage f\u00fcr eine Ferienunterkunft in Portbail in der N\u00e4he des Meeres und des Stadtzentrums.<\/p>\n\n\n    <div id=\"gt-fse-lire-plus-69ee4dca9f597\" class=\"gt-fse-lire-plus\" data-min-height=\"130\" style=\"background-color: #226075;\">\n        <input id=\"gt-fse-lire-plus-69ee4dca9f597-toggle\" type=\"checkbox\" class=\"gt-fse-lire-plus__toggle\" \/>\n        <label for=\"gt-fse-lire-plus-69ee4dca9f597-toggle\" class=\"gt-fse-lire-plus__toggle-label\">\n            <span>Lire plus<\/span>\n            <span>Lire moins<\/span>\n        <\/label>\n        <div class=\"gt-fse-lire-plus__content\" style=\"height: 130px;\">\n            \n\n<p class=\"has-base-color has-text-color has-link-color wp-elements-0d87dd8d6144841e6dc71a9827b5f122\">Die Residenz besteht aus drei eleganten Apartments:<\/p>\n\n\n\n<ul class=\"wp-block-list\">\n<li class=\"has-base-color has-text-color has-link-color wp-elements-014b47309efca550fa1766dd2f3e2adc\">Sable: Apartment mit 20 m\u00b2 gro\u00dfer Privatterrasse und Spa,<\/li>\n\n\n\n<li class=\"has-base-color has-text-color has-link-color wp-elements-ffe55a40b0e2bde848d9e49123bf8fa7\">Brume: gro\u00dfes Apartment mit einem Schlafzimmer und einer 25 m\u00b2 gro\u00dfen Terrasse,<\/li>\n\n\n\n<li class=\"has-base-color has-text-color has-link-color wp-elements-66aa73db2d069f2f647582e5e3d33141\">Embrun: Wohnung mit Meerblick, Balkon-Terrasse und doppelter Belichtung.<\/li>\n<\/ul>\n\n\n\n<p class=\"has-base-2-color has-text-color has-link-color wp-elements-65272b487cb3a6e90c7b272a865a0171\">Diese Apartments sind ideal f\u00fcr einen hochwertigen Aufenthalt im Cotentin, zwischen modernem Komfort und normannischem Charme.<br\/><\/p>\n\n            <div class=\"gt-fse-lire-plus__gradient\" style=\"background: linear-gradient(to bottom,rgba(34,96,117,0) 0%,rgba(34,96,117,1) 100%);\"><\/div>\n        <\/div>\n    <\/div>\n    <\/div>\n<\/div>\n\n\n\n<div class=\"wp-block-column is-vertically-aligned-center right is-layout-flow wp-block-column-is-layout-flow\">\n<div data-swiper=\"{&quot;speed&quot;:400,&quot;spaceBetween&quot;:16,&quot;slidesPerView&quot;:1,&quot;createElements&quot;:true,&quot;loop&quot;:true,&quot;freemode&quot;:true,&quot;pagination&quot;:{&quot;el&quot;:&quot;.swiper-pagination&quot;,&quot;dynamicBullets&quot;:true},&quot;breakpoints&quot;:[{&quot;slidesPerView&quot;:1}],&quot;effect&quot;:&quot;fade&quot;,&quot;navigation&quot;:false,&quot;autoplay&quot;:{&quot;delay&quot;:5000}}\" class=\"wp-block-group gt-is-slider gt-is-slider-desktop has-global-padding is-layout-constrained wp-block-group-is-layout-constrained\">\n<figure class=\"wp-block-image size-full\"><img decoding=\"async\" width=\"1200\" height=\"800\" src=\"https:\/\/www.camping-carolins.com\/wp-content\/uploads\/2026\/03\/interieur-gite-camping-carolins.jpg\" alt=\"interieur gite camping carolins\" class=\"wp-image-99802\" srcset=\"https:\/\/www.camping-carolins.com\/wp-content\/uploads\/2026\/03\/interieur-gite-camping-carolins.jpg 1200w, https:\/\/www.camping-carolins.com\/wp-content\/uploads\/2026\/03\/interieur-gite-camping-carolins-300x200.jpg 300w, https:\/\/www.camping-carolins.com\/wp-content\/uploads\/2026\/03\/interieur-gite-camping-carolins-1024x683.jpg 1024w, https:\/\/www.camping-carolins.com\/wp-content\/uploads\/2026\/03\/interieur-gite-camping-carolins-768x512.jpg 768w\" sizes=\"(max-width: 1200px) 100vw, 1200px\" \/><\/figure>\n<\/div>\n<\/div>\n<\/div>\n<\/section>\n\n<section class=\"wp-block-group page-two slider has-global-padding is-layout-constrained wp-block-group-is-layout-constrained\" style=\"padding-top:var(--wp--preset--spacing--50);padding-bottom:var(--wp--preset--spacing--40)\">\n<div class=\"wp-block-columns is-layout-flex wp-container-core-columns-is-layout-28f84493 wp-block-columns-is-layout-flex\">\n<div class=\"wp-block-column left is-layout-flow wp-block-column-is-layout-flow\">\n<div data-swiper=\"{&quot;speed&quot;:400,&quot;spaceBetween&quot;:16,&quot;slidesPerView&quot;:1,&quot;createElements&quot;:true,&quot;loop&quot;:true,&quot;freemode&quot;:true,&quot;pagination&quot;:{&quot;el&quot;:&quot;.swiper-pagination&quot;,&quot;dynamicBullets&quot;:true},&quot;breakpoints&quot;:[{&quot;slidesPerView&quot;:1}],&quot;effect&quot;:&quot;fade&quot;,&quot;navigation&quot;:false,&quot;autoplay&quot;:{&quot;delay&quot;:5000}}\" class=\"wp-block-group gt-is-slider gt-is-slider-desktop has-global-padding is-layout-constrained wp-block-group-is-layout-constrained\">\n<figure class=\"wp-block-image size-full\"><img decoding=\"async\" width=\"1200\" height=\"800\" src=\"https:\/\/www.camping-carolins.com\/wp-content\/uploads\/2026\/03\/vue-inteiruer-du-gite-camping-carolins.jpg\" alt=\"vue inteiruer du gite camping carolins\" class=\"wp-image-99794\" srcset=\"https:\/\/www.camping-carolins.com\/wp-content\/uploads\/2026\/03\/vue-inteiruer-du-gite-camping-carolins.jpg 1200w, https:\/\/www.camping-carolins.com\/wp-content\/uploads\/2026\/03\/vue-inteiruer-du-gite-camping-carolins-300x200.jpg 300w, https:\/\/www.camping-carolins.com\/wp-content\/uploads\/2026\/03\/vue-inteiruer-du-gite-camping-carolins-1024x683.jpg 1024w, https:\/\/www.camping-carolins.com\/wp-content\/uploads\/2026\/03\/vue-inteiruer-du-gite-camping-carolins-768x512.jpg 768w\" sizes=\"(max-width: 1200px) 100vw, 1200px\" \/><\/figure>\n<\/div>\n<\/div>\n\n\n\n<div class=\"wp-block-column is-vertically-aligned-center right has-link-color wp-elements-b6fed14e8a47d01c27cf11d42129d4f7 is-layout-flow wp-block-column-is-layout-flow\">\n<div class=\"wp-block-group groupe-title has-global-padding is-layout-constrained wp-block-group-is-layout-constrained\">\n<h2 class=\"wp-block-heading has-text-align-center has-custom-color-1-color has-text-color has-link-color wp-elements-a68754cc7dc86f9010c6e2cd8c7fb2aa\">Dienstleistungen &amp; Ausstattung<\/h2>\n\n\n\n<div class=\"wp-block-group title-img is-layout-flow wp-block-group-is-layout-flow\">\n<figure class=\"wp-block-image aligncenter size-full\"><img decoding=\"async\" width=\"23\" height=\"22\" src=\"https:\/\/www.camping-carolins.com\/wp-content\/uploads\/2025\/05\/Calque_2-1.svg\" alt=\"Titeldekoration\" class=\"wp-image-101\"\/><\/figure>\n<\/div>\n<\/div>\n\n\n\n<div class=\"wp-block-group has-global-padding is-layout-constrained wp-container-core-group-is-layout-97829e9f wp-block-group-is-layout-constrained\" style=\"padding-right:var(--wp--preset--spacing--40);padding-left:var(--wp--preset--spacing--40)\">\n<p style=\"padding-top:0;padding-right:0;padding-left:0\">Wenn Sie Ihre Ferienunterkunft in der Basse-Normandie buchen, profitieren Sie au\u00dferdem von folgenden Vorteilen:<\/p>\n\n\n\n<ul class=\"wp-block-list\">\n<li>einer strategisch g\u00fcnstigen Lage, um den Cotentin, seine Str\u00e4nde, Wanderwege und sein Naturerbe zu entdecken.<\/li>\n\n\n\n<li>vor Ort angebotene Aktivit\u00e4ten und Dienstleistungen,<\/li>\n\n\n\n<li>einer strategisch g\u00fcnstigen Lage, um den Cotentin, seine Str\u00e4nde, Wanderwege und sein Naturerbe zu entdecken.<\/li>\n<\/ul>\n\n\n\n<h3 class=\"wp-block-heading has-custom-color-1-color has-text-color has-link-color has-medium-font-size wp-elements-552817a5c76e1fc1dcd792f4c71026ad\"><strong>Buchen Sie Ihre Ferienunterkunft im Cotentin<\/strong><\/h3>\n\n\n\n<p>Ob Sie eine Unterkunft in Strandn\u00e4he in Denneville, eine Ferienwohnung im Zentrum von Portbail oder einen Aufenthalt in der N\u00e4he von Barneville-Carteret suchen, unsere Unterk\u00fcnfte garantieren Ihnen Komfort, Eleganz und eine au\u00dfergew\u00f6hnliche Lage.<\/p>\n\n\n\n<p>G\u00f6nnen Sie sich einen unvergesslichen Aufenthalt in der Normandie, zwischen Land und Meer.<br\/><\/p>\n<\/div>\n<\/div>\n<\/div>\n<\/section>\n\n<section class=\"wp-block-group page-two reverse has-custom-color-1-background-color has-background has-global-padding is-layout-constrained wp-block-group-is-layout-constrained\" style=\"padding-top:10rem;padding-bottom:10rem\">\n<div class=\"wp-block-columns are-vertically-aligned-center is-layout-flex wp-container-core-columns-is-layout-7fc3d43a wp-block-columns-is-layout-flex\">\n<div class=\"wp-block-column is-vertically-aligned-center left is-layout-flow wp-block-column-is-layout-flow\" style=\"flex-basis:40%\">\n<div class=\"wp-block-group groupe-title has-global-padding is-layout-constrained wp-block-group-is-layout-constrained\">\n<h2 class=\"wp-block-heading has-text-align-center has-base-2-color has-text-color has-link-color wp-elements-410b4c88a52d31d2060f36d447f34e2a\">Ein Aufenthalt mit den Vorteilen des Campings<\/h2>\n\n\n\n<div class=\"wp-block-group title-img is-layout-flow wp-block-group-is-layout-flow\">\n<figure class=\"wp-block-image aligncenter size-full\"><img decoding=\"async\" width=\"23\" height=\"22\" src=\"https:\/\/www.camping-carolins.com\/wp-content\/uploads\/2025\/05\/Calque_2-1.svg\" alt=\"Titeldekoration\" class=\"wp-image-101\"\/><\/figure>\n<\/div>\n<\/div>\n\n\n\n<div class=\"wp-block-group has-global-padding is-layout-constrained wp-container-core-group-is-layout-97829e9f wp-block-group-is-layout-constrained\" style=\"padding-right:var(--wp--preset--spacing--40);padding-left:var(--wp--preset--spacing--40)\">\n<p class=\"has-base-2-color has-text-color has-link-color wp-elements-9d2a4c004a2a0e2fe41818f345349b08\">Wenn Sie Ihre Ferienwohnung oder Ihr Ferienhaus buchen, k\u00f6nnen Sie auch die Einrichtungen und Dienstleistungen des nur wenige Minuten entfernten Campingplatzes nutzen.<\/p>\n\n\n\n<p class=\"has-base-color has-text-color has-link-color wp-elements-3e95ca9b5f05c7f28c2e7b127cb611f6\">Ihr Aufenthalt umfasst insbesondere:<\/p>\n\n\n\n<ul class=\"wp-block-list\">\n<li class=\"has-base-color has-text-color has-link-color wp-elements-c7aaa4a5244fcd5805b017dc2d3f6f84\">Zugang zum<a href=\"https:\/\/www.camping-carolins.com\/de\/campingplatz-beheiztes-schwimmbad-port-bail-sur-mer\/\" data-type=\"page\" data-id=\"44\"> beheizten Pool des Campingplatzes<\/a>, ideal zum Entspannen nach einem Tag am Strand,<\/li>\n\n\n\n<li class=\"has-base-color has-text-color has-link-color wp-elements-f3da307fe7b5f3cb220fe8599534ad8a\">Zugang zu den vor Ort angebotenen <strong>Aktivit\u00e4ten und Veranstaltungen<\/strong>,<\/li>\n\n\n\n<li class=\"has-base-color has-text-color has-link-color wp-elements-55e3f1272c2b8e52b587c539715eae0f\">die<strong> Dienstleistungen des Campingplatzes <\/strong>(Freizeitbereiche, Rezeption, touristische Informationen, Miniclub\u2026).<\/li>\n<\/ul>\n\n\n\n<p class=\"has-base-2-color has-text-color has-link-color wp-elements-d4643a967e29e64c4cc90a94f3ee9c02\">So genie\u00dfen Sie den Komfort und die Unabh\u00e4ngigkeit einer Ferienunterkunft und profitieren gleichzeitig von der Infrastruktur und der geselligen Atmosph\u00e4re des Campingplatzes.<\/p>\n<\/div>\n<\/div>\n\n\n\n<div class=\"wp-block-column is-vertically-aligned-center right is-layout-flow wp-block-column-is-layout-flow\">\n<div data-swiper=\"{&quot;speed&quot;:400,&quot;spaceBetween&quot;:16,&quot;slidesPerView&quot;:1,&quot;createElements&quot;:true,&quot;loop&quot;:true,&quot;freemode&quot;:true,&quot;pagination&quot;:{&quot;el&quot;:&quot;.swiper-pagination&quot;,&quot;dynamicBullets&quot;:true},&quot;breakpoints&quot;:[{&quot;slidesPerView&quot;:1}],&quot;effect&quot;:&quot;fade&quot;,&quot;navigation&quot;:false,&quot;autoplay&quot;:{&quot;delay&quot;:5000}}\" class=\"wp-block-group gt-is-slider gt-is-slider-desktop has-global-padding is-layout-constrained wp-block-group-is-layout-constrained\">\n<figure class=\"wp-block-image size-full\"><img decoding=\"async\" width=\"1000\" height=\"667\" src=\"https:\/\/www.camping-carolins.com\/wp-content\/uploads\/2026\/03\/bains-de-soleil_1.jpg\" alt=\"bains de soleil 1\" class=\"wp-image-101147\" srcset=\"https:\/\/www.camping-carolins.com\/wp-content\/uploads\/2026\/03\/bains-de-soleil_1.jpg 1000w, https:\/\/www.camping-carolins.com\/wp-content\/uploads\/2026\/03\/bains-de-soleil_1-300x200.jpg 300w, https:\/\/www.camping-carolins.com\/wp-content\/uploads\/2026\/03\/bains-de-soleil_1-768x512.jpg 768w\" sizes=\"(max-width: 1000px) 100vw, 1000px\" \/><\/figure>\n<\/div>\n<\/div>\n<\/div>\n<\/section>\n\n<section class=\"wp-block-group page-maillage has-global-padding is-layout-constrained wp-block-group-is-layout-constrained\" style=\"padding-top:10rem;padding-bottom:10rem\">\n<div class=\"wp-block-group title-page-maillage has-global-padding is-layout-constrained wp-block-group-is-layout-constrained\" style=\"margin-bottom:var(--wp--preset--spacing--40);line-height:0.8\">\n<p class=\"has-text-align-center has-text-color has-link-color has-pl-miamo-semibold-font-family wp-elements-832a48c79881e970a0552d78e5368497\" style=\"color:#d9ae89;font-size:clamp(20.515px, 1.282rem + ((1vw - 3.2px) * 1.058), 33px);\">Entdecken Sie unsere anderen Typen<\/p>\n\n\n\n<p class=\"has-text-align-center has-custom-color-1-color has-text-color has-link-color has-pl-miamo-semibold-font-family wp-elements-3a55707906ebad25b9f01cf37345464b\" style=\"font-size:clamp(29.303px, 1.831rem + ((1vw - 3.2px) * 1.839), 51px);text-transform:uppercase\">und den Pool<\/p>\n<\/div>\n\n\n\n<div data-wp-context=\"{}\" data-wp-interactive=\"core\/query\" data-wp-key=\"1\" data-wp-router-region=\"query-1\" class=\"wp-block-query alignwide gt-fse-maillage-query is-layout-flow wp-block-query-is-layout-flow\"><ul class=\"columns-3 wp-block-post-template is-layout-grid wp-container-core-post-template-is-layout-6d3fbd8f wp-block-post-template-is-layout-grid\"><li data-wp-key=\"post-template-item-32708\" class=\"wp-block-post post-32708 page type-page status-publish has-post-thumbnail hentry\">\n<figure class=\"wp-block-post-featured-image\"><img decoding=\"async\" width=\"1920\" height=\"1280\" src=\"https:\/\/www.camping-carolins.com\/wp-content\/uploads\/2025\/06\/carolins-location-emplacement-port-bail-sur-mer.jpg\" class=\"attachment-full size-full wp-post-image\" alt=\"vermietung standort port bail sur mer\" style=\"object-fit:cover;\" srcset=\"https:\/\/www.camping-carolins.com\/wp-content\/uploads\/2025\/06\/carolins-location-emplacement-port-bail-sur-mer.jpg 1920w, https:\/\/www.camping-carolins.com\/wp-content\/uploads\/2025\/06\/carolins-location-emplacement-port-bail-sur-mer-300x200.jpg 300w, https:\/\/www.camping-carolins.com\/wp-content\/uploads\/2025\/06\/carolins-location-emplacement-port-bail-sur-mer-1024x683.jpg 1024w, https:\/\/www.camping-carolins.com\/wp-content\/uploads\/2025\/06\/carolins-location-emplacement-port-bail-sur-mer-768x512.jpg 768w, https:\/\/www.camping-carolins.com\/wp-content\/uploads\/2025\/06\/carolins-location-emplacement-port-bail-sur-mer-1536x1024.jpg 1536w\" sizes=\"(max-width: 1920px) 100vw, 1920px\" \/><span class=\"wp-block-post-featured-image__overlay has-background-dim has-background-dim-40 has-custom-color-5-background-color\" style=\"\" aria-hidden=\"true\"><\/span><\/figure>\n\n\n<p class=\"maillage-title has-pl-miamo-medium-font-family\" style=\"font-size:clamp(14px, 0.875rem + ((1vw - 3.2px) * 0.508), 20px);letter-spacing:10px;text-transform:uppercase\">Pl\u00e4tze<\/p>\n\n\n<a class=\"is-style-lien-cover wp-block-read-more\" href=\"https:\/\/www.camping-carolins.com\/de\/stellplatzvermietung-port-bail-sur-mer\/\" target=\"_self\">Weiterlesen<span class=\"screen-reader-text\">: Stellpl\u00e4tze<\/span><\/a>\n<\/li><li data-wp-key=\"post-template-item-32786\" class=\"wp-block-post post-32786 page type-page status-publish has-post-thumbnail hentry\">\n<figure class=\"wp-block-post-featured-image\"><img decoding=\"async\" width=\"1920\" height=\"1280\" src=\"https:\/\/www.camping-carolins.com\/wp-content\/uploads\/2025\/06\/carolins-location-parcelle-port-bail-sur-mer.jpg\" class=\"attachment-full size-full wp-post-image\" alt=\"location parcelle port bail sur mer\" style=\"object-fit:cover;\" srcset=\"https:\/\/www.camping-carolins.com\/wp-content\/uploads\/2025\/06\/carolins-location-parcelle-port-bail-sur-mer.jpg 1920w, https:\/\/www.camping-carolins.com\/wp-content\/uploads\/2025\/06\/carolins-location-parcelle-port-bail-sur-mer-300x200.jpg 300w, https:\/\/www.camping-carolins.com\/wp-content\/uploads\/2025\/06\/carolins-location-parcelle-port-bail-sur-mer-1024x683.jpg 1024w, https:\/\/www.camping-carolins.com\/wp-content\/uploads\/2025\/06\/carolins-location-parcelle-port-bail-sur-mer-768x512.jpg 768w, https:\/\/www.camping-carolins.com\/wp-content\/uploads\/2025\/06\/carolins-location-parcelle-port-bail-sur-mer-1536x1024.jpg 1536w\" sizes=\"(max-width: 1920px) 100vw, 1920px\" \/><span class=\"wp-block-post-featured-image__overlay has-background-dim has-background-dim-40 has-custom-color-5-background-color\" style=\"\" aria-hidden=\"true\"><\/span><\/figure>\n\n\n<p class=\"maillage-title has-pl-miamo-medium-font-family\" style=\"font-size:clamp(14px, 0.875rem + ((1vw - 3.2px) * 0.508), 20px);letter-spacing:10px;text-transform:uppercase\">Einwohner<\/p>\n\n\n<a class=\"is-style-lien-cover wp-block-read-more\" href=\"https:\/\/www.camping-carolins.com\/de\/pachtgrundstueck-port-bail-sur-mer\/\" target=\"_self\">Weiterlesen<span class=\"screen-reader-text\">: Einwohner<\/span><\/a>\n<\/li><li data-wp-key=\"post-template-item-32732\" class=\"wp-block-post post-32732 page type-page status-publish has-post-thumbnail hentry\">\n<figure class=\"wp-block-post-featured-image\"><img decoding=\"async\" width=\"2000\" height=\"1333\" src=\"https:\/\/www.camping-carolins.com\/wp-content\/uploads\/2025\/05\/camping-piscine-cotentin.jpg\" class=\"attachment-full size-full wp-post-image\" alt=\"campingplatz swimmingpool cotentin\" style=\"object-fit:cover;\" srcset=\"https:\/\/www.camping-carolins.com\/wp-content\/uploads\/2025\/05\/camping-piscine-cotentin.jpg 2000w, https:\/\/www.camping-carolins.com\/wp-content\/uploads\/2025\/05\/camping-piscine-cotentin-300x200.jpg 300w, https:\/\/www.camping-carolins.com\/wp-content\/uploads\/2025\/05\/camping-piscine-cotentin-1024x682.jpg 1024w, https:\/\/www.camping-carolins.com\/wp-content\/uploads\/2025\/05\/camping-piscine-cotentin-768x512.jpg 768w, https:\/\/www.camping-carolins.com\/wp-content\/uploads\/2025\/05\/camping-piscine-cotentin-1536x1024.jpg 1536w\" sizes=\"(max-width: 2000px) 100vw, 2000px\" \/><span class=\"wp-block-post-featured-image__overlay has-background-dim has-background-dim-40 has-custom-color-5-background-color\" style=\"\" aria-hidden=\"true\"><\/span><\/figure>\n\n\n<p class=\"maillage-title has-pl-miamo-medium-font-family\" style=\"font-size:clamp(14px, 0.875rem + ((1vw - 3.2px) * 0.508), 20px);letter-spacing:10px;text-transform:uppercase\">Swimmingpool<\/p>\n\n\n<a class=\"is-style-lien-cover wp-block-read-more\" href=\"https:\/\/www.camping-carolins.com\/de\/campingplatz-beheiztes-schwimmbad-port-bail-sur-mer\/\" target=\"_self\">Weiterlesen<span class=\"screen-reader-text\">: Swimmingpool<\/span><\/a>\n<\/li><\/ul><\/div>\n<\/section>\n","protected":false},"excerpt":{"rendered":"<p>Vermietung von charmanten Ferienwohnungen im Cotentin Ein au\u00dfergew\u00f6hnlicher Aufenthalt in der Basse-Normandie Sie suchen eine Ferienunterkunft im Cotentin f\u00fcr Ihren n\u00e4chsten Urlaub in der Normandie?Entdecken Sie in der N\u00e4he von Barneville-Carteret unsere hochwertigen Unterk\u00fcnfte, die Ger\u00e4umigkeit, Komfort und eine privilegierte Lage zwischen Meer und Natur vereinen. Unsere Ferienwohnungen sind ideal gelegen, um die K\u00fcste der [&hellip;]<\/p>\n","protected":false},"author":1,"featured_media":99801,"parent":0,"menu_order":0,"comment_status":"closed","ping_status":"closed","template":"","meta":{"_acf_changed":false,"_seopress_robots_primary_cat":"","_seopress_titles_title":"Location de g\u00eetes de charme dans le Cotentin | S\u00e9jour en Basse Normandie","_seopress_titles_desc":"","_seopress_robots_index":"","_gt_ctv_global_id":"","_gt_ctv_id_group":false,"inline_featured_image":false,"gt_fse_maillage_image":"https:\/\/www.camping-carolins.com\/wp-content\/uploads\/2026\/03\/cuisine-equipee-camping-carolins.jpg","gt_fse_maillage_titre":"Ferienh\u00e4user","gt_fse_maillage_alt":"Ferienh\u00e4user","gt_fse_maillage_resume":"","footnotes":""},"categories":[],"tags":[],"class_list":["post-101156","page","type-page","status-publish","has-post-thumbnail","hentry"],"acf":[],"_links":{"self":[{"href":"https:\/\/www.camping-carolins.com\/de\/wp-json\/wp\/v2\/pages\/101156","targetHints":{"allow":["GET"]}}],"collection":[{"href":"https:\/\/www.camping-carolins.com\/de\/wp-json\/wp\/v2\/pages"}],"about":[{"href":"https:\/\/www.camping-carolins.com\/de\/wp-json\/wp\/v2\/types\/page"}],"author":[{"embeddable":true,"href":"https:\/\/www.camping-carolins.com\/de\/wp-json\/wp\/v2\/users\/1"}],"replies":[{"embeddable":true,"href":"https:\/\/www.camping-carolins.com\/de\/wp-json\/wp\/v2\/comments?post=101156"}],"version-history":[{"count":1,"href":"https:\/\/www.camping-carolins.com\/de\/wp-json\/wp\/v2\/pages\/101156\/revisions"}],"predecessor-version":[{"id":101157,"href":"https:\/\/www.camping-carolins.com\/de\/wp-json\/wp\/v2\/pages\/101156\/revisions\/101157"}],"wp:featuredmedia":[{"embeddable":true,"href":"https:\/\/www.camping-carolins.com\/de\/wp-json\/wp\/v2\/media\/99801"}],"wp:attachment":[{"href":"https:\/\/www.camping-carolins.com\/de\/wp-json\/wp\/v2\/media?parent=101156"}],"wp:term":[{"taxonomy":"category","embeddable":true,"href":"https:\/\/www.camping-carolins.com\/de\/wp-json\/wp\/v2\/categories?post=101156"},{"taxonomy":"post_tag","embeddable":true,"href":"https:\/\/www.camping-carolins.com\/de\/wp-json\/wp\/v2\/tags?post=101156"}],"curies":[{"name":"wp","href":"https:\/\/api.w.org\/{rel}","templated":true}]}}