{"id":32339,"date":"2025-05-15T17:00:09","date_gmt":"2025-05-15T15:00:09","guid":{"rendered":"https:\/\/www.camping-carolins.com\/camping-groupe-port-bail-sur-mer-2\/"},"modified":"2025-09-04T13:57:03","modified_gmt":"2025-09-04T11:57:03","slug":"campingplatz-gruppe-port-bail-sur-mer","status":"publish","type":"page","link":"https:\/\/www.camping-carolins.com\/de\/campingplatz-gruppe-port-bail-sur-mer\/","title":{"rendered":"Empfang von Gruppen"},"content":{"rendered":"\n<section class=\"wp-block-group home-intro page-intro has-custom-color-1-background-color has-background has-global-padding is-layout-constrained wp-block-group-is-layout-constrained\" style=\"padding-top:10rem;padding-bottom:10rem\">\n<div class=\"wp-block-group groupe-title has-global-padding is-layout-constrained wp-block-group-is-layout-constrained\">\n<h1 class=\"wp-block-heading has-text-align-center\"><strong>Camping f\u00fcr Gruppen<\/strong> in der Cotentin  <\/h1>\n\n\n\n<div class=\"wp-block-group title-img is-layout-flow wp-block-group-is-layout-flow\">\n<figure class=\"wp-block-image aligncenter size-full\"><img decoding=\"async\" width=\"23\" height=\"22\" src=\"https:\/\/www.camping-carolins.com\/wp-content\/uploads\/2025\/05\/Calque_2-1.svg\" alt=\"Campingplatz Schwimmbad Hafen Pachtvertrag\" class=\"wp-image-101\"\/><\/figure>\n<\/div>\n<\/div>\n\n\n\n<div class=\"wp-block-columns is-layout-flex wp-container-core-columns-is-layout-28f84493 wp-block-columns-is-layout-flex\">\n<div class=\"wp-block-column left is-layout-flow wp-block-column-is-layout-flow\" style=\"flex-basis:33.33%\">\n<figure class=\"wp-block-image size-full\"><img decoding=\"async\" width=\"900\" height=\"1350\" src=\"https:\/\/www.camping-carolins.com\/wp-content\/uploads\/2025\/06\/camping-accueil-motards-cotentin.jpg\" alt=\"camping empfang motoradfahrer cotentin\" class=\"wp-image-13378\" srcset=\"https:\/\/www.camping-carolins.com\/wp-content\/uploads\/2025\/06\/camping-accueil-motards-cotentin.jpg 900w, https:\/\/www.camping-carolins.com\/wp-content\/uploads\/2025\/06\/camping-accueil-motards-cotentin-200x300.jpg 200w, https:\/\/www.camping-carolins.com\/wp-content\/uploads\/2025\/06\/camping-accueil-motards-cotentin-683x1024.jpg 683w, https:\/\/www.camping-carolins.com\/wp-content\/uploads\/2025\/06\/camping-accueil-motards-cotentin-768x1152.jpg 768w\" sizes=\"(max-width: 900px) 100vw, 900px\" \/><\/figure>\n<\/div>\n\n\n\n<div class=\"wp-block-column right is-layout-flow wp-block-column-is-layout-flow\" style=\"flex-basis:66.66%\">\n<figure class=\"wp-block-image size-full animated fadeIn slower\"><img decoding=\"async\" width=\"1920\" height=\"1080\" src=\"https:\/\/www.camping-carolins.com\/wp-content\/uploads\/2025\/06\/salle-repas-pour-groupes-edited.jpg\" alt=\"Speisesaal f&#xFC;r Gruppen\" class=\"wp-image-14133\" srcset=\"https:\/\/www.camping-carolins.com\/wp-content\/uploads\/2025\/06\/salle-repas-pour-groupes-edited.jpg 1920w, https:\/\/www.camping-carolins.com\/wp-content\/uploads\/2025\/06\/salle-repas-pour-groupes-edited-300x169.jpg 300w, https:\/\/www.camping-carolins.com\/wp-content\/uploads\/2025\/06\/salle-repas-pour-groupes-edited-1024x576.jpg 1024w, https:\/\/www.camping-carolins.com\/wp-content\/uploads\/2025\/06\/salle-repas-pour-groupes-edited-768x432.jpg 768w, https:\/\/www.camping-carolins.com\/wp-content\/uploads\/2025\/06\/salle-repas-pour-groupes-edited-1536x864.jpg 1536w\" sizes=\"(max-width: 1920px) 100vw, 1920px\" \/><\/figure>\n\n\n\n<div class=\"wp-block-group bottom is-nowrap is-layout-flex wp-container-core-group-is-layout-e4d5908d wp-block-group-is-layout-flex\" style=\"margin-top:4rem\">\n<div class=\"wp-block-group is-vertical is-content-justification-center is-layout-flex wp-container-core-group-is-layout-ce155fab wp-block-group-is-layout-flex\">\n<div class=\"wp-block-group groupe-title has-global-padding is-layout-constrained wp-block-group-is-layout-constrained\">\n<h2 class=\"wp-block-heading has-text-align-center\"><strong>Familienfeier oder Seminar<\/strong>? <br\/>W\u00e4hlen Sie unseren Campingplatz<\/h2>\n\n\n\n<div class=\"wp-block-group title-img is-layout-flow wp-block-group-is-layout-flow\">\n<figure class=\"wp-block-image aligncenter size-full\"><img decoding=\"async\" width=\"23\" height=\"22\" src=\"https:\/\/www.camping-carolins.com\/wp-content\/uploads\/2025\/05\/Calque_2-1.svg\" alt=\"Planschbecken\" class=\"wp-image-101\"\/><\/figure>\n<\/div>\n<\/div>\n\n\n\n<p class=\"has-text-align-center has-base-2-color has-text-color has-link-color wp-elements-523e213e7a41a641f3785100757c3225\">(Die Unterkunft kann bis zu 120 Personen aufnehmen).<\/p>\n\n\n\n<p class=\"has-text-align-center has-base-2-color has-text-color has-link-color wp-elements-84816334e9479ee5ac5a36ec9143119b\">Unser <a href=\"https:\/\/www.camping-carolins.com\/de\/\">Campingplatz im Cotentin<\/a> empf\u00e4ngt Sie am Meer in einer nat\u00fcrlichen Umgebung, in der N\u00e4he des GR223, von Port-Bail-sur-Mer und an der C\u00f4te des Isles zwischen Mont-Saint-Michel und Cherbourg gelegen.<\/p>\n\n\n\n<ul class=\"wp-block-list has-base-2-color has-text-color has-link-color wp-elements-f5e54f61d06424522ba315cb2169a3ba\">\n<li>Halbpension und Vollpension m\u00f6glich.<\/li>\n\n\n\n<li>M\u00f6glichkeit eines gemeinsamen Fr\u00fchst\u00fccks oder direkt im Mobilheim, Riesengrill, typische normannische Gerichte, Meeresfr\u00fcchteplatten direkt von unseren lokalen Fischern&#8230;<\/li>\n<\/ul>\n\n\n\n<p class=\"has-text-align-center has-base-2-color has-text-color has-link-color wp-elements-2d7645d650525ffa6ff7c1c1170ac51f\">M\u00f6glichkeit, Ihre Animationen oder Ausfl\u00fcge zu organisieren: Einf\u00fchrung in das Segeln, Paddeln, Escape Game, Karting, Boulespiel-Wettbewerb, DJ, Blind Test, Schatzsuche, Fotograf&#8230;.<\/p>\n\n\n\n<p class=\"has-text-align-center has-base-2-color has-text-color has-link-color wp-elements-2a5c5f490a5a69a2e9b510e51eb7a451\">Unser Team sorgt mit seiner <strong>unkomplizierten<\/strong> und <strong>freundlichen Art<\/strong> daf\u00fcr, dass Sie einen <strong>unvergesslichen Aufenthalt<\/strong> erleben!<\/p>\n\n\n\n<div class=\"wp-block-buttons is-content-justification-center is-layout-flex wp-container-core-buttons-is-layout-9587046d wp-block-buttons-is-layout-flex\" style=\"margin-top:0\">\n<div class=\"wp-block-button btn-1 is-style-outline is-style-outline--1\"><a class=\"wp-block-button__link has-text-color has-link-color wp-element-button\" href=\"https:\/\/www.camping-carolins.com\/wp-content\/uploads\/2025\/06\/depliant-offre-groupe.pdf\" style=\"border-radius:50px;color:#d9ae89\" target=\"_blank\" rel=\"noreferrer noopener\"><img decoding=\"async\" src=\"https:\/\/www.camping-carolins.com\/wp-content\/uploads\/2025\/05\/fleche.svg\" alt=\"Pfeil\"\/> Entdecken Sie unsere Angebote<\/a><\/div>\n<\/div>\n<\/div>\n<\/div>\n<\/div>\n<\/div>\n<\/section>\n\n<section class=\"wp-block-group page-two has-global-padding is-layout-constrained wp-block-group-is-layout-constrained\" style=\"padding-top:10rem\">\n<div class=\"wp-block-columns is-layout-flex wp-container-core-columns-is-layout-28f84493 wp-block-columns-is-layout-flex\">\n<div class=\"wp-block-column is-vertically-aligned-center right is-layout-flow wp-block-column-is-layout-flow\">\n<div class=\"wp-block-group groupe-title has-global-padding is-layout-constrained wp-block-group-is-layout-constrained\">\n<h2 class=\"wp-block-heading has-text-align-center has-custom-color-1-color has-text-color has-link-color wp-elements-562f61b15fc639fca0c2855853220e73\"><strong>Unsere Unterk\u00fcnfte f\u00fcr Gruppen<\/strong> <br\/>in der Basse-Normandie<\/h2>\n\n\n\n<div class=\"wp-block-group title-img is-layout-flow wp-block-group-is-layout-flow\">\n<figure class=\"wp-block-image aligncenter size-full\"><img decoding=\"async\" width=\"23\" height=\"22\" src=\"https:\/\/www.camping-carolins.com\/wp-content\/uploads\/2025\/05\/Calque_2-1.svg\" alt=\"Planschbecken\" class=\"wp-image-101\"\/><\/figure>\n<\/div>\n<\/div>\n\n\n\n<p style=\"padding-top:var(--wp--preset--spacing--20);padding-right:var(--wp--preset--spacing--40);padding-left:var(--wp--preset--spacing--40)\">Unsere komplett ausgestatteten Mobilheime k\u00f6nnen <strong>bis zu 8 Personen<\/strong> beherbergen und bieten allen Komfort, den Sie f\u00fcr einen Gruppenaufenthalt ben\u00f6tigen.<\/p>\n\n\n\n<p style=\"padding-top:var(--wp--preset--spacing--20);padding-right:var(--wp--preset--spacing--40);padding-left:var(--wp--preset--spacing--40)\">Wenn Sie noch mehr Platz und Leistungen w\u00fcnschen, ist unser Ferienhaus <strong>Le Cabestan<\/strong> eine ideale Alternative mit gro\u00dfen Fl\u00e4chen und einem Komfortniveau, das von Gruppen gesch\u00e4tzt wird.<\/p>\n\n\n\n<p style=\"padding-top:0;padding-right:var(--wp--preset--spacing--40);padding-left:var(--wp--preset--spacing--40)\">Unsere \u00fcberdachten Terrassen k\u00f6nnen als Versammlungsr\u00e4ume f\u00fcr Ihre Seminare oder Arbeitssitzungen eingerichtet werden.<\/p>\n\n\n\n<p style=\"padding-top:0;padding-right:var(--wp--preset--spacing--40);padding-left:var(--wp--preset--spacing--40)\">Sie erg\u00e4nzen unseren 120 m\u00b2 gro\u00dfen, beheizten Saal, der perfekt f\u00fcr Ihre <strong>professionellen Veranstaltungen<\/strong> ausgestattet ist, einschlie\u00dflich einer 2,50 m gro\u00dfen Projektionswand mit Tonanlage, die Ihnen zur Verf\u00fcgung steht.<\/p>\n\n\n\n<p style=\"padding-top:0;padding-right:var(--wp--preset--spacing--40);padding-left:var(--wp--preset--spacing--40)\">Unser Gruppencampingplatz in Port-Bail-sur-Mer bietet Ihnen einen <strong>ma\u00dfgeschneiderten Service<\/strong> f\u00fcr alle Ihre Veranstaltungen.<\/p>\n\n\n\n<p style=\"padding-top:0;padding-right:var(--wp--preset--spacing--40);padding-left:var(--wp--preset--spacing--40)\">Unser freundliches Team steht Ihnen gerne zur Verf\u00fcgung, um Ihren Aufenthalt so angenehm wie m\u00f6glich zu gestalten.<\/p>\n\n\n\n<div data-wp-context=\"{}\" data-wp-interactive=\"core\/query\" data-wp-key=\"1\" data-wp-router-region=\"query-1\" class=\"wp-block-query alignwide gt-fse-hebergements is-layout-flow wp-block-query-is-layout-flow gt-fse-widgets-ctv-open-product\"><ul class=\"columns-3 wp-block-post-template is-layout-grid wp-container-core-post-template-is-layout-6d3fbd8f wp-block-post-template-is-layout-grid gt-fse-widgets-ctv-open-product\"><li data-gt-Thelis-product-id=\"\" data-gt-bathrooms=\"80\" data-gt-campings=\"\" data-gt-capacities=\"70\" data-gt-ctv-product-id=\"138104\" data-gt-gammes=\"\" data-gt-options=\"\" data-gt-rooms=\"26\" data-gt-superficies=\"5\" data-gt-types=\"139\" data-wp-key=\"post-template-item-33942\" class=\"wp-block-post post-33942 hebergement type-hebergement status-publish has-post-thumbnail hentry gt-hebergements-types-gites gt-hebergements-nombre-personnes-70 gt-hebergements-nombre-chambres-26 gt-hebergements-nombre-sdb-2-en gt-hebergements-superficie-5 gt-fse-widgets-ctv-open-product\">\n<figure class=\"hebergement-featured-image wp-block-post-featured-image gt-fse-widgets-ctv-open-product\"><img decoding=\"async\" width=\"1000\" height=\"667\" src=\"https:\/\/www.camping-carolins.com\/wp-content\/uploads\/2025\/05\/gite-le-cabestan.jpg\" class=\"attachment-full size-full wp-post-image gt-fse-widgets-ctv-open-product\" alt=\"gite le cabestan\" style=\"object-fit:cover;\" srcset=\"https:\/\/www.camping-carolins.com\/wp-content\/uploads\/2025\/05\/gite-le-cabestan.jpg 1000w, https:\/\/www.camping-carolins.com\/wp-content\/uploads\/2025\/05\/gite-le-cabestan-300x200.jpg 300w, https:\/\/www.camping-carolins.com\/wp-content\/uploads\/2025\/05\/gite-le-cabestan-768x512.jpg 768w\" sizes=\"(max-width: 1000px) 100vw, 1000px\" \/><\/figure>\n\n\n<div class=\"wp-block-group groupe-title has-global-padding is-layout-constrained wp-block-group-is-layout-constrained gt-fse-widgets-ctv-open-product\">\n<p class=\"has-text-align-center has-custom-color-1-color has-text-color has-link-color has-pl-miamo-medium-font-family wp-elements-09c7c8ede681f5d547f79fb3c43ab45a gt-fse-widgets-ctv-open-product\" style=\"font-size:clamp(14px, 0.875rem + ((1vw - 3.2px) * 0.339), 18px);\">Gite Le Cabestan &#8211; 200 Meter bis zum Strand<\/p>\n\n\n\n<div class=\"wp-block-group title-img is-layout-flow wp-block-group-is-layout-flow gt-fse-widgets-ctv-open-product\">\n<figure class=\"wp-block-image aligncenter size-full gt-fse-widgets-ctv-open-product\"><img decoding=\"async\" width=\"23\" height=\"22\" src=\"https:\/\/www.camping-carolins.com\/wp-content\/uploads\/2025\/05\/Calque_2-1.svg\" alt=\"Ebene_2 (1)\" class=\"wp-image-101 gt-fse-widgets-ctv-open-product\"\/><\/figure>\n<\/div>\n<\/div>\n\n\n\n<div class=\"wp-block-group is-content-justification-center is-nowrap is-layout-flex wp-container-core-group-is-layout-23441af8 wp-block-group-is-layout-flex gt-fse-widgets-ctv-open-product\">\n<div class=\"wp-block-group info-hebergement is-vertical is-content-justification-center is-layout-flex wp-container-core-group-is-layout-ce155fab wp-block-group-is-layout-flex gt-fse-widgets-ctv-open-product\">\n<div class=\"wp-block-group is-nowrap is-layout-flex wp-container-core-group-is-layout-4b0a85f0 wp-block-group-is-layout-flex gt-fse-widgets-ctv-open-product\"><div class=\"taxonomy-gt-hebergements-nombre-personnes has-link-color wp-elements-7fd33be752484661bf91943a4b633676 wp-block-post-terms has-text-color has-custom-color-1-color has-pl-miamo-font-family gt-fse-widgets-ctv-open-product\"><span class=\"gt-fse-widgets-ctv-open-product\">8<\/span><\/div>\n\n\n<p class=\"has-custom-color-1-color has-text-color has-link-color has-pl-miamo-font-family has-small-font-size wp-elements-d4b8c5663a379995781a3389b460d342 gt-fse-widgets-ctv-open-product\">Pers.<\/p>\n<\/div>\n\n\n\n<figure class=\"wp-block-image size-full is-resized gt-fse-widgets-ctv-open-product\"><img decoding=\"async\" src=\"https:\/\/www.camping-carolins.com\/wp-content\/uploads\/2025\/05\/utilisateur.svg\" alt=\"Benutzer\" class=\"wp-image-719 gt-fse-widgets-ctv-open-product\" style=\"width:30px\"\/><\/figure>\n<\/div>\n\n\n\n<div class=\"wp-block-group info-hebergement is-vertical is-content-justification-center is-layout-flex wp-container-core-group-is-layout-ce155fab wp-block-group-is-layout-flex gt-fse-widgets-ctv-open-product\">\n<div class=\"wp-block-group is-nowrap is-layout-flex wp-container-core-group-is-layout-4b0a85f0 wp-block-group-is-layout-flex gt-fse-widgets-ctv-open-product\"><div class=\"taxonomy-gt-hebergements-nombre-chambres has-link-color wp-elements-55a3f916099b15031809078941912377 wp-block-post-terms has-text-color has-custom-color-1-color has-pl-miamo-font-family gt-fse-widgets-ctv-open-product\"><span class=\"gt-fse-widgets-ctv-open-product\">4<\/span><\/div>\n\n\n<p class=\"has-custom-color-1-color has-text-color has-link-color has-pl-miamo-font-family has-small-font-size wp-elements-e2fb2348fef2e97c283f5a4aa8f9f4af gt-fse-widgets-ctv-open-product\">Zmr<\/p>\n<\/div>\n\n\n\n<figure class=\"wp-block-image size-full is-resized gt-fse-widgets-ctv-open-product\"><img decoding=\"async\" width=\"512\" height=\"512\" src=\"https:\/\/www.camping-carolins.com\/wp-content\/uploads\/2025\/05\/lit-double-1.svg\" alt=\"Doppelbett (1)\" class=\"wp-image-721 gt-fse-widgets-ctv-open-product\" style=\"width:30px\"\/><\/figure>\n<\/div>\n\n\n\n<div class=\"wp-block-group info-hebergement is-vertical is-content-justification-center is-layout-flex wp-container-core-group-is-layout-ce155fab wp-block-group-is-layout-flex gt-fse-widgets-ctv-open-product\">\n<div class=\"wp-block-group is-nowrap is-layout-flex wp-container-core-group-is-layout-4b0a85f0 wp-block-group-is-layout-flex gt-fse-widgets-ctv-open-product\"><div class=\"taxonomy-gt-hebergements-nombre-sdb has-link-color wp-elements-ebcc3de940066aae1dce34a8b1f2c1c1 wp-block-post-terms has-text-color has-custom-color-1-color has-pl-miamo-font-family gt-fse-widgets-ctv-open-product\"><span class=\"gt-fse-widgets-ctv-open-product\">2<\/span><\/div>\n\n\n<p class=\"has-custom-color-1-color has-text-color has-link-color has-pl-miamo-font-family has-small-font-size wp-elements-b47f170cbfe49a7547aa90abd171823b gt-fse-widgets-ctv-open-product\">WC\/Bdzmr<\/p>\n<\/div>\n\n\n\n<figure class=\"wp-block-image size-full is-resized gt-fse-widgets-ctv-open-product\"><img decoding=\"async\" width=\"512\" height=\"512\" src=\"https:\/\/www.camping-carolins.com\/wp-content\/uploads\/2025\/05\/douche-1.svg\" alt=\"Dusche (1)\" class=\"wp-image-722 gt-fse-widgets-ctv-open-product\" style=\"width:30px\"\/><\/figure>\n<\/div>\n\n\n\n<div class=\"wp-block-group info-hebergement is-vertical is-content-justification-center is-layout-flex wp-container-core-group-is-layout-ce155fab wp-block-group-is-layout-flex gt-fse-widgets-ctv-open-product\">\n<div class=\"wp-block-group is-nowrap is-layout-flex wp-container-core-group-is-layout-4b0a85f0 wp-block-group-is-layout-flex gt-fse-widgets-ctv-open-product\"><div class=\"taxonomy-gt-hebergements-superficie has-link-color wp-elements-509f41ff01c2a468c32ae24933d9a8e4 wp-block-post-terms has-text-color has-custom-color-1-color has-pl-miamo-font-family gt-fse-widgets-ctv-open-product\"><span class=\"gt-fse-widgets-ctv-open-product\">110<\/span><\/div>\n\n\n<p class=\"has-custom-color-1-color has-text-color has-link-color has-pl-miamo-font-family has-small-font-size wp-elements-24253458f7449c62a549dddb98fc4d4d gt-fse-widgets-ctv-open-product\">m\u00b2<\/p>\n<\/div>\n\n\n\n<figure class=\"wp-block-image size-full is-resized gt-fse-widgets-ctv-open-product\"><img decoding=\"async\" width=\"512\" height=\"512\" src=\"https:\/\/www.camping-carolins.com\/wp-content\/uploads\/2025\/05\/surface.svg\" alt=\"Oberfl&#xE4;che\" class=\"wp-image-720 gt-fse-widgets-ctv-open-product\" style=\"width:30px\"\/><\/figure>\n<\/div>\n<\/div>\n\n\n<a class=\"is-style-lien-cover wp-block-read-more gt-fse-widgets-ctv-open-product\" href=\"https:\/\/www.camping-carolins.com\/de\/hebergement\/ferienhaus-le-cabestan-200-meter-vom-strand-entfernt\/\" target=\"_blank\">Weiterlesen<span class=\"screen-reader-text gt-fse-widgets-ctv-open-product\">: Ferienhaus Le Cabestan \u2013 200 Meter vom Strand entfernt \u2013 DENNEVILLE<\/span><\/a>\n<\/li><li data-gt-Thelis-product-id=\"\" data-gt-bathrooms=\"80\" data-gt-campings=\"\" data-gt-capacities=\"71\" data-gt-ctv-product-id=\"131248\" data-gt-gammes=\"\" data-gt-options=\"\" data-gt-rooms=\"16\" data-gt-superficies=\"21\" data-gt-types=\"137\" data-wp-key=\"post-template-item-33969\" class=\"wp-block-post post-33969 hebergement type-hebergement status-publish has-post-thumbnail hentry gt-hebergements-types-mobil-homes gt-hebergements-nombre-personnes-71 gt-hebergements-nombre-chambres-16 gt-hebergements-nombre-sdb-2-en gt-hebergements-superficie-38-4 gt-fse-widgets-ctv-open-product\">\n<figure class=\"hebergement-featured-image wp-block-post-featured-image gt-fse-widgets-ctv-open-product\"><img decoding=\"async\" width=\"1000\" height=\"667\" src=\"https:\/\/www.camping-carolins.com\/wp-content\/uploads\/2025\/05\/Mobil-home-Premium-38-4-m\u00b2-2-chambres-2-SDB-BBQ-1.jpg\" class=\"attachment-full size-full wp-post-image gt-fse-widgets-ctv-open-product\" alt=\"Mobilheim Premium 38 4 m\u00b2 2 Schlafzimmer 2 Badezimmer BBQ\" style=\"object-fit:cover;\" srcset=\"https:\/\/www.camping-carolins.com\/wp-content\/uploads\/2025\/05\/Mobil-home-Premium-38-4-m\u00b2-2-chambres-2-SDB-BBQ-1.jpg 1000w, https:\/\/www.camping-carolins.com\/wp-content\/uploads\/2025\/05\/Mobil-home-Premium-38-4-m\u00b2-2-chambres-2-SDB-BBQ-1-300x200.jpg 300w, https:\/\/www.camping-carolins.com\/wp-content\/uploads\/2025\/05\/Mobil-home-Premium-38-4-m\u00b2-2-chambres-2-SDB-BBQ-1-768x512.jpg 768w\" sizes=\"(max-width: 1000px) 100vw, 1000px\" \/><\/figure>\n\n\n<div class=\"wp-block-group groupe-title has-global-padding is-layout-constrained wp-block-group-is-layout-constrained gt-fse-widgets-ctv-open-product\">\n<p class=\"has-text-align-center has-custom-color-1-color has-text-color has-link-color has-pl-miamo-medium-font-family wp-elements-09c7c8ede681f5d547f79fb3c43ab45a gt-fse-widgets-ctv-open-product\" style=\"font-size:clamp(14px, 0.875rem + ((1vw - 3.2px) * 0.339), 18px);\">Standcaravan Premium &#8211; 38,4 m\u00b2 &#8211; 2 Zi &#8211; 2 B\u00e4der &#8211; BBQ<\/p>\n\n\n\n<div class=\"wp-block-group title-img is-layout-flow wp-block-group-is-layout-flow gt-fse-widgets-ctv-open-product\">\n<figure class=\"wp-block-image aligncenter size-full gt-fse-widgets-ctv-open-product\"><img decoding=\"async\" width=\"23\" height=\"22\" src=\"https:\/\/www.camping-carolins.com\/wp-content\/uploads\/2025\/05\/Calque_2-1.svg\" alt=\"Ebene_2 (1)\" class=\"wp-image-101 gt-fse-widgets-ctv-open-product\"\/><\/figure>\n<\/div>\n<\/div>\n\n\n\n<div class=\"wp-block-group is-content-justification-center is-nowrap is-layout-flex wp-container-core-group-is-layout-23441af8 wp-block-group-is-layout-flex gt-fse-widgets-ctv-open-product\">\n<div class=\"wp-block-group info-hebergement is-vertical is-content-justification-center is-layout-flex wp-container-core-group-is-layout-ce155fab wp-block-group-is-layout-flex gt-fse-widgets-ctv-open-product\">\n<div class=\"wp-block-group is-nowrap is-layout-flex wp-container-core-group-is-layout-4b0a85f0 wp-block-group-is-layout-flex gt-fse-widgets-ctv-open-product\"><div class=\"taxonomy-gt-hebergements-nombre-personnes has-link-color wp-elements-7fd33be752484661bf91943a4b633676 wp-block-post-terms has-text-color has-custom-color-1-color has-pl-miamo-font-family gt-fse-widgets-ctv-open-product\"><span class=\"gt-fse-widgets-ctv-open-product\">4<\/span><\/div>\n\n\n<p class=\"has-custom-color-1-color has-text-color has-link-color has-pl-miamo-font-family has-small-font-size wp-elements-d4b8c5663a379995781a3389b460d342 gt-fse-widgets-ctv-open-product\">Pers.<\/p>\n<\/div>\n\n\n\n<figure class=\"wp-block-image size-full is-resized gt-fse-widgets-ctv-open-product\"><img decoding=\"async\" src=\"https:\/\/www.camping-carolins.com\/wp-content\/uploads\/2025\/05\/utilisateur.svg\" alt=\"Benutzer\" class=\"wp-image-719 gt-fse-widgets-ctv-open-product\" style=\"width:30px\"\/><\/figure>\n<\/div>\n\n\n\n<div class=\"wp-block-group info-hebergement is-vertical is-content-justification-center is-layout-flex wp-container-core-group-is-layout-ce155fab wp-block-group-is-layout-flex gt-fse-widgets-ctv-open-product\">\n<div class=\"wp-block-group is-nowrap is-layout-flex wp-container-core-group-is-layout-4b0a85f0 wp-block-group-is-layout-flex gt-fse-widgets-ctv-open-product\"><div class=\"taxonomy-gt-hebergements-nombre-chambres has-link-color wp-elements-55a3f916099b15031809078941912377 wp-block-post-terms has-text-color has-custom-color-1-color has-pl-miamo-font-family gt-fse-widgets-ctv-open-product\"><span class=\"gt-fse-widgets-ctv-open-product\">2<\/span><\/div>\n\n\n<p class=\"has-custom-color-1-color has-text-color has-link-color has-pl-miamo-font-family has-small-font-size wp-elements-e2fb2348fef2e97c283f5a4aa8f9f4af gt-fse-widgets-ctv-open-product\">Zmr<\/p>\n<\/div>\n\n\n\n<figure class=\"wp-block-image size-full is-resized gt-fse-widgets-ctv-open-product\"><img decoding=\"async\" width=\"512\" height=\"512\" src=\"https:\/\/www.camping-carolins.com\/wp-content\/uploads\/2025\/05\/lit-double-1.svg\" alt=\"Doppelbett (1)\" class=\"wp-image-721 gt-fse-widgets-ctv-open-product\" style=\"width:30px\"\/><\/figure>\n<\/div>\n\n\n\n<div class=\"wp-block-group info-hebergement is-vertical is-content-justification-center is-layout-flex wp-container-core-group-is-layout-ce155fab wp-block-group-is-layout-flex gt-fse-widgets-ctv-open-product\">\n<div class=\"wp-block-group is-nowrap is-layout-flex wp-container-core-group-is-layout-4b0a85f0 wp-block-group-is-layout-flex gt-fse-widgets-ctv-open-product\"><div class=\"taxonomy-gt-hebergements-nombre-sdb has-link-color wp-elements-ebcc3de940066aae1dce34a8b1f2c1c1 wp-block-post-terms has-text-color has-custom-color-1-color has-pl-miamo-font-family gt-fse-widgets-ctv-open-product\"><span class=\"gt-fse-widgets-ctv-open-product\">2<\/span><\/div>\n\n\n<p class=\"has-custom-color-1-color has-text-color has-link-color has-pl-miamo-font-family has-small-font-size wp-elements-b47f170cbfe49a7547aa90abd171823b gt-fse-widgets-ctv-open-product\">WC\/Bdzmr<\/p>\n<\/div>\n\n\n\n<figure class=\"wp-block-image size-full is-resized gt-fse-widgets-ctv-open-product\"><img decoding=\"async\" width=\"512\" height=\"512\" src=\"https:\/\/www.camping-carolins.com\/wp-content\/uploads\/2025\/05\/douche-1.svg\" alt=\"Dusche (1)\" class=\"wp-image-722 gt-fse-widgets-ctv-open-product\" style=\"width:30px\"\/><\/figure>\n<\/div>\n\n\n\n<div class=\"wp-block-group info-hebergement is-vertical is-content-justification-center is-layout-flex wp-container-core-group-is-layout-ce155fab wp-block-group-is-layout-flex gt-fse-widgets-ctv-open-product\">\n<div class=\"wp-block-group is-nowrap is-layout-flex wp-container-core-group-is-layout-4b0a85f0 wp-block-group-is-layout-flex gt-fse-widgets-ctv-open-product\"><div class=\"taxonomy-gt-hebergements-superficie has-link-color wp-elements-509f41ff01c2a468c32ae24933d9a8e4 wp-block-post-terms has-text-color has-custom-color-1-color has-pl-miamo-font-family gt-fse-widgets-ctv-open-product\"><span class=\"gt-fse-widgets-ctv-open-product\">38.4<\/span><\/div>\n\n\n<p class=\"has-custom-color-1-color has-text-color has-link-color has-pl-miamo-font-family has-small-font-size wp-elements-24253458f7449c62a549dddb98fc4d4d gt-fse-widgets-ctv-open-product\">m\u00b2<\/p>\n<\/div>\n\n\n\n<figure class=\"wp-block-image size-full is-resized gt-fse-widgets-ctv-open-product\"><img decoding=\"async\" width=\"512\" height=\"512\" src=\"https:\/\/www.camping-carolins.com\/wp-content\/uploads\/2025\/05\/surface.svg\" alt=\"Oberfl&#xE4;che\" class=\"wp-image-720 gt-fse-widgets-ctv-open-product\" style=\"width:30px\"\/><\/figure>\n<\/div>\n<\/div>\n\n\n<a class=\"is-style-lien-cover wp-block-read-more gt-fse-widgets-ctv-open-product\" href=\"https:\/\/www.camping-carolins.com\/de\/hebergement\/mobilheim-premium-384-m%c2%b2-2-zimmer-2-bz-grill\/\" target=\"_blank\">Weiterlesen<span class=\"screen-reader-text gt-fse-widgets-ctv-open-product\">: Mobilheim Premium &#8211; 38,4 m\u00b2 &#8211; 2 Zi &#8211; 2 B\u00e4der &#8211; BBQ<\/span><\/a>\n<\/li><li data-gt-Thelis-product-id=\"\" data-gt-bathrooms=\"80\" data-gt-campings=\"\" data-gt-capacities=\"73\" data-gt-ctv-product-id=\"131249\" data-gt-gammes=\"\" data-gt-options=\"\" data-gt-rooms=\"7\" data-gt-superficies=\"24\" data-gt-types=\"137\" data-wp-key=\"post-template-item-33986\" class=\"wp-block-post post-33986 hebergement type-hebergement status-publish has-post-thumbnail hentry gt-hebergements-types-mobil-homes gt-hebergements-nombre-personnes-73 gt-hebergements-nombre-chambres-7 gt-hebergements-nombre-sdb-2-en gt-hebergements-superficie-38-5 gt-fse-widgets-ctv-open-product\">\n<figure class=\"hebergement-featured-image wp-block-post-featured-image gt-fse-widgets-ctv-open-product\"><img decoding=\"async\" width=\"1000\" height=\"667\" src=\"https:\/\/www.camping-carolins.com\/wp-content\/uploads\/2025\/05\/mobil-home-premium-bbq.jpg\" class=\"attachment-full size-full wp-post-image gt-fse-widgets-ctv-open-product\" alt=\"mobilheim premium bbq\" style=\"object-fit:cover;\" srcset=\"https:\/\/www.camping-carolins.com\/wp-content\/uploads\/2025\/05\/mobil-home-premium-bbq.jpg 1000w, https:\/\/www.camping-carolins.com\/wp-content\/uploads\/2025\/05\/mobil-home-premium-bbq-300x200.jpg 300w, https:\/\/www.camping-carolins.com\/wp-content\/uploads\/2025\/05\/mobil-home-premium-bbq-768x512.jpg 768w\" sizes=\"(max-width: 1000px) 100vw, 1000px\" \/><\/figure>\n\n\n<div class=\"wp-block-group groupe-title has-global-padding is-layout-constrained wp-block-group-is-layout-constrained gt-fse-widgets-ctv-open-product\">\n<p class=\"has-text-align-center has-custom-color-1-color has-text-color has-link-color has-pl-miamo-medium-font-family wp-elements-09c7c8ede681f5d547f79fb3c43ab45a gt-fse-widgets-ctv-open-product\" style=\"font-size:clamp(14px, 0.875rem + ((1vw - 3.2px) * 0.339), 18px);\">Standcaravan Premium &#8211; 38.5 m\u00b2 &#8211; 3 Zi. &#8211; 2 B\u00e4der &#8211; BBQ<\/p>\n\n\n\n<div class=\"wp-block-group title-img is-layout-flow wp-block-group-is-layout-flow gt-fse-widgets-ctv-open-product\">\n<figure class=\"wp-block-image aligncenter size-full gt-fse-widgets-ctv-open-product\"><img decoding=\"async\" width=\"23\" height=\"22\" src=\"https:\/\/www.camping-carolins.com\/wp-content\/uploads\/2025\/05\/Calque_2-1.svg\" alt=\"Ebene_2 (1)\" class=\"wp-image-101 gt-fse-widgets-ctv-open-product\"\/><\/figure>\n<\/div>\n<\/div>\n\n\n\n<div class=\"wp-block-group is-content-justification-center is-nowrap is-layout-flex wp-container-core-group-is-layout-23441af8 wp-block-group-is-layout-flex gt-fse-widgets-ctv-open-product\">\n<div class=\"wp-block-group info-hebergement is-vertical is-content-justification-center is-layout-flex wp-container-core-group-is-layout-ce155fab wp-block-group-is-layout-flex gt-fse-widgets-ctv-open-product\">\n<div class=\"wp-block-group is-nowrap is-layout-flex wp-container-core-group-is-layout-4b0a85f0 wp-block-group-is-layout-flex gt-fse-widgets-ctv-open-product\"><div class=\"taxonomy-gt-hebergements-nombre-personnes has-link-color wp-elements-7fd33be752484661bf91943a4b633676 wp-block-post-terms has-text-color has-custom-color-1-color has-pl-miamo-font-family gt-fse-widgets-ctv-open-product\"><span class=\"gt-fse-widgets-ctv-open-product\">6<\/span><\/div>\n\n\n<p class=\"has-custom-color-1-color has-text-color has-link-color has-pl-miamo-font-family has-small-font-size wp-elements-d4b8c5663a379995781a3389b460d342 gt-fse-widgets-ctv-open-product\">Pers.<\/p>\n<\/div>\n\n\n\n<figure class=\"wp-block-image size-full is-resized gt-fse-widgets-ctv-open-product\"><img decoding=\"async\" src=\"https:\/\/www.camping-carolins.com\/wp-content\/uploads\/2025\/05\/utilisateur.svg\" alt=\"Benutzer\" class=\"wp-image-719 gt-fse-widgets-ctv-open-product\" style=\"width:30px\"\/><\/figure>\n<\/div>\n\n\n\n<div class=\"wp-block-group info-hebergement is-vertical is-content-justification-center is-layout-flex wp-container-core-group-is-layout-ce155fab wp-block-group-is-layout-flex gt-fse-widgets-ctv-open-product\">\n<div class=\"wp-block-group is-nowrap is-layout-flex wp-container-core-group-is-layout-4b0a85f0 wp-block-group-is-layout-flex gt-fse-widgets-ctv-open-product\"><div class=\"taxonomy-gt-hebergements-nombre-chambres has-link-color wp-elements-55a3f916099b15031809078941912377 wp-block-post-terms has-text-color has-custom-color-1-color has-pl-miamo-font-family gt-fse-widgets-ctv-open-product\"><span class=\"gt-fse-widgets-ctv-open-product\">3<\/span><\/div>\n\n\n<p class=\"has-custom-color-1-color has-text-color has-link-color has-pl-miamo-font-family has-small-font-size wp-elements-e2fb2348fef2e97c283f5a4aa8f9f4af gt-fse-widgets-ctv-open-product\">Zmr<\/p>\n<\/div>\n\n\n\n<figure class=\"wp-block-image size-full is-resized gt-fse-widgets-ctv-open-product\"><img decoding=\"async\" width=\"512\" height=\"512\" src=\"https:\/\/www.camping-carolins.com\/wp-content\/uploads\/2025\/05\/lit-double-1.svg\" alt=\"Doppelbett (1)\" class=\"wp-image-721 gt-fse-widgets-ctv-open-product\" style=\"width:30px\"\/><\/figure>\n<\/div>\n\n\n\n<div class=\"wp-block-group info-hebergement is-vertical is-content-justification-center is-layout-flex wp-container-core-group-is-layout-ce155fab wp-block-group-is-layout-flex gt-fse-widgets-ctv-open-product\">\n<div class=\"wp-block-group is-nowrap is-layout-flex wp-container-core-group-is-layout-4b0a85f0 wp-block-group-is-layout-flex gt-fse-widgets-ctv-open-product\"><div class=\"taxonomy-gt-hebergements-nombre-sdb has-link-color wp-elements-ebcc3de940066aae1dce34a8b1f2c1c1 wp-block-post-terms has-text-color has-custom-color-1-color has-pl-miamo-font-family gt-fse-widgets-ctv-open-product\"><span class=\"gt-fse-widgets-ctv-open-product\">2<\/span><\/div>\n\n\n<p class=\"has-custom-color-1-color has-text-color has-link-color has-pl-miamo-font-family has-small-font-size wp-elements-b47f170cbfe49a7547aa90abd171823b gt-fse-widgets-ctv-open-product\">WC\/Bdzmr<\/p>\n<\/div>\n\n\n\n<figure class=\"wp-block-image size-full is-resized gt-fse-widgets-ctv-open-product\"><img decoding=\"async\" width=\"512\" height=\"512\" src=\"https:\/\/www.camping-carolins.com\/wp-content\/uploads\/2025\/05\/douche-1.svg\" alt=\"Dusche (1)\" class=\"wp-image-722 gt-fse-widgets-ctv-open-product\" style=\"width:30px\"\/><\/figure>\n<\/div>\n\n\n\n<div class=\"wp-block-group info-hebergement is-vertical is-content-justification-center is-layout-flex wp-container-core-group-is-layout-ce155fab wp-block-group-is-layout-flex gt-fse-widgets-ctv-open-product\">\n<div class=\"wp-block-group is-nowrap is-layout-flex wp-container-core-group-is-layout-4b0a85f0 wp-block-group-is-layout-flex gt-fse-widgets-ctv-open-product\"><div class=\"taxonomy-gt-hebergements-superficie has-link-color wp-elements-509f41ff01c2a468c32ae24933d9a8e4 wp-block-post-terms has-text-color has-custom-color-1-color has-pl-miamo-font-family gt-fse-widgets-ctv-open-product\"><span class=\"gt-fse-widgets-ctv-open-product\">38.5<\/span><\/div>\n\n\n<p class=\"has-custom-color-1-color has-text-color has-link-color has-pl-miamo-font-family has-small-font-size wp-elements-24253458f7449c62a549dddb98fc4d4d gt-fse-widgets-ctv-open-product\">m\u00b2<\/p>\n<\/div>\n\n\n\n<figure class=\"wp-block-image size-full is-resized gt-fse-widgets-ctv-open-product\"><img decoding=\"async\" width=\"512\" height=\"512\" src=\"https:\/\/www.camping-carolins.com\/wp-content\/uploads\/2025\/05\/surface.svg\" alt=\"Oberfl&#xE4;che\" class=\"wp-image-720 gt-fse-widgets-ctv-open-product\" style=\"width:30px\"\/><\/figure>\n<\/div>\n<\/div>\n\n\n<a class=\"is-style-lien-cover wp-block-read-more gt-fse-widgets-ctv-open-product\" href=\"https:\/\/www.camping-carolins.com\/de\/hebergement\/mobilheim-premium-38-5-m%c2%b2-3-zi-2-bz-grill\/\" target=\"_blank\">Weiterlesen<span class=\"screen-reader-text gt-fse-widgets-ctv-open-product\">: Mobilheim Premium &#8211; 38.5 m\u00b2 &#8211; 3 Zi. &#8211; 2 B\u00e4der &#8211; BBQ<\/span><\/a>\n<\/li><li data-gt-Thelis-product-id=\"\" data-gt-bathrooms=\"80\" data-gt-campings=\"\" data-gt-capacities=\"73\" data-gt-ctv-product-id=\"131250\" data-gt-gammes=\"\" data-gt-options=\"179\" data-gt-rooms=\"7\" data-gt-superficies=\"24\" data-gt-types=\"137\" data-wp-key=\"post-template-item-33947\" class=\"wp-block-post post-33947 hebergement type-hebergement status-publish has-post-thumbnail hentry gt-hebergements-options-option-nordisches-bad gt-hebergements-types-mobil-homes gt-hebergements-nombre-personnes-73 gt-hebergements-nombre-chambres-7 gt-hebergements-nombre-sdb-2-en gt-hebergements-superficie-38-5 gt-fse-widgets-ctv-open-product\">\n<figure class=\"hebergement-featured-image wp-block-post-featured-image gt-fse-widgets-ctv-open-product\"><img decoding=\"async\" width=\"2048\" height=\"1365\" src=\"https:\/\/www.camping-carolins.com\/wp-content\/uploads\/2025\/06\/mobil-home-avec-bain-nordique.jpg\" class=\"attachment-full size-full wp-post-image gt-fse-widgets-ctv-open-product\" alt=\"Mobilheim mit nordischem Bad\" style=\"object-fit:cover;\" srcset=\"https:\/\/www.camping-carolins.com\/wp-content\/uploads\/2025\/06\/mobil-home-avec-bain-nordique.jpg 2048w, https:\/\/www.camping-carolins.com\/wp-content\/uploads\/2025\/06\/mobil-home-avec-bain-nordique-300x200.jpg 300w, https:\/\/www.camping-carolins.com\/wp-content\/uploads\/2025\/06\/mobil-home-avec-bain-nordique-1024x683.jpg 1024w, https:\/\/www.camping-carolins.com\/wp-content\/uploads\/2025\/06\/mobil-home-avec-bain-nordique-768x512.jpg 768w, https:\/\/www.camping-carolins.com\/wp-content\/uploads\/2025\/06\/mobil-home-avec-bain-nordique-1536x1024.jpg 1536w\" sizes=\"(max-width: 2048px) 100vw, 2048px\" \/><\/figure>\n\n\n<div class=\"wp-block-group groupe-title has-global-padding is-layout-constrained wp-block-group-is-layout-constrained gt-fse-widgets-ctv-open-product\">\n<p class=\"has-text-align-center has-custom-color-1-color has-text-color has-link-color has-pl-miamo-medium-font-family wp-elements-09c7c8ede681f5d547f79fb3c43ab45a gt-fse-widgets-ctv-open-product\" style=\"font-size:clamp(14px, 0.875rem + ((1vw - 3.2px) * 0.339), 18px);\">Standcaravan Premium &#8211; 38.5m\u00b2 &#8211; 3 Schlafr\u00e4ume &#8211; 2 B\u00e4der &#8211; 2 WC &#8211; Option Nordisches Bad<\/p>\n\n\n\n<div class=\"wp-block-group title-img is-layout-flow wp-block-group-is-layout-flow gt-fse-widgets-ctv-open-product\">\n<figure class=\"wp-block-image aligncenter size-full gt-fse-widgets-ctv-open-product\"><img decoding=\"async\" width=\"23\" height=\"22\" src=\"https:\/\/www.camping-carolins.com\/wp-content\/uploads\/2025\/05\/Calque_2-1.svg\" alt=\"Ebene_2 (1)\" class=\"wp-image-101 gt-fse-widgets-ctv-open-product\"\/><\/figure>\n<\/div>\n<\/div>\n\n\n\n<div class=\"wp-block-group is-content-justification-center is-nowrap is-layout-flex wp-container-core-group-is-layout-23441af8 wp-block-group-is-layout-flex gt-fse-widgets-ctv-open-product\">\n<div class=\"wp-block-group info-hebergement is-vertical is-content-justification-center is-layout-flex wp-container-core-group-is-layout-ce155fab wp-block-group-is-layout-flex gt-fse-widgets-ctv-open-product\">\n<div class=\"wp-block-group is-nowrap is-layout-flex wp-container-core-group-is-layout-4b0a85f0 wp-block-group-is-layout-flex gt-fse-widgets-ctv-open-product\"><div class=\"taxonomy-gt-hebergements-nombre-personnes has-link-color wp-elements-7fd33be752484661bf91943a4b633676 wp-block-post-terms has-text-color has-custom-color-1-color has-pl-miamo-font-family gt-fse-widgets-ctv-open-product\"><span class=\"gt-fse-widgets-ctv-open-product\">6<\/span><\/div>\n\n\n<p class=\"has-custom-color-1-color has-text-color has-link-color has-pl-miamo-font-family has-small-font-size wp-elements-d4b8c5663a379995781a3389b460d342 gt-fse-widgets-ctv-open-product\">Pers.<\/p>\n<\/div>\n\n\n\n<figure class=\"wp-block-image size-full is-resized gt-fse-widgets-ctv-open-product\"><img decoding=\"async\" src=\"https:\/\/www.camping-carolins.com\/wp-content\/uploads\/2025\/05\/utilisateur.svg\" alt=\"Benutzer\" class=\"wp-image-719 gt-fse-widgets-ctv-open-product\" style=\"width:30px\"\/><\/figure>\n<\/div>\n\n\n\n<div class=\"wp-block-group info-hebergement is-vertical is-content-justification-center is-layout-flex wp-container-core-group-is-layout-ce155fab wp-block-group-is-layout-flex gt-fse-widgets-ctv-open-product\">\n<div class=\"wp-block-group is-nowrap is-layout-flex wp-container-core-group-is-layout-4b0a85f0 wp-block-group-is-layout-flex gt-fse-widgets-ctv-open-product\"><div class=\"taxonomy-gt-hebergements-nombre-chambres has-link-color wp-elements-55a3f916099b15031809078941912377 wp-block-post-terms has-text-color has-custom-color-1-color has-pl-miamo-font-family gt-fse-widgets-ctv-open-product\"><span class=\"gt-fse-widgets-ctv-open-product\">3<\/span><\/div>\n\n\n<p class=\"has-custom-color-1-color has-text-color has-link-color has-pl-miamo-font-family has-small-font-size wp-elements-e2fb2348fef2e97c283f5a4aa8f9f4af gt-fse-widgets-ctv-open-product\">Zmr<\/p>\n<\/div>\n\n\n\n<figure class=\"wp-block-image size-full is-resized gt-fse-widgets-ctv-open-product\"><img decoding=\"async\" width=\"512\" height=\"512\" src=\"https:\/\/www.camping-carolins.com\/wp-content\/uploads\/2025\/05\/lit-double-1.svg\" alt=\"Doppelbett (1)\" class=\"wp-image-721 gt-fse-widgets-ctv-open-product\" style=\"width:30px\"\/><\/figure>\n<\/div>\n\n\n\n<div class=\"wp-block-group info-hebergement is-vertical is-content-justification-center is-layout-flex wp-container-core-group-is-layout-ce155fab wp-block-group-is-layout-flex gt-fse-widgets-ctv-open-product\">\n<div class=\"wp-block-group is-nowrap is-layout-flex wp-container-core-group-is-layout-4b0a85f0 wp-block-group-is-layout-flex gt-fse-widgets-ctv-open-product\"><div class=\"taxonomy-gt-hebergements-nombre-sdb has-link-color wp-elements-ebcc3de940066aae1dce34a8b1f2c1c1 wp-block-post-terms has-text-color has-custom-color-1-color has-pl-miamo-font-family gt-fse-widgets-ctv-open-product\"><span class=\"gt-fse-widgets-ctv-open-product\">2<\/span><\/div>\n\n\n<p class=\"has-custom-color-1-color has-text-color has-link-color has-pl-miamo-font-family has-small-font-size wp-elements-b47f170cbfe49a7547aa90abd171823b gt-fse-widgets-ctv-open-product\">WC\/Bdzmr<\/p>\n<\/div>\n\n\n\n<figure class=\"wp-block-image size-full is-resized gt-fse-widgets-ctv-open-product\"><img decoding=\"async\" width=\"512\" height=\"512\" src=\"https:\/\/www.camping-carolins.com\/wp-content\/uploads\/2025\/05\/douche-1.svg\" alt=\"Dusche (1)\" class=\"wp-image-722 gt-fse-widgets-ctv-open-product\" style=\"width:30px\"\/><\/figure>\n<\/div>\n\n\n\n<div class=\"wp-block-group info-hebergement is-vertical is-content-justification-center is-layout-flex wp-container-core-group-is-layout-ce155fab wp-block-group-is-layout-flex gt-fse-widgets-ctv-open-product\">\n<div class=\"wp-block-group is-nowrap is-layout-flex wp-container-core-group-is-layout-4b0a85f0 wp-block-group-is-layout-flex gt-fse-widgets-ctv-open-product\"><div class=\"taxonomy-gt-hebergements-superficie has-link-color wp-elements-509f41ff01c2a468c32ae24933d9a8e4 wp-block-post-terms has-text-color has-custom-color-1-color has-pl-miamo-font-family gt-fse-widgets-ctv-open-product\"><span class=\"gt-fse-widgets-ctv-open-product\">38.5<\/span><\/div>\n\n\n<p class=\"has-custom-color-1-color has-text-color has-link-color has-pl-miamo-font-family has-small-font-size wp-elements-24253458f7449c62a549dddb98fc4d4d gt-fse-widgets-ctv-open-product\">m\u00b2<\/p>\n<\/div>\n\n\n\n<figure class=\"wp-block-image size-full is-resized gt-fse-widgets-ctv-open-product\"><img decoding=\"async\" width=\"512\" height=\"512\" src=\"https:\/\/www.camping-carolins.com\/wp-content\/uploads\/2025\/05\/surface.svg\" alt=\"Oberfl&#xE4;che\" class=\"wp-image-720 gt-fse-widgets-ctv-open-product\" style=\"width:30px\"\/><\/figure>\n<\/div>\n<\/div>\n\n\n<a class=\"is-style-lien-cover wp-block-read-more gt-fse-widgets-ctv-open-product\" href=\"https:\/\/www.camping-carolins.com\/de\/hebergement\/mobilheim-premium-38-5m%c2%b2-3-zi-2-bz-wc-optionales-nordisches-bad\/\" target=\"_blank\">Weiterlesen<span class=\"screen-reader-text gt-fse-widgets-ctv-open-product\">: Mobilheim Premium &#8211; 38.5m\u00b2 &#8211; 3 Schlafr\u00e4ume &#8211; 2 B\u00e4der &#8211; 2 WC &#8211; Option Nordisches Bad<\/span><\/a>\n<\/li><li data-gt-Thelis-product-id=\"\" data-gt-bathrooms=\"80\" data-gt-campings=\"\" data-gt-capacities=\"70\" data-gt-ctv-product-id=\"131252\" data-gt-gammes=\"\" data-gt-options=\"177\" data-gt-rooms=\"26\" data-gt-superficies=\"24\" data-gt-types=\"137\" data-wp-key=\"post-template-item-33944\" class=\"wp-block-post post-33944 hebergement type-hebergement status-publish has-post-thumbnail hentry gt-hebergements-options-dunenansicht gt-hebergements-types-mobil-homes gt-hebergements-nombre-personnes-70 gt-hebergements-nombre-chambres-26 gt-hebergements-nombre-sdb-2-en gt-hebergements-superficie-38-5 gt-fse-widgets-ctv-open-product\">\n<figure class=\"hebergement-featured-image wp-block-post-featured-image gt-fse-widgets-ctv-open-product\"><img decoding=\"async\" width=\"600\" height=\"400\" src=\"https:\/\/www.camping-carolins.com\/wp-content\/uploads\/2025\/05\/mobil-home-premium-vue-dune.jpg\" class=\"attachment-full size-full wp-post-image gt-fse-widgets-ctv-open-product\" alt=\"mobilheim premium mit d\u00fcnenblick\" style=\"object-fit:cover;\" srcset=\"https:\/\/www.camping-carolins.com\/wp-content\/uploads\/2025\/05\/mobil-home-premium-vue-dune.jpg 600w, https:\/\/www.camping-carolins.com\/wp-content\/uploads\/2025\/05\/mobil-home-premium-vue-dune-300x200.jpg 300w\" sizes=\"(max-width: 600px) 100vw, 600px\" \/><\/figure>\n\n\n<div class=\"wp-block-group groupe-title has-global-padding is-layout-constrained wp-block-group-is-layout-constrained gt-fse-widgets-ctv-open-product\">\n<p class=\"has-text-align-center has-custom-color-1-color has-text-color has-link-color has-pl-miamo-medium-font-family wp-elements-09c7c8ede681f5d547f79fb3c43ab45a gt-fse-widgets-ctv-open-product\" style=\"font-size:clamp(14px, 0.875rem + ((1vw - 3.2px) * 0.339), 18px);\">Standcaravan Premium &#8211; 38.5m\u00b2 &#8211; 4 Zi &#8211; 2 B\u00e4der &#8211; Blick auf die D\u00fcne<\/p>\n\n\n\n<div class=\"wp-block-group title-img is-layout-flow wp-block-group-is-layout-flow gt-fse-widgets-ctv-open-product\">\n<figure class=\"wp-block-image aligncenter size-full gt-fse-widgets-ctv-open-product\"><img decoding=\"async\" width=\"23\" height=\"22\" src=\"https:\/\/www.camping-carolins.com\/wp-content\/uploads\/2025\/05\/Calque_2-1.svg\" alt=\"Ebene_2 (1)\" class=\"wp-image-101 gt-fse-widgets-ctv-open-product\"\/><\/figure>\n<\/div>\n<\/div>\n\n\n\n<div class=\"wp-block-group is-content-justification-center is-nowrap is-layout-flex wp-container-core-group-is-layout-23441af8 wp-block-group-is-layout-flex gt-fse-widgets-ctv-open-product\">\n<div class=\"wp-block-group info-hebergement is-vertical is-content-justification-center is-layout-flex wp-container-core-group-is-layout-ce155fab wp-block-group-is-layout-flex gt-fse-widgets-ctv-open-product\">\n<div class=\"wp-block-group is-nowrap is-layout-flex wp-container-core-group-is-layout-4b0a85f0 wp-block-group-is-layout-flex gt-fse-widgets-ctv-open-product\"><div class=\"taxonomy-gt-hebergements-nombre-personnes has-link-color wp-elements-7fd33be752484661bf91943a4b633676 wp-block-post-terms has-text-color has-custom-color-1-color has-pl-miamo-font-family gt-fse-widgets-ctv-open-product\"><span class=\"gt-fse-widgets-ctv-open-product\">8<\/span><\/div>\n\n\n<p class=\"has-custom-color-1-color has-text-color has-link-color has-pl-miamo-font-family has-small-font-size wp-elements-d4b8c5663a379995781a3389b460d342 gt-fse-widgets-ctv-open-product\">Pers.<\/p>\n<\/div>\n\n\n\n<figure class=\"wp-block-image size-full is-resized gt-fse-widgets-ctv-open-product\"><img decoding=\"async\" src=\"https:\/\/www.camping-carolins.com\/wp-content\/uploads\/2025\/05\/utilisateur.svg\" alt=\"Benutzer\" class=\"wp-image-719 gt-fse-widgets-ctv-open-product\" style=\"width:30px\"\/><\/figure>\n<\/div>\n\n\n\n<div class=\"wp-block-group info-hebergement is-vertical is-content-justification-center is-layout-flex wp-container-core-group-is-layout-ce155fab wp-block-group-is-layout-flex gt-fse-widgets-ctv-open-product\">\n<div class=\"wp-block-group is-nowrap is-layout-flex wp-container-core-group-is-layout-4b0a85f0 wp-block-group-is-layout-flex gt-fse-widgets-ctv-open-product\"><div class=\"taxonomy-gt-hebergements-nombre-chambres has-link-color wp-elements-55a3f916099b15031809078941912377 wp-block-post-terms has-text-color has-custom-color-1-color has-pl-miamo-font-family gt-fse-widgets-ctv-open-product\"><span class=\"gt-fse-widgets-ctv-open-product\">4<\/span><\/div>\n\n\n<p class=\"has-custom-color-1-color has-text-color has-link-color has-pl-miamo-font-family has-small-font-size wp-elements-e2fb2348fef2e97c283f5a4aa8f9f4af gt-fse-widgets-ctv-open-product\">Zmr<\/p>\n<\/div>\n\n\n\n<figure class=\"wp-block-image size-full is-resized gt-fse-widgets-ctv-open-product\"><img decoding=\"async\" width=\"512\" height=\"512\" src=\"https:\/\/www.camping-carolins.com\/wp-content\/uploads\/2025\/05\/lit-double-1.svg\" alt=\"Doppelbett (1)\" class=\"wp-image-721 gt-fse-widgets-ctv-open-product\" style=\"width:30px\"\/><\/figure>\n<\/div>\n\n\n\n<div class=\"wp-block-group info-hebergement is-vertical is-content-justification-center is-layout-flex wp-container-core-group-is-layout-ce155fab wp-block-group-is-layout-flex gt-fse-widgets-ctv-open-product\">\n<div class=\"wp-block-group is-nowrap is-layout-flex wp-container-core-group-is-layout-4b0a85f0 wp-block-group-is-layout-flex gt-fse-widgets-ctv-open-product\"><div class=\"taxonomy-gt-hebergements-nombre-sdb has-link-color wp-elements-ebcc3de940066aae1dce34a8b1f2c1c1 wp-block-post-terms has-text-color has-custom-color-1-color has-pl-miamo-font-family gt-fse-widgets-ctv-open-product\"><span class=\"gt-fse-widgets-ctv-open-product\">2<\/span><\/div>\n\n\n<p class=\"has-custom-color-1-color has-text-color has-link-color has-pl-miamo-font-family has-small-font-size wp-elements-b47f170cbfe49a7547aa90abd171823b gt-fse-widgets-ctv-open-product\">WC\/Bdzmr<\/p>\n<\/div>\n\n\n\n<figure class=\"wp-block-image size-full is-resized gt-fse-widgets-ctv-open-product\"><img decoding=\"async\" width=\"512\" height=\"512\" src=\"https:\/\/www.camping-carolins.com\/wp-content\/uploads\/2025\/05\/douche-1.svg\" alt=\"Dusche (1)\" class=\"wp-image-722 gt-fse-widgets-ctv-open-product\" style=\"width:30px\"\/><\/figure>\n<\/div>\n\n\n\n<div class=\"wp-block-group info-hebergement is-vertical is-content-justification-center is-layout-flex wp-container-core-group-is-layout-ce155fab wp-block-group-is-layout-flex gt-fse-widgets-ctv-open-product\">\n<div class=\"wp-block-group is-nowrap is-layout-flex wp-container-core-group-is-layout-4b0a85f0 wp-block-group-is-layout-flex gt-fse-widgets-ctv-open-product\"><div class=\"taxonomy-gt-hebergements-superficie has-link-color wp-elements-509f41ff01c2a468c32ae24933d9a8e4 wp-block-post-terms has-text-color has-custom-color-1-color has-pl-miamo-font-family gt-fse-widgets-ctv-open-product\"><span class=\"gt-fse-widgets-ctv-open-product\">38.5<\/span><\/div>\n\n\n<p class=\"has-custom-color-1-color has-text-color has-link-color has-pl-miamo-font-family has-small-font-size wp-elements-24253458f7449c62a549dddb98fc4d4d gt-fse-widgets-ctv-open-product\">m\u00b2<\/p>\n<\/div>\n\n\n\n<figure class=\"wp-block-image size-full is-resized gt-fse-widgets-ctv-open-product\"><img decoding=\"async\" width=\"512\" height=\"512\" src=\"https:\/\/www.camping-carolins.com\/wp-content\/uploads\/2025\/05\/surface.svg\" alt=\"Oberfl&#xE4;che\" class=\"wp-image-720 gt-fse-widgets-ctv-open-product\" style=\"width:30px\"\/><\/figure>\n<\/div>\n<\/div>\n\n\n<a class=\"is-style-lien-cover wp-block-read-more gt-fse-widgets-ctv-open-product\" href=\"https:\/\/www.camping-carolins.com\/de\/hebergement\/mobilheim-premium-38-5m%c2%b2-4-zi-2-bz-duenenblick\/\" target=\"_blank\">Weiterlesen<span class=\"screen-reader-text gt-fse-widgets-ctv-open-product\">: Mobilheim Premium &#8211; 38.5m\u00b2 &#8211; 4 Zi &#8211; 2 B\u00e4der &#8211; Blick auf die D\u00fcne<\/span><\/a>\n<\/li><li data-gt-Thelis-product-id=\"\" data-gt-bathrooms=\"80\" data-gt-campings=\"\" data-gt-capacities=\"74\" data-gt-ctv-product-id=\"131896\" data-gt-gammes=\"\" data-gt-options=\"\" data-gt-rooms=\"7\" data-gt-superficies=\"24\" data-gt-types=\"137\" data-wp-key=\"post-template-item-33955\" class=\"wp-block-post post-33955 hebergement type-hebergement status-publish has-post-thumbnail hentry gt-hebergements-types-mobil-homes gt-hebergements-nombre-personnes-74 gt-hebergements-nombre-chambres-7 gt-hebergements-nombre-sdb-2-en gt-hebergements-superficie-38-5 gt-fse-widgets-ctv-open-product\">\n<figure class=\"hebergement-featured-image wp-block-post-featured-image gt-fse-widgets-ctv-open-product\"><img decoding=\"async\" width=\"1000\" height=\"667\" src=\"https:\/\/www.camping-carolins.com\/wp-content\/uploads\/2025\/06\/mobil-home-jardin.jpg\" class=\"attachment-full size-full wp-post-image gt-fse-widgets-ctv-open-product\" alt=\"Mobilheim Garten\" style=\"object-fit:cover;\" srcset=\"https:\/\/www.camping-carolins.com\/wp-content\/uploads\/2025\/06\/mobil-home-jardin.jpg 1000w, https:\/\/www.camping-carolins.com\/wp-content\/uploads\/2025\/06\/mobil-home-jardin-300x200.jpg 300w, https:\/\/www.camping-carolins.com\/wp-content\/uploads\/2025\/06\/mobil-home-jardin-768x512.jpg 768w\" sizes=\"(max-width: 1000px) 100vw, 1000px\" \/><\/figure>\n\n\n<div class=\"wp-block-group groupe-title has-global-padding is-layout-constrained wp-block-group-is-layout-constrained gt-fse-widgets-ctv-open-product\">\n<p class=\"has-text-align-center has-custom-color-1-color has-text-color has-link-color has-pl-miamo-medium-font-family wp-elements-09c7c8ede681f5d547f79fb3c43ab45a gt-fse-widgets-ctv-open-product\" style=\"font-size:clamp(14px, 0.875rem + ((1vw - 3.2px) * 0.339), 18px);\">Mobilheim Premium Jardin &#8211; 38.5m\u00b2 &#8211; 3 Schlafzimmer &#8211; 2 Badezimmer &#8211; 2 WC<\/p>\n\n\n\n<div class=\"wp-block-group title-img is-layout-flow wp-block-group-is-layout-flow gt-fse-widgets-ctv-open-product\">\n<figure class=\"wp-block-image aligncenter size-full gt-fse-widgets-ctv-open-product\"><img decoding=\"async\" width=\"23\" height=\"22\" src=\"https:\/\/www.camping-carolins.com\/wp-content\/uploads\/2025\/05\/Calque_2-1.svg\" alt=\"Ebene_2 (1)\" class=\"wp-image-101 gt-fse-widgets-ctv-open-product\"\/><\/figure>\n<\/div>\n<\/div>\n\n\n\n<div class=\"wp-block-group is-content-justification-center is-nowrap is-layout-flex wp-container-core-group-is-layout-23441af8 wp-block-group-is-layout-flex gt-fse-widgets-ctv-open-product\">\n<div class=\"wp-block-group info-hebergement is-vertical is-content-justification-center is-layout-flex wp-container-core-group-is-layout-ce155fab wp-block-group-is-layout-flex gt-fse-widgets-ctv-open-product\">\n<div class=\"wp-block-group is-nowrap is-layout-flex wp-container-core-group-is-layout-4b0a85f0 wp-block-group-is-layout-flex gt-fse-widgets-ctv-open-product\"><div class=\"taxonomy-gt-hebergements-nombre-personnes has-link-color wp-elements-7fd33be752484661bf91943a4b633676 wp-block-post-terms has-text-color has-custom-color-1-color has-pl-miamo-font-family gt-fse-widgets-ctv-open-product\"><span class=\"gt-fse-widgets-ctv-open-product\">7<\/span><\/div>\n\n\n<p class=\"has-custom-color-1-color has-text-color has-link-color has-pl-miamo-font-family has-small-font-size wp-elements-d4b8c5663a379995781a3389b460d342 gt-fse-widgets-ctv-open-product\">Pers.<\/p>\n<\/div>\n\n\n\n<figure class=\"wp-block-image size-full is-resized gt-fse-widgets-ctv-open-product\"><img decoding=\"async\" src=\"https:\/\/www.camping-carolins.com\/wp-content\/uploads\/2025\/05\/utilisateur.svg\" alt=\"Benutzer\" class=\"wp-image-719 gt-fse-widgets-ctv-open-product\" style=\"width:30px\"\/><\/figure>\n<\/div>\n\n\n\n<div class=\"wp-block-group info-hebergement is-vertical is-content-justification-center is-layout-flex wp-container-core-group-is-layout-ce155fab wp-block-group-is-layout-flex gt-fse-widgets-ctv-open-product\">\n<div class=\"wp-block-group is-nowrap is-layout-flex wp-container-core-group-is-layout-4b0a85f0 wp-block-group-is-layout-flex gt-fse-widgets-ctv-open-product\"><div class=\"taxonomy-gt-hebergements-nombre-chambres has-link-color wp-elements-55a3f916099b15031809078941912377 wp-block-post-terms has-text-color has-custom-color-1-color has-pl-miamo-font-family gt-fse-widgets-ctv-open-product\"><span class=\"gt-fse-widgets-ctv-open-product\">3<\/span><\/div>\n\n\n<p class=\"has-custom-color-1-color has-text-color has-link-color has-pl-miamo-font-family has-small-font-size wp-elements-e2fb2348fef2e97c283f5a4aa8f9f4af gt-fse-widgets-ctv-open-product\">Zmr<\/p>\n<\/div>\n\n\n\n<figure class=\"wp-block-image size-full is-resized gt-fse-widgets-ctv-open-product\"><img decoding=\"async\" width=\"512\" height=\"512\" src=\"https:\/\/www.camping-carolins.com\/wp-content\/uploads\/2025\/05\/lit-double-1.svg\" alt=\"Doppelbett (1)\" class=\"wp-image-721 gt-fse-widgets-ctv-open-product\" style=\"width:30px\"\/><\/figure>\n<\/div>\n\n\n\n<div class=\"wp-block-group info-hebergement is-vertical is-content-justification-center is-layout-flex wp-container-core-group-is-layout-ce155fab wp-block-group-is-layout-flex gt-fse-widgets-ctv-open-product\">\n<div class=\"wp-block-group is-nowrap is-layout-flex wp-container-core-group-is-layout-4b0a85f0 wp-block-group-is-layout-flex gt-fse-widgets-ctv-open-product\"><div class=\"taxonomy-gt-hebergements-nombre-sdb has-link-color wp-elements-ebcc3de940066aae1dce34a8b1f2c1c1 wp-block-post-terms has-text-color has-custom-color-1-color has-pl-miamo-font-family gt-fse-widgets-ctv-open-product\"><span class=\"gt-fse-widgets-ctv-open-product\">2<\/span><\/div>\n\n\n<p class=\"has-custom-color-1-color has-text-color has-link-color has-pl-miamo-font-family has-small-font-size wp-elements-b47f170cbfe49a7547aa90abd171823b gt-fse-widgets-ctv-open-product\">WC\/Bdzmr<\/p>\n<\/div>\n\n\n\n<figure class=\"wp-block-image size-full is-resized gt-fse-widgets-ctv-open-product\"><img decoding=\"async\" width=\"512\" height=\"512\" src=\"https:\/\/www.camping-carolins.com\/wp-content\/uploads\/2025\/05\/douche-1.svg\" alt=\"Dusche (1)\" class=\"wp-image-722 gt-fse-widgets-ctv-open-product\" style=\"width:30px\"\/><\/figure>\n<\/div>\n\n\n\n<div class=\"wp-block-group info-hebergement is-vertical is-content-justification-center is-layout-flex wp-container-core-group-is-layout-ce155fab wp-block-group-is-layout-flex gt-fse-widgets-ctv-open-product\">\n<div class=\"wp-block-group is-nowrap is-layout-flex wp-container-core-group-is-layout-4b0a85f0 wp-block-group-is-layout-flex gt-fse-widgets-ctv-open-product\"><div class=\"taxonomy-gt-hebergements-superficie has-link-color wp-elements-509f41ff01c2a468c32ae24933d9a8e4 wp-block-post-terms has-text-color has-custom-color-1-color has-pl-miamo-font-family gt-fse-widgets-ctv-open-product\"><span class=\"gt-fse-widgets-ctv-open-product\">38.5<\/span><\/div>\n\n\n<p class=\"has-custom-color-1-color has-text-color has-link-color has-pl-miamo-font-family has-small-font-size wp-elements-24253458f7449c62a549dddb98fc4d4d gt-fse-widgets-ctv-open-product\">m\u00b2<\/p>\n<\/div>\n\n\n\n<figure class=\"wp-block-image size-full is-resized gt-fse-widgets-ctv-open-product\"><img decoding=\"async\" width=\"512\" height=\"512\" src=\"https:\/\/www.camping-carolins.com\/wp-content\/uploads\/2025\/05\/surface.svg\" alt=\"Oberfl&#xE4;che\" class=\"wp-image-720 gt-fse-widgets-ctv-open-product\" style=\"width:30px\"\/><\/figure>\n<\/div>\n<\/div>\n\n\n<a class=\"is-style-lien-cover wp-block-read-more gt-fse-widgets-ctv-open-product\" href=\"https:\/\/www.camping-carolins.com\/de\/hebergement\/mobilheim-premium-garten-38-5m%c2%b2-3-zi-2-bz-2-wc\/\" target=\"_blank\">Weiterlesen<span class=\"screen-reader-text gt-fse-widgets-ctv-open-product\">: Mobilheim Premium Jardin &#8211; 38.5m\u00b2 &#8211; 3 Schlafzimmer &#8211; 2 Badezimmer &#8211; 2 WC<\/span><\/a>\n<\/li><li data-gt-Thelis-product-id=\"\" data-gt-bathrooms=\"80\" data-gt-campings=\"\" data-gt-capacities=\"74\" data-gt-ctv-product-id=\"131251\" data-gt-gammes=\"\" data-gt-options=\"\" data-gt-rooms=\"7\" data-gt-superficies=\"24\" data-gt-types=\"137\" data-wp-key=\"post-template-item-33954\" class=\"wp-block-post post-33954 hebergement type-hebergement status-publish has-post-thumbnail hentry gt-hebergements-types-mobil-homes gt-hebergements-nombre-personnes-74 gt-hebergements-nombre-chambres-7 gt-hebergements-nombre-sdb-2-en gt-hebergements-superficie-38-5 gt-fse-widgets-ctv-open-product\">\n<figure class=\"hebergement-featured-image wp-block-post-featured-image gt-fse-widgets-ctv-open-product\"><img decoding=\"async\" width=\"1176\" height=\"882\" src=\"https:\/\/www.camping-carolins.com\/wp-content\/uploads\/2025\/05\/mobil-home-jardin-bain-nordique.webp\" class=\"attachment-full size-full wp-post-image gt-fse-widgets-ctv-open-product\" alt=\"Mobilheim Garten Nordisches Bad\" style=\"object-fit:cover;\" srcset=\"https:\/\/www.camping-carolins.com\/wp-content\/uploads\/2025\/05\/mobil-home-jardin-bain-nordique.webp 1176w, https:\/\/www.camping-carolins.com\/wp-content\/uploads\/2025\/05\/mobil-home-jardin-bain-nordique-300x225.webp 300w, https:\/\/www.camping-carolins.com\/wp-content\/uploads\/2025\/05\/mobil-home-jardin-bain-nordique-1024x768.webp 1024w, https:\/\/www.camping-carolins.com\/wp-content\/uploads\/2025\/05\/mobil-home-jardin-bain-nordique-768x576.webp 768w\" sizes=\"(max-width: 1176px) 100vw, 1176px\" \/><\/figure>\n\n\n<div class=\"wp-block-group groupe-title has-global-padding is-layout-constrained wp-block-group-is-layout-constrained gt-fse-widgets-ctv-open-product\">\n<p class=\"has-text-align-center has-custom-color-1-color has-text-color has-link-color has-pl-miamo-medium-font-family wp-elements-09c7c8ede681f5d547f79fb3c43ab45a gt-fse-widgets-ctv-open-product\" style=\"font-size:clamp(14px, 0.875rem + ((1vw - 3.2px) * 0.339), 18px);\">Standcaravan Premium Jardin &#8211; 38.5m\u00b2 &#8211; 3 Schlafzimmer &#8211; 2 B\u00e4der &#8211; Option Nordic Walking<\/p>\n\n\n\n<div class=\"wp-block-group title-img is-layout-flow wp-block-group-is-layout-flow gt-fse-widgets-ctv-open-product\">\n<figure class=\"wp-block-image aligncenter size-full gt-fse-widgets-ctv-open-product\"><img decoding=\"async\" width=\"23\" height=\"22\" src=\"https:\/\/www.camping-carolins.com\/wp-content\/uploads\/2025\/05\/Calque_2-1.svg\" alt=\"Ebene_2 (1)\" class=\"wp-image-101 gt-fse-widgets-ctv-open-product\"\/><\/figure>\n<\/div>\n<\/div>\n\n\n\n<div class=\"wp-block-group is-content-justification-center is-nowrap is-layout-flex wp-container-core-group-is-layout-23441af8 wp-block-group-is-layout-flex gt-fse-widgets-ctv-open-product\">\n<div class=\"wp-block-group info-hebergement is-vertical is-content-justification-center is-layout-flex wp-container-core-group-is-layout-ce155fab wp-block-group-is-layout-flex gt-fse-widgets-ctv-open-product\">\n<div class=\"wp-block-group is-nowrap is-layout-flex wp-container-core-group-is-layout-4b0a85f0 wp-block-group-is-layout-flex gt-fse-widgets-ctv-open-product\"><div class=\"taxonomy-gt-hebergements-nombre-personnes has-link-color wp-elements-7fd33be752484661bf91943a4b633676 wp-block-post-terms has-text-color has-custom-color-1-color has-pl-miamo-font-family gt-fse-widgets-ctv-open-product\"><span class=\"gt-fse-widgets-ctv-open-product\">7<\/span><\/div>\n\n\n<p class=\"has-custom-color-1-color has-text-color has-link-color has-pl-miamo-font-family has-small-font-size wp-elements-d4b8c5663a379995781a3389b460d342 gt-fse-widgets-ctv-open-product\">Pers.<\/p>\n<\/div>\n\n\n\n<figure class=\"wp-block-image size-full is-resized gt-fse-widgets-ctv-open-product\"><img decoding=\"async\" src=\"https:\/\/www.camping-carolins.com\/wp-content\/uploads\/2025\/05\/utilisateur.svg\" alt=\"Benutzer\" class=\"wp-image-719 gt-fse-widgets-ctv-open-product\" style=\"width:30px\"\/><\/figure>\n<\/div>\n\n\n\n<div class=\"wp-block-group info-hebergement is-vertical is-content-justification-center is-layout-flex wp-container-core-group-is-layout-ce155fab wp-block-group-is-layout-flex gt-fse-widgets-ctv-open-product\">\n<div class=\"wp-block-group is-nowrap is-layout-flex wp-container-core-group-is-layout-4b0a85f0 wp-block-group-is-layout-flex gt-fse-widgets-ctv-open-product\"><div class=\"taxonomy-gt-hebergements-nombre-chambres has-link-color wp-elements-55a3f916099b15031809078941912377 wp-block-post-terms has-text-color has-custom-color-1-color has-pl-miamo-font-family gt-fse-widgets-ctv-open-product\"><span class=\"gt-fse-widgets-ctv-open-product\">3<\/span><\/div>\n\n\n<p class=\"has-custom-color-1-color has-text-color has-link-color has-pl-miamo-font-family has-small-font-size wp-elements-e2fb2348fef2e97c283f5a4aa8f9f4af gt-fse-widgets-ctv-open-product\">Zmr<\/p>\n<\/div>\n\n\n\n<figure class=\"wp-block-image size-full is-resized gt-fse-widgets-ctv-open-product\"><img decoding=\"async\" width=\"512\" height=\"512\" src=\"https:\/\/www.camping-carolins.com\/wp-content\/uploads\/2025\/05\/lit-double-1.svg\" alt=\"Doppelbett (1)\" class=\"wp-image-721 gt-fse-widgets-ctv-open-product\" style=\"width:30px\"\/><\/figure>\n<\/div>\n\n\n\n<div class=\"wp-block-group info-hebergement is-vertical is-content-justification-center is-layout-flex wp-container-core-group-is-layout-ce155fab wp-block-group-is-layout-flex gt-fse-widgets-ctv-open-product\">\n<div class=\"wp-block-group is-nowrap is-layout-flex wp-container-core-group-is-layout-4b0a85f0 wp-block-group-is-layout-flex gt-fse-widgets-ctv-open-product\"><div class=\"taxonomy-gt-hebergements-nombre-sdb has-link-color wp-elements-ebcc3de940066aae1dce34a8b1f2c1c1 wp-block-post-terms has-text-color has-custom-color-1-color has-pl-miamo-font-family gt-fse-widgets-ctv-open-product\"><span class=\"gt-fse-widgets-ctv-open-product\">2<\/span><\/div>\n\n\n<p class=\"has-custom-color-1-color has-text-color has-link-color has-pl-miamo-font-family has-small-font-size wp-elements-b47f170cbfe49a7547aa90abd171823b gt-fse-widgets-ctv-open-product\">WC\/Bdzmr<\/p>\n<\/div>\n\n\n\n<figure class=\"wp-block-image size-full is-resized gt-fse-widgets-ctv-open-product\"><img decoding=\"async\" width=\"512\" height=\"512\" src=\"https:\/\/www.camping-carolins.com\/wp-content\/uploads\/2025\/05\/douche-1.svg\" alt=\"Dusche (1)\" class=\"wp-image-722 gt-fse-widgets-ctv-open-product\" style=\"width:30px\"\/><\/figure>\n<\/div>\n\n\n\n<div class=\"wp-block-group info-hebergement is-vertical is-content-justification-center is-layout-flex wp-container-core-group-is-layout-ce155fab wp-block-group-is-layout-flex gt-fse-widgets-ctv-open-product\">\n<div class=\"wp-block-group is-nowrap is-layout-flex wp-container-core-group-is-layout-4b0a85f0 wp-block-group-is-layout-flex gt-fse-widgets-ctv-open-product\"><div class=\"taxonomy-gt-hebergements-superficie has-link-color wp-elements-509f41ff01c2a468c32ae24933d9a8e4 wp-block-post-terms has-text-color has-custom-color-1-color has-pl-miamo-font-family gt-fse-widgets-ctv-open-product\"><span class=\"gt-fse-widgets-ctv-open-product\">38.5<\/span><\/div>\n\n\n<p class=\"has-custom-color-1-color has-text-color has-link-color has-pl-miamo-font-family has-small-font-size wp-elements-24253458f7449c62a549dddb98fc4d4d gt-fse-widgets-ctv-open-product\">m\u00b2<\/p>\n<\/div>\n\n\n\n<figure class=\"wp-block-image size-full is-resized gt-fse-widgets-ctv-open-product\"><img decoding=\"async\" width=\"512\" height=\"512\" src=\"https:\/\/www.camping-carolins.com\/wp-content\/uploads\/2025\/05\/surface.svg\" alt=\"Oberfl&#xE4;che\" class=\"wp-image-720 gt-fse-widgets-ctv-open-product\" style=\"width:30px\"\/><\/figure>\n<\/div>\n<\/div>\n\n\n<a class=\"is-style-lien-cover wp-block-read-more gt-fse-widgets-ctv-open-product\" href=\"https:\/\/www.camping-carolins.com\/de\/hebergement\/mobilheim-premium-garten-38-5m%c2%b2-3-zi-2-bz-option-nordisches-bad\/\" target=\"_blank\">Weiterlesen<span class=\"screen-reader-text gt-fse-widgets-ctv-open-product\">: Mobilheim Premium Garten &#8211; 38.5m\u00b2 &#8211; 3 Schlafzimmer &#8211; 2 B\u00e4der &#8211; Option Nordic Walking<\/span><\/a>\n<\/li><\/ul><\/div>\n<\/div>\n<\/div>\n<\/section>\n\n<section class=\"wp-block-group home-sixth page-three has-link-color wp-elements-62e34d8a58ec77fcc43b273e05d16d12 is-layout-flow wp-block-group-is-layout-flow\" style=\"padding-top:10rem;padding-bottom:0rem\">\n<div class=\"wp-block-group h1-like is-vertical is-content-justification-center is-layout-flex wp-container-core-group-is-layout-81423f52 wp-block-group-is-layout-flex\" style=\"line-height:1.5\">\n<p class=\"has-custom-color-1-color has-text-color has-link-color has-pl-miamo-semibold-font-family wp-elements-3f6111b6e85837b6669037f8b47446dd\" style=\"font-size:clamp(54.054px, 3.378rem + ((1vw - 3.2px) * 4.741), 110px);text-transform:uppercase\">Ihre<\/p>\n\n\n\n<p class=\"has-text-color has-link-color has-pl-miamo-script-font-family wp-elements-2f5412bdeefeb929ff19196691bc0aa1\" style=\"color:#d9ae89;font-size:clamp(53.285px, 3.33rem + ((1vw - 3.2px) * 4.637), 108px);line-height:1\">Fachveranstaltungen<\/p>\n<\/div>\n\n\n\n<div data-swiper=\"{&quot;speed&quot;:400,&quot;spaceBetween&quot;:16,&quot;slidesPerView&quot;:1,&quot;createElements&quot;:true,&quot;loop&quot;:true,&quot;freemode&quot;:true,&quot;navigation&quot;:{&quot;nextEl&quot;:&quot;buttonNext&quot;,&quot;prevEl&quot;:&quot;buttonPrev&quot;},&quot;breakpoints&quot;:{&quot;0&quot;:{&quot;slidesPerView&quot;:1},&quot;380&quot;:[],&quot;1024&quot;:[]},&quot;pagination&quot;:false,&quot;effect&quot;:&quot;fade&quot;,&quot;autoplay&quot;:{&quot;delay&quot;:&quot;3000&quot;}}\" class=\"wp-block-group gt-is-slider gt-is-slider-desktop has-global-padding is-layout-constrained wp-container-core-group-is-layout-8dd13e6d wp-block-group-is-layout-constrained\" style=\"padding-right:var(--wp--preset--spacing--60);padding-left:var(--wp--preset--spacing--60)\">\n<div data-swiper=\"{&quot;speed&quot;:1000,&quot;autoplay&quot;:{&quot;delay&quot;:5000,&quot;disableOnInteraction&quot;:false},&quot;spaceBetween&quot;:0,&quot;slidesPerView&quot;:1,&quot;pagination&quot;:{&quot;el&quot;:&quot;.swiper-pagination&quot;,&quot;dynamicBullets&quot;:true,&quot;clickable&quot;:true,&quot;type&quot;:&quot;bullets&quot;},&quot;navigation&quot;:{&quot;nextEl&quot;:&quot;.swiper-button-next&quot;,&quot;prevEl&quot;:&quot;.swiper-button-prev&quot;},&quot;breakpoints&quot;:[{&quot;slidesPerView&quot;:1}]}\" class=\"wp-block-cover is-light\" style=\"min-height:680px;aspect-ratio:unset;\"><img decoding=\"async\" width=\"2048\" height=\"1365\" class=\"wp-block-cover__image-background wp-image-13433 size-full\" alt=\"seminaire groupe cotentin\" src=\"https:\/\/www.camping-carolins.com\/wp-content\/uploads\/2025\/06\/seminaire-groupe-cotentin.jpg\" data-object-fit=\"cover\" srcset=\"https:\/\/www.camping-carolins.com\/wp-content\/uploads\/2025\/06\/seminaire-groupe-cotentin.jpg 2048w, https:\/\/www.camping-carolins.com\/wp-content\/uploads\/2025\/06\/seminaire-groupe-cotentin-300x200.jpg 300w, https:\/\/www.camping-carolins.com\/wp-content\/uploads\/2025\/06\/seminaire-groupe-cotentin-1024x683.jpg 1024w, https:\/\/www.camping-carolins.com\/wp-content\/uploads\/2025\/06\/seminaire-groupe-cotentin-768x512.jpg 768w, https:\/\/www.camping-carolins.com\/wp-content\/uploads\/2025\/06\/seminaire-groupe-cotentin-1536x1024.jpg 1536w\" sizes=\"(max-width: 2048px) 100vw, 2048px\" \/><span aria-hidden=\"true\" class=\"wp-block-cover__background has-custom-color-5-background-color has-background-dim-10 has-background-dim\"><\/span><div class=\"wp-block-cover__inner-container has-global-padding is-layout-constrained wp-block-cover-is-layout-constrained\">\n<p class=\"has-text-align-center has-large-font-size\"><\/p>\n<\/div><\/div>\n\n\n\n<div data-swiper=\"{&quot;speed&quot;:1000,&quot;autoplay&quot;:{&quot;delay&quot;:5000,&quot;disableOnInteraction&quot;:false},&quot;spaceBetween&quot;:0,&quot;slidesPerView&quot;:1,&quot;pagination&quot;:{&quot;el&quot;:&quot;.swiper-pagination&quot;,&quot;dynamicBullets&quot;:true,&quot;clickable&quot;:true,&quot;type&quot;:&quot;bullets&quot;},&quot;navigation&quot;:{&quot;nextEl&quot;:&quot;.swiper-button-next&quot;,&quot;prevEl&quot;:&quot;.swiper-button-prev&quot;},&quot;breakpoints&quot;:[{&quot;slidesPerView&quot;:1}]}\" class=\"wp-block-cover is-light\" style=\"min-height:680px;aspect-ratio:unset;\"><img decoding=\"async\" width=\"1569\" height=\"680\" class=\"wp-block-cover__image-background wp-image-5493 size-full\" alt=\"organisez vos reunions professionnelles au camping\" src=\"https:\/\/www.camping-carolins.com\/wp-content\/uploads\/2025\/06\/organisez-vos-reunions-professionnelles-au-camping.jpg\" data-object-fit=\"cover\" srcset=\"https:\/\/www.camping-carolins.com\/wp-content\/uploads\/2025\/06\/organisez-vos-reunions-professionnelles-au-camping.jpg 1569w, https:\/\/www.camping-carolins.com\/wp-content\/uploads\/2025\/06\/organisez-vos-reunions-professionnelles-au-camping-300x130.jpg 300w, https:\/\/www.camping-carolins.com\/wp-content\/uploads\/2025\/06\/organisez-vos-reunions-professionnelles-au-camping-1024x444.jpg 1024w, https:\/\/www.camping-carolins.com\/wp-content\/uploads\/2025\/06\/organisez-vos-reunions-professionnelles-au-camping-768x333.jpg 768w, https:\/\/www.camping-carolins.com\/wp-content\/uploads\/2025\/06\/organisez-vos-reunions-professionnelles-au-camping-1536x666.jpg 1536w\" sizes=\"(max-width: 1569px) 100vw, 1569px\" \/><span aria-hidden=\"true\" class=\"wp-block-cover__background has-custom-color-5-background-color has-background-dim-10 has-background-dim\"><\/span><div class=\"wp-block-cover__inner-container has-global-padding is-layout-constrained wp-block-cover-is-layout-constrained\">\n<p class=\"has-text-align-center has-large-font-size\"><\/p>\n<\/div><\/div>\n\n\n\n<div data-swiper=\"{&quot;speed&quot;:1000,&quot;autoplay&quot;:{&quot;delay&quot;:5000,&quot;disableOnInteraction&quot;:false},&quot;spaceBetween&quot;:0,&quot;slidesPerView&quot;:1,&quot;pagination&quot;:{&quot;el&quot;:&quot;.swiper-pagination&quot;,&quot;dynamicBullets&quot;:true,&quot;clickable&quot;:true,&quot;type&quot;:&quot;bullets&quot;},&quot;navigation&quot;:{&quot;nextEl&quot;:&quot;.swiper-button-next&quot;,&quot;prevEl&quot;:&quot;.swiper-button-prev&quot;},&quot;breakpoints&quot;:[{&quot;slidesPerView&quot;:1}]}\" class=\"wp-block-cover is-light\" style=\"min-height:680px;aspect-ratio:unset;\"><img decoding=\"async\" width=\"1920\" height=\"1280\" class=\"wp-block-cover__image-background wp-image-13997 size-full\" alt=\"repas de groupe portbail\" src=\"https:\/\/www.camping-carolins.com\/wp-content\/uploads\/2025\/06\/repas-de-groupe-portbail.jpg\" style=\"object-position:48% 68%\" data-object-fit=\"cover\" data-object-position=\"48% 68%\" srcset=\"https:\/\/www.camping-carolins.com\/wp-content\/uploads\/2025\/06\/repas-de-groupe-portbail.jpg 1920w, https:\/\/www.camping-carolins.com\/wp-content\/uploads\/2025\/06\/repas-de-groupe-portbail-300x200.jpg 300w, https:\/\/www.camping-carolins.com\/wp-content\/uploads\/2025\/06\/repas-de-groupe-portbail-1024x683.jpg 1024w, https:\/\/www.camping-carolins.com\/wp-content\/uploads\/2025\/06\/repas-de-groupe-portbail-768x512.jpg 768w, https:\/\/www.camping-carolins.com\/wp-content\/uploads\/2025\/06\/repas-de-groupe-portbail-1536x1024.jpg 1536w\" sizes=\"(max-width: 1920px) 100vw, 1920px\" \/><span aria-hidden=\"true\" class=\"wp-block-cover__background has-custom-color-5-background-color has-background-dim-10 has-background-dim\"><\/span><div class=\"wp-block-cover__inner-container is-layout-flow wp-block-cover-is-layout-flow\">\n<p class=\"has-text-align-center has-large-font-size\"><\/p>\n<\/div><\/div>\n\n\n\n<div data-swiper=\"{&quot;speed&quot;:1000,&quot;autoplay&quot;:{&quot;delay&quot;:5000,&quot;disableOnInteraction&quot;:false},&quot;spaceBetween&quot;:0,&quot;slidesPerView&quot;:1,&quot;pagination&quot;:{&quot;el&quot;:&quot;.swiper-pagination&quot;,&quot;dynamicBullets&quot;:true,&quot;clickable&quot;:true,&quot;type&quot;:&quot;bullets&quot;},&quot;navigation&quot;:{&quot;nextEl&quot;:&quot;.swiper-button-next&quot;,&quot;prevEl&quot;:&quot;.swiper-button-prev&quot;},&quot;breakpoints&quot;:[{&quot;slidesPerView&quot;:1}]}\" class=\"wp-block-cover is-light\" style=\"min-height:680px;aspect-ratio:unset;\"><img decoding=\"async\" width=\"1569\" height=\"680\" class=\"wp-block-cover__image-background wp-image-5499 size-full\" alt=\"grande salle equipee d un systeme de sonorisation\" src=\"https:\/\/www.camping-carolins.com\/wp-content\/uploads\/2025\/06\/grande-salle-equipee-d-un-systeme-de-sonorisation.jpg\" data-object-fit=\"cover\" srcset=\"https:\/\/www.camping-carolins.com\/wp-content\/uploads\/2025\/06\/grande-salle-equipee-d-un-systeme-de-sonorisation.jpg 1569w, https:\/\/www.camping-carolins.com\/wp-content\/uploads\/2025\/06\/grande-salle-equipee-d-un-systeme-de-sonorisation-300x130.jpg 300w, https:\/\/www.camping-carolins.com\/wp-content\/uploads\/2025\/06\/grande-salle-equipee-d-un-systeme-de-sonorisation-1024x444.jpg 1024w, https:\/\/www.camping-carolins.com\/wp-content\/uploads\/2025\/06\/grande-salle-equipee-d-un-systeme-de-sonorisation-768x333.jpg 768w, https:\/\/www.camping-carolins.com\/wp-content\/uploads\/2025\/06\/grande-salle-equipee-d-un-systeme-de-sonorisation-1536x666.jpg 1536w\" sizes=\"(max-width: 1569px) 100vw, 1569px\" \/><span aria-hidden=\"true\" class=\"wp-block-cover__background has-custom-color-5-background-color has-background-dim-10 has-background-dim\"><\/span><div class=\"wp-block-cover__inner-container has-global-padding is-layout-constrained wp-block-cover-is-layout-constrained\">\n<p class=\"has-text-align-center has-large-font-size\"><\/p>\n<\/div><\/div>\n<\/div>\n\n\n\n<div class=\"wp-block-group groupe-title has-global-padding is-layout-constrained wp-block-group-is-layout-constrained\" style=\"padding-top:var(--wp--preset--spacing--40);padding-bottom:var(--wp--preset--spacing--20)\">\n<h2 class=\"wp-block-heading has-text-align-center has-custom-color-1-color has-text-color has-link-color wp-elements-889c214bcb96991f5701dfac230cda82\"><strong>Organisieren Sie Ihre Gesch\u00e4ftstreffen<\/strong> auf dem Campingplatz<\/h2>\n\n\n\n<div class=\"wp-block-group title-img is-layout-flow wp-block-group-is-layout-flow\">\n<figure class=\"wp-block-image aligncenter size-full\"><img decoding=\"async\" width=\"23\" height=\"22\" src=\"https:\/\/www.camping-carolins.com\/wp-content\/uploads\/2025\/05\/Calque_2-1.svg\" alt=\"campingplatz mit schwimmbad cotentin\" class=\"wp-image-101\"\/><\/figure>\n<\/div>\n<\/div>\n\n\n\n<p class=\"has-text-align-center\" style=\"padding-right:20rem;padding-left:20rem\">Organisieren Sie Ihre Treffen ganz einfach auf unserem Campingplatz f\u00fcr Gruppen im Cotentin, in der N\u00e4he von Barneville-Carteret. Unsere Teams passen sich Ihren Bed\u00fcrfnissen an, um Ihre Veranstaltung zu einem <strong>Erfolg<\/strong> zu machen! Die \u00fcberdachten Terrassen unserer Mobilheime k\u00f6nnen in <strong>kleine Konferenzr\u00e4ume<\/strong> umgewandelt werden, ideal f\u00fcr Ihr Teambuilding oder Ihre Teamarbeit. F\u00fcr gr\u00f6\u00dfere Veranstaltungen ist unser <strong>120 m\u00b2 gro\u00dfer Saal<\/strong> mit einem 2,50 m gro\u00dfen Bildschirm und einem Soundsystem der perfekte Ort f\u00fcr Ihr gemeinsames Highlight.  <\/p>\n<\/section>\n\n<section class=\"wp-block-group page-maillage has-global-padding is-layout-constrained wp-block-group-is-layout-constrained\" style=\"padding-top:10rem;padding-bottom:10rem\">\n<div class=\"wp-block-group title-page-maillage has-global-padding is-layout-constrained wp-block-group-is-layout-constrained\" style=\"margin-bottom:var(--wp--preset--spacing--40);line-height:0.8\">\n<p class=\"has-text-align-center has-text-color has-link-color has-pl-miamo-semibold-font-family wp-elements-509d553653d15f5b0471bbeb14cc0dd6\" style=\"color:#d9ae89;font-size:clamp(20.515px, 1.282rem + ((1vw - 3.2px) * 1.058), 33px);\">Entdecken Sie unsere Dienstleistungen<\/p>\n\n\n\n<p class=\"has-text-align-center has-custom-color-1-color has-text-color has-link-color has-pl-miamo-semibold-font-family wp-elements-126cedbf4ba67f57eef5121d3bb4034c\" style=\"font-size:clamp(29.303px, 1.831rem + ((1vw - 3.2px) * 1.839), 51px);text-transform:uppercase\">und Infrastrukturen<\/p>\n<\/div>\n\n\n\n<div data-wp-context=\"{}\" data-wp-interactive=\"core\/query\" data-wp-key=\"1\" data-wp-router-region=\"query-1\" class=\"wp-block-query alignwide gt-fse-maillage-query is-layout-flow wp-block-query-is-layout-flow\"><ul class=\"columns-3 wp-block-post-template is-layout-grid wp-container-core-post-template-is-layout-6d3fbd8f wp-block-post-template-is-layout-grid\"><li data-wp-key=\"post-template-item-32645\" class=\"wp-block-post post-32645 page type-page status-publish has-post-thumbnail hentry\">\n<figure class=\"wp-block-post-featured-image\"><img decoding=\"async\" width=\"1920\" height=\"1280\" src=\"https:\/\/www.camping-carolins.com\/wp-content\/uploads\/2025\/06\/cta-bar-restaurant-port-bail-sur-mer.jpg\" class=\"attachment-full size-full wp-post-image\" alt=\"Bar-Restaurant Port bail sur mer\" style=\"object-fit:cover;\" srcset=\"https:\/\/www.camping-carolins.com\/wp-content\/uploads\/2025\/06\/cta-bar-restaurant-port-bail-sur-mer.jpg 1920w, https:\/\/www.camping-carolins.com\/wp-content\/uploads\/2025\/06\/cta-bar-restaurant-port-bail-sur-mer-300x200.jpg 300w, https:\/\/www.camping-carolins.com\/wp-content\/uploads\/2025\/06\/cta-bar-restaurant-port-bail-sur-mer-1024x683.jpg 1024w, https:\/\/www.camping-carolins.com\/wp-content\/uploads\/2025\/06\/cta-bar-restaurant-port-bail-sur-mer-768x512.jpg 768w, https:\/\/www.camping-carolins.com\/wp-content\/uploads\/2025\/06\/cta-bar-restaurant-port-bail-sur-mer-1536x1024.jpg 1536w\" sizes=\"(max-width: 1920px) 100vw, 1920px\" \/><span class=\"wp-block-post-featured-image__overlay has-background-dim has-background-dim-40 has-custom-color-5-background-color\" style=\"\" aria-hidden=\"true\"><\/span><\/figure>\n\n\n<p class=\"maillage-title has-pl-miamo-medium-font-family\" style=\"font-size:clamp(14px, 0.875rem + ((1vw - 3.2px) * 0.508), 20px);letter-spacing:10px;text-transform:uppercase\">Bar-Restaurant : Le B17<\/p>\n\n\n<a class=\"is-style-lien-cover wp-block-read-more\" href=\"https:\/\/www.camping-carolins.com\/de\/bar-gaststaette-port-bail-sur-mer\/\" target=\"_self\">Weiterlesen<span class=\"screen-reader-text\">: Bar-Restaurant : Le B17<\/span><\/a>\n<\/li><li data-wp-key=\"post-template-item-32732\" class=\"wp-block-post post-32732 page type-page status-publish has-post-thumbnail hentry\">\n<figure class=\"wp-block-post-featured-image\"><img decoding=\"async\" width=\"2000\" height=\"1333\" src=\"https:\/\/www.camping-carolins.com\/wp-content\/uploads\/2025\/05\/camping-piscine-cotentin.jpg\" class=\"attachment-full size-full wp-post-image\" alt=\"campingplatz swimmingpool cotentin\" style=\"object-fit:cover;\" srcset=\"https:\/\/www.camping-carolins.com\/wp-content\/uploads\/2025\/05\/camping-piscine-cotentin.jpg 2000w, https:\/\/www.camping-carolins.com\/wp-content\/uploads\/2025\/05\/camping-piscine-cotentin-300x200.jpg 300w, https:\/\/www.camping-carolins.com\/wp-content\/uploads\/2025\/05\/camping-piscine-cotentin-1024x682.jpg 1024w, https:\/\/www.camping-carolins.com\/wp-content\/uploads\/2025\/05\/camping-piscine-cotentin-768x512.jpg 768w, https:\/\/www.camping-carolins.com\/wp-content\/uploads\/2025\/05\/camping-piscine-cotentin-1536x1024.jpg 1536w\" sizes=\"(max-width: 2000px) 100vw, 2000px\" \/><span class=\"wp-block-post-featured-image__overlay has-background-dim has-background-dim-40 has-custom-color-5-background-color\" style=\"\" aria-hidden=\"true\"><\/span><\/figure>\n\n\n<p class=\"maillage-title has-pl-miamo-medium-font-family\" style=\"font-size:clamp(14px, 0.875rem + ((1vw - 3.2px) * 0.508), 20px);letter-spacing:10px;text-transform:uppercase\">Swimmingpool<\/p>\n\n\n<a class=\"is-style-lien-cover wp-block-read-more\" href=\"https:\/\/www.camping-carolins.com\/de\/campingplatz-beheiztes-schwimmbad-port-bail-sur-mer\/\" target=\"_self\">Weiterlesen<span class=\"screen-reader-text\">: Swimmingpool<\/span><\/a>\n<\/li><li data-wp-key=\"post-template-item-33401\" class=\"wp-block-post post-33401 page type-page status-publish has-post-thumbnail hentry\">\n<figure class=\"wp-block-post-featured-image\"><img decoding=\"async\" width=\"1920\" height=\"1280\" src=\"https:\/\/www.camping-carolins.com\/wp-content\/uploads\/2025\/06\/carolins-camping-services-port-bail-sur-mer-1.jpg\" class=\"attachment-full size-full wp-post-image\" alt=\"carolins camping services port bail sur mer\" style=\"object-fit:cover;\" srcset=\"https:\/\/www.camping-carolins.com\/wp-content\/uploads\/2025\/06\/carolins-camping-services-port-bail-sur-mer-1.jpg 1920w, https:\/\/www.camping-carolins.com\/wp-content\/uploads\/2025\/06\/carolins-camping-services-port-bail-sur-mer-1-300x200.jpg 300w, https:\/\/www.camping-carolins.com\/wp-content\/uploads\/2025\/06\/carolins-camping-services-port-bail-sur-mer-1-1024x683.jpg 1024w, https:\/\/www.camping-carolins.com\/wp-content\/uploads\/2025\/06\/carolins-camping-services-port-bail-sur-mer-1-768x512.jpg 768w, https:\/\/www.camping-carolins.com\/wp-content\/uploads\/2025\/06\/carolins-camping-services-port-bail-sur-mer-1-1536x1024.jpg 1536w\" sizes=\"(max-width: 1920px) 100vw, 1920px\" \/><span class=\"wp-block-post-featured-image__overlay has-background-dim has-background-dim-40 has-custom-color-5-background-color\" style=\"\" aria-hidden=\"true\"><\/span><\/figure>\n\n\n<p class=\"maillage-title has-pl-miamo-medium-font-family\" style=\"font-size:clamp(14px, 0.875rem + ((1vw - 3.2px) * 0.508), 20px);letter-spacing:10px;text-transform:uppercase\">Dienste<\/p>\n\n\n<a class=\"is-style-lien-cover wp-block-read-more\" href=\"https:\/\/www.camping-carolins.com\/de\/campingplatz-dienstleistungen-port-bail-sur-mer\/\" target=\"_self\">Weiterlesen<span class=\"screen-reader-text\">: Dienstleistungen<\/span><\/a>\n<\/li><\/ul><\/div>\n<\/section>\n","protected":false},"excerpt":{"rendered":"<p>Camping f\u00fcr Gruppen in der Cotentin Familienfeier oder Seminar? W\u00e4hlen Sie unseren Campingplatz (Die Unterkunft kann bis zu 120 Personen aufnehmen). Unser Campingplatz im Cotentin empf\u00e4ngt Sie am Meer in einer nat\u00fcrlichen Umgebung, in der N\u00e4he des GR223, von Port-Bail-sur-Mer und an der C\u00f4te des Isles zwischen Mont-Saint-Michel und Cherbourg gelegen. M\u00f6glichkeit, Ihre Animationen oder [&hellip;]<\/p>\n","protected":false},"author":1,"featured_media":32341,"parent":0,"menu_order":0,"comment_status":"closed","ping_status":"closed","template":"","meta":{"_acf_changed":false,"_seopress_robots_primary_cat":"","_seopress_titles_title":"Campingplatz Gruppe Cotentin I Ihre Veranstaltung in Port-Bail-sur-Mer","_seopress_titles_desc":"Organisieren Sie Ihre Veranstaltung auf dem Campingplatz am Meer in der Region Cotentin. Unterk\u00fcnfte f\u00fcr bis zu 120 Personen, verschiedene Aktivit\u00e4ten. Ideal f\u00fcr Seminare und Familienaufenthalte.  ","_seopress_robots_index":"","_gt_ctv_global_id":"","_gt_ctv_id_group":false,"inline_featured_image":false,"gt_fse_maillage_image":"https:\/\/www.camping-carolins.com\/wp-content\/uploads\/2025\/06\/camping-groupe-port-bail-sur-mer.jpg","gt_fse_maillage_titre":"Empfang von Gruppen","gt_fse_maillage_alt":"Empfang von Gruppen","gt_fse_maillage_resume":"","footnotes":""},"categories":[],"tags":[],"class_list":["post-32339","page","type-page","status-publish","has-post-thumbnail","hentry"],"acf":[],"_links":{"self":[{"href":"https:\/\/www.camping-carolins.com\/de\/wp-json\/wp\/v2\/pages\/32339","targetHints":{"allow":["GET"]}}],"collection":[{"href":"https:\/\/www.camping-carolins.com\/de\/wp-json\/wp\/v2\/pages"}],"about":[{"href":"https:\/\/www.camping-carolins.com\/de\/wp-json\/wp\/v2\/types\/page"}],"author":[{"embeddable":true,"href":"https:\/\/www.camping-carolins.com\/de\/wp-json\/wp\/v2\/users\/1"}],"replies":[{"embeddable":true,"href":"https:\/\/www.camping-carolins.com\/de\/wp-json\/wp\/v2\/comments?post=32339"}],"version-history":[{"count":6,"href":"https:\/\/www.camping-carolins.com\/de\/wp-json\/wp\/v2\/pages\/32339\/revisions"}],"predecessor-version":[{"id":39305,"href":"https:\/\/www.camping-carolins.com\/de\/wp-json\/wp\/v2\/pages\/32339\/revisions\/39305"}],"wp:featuredmedia":[{"embeddable":true,"href":"https:\/\/www.camping-carolins.com\/de\/wp-json\/wp\/v2\/media\/32341"}],"wp:attachment":[{"href":"https:\/\/www.camping-carolins.com\/de\/wp-json\/wp\/v2\/media?parent=32339"}],"wp:term":[{"taxonomy":"category","embeddable":true,"href":"https:\/\/www.camping-carolins.com\/de\/wp-json\/wp\/v2\/categories?post=32339"},{"taxonomy":"post_tag","embeddable":true,"href":"https:\/\/www.camping-carolins.com\/de\/wp-json\/wp\/v2\/tags?post=32339"}],"curies":[{"name":"wp","href":"https:\/\/api.w.org\/{rel}","templated":true}]}}