{"id":32708,"date":"2025-05-15T16:59:14","date_gmt":"2025-05-15T14:59:14","guid":{"rendered":"https:\/\/www.camping-carolins.com\/location-emplacement-port-bail-sur-mer-2\/"},"modified":"2025-12-03T16:17:50","modified_gmt":"2025-12-03T15:17:50","slug":"stellplatzvermietung-port-bail-sur-mer","status":"publish","type":"page","link":"https:\/\/www.camping-carolins.com\/de\/stellplatzvermietung-port-bail-sur-mer\/","title":{"rendered":"Stellpl\u00e4tze"},"content":{"rendered":"\n<section class=\"wp-block-group page-first has-custom-color-1-background-color has-background has-global-padding is-layout-constrained wp-block-group-is-layout-constrained\" style=\"padding-top:var(--wp--preset--spacing--30);padding-bottom:var(--wp--preset--spacing--30)\"><\/section>\n\n<div class=\"wp-block-group page-hebergement has-global-padding is-layout-constrained wp-container-core-group-is-layout-63624b25 wp-block-group-is-layout-constrained\" style=\"padding-top:6rem;padding-right:0;padding-left:0px\">\n<div class=\"wp-block-group groupe-title has-global-padding is-layout-constrained wp-block-group-is-layout-constrained\">\n<h1 class=\"wp-block-heading has-text-align-center has-custom-color-1-color has-text-color has-link-color wp-elements-82dbf623efc4a8b7d5944c5b4c6e0e5b\"><strong>Stellplatzvermietung<\/strong> in Basse-Normandie<\/h1>\n\n\n\n<div class=\"wp-block-group title-img is-layout-flow wp-block-group-is-layout-flow\">\n<figure class=\"wp-block-image aligncenter size-full\"><img decoding=\"async\" width=\"23\" height=\"22\" src=\"https:\/\/www.camping-carolins.com\/wp-content\/uploads\/2025\/05\/Calque_2-1.svg\" alt=\"vermietung von mobilheimen cotentin\" class=\"wp-image-101\"\/><\/figure>\n<\/div>\n<\/div>\n\n\n\n<div class=\"wp-block-group alignwide is-layout-flow wp-block-group-is-layout-flow\" style=\"padding-right:var(--wp--preset--spacing--50);padding-left:var(--wp--preset--spacing--50)\">\n<div data-wp-context=\"{}\" data-wp-interactive=\"core\/query\" data-wp-key=\"2\" data-wp-router-region=\"query-2\" class=\"wp-block-query alignwide gt-fse-hebergements is-layout-flow wp-block-query-is-layout-flow gt-fse-widgets-ctv-open-product\"><ul class=\"columns-2 wp-block-post-template is-layout-grid wp-container-core-post-template-is-layout-02493678 wp-block-post-template-is-layout-grid gt-fse-widgets-ctv-open-product\"><li data-gt-Thelis-product-id=\"\" data-gt-bathrooms=\"\" data-gt-campings=\"\" data-gt-capacities=\"\" data-gt-ctv-product-id=\"149229\" data-gt-gammes=\"\" data-gt-options=\"\" data-gt-rooms=\"\" data-gt-superficies=\"210\" data-gt-types=\"136\" data-wp-key=\"post-template-item-112998\" class=\"wp-block-post post-112998 hebergement type-hebergement status-publish hentry gt-hebergements-types-emplacements gt-hebergements-superficie-210 gt-fse-widgets-ctv-open-product\">\n\n\n\n<div class=\"wp-block-group groupe-title has-global-padding is-layout-constrained wp-block-group-is-layout-constrained gt-fse-widgets-ctv-open-product\">\n<p class=\"has-text-align-center has-custom-color-1-color has-text-color has-link-color has-pl-miamo-medium-font-family wp-elements-09c7c8ede681f5d547f79fb3c43ab45a gt-fse-widgets-ctv-open-product\" style=\"font-size:clamp(14px, 0.875rem + ((1vw - 3.2px) * 0.339), 18px);\">Forfait Premium &#8211; Individuelle Sanit\u00e4ranlage- 80m2- 1 Zelt, Wohnwagen oder Wohnmobil + 2 Personen &#8211; Strom inbegriffen<\/p>\n\n\n\n<div class=\"wp-block-group title-img is-layout-flow wp-block-group-is-layout-flow gt-fse-widgets-ctv-open-product\">\n<figure class=\"wp-block-image aligncenter size-full gt-fse-widgets-ctv-open-product\"><img decoding=\"async\" width=\"23\" height=\"22\" src=\"https:\/\/www.camping-carolins.com\/wp-content\/uploads\/2025\/05\/Calque_2-1.svg\" alt=\"Ebene_2 (1)\" class=\"wp-image-101 gt-fse-widgets-ctv-open-product\"\/><\/figure>\n<\/div>\n<\/div>\n\n\n\n<div class=\"wp-block-group is-content-justification-center is-nowrap is-layout-flex wp-container-core-group-is-layout-23441af8 wp-block-group-is-layout-flex gt-fse-widgets-ctv-open-product\">\n<div class=\"wp-block-group info-hebergement is-vertical is-content-justification-center is-layout-flex wp-container-core-group-is-layout-ce155fab wp-block-group-is-layout-flex gt-fse-widgets-ctv-open-product\">\n<div class=\"wp-block-group is-nowrap is-layout-flex wp-container-core-group-is-layout-4b0a85f0 wp-block-group-is-layout-flex gt-fse-widgets-ctv-open-product\">\n\n\n<p class=\"has-custom-color-1-color has-text-color has-link-color has-pl-miamo-font-family has-small-font-size wp-elements-d4b8c5663a379995781a3389b460d342 gt-fse-widgets-ctv-open-product\">Pers.<\/p>\n<\/div>\n\n\n\n<figure class=\"wp-block-image size-full is-resized gt-fse-widgets-ctv-open-product\"><img decoding=\"async\" src=\"https:\/\/www.camping-carolins.com\/wp-content\/uploads\/2025\/05\/utilisateur.svg\" alt=\"Benutzer\" class=\"wp-image-719 gt-fse-widgets-ctv-open-product\" style=\"width:30px\"\/><\/figure>\n<\/div>\n\n\n\n<div class=\"wp-block-group info-hebergement is-vertical is-content-justification-center is-layout-flex wp-container-core-group-is-layout-ce155fab wp-block-group-is-layout-flex gt-fse-widgets-ctv-open-product\">\n<div class=\"wp-block-group is-nowrap is-layout-flex wp-container-core-group-is-layout-4b0a85f0 wp-block-group-is-layout-flex gt-fse-widgets-ctv-open-product\">\n\n\n<p class=\"has-custom-color-1-color has-text-color has-link-color has-pl-miamo-font-family has-small-font-size wp-elements-e2fb2348fef2e97c283f5a4aa8f9f4af gt-fse-widgets-ctv-open-product\">Zmr<\/p>\n<\/div>\n\n\n\n<figure class=\"wp-block-image size-full is-resized gt-fse-widgets-ctv-open-product\"><img decoding=\"async\" width=\"512\" height=\"512\" src=\"https:\/\/www.camping-carolins.com\/wp-content\/uploads\/2025\/05\/lit-double-1.svg\" alt=\"Doppelbett (1)\" class=\"wp-image-721 gt-fse-widgets-ctv-open-product\" style=\"width:30px\"\/><\/figure>\n<\/div>\n\n\n\n<div class=\"wp-block-group info-hebergement is-vertical is-content-justification-center is-layout-flex wp-container-core-group-is-layout-ce155fab wp-block-group-is-layout-flex gt-fse-widgets-ctv-open-product\">\n<div class=\"wp-block-group is-nowrap is-layout-flex wp-container-core-group-is-layout-4b0a85f0 wp-block-group-is-layout-flex gt-fse-widgets-ctv-open-product\">\n\n\n<p class=\"has-custom-color-1-color has-text-color has-link-color has-pl-miamo-font-family has-small-font-size wp-elements-b47f170cbfe49a7547aa90abd171823b gt-fse-widgets-ctv-open-product\">WC\/Bdzmr<\/p>\n<\/div>\n\n\n\n<figure class=\"wp-block-image size-full is-resized gt-fse-widgets-ctv-open-product\"><img decoding=\"async\" width=\"512\" height=\"512\" src=\"https:\/\/www.camping-carolins.com\/wp-content\/uploads\/2025\/05\/douche-1.svg\" alt=\"Dusche (1)\" class=\"wp-image-722 gt-fse-widgets-ctv-open-product\" style=\"width:30px\"\/><\/figure>\n<\/div>\n\n\n\n<div class=\"wp-block-group info-hebergement is-vertical is-content-justification-center is-layout-flex wp-container-core-group-is-layout-ce155fab wp-block-group-is-layout-flex gt-fse-widgets-ctv-open-product\">\n<div class=\"wp-block-group is-nowrap is-layout-flex wp-container-core-group-is-layout-4b0a85f0 wp-block-group-is-layout-flex gt-fse-widgets-ctv-open-product\"><div class=\"taxonomy-gt-hebergements-superficie has-link-color wp-elements-509f41ff01c2a468c32ae24933d9a8e4 wp-block-post-terms has-text-color has-custom-color-1-color has-pl-miamo-font-family gt-fse-widgets-ctv-open-product\"><span class=\"gt-fse-widgets-ctv-open-product\">80<\/span><\/div>\n\n\n<p class=\"has-custom-color-1-color has-text-color has-link-color has-pl-miamo-font-family has-small-font-size wp-elements-24253458f7449c62a549dddb98fc4d4d gt-fse-widgets-ctv-open-product\">m\u00b2<\/p>\n<\/div>\n\n\n\n<figure class=\"wp-block-image size-full is-resized gt-fse-widgets-ctv-open-product\"><img decoding=\"async\" width=\"512\" height=\"512\" src=\"https:\/\/www.camping-carolins.com\/wp-content\/uploads\/2025\/05\/surface.svg\" alt=\"Oberfl&#xE4;che\" class=\"wp-image-720 gt-fse-widgets-ctv-open-product\" style=\"width:30px\"\/><\/figure>\n<\/div>\n<\/div>\n\n\n<a class=\"is-style-lien-cover wp-block-read-more gt-fse-widgets-ctv-open-product\" href=\"https:\/\/www.camping-carolins.com\/de\/hebergement\/forfait-premium-bloc-sanitaire-individuel-80m2-1-tente-caravane-ou-camping-car-2-personnes-electricite-incluse\/\" target=\"_blank\">Weiterlesen<span class=\"screen-reader-text gt-fse-widgets-ctv-open-product\">: Forfait Premium &#8211; Individuelle Sanit\u00e4ranlage- 80m2- 1 Zelt, Wohnwagen oder Wohnmobil + 2 Personen &#8211; Strom inbegriffen<\/span><\/a>\n<\/li><li data-gt-Thelis-product-id=\"\" data-gt-bathrooms=\"\" data-gt-campings=\"\" data-gt-capacities=\"116\" data-gt-ctv-product-id=\"131280\" data-gt-gammes=\"\" data-gt-options=\"\" data-gt-rooms=\"\" data-gt-superficies=\"42\" data-gt-types=\"136\" data-wp-key=\"post-template-item-34057\" class=\"wp-block-post post-34057 hebergement type-hebergement status-publish has-post-thumbnail hentry gt-hebergements-types-emplacements gt-hebergements-nombre-personnes-116 gt-hebergements-superficie-42 gt-fse-widgets-ctv-open-product\">\n<figure class=\"hebergement-featured-image wp-block-post-featured-image gt-fse-widgets-ctv-open-product\"><img decoding=\"async\" width=\"2016\" height=\"1512\" src=\"https:\/\/www.camping-carolins.com\/wp-content\/uploads\/2025\/05\/camping-car.jpg\" class=\"attachment-full size-full wp-post-image gt-fse-widgets-ctv-open-product\" alt=\"\" style=\"object-fit:cover;\" srcset=\"https:\/\/www.camping-carolins.com\/wp-content\/uploads\/2025\/05\/camping-car.jpg 2016w, https:\/\/www.camping-carolins.com\/wp-content\/uploads\/2025\/05\/camping-car-300x225.jpg 300w, https:\/\/www.camping-carolins.com\/wp-content\/uploads\/2025\/05\/camping-car-1024x768.jpg 1024w, https:\/\/www.camping-carolins.com\/wp-content\/uploads\/2025\/05\/camping-car-768x576.jpg 768w, https:\/\/www.camping-carolins.com\/wp-content\/uploads\/2025\/05\/camping-car-1536x1152.jpg 1536w\" sizes=\"(max-width: 2016px) 100vw, 2016px\" \/><\/figure>\n\n\n<div class=\"wp-block-group groupe-title has-global-padding is-layout-constrained wp-block-group-is-layout-constrained gt-fse-widgets-ctv-open-product\">\n<p class=\"has-text-align-center has-custom-color-1-color has-text-color has-link-color has-pl-miamo-medium-font-family wp-elements-09c7c8ede681f5d547f79fb3c43ab45a gt-fse-widgets-ctv-open-product\" style=\"font-size:clamp(14px, 0.875rem + ((1vw - 3.2px) * 0.339), 18px);\">Forfait Randonneur &#8211; Stellplatz + Zelt + 1 Person &#8211; Kein Strom<\/p>\n\n\n\n<div class=\"wp-block-group title-img is-layout-flow wp-block-group-is-layout-flow gt-fse-widgets-ctv-open-product\">\n<figure class=\"wp-block-image aligncenter size-full gt-fse-widgets-ctv-open-product\"><img decoding=\"async\" width=\"23\" height=\"22\" src=\"https:\/\/www.camping-carolins.com\/wp-content\/uploads\/2025\/05\/Calque_2-1.svg\" alt=\"Ebene_2 (1)\" class=\"wp-image-101 gt-fse-widgets-ctv-open-product\"\/><\/figure>\n<\/div>\n<\/div>\n\n\n\n<div class=\"wp-block-group is-content-justification-center is-nowrap is-layout-flex wp-container-core-group-is-layout-23441af8 wp-block-group-is-layout-flex gt-fse-widgets-ctv-open-product\">\n<div class=\"wp-block-group info-hebergement is-vertical is-content-justification-center is-layout-flex wp-container-core-group-is-layout-ce155fab wp-block-group-is-layout-flex gt-fse-widgets-ctv-open-product\">\n<div class=\"wp-block-group is-nowrap is-layout-flex wp-container-core-group-is-layout-4b0a85f0 wp-block-group-is-layout-flex gt-fse-widgets-ctv-open-product\"><div class=\"taxonomy-gt-hebergements-nombre-personnes has-link-color wp-elements-7fd33be752484661bf91943a4b633676 wp-block-post-terms has-text-color has-custom-color-1-color has-pl-miamo-font-family gt-fse-widgets-ctv-open-product\"><span class=\"gt-fse-widgets-ctv-open-product\">1<\/span><\/div>\n\n\n<p class=\"has-custom-color-1-color has-text-color has-link-color has-pl-miamo-font-family has-small-font-size wp-elements-d4b8c5663a379995781a3389b460d342 gt-fse-widgets-ctv-open-product\">Pers.<\/p>\n<\/div>\n\n\n\n<figure class=\"wp-block-image size-full is-resized gt-fse-widgets-ctv-open-product\"><img decoding=\"async\" src=\"https:\/\/www.camping-carolins.com\/wp-content\/uploads\/2025\/05\/utilisateur.svg\" alt=\"Benutzer\" class=\"wp-image-719 gt-fse-widgets-ctv-open-product\" style=\"width:30px\"\/><\/figure>\n<\/div>\n\n\n\n<div class=\"wp-block-group info-hebergement is-vertical is-content-justification-center is-layout-flex wp-container-core-group-is-layout-ce155fab wp-block-group-is-layout-flex gt-fse-widgets-ctv-open-product\">\n<div class=\"wp-block-group is-nowrap is-layout-flex wp-container-core-group-is-layout-4b0a85f0 wp-block-group-is-layout-flex gt-fse-widgets-ctv-open-product\">\n\n\n<p class=\"has-custom-color-1-color has-text-color has-link-color has-pl-miamo-font-family has-small-font-size wp-elements-e2fb2348fef2e97c283f5a4aa8f9f4af gt-fse-widgets-ctv-open-product\">Zmr<\/p>\n<\/div>\n\n\n\n<figure class=\"wp-block-image size-full is-resized gt-fse-widgets-ctv-open-product\"><img decoding=\"async\" width=\"512\" height=\"512\" src=\"https:\/\/www.camping-carolins.com\/wp-content\/uploads\/2025\/05\/lit-double-1.svg\" alt=\"Doppelbett (1)\" class=\"wp-image-721 gt-fse-widgets-ctv-open-product\" style=\"width:30px\"\/><\/figure>\n<\/div>\n\n\n\n<div class=\"wp-block-group info-hebergement is-vertical is-content-justification-center is-layout-flex wp-container-core-group-is-layout-ce155fab wp-block-group-is-layout-flex gt-fse-widgets-ctv-open-product\">\n<div class=\"wp-block-group is-nowrap is-layout-flex wp-container-core-group-is-layout-4b0a85f0 wp-block-group-is-layout-flex gt-fse-widgets-ctv-open-product\">\n\n\n<p class=\"has-custom-color-1-color has-text-color has-link-color has-pl-miamo-font-family has-small-font-size wp-elements-b47f170cbfe49a7547aa90abd171823b gt-fse-widgets-ctv-open-product\">WC\/Bdzmr<\/p>\n<\/div>\n\n\n\n<figure class=\"wp-block-image size-full is-resized gt-fse-widgets-ctv-open-product\"><img decoding=\"async\" width=\"512\" height=\"512\" src=\"https:\/\/www.camping-carolins.com\/wp-content\/uploads\/2025\/05\/douche-1.svg\" alt=\"Dusche (1)\" class=\"wp-image-722 gt-fse-widgets-ctv-open-product\" style=\"width:30px\"\/><\/figure>\n<\/div>\n\n\n\n<div class=\"wp-block-group info-hebergement is-vertical is-content-justification-center is-layout-flex wp-container-core-group-is-layout-ce155fab wp-block-group-is-layout-flex gt-fse-widgets-ctv-open-product\">\n<div class=\"wp-block-group is-nowrap is-layout-flex wp-container-core-group-is-layout-4b0a85f0 wp-block-group-is-layout-flex gt-fse-widgets-ctv-open-product\"><div class=\"taxonomy-gt-hebergements-superficie has-link-color wp-elements-509f41ff01c2a468c32ae24933d9a8e4 wp-block-post-terms has-text-color has-custom-color-1-color has-pl-miamo-font-family gt-fse-widgets-ctv-open-product\"><span class=\"gt-fse-widgets-ctv-open-product\">100<\/span><\/div>\n\n\n<p class=\"has-custom-color-1-color has-text-color has-link-color has-pl-miamo-font-family has-small-font-size wp-elements-24253458f7449c62a549dddb98fc4d4d gt-fse-widgets-ctv-open-product\">m\u00b2<\/p>\n<\/div>\n\n\n\n<figure class=\"wp-block-image size-full is-resized gt-fse-widgets-ctv-open-product\"><img decoding=\"async\" width=\"512\" height=\"512\" src=\"https:\/\/www.camping-carolins.com\/wp-content\/uploads\/2025\/05\/surface.svg\" alt=\"Oberfl&#xE4;che\" class=\"wp-image-720 gt-fse-widgets-ctv-open-product\" style=\"width:30px\"\/><\/figure>\n<\/div>\n<\/div>\n\n\n<a class=\"is-style-lien-cover wp-block-read-more gt-fse-widgets-ctv-open-product\" href=\"https:\/\/www.camping-carolins.com\/de\/hebergement\/wanderer-pauschale-zeltplatz-fuer-1-person-ohne-stromanschluss\/\" target=\"_blank\">Weiterlesen<span class=\"screen-reader-text gt-fse-widgets-ctv-open-product\">: Forfait Randonneur &#8211; Stellplatz + Zelt + 1 Person &#8211; Kein Strom<\/span><\/a>\n<\/li><li data-gt-Thelis-product-id=\"\" data-gt-bathrooms=\"\" data-gt-campings=\"\" data-gt-capacities=\"117\" data-gt-ctv-product-id=\"131281\" data-gt-gammes=\"\" data-gt-options=\"\" data-gt-rooms=\"\" data-gt-superficies=\"42\" data-gt-types=\"136\" data-wp-key=\"post-template-item-34070\" class=\"wp-block-post post-34070 hebergement type-hebergement status-publish has-post-thumbnail hentry gt-hebergements-types-emplacements gt-hebergements-nombre-personnes-117 gt-hebergements-superficie-42 gt-fse-widgets-ctv-open-product\">\n<figure class=\"hebergement-featured-image wp-block-post-featured-image gt-fse-widgets-ctv-open-product\"><img decoding=\"async\" width=\"793\" height=\"564\" src=\"https:\/\/www.camping-carolins.com\/wp-content\/uploads\/2025\/05\/sanit-04.jpg\" class=\"attachment-full size-full wp-post-image gt-fse-widgets-ctv-open-product\" alt=\"individuelle Sanit\u00e4ranlagen\" style=\"object-fit:cover;\" srcset=\"https:\/\/www.camping-carolins.com\/wp-content\/uploads\/2025\/05\/sanit-04.jpg 793w, https:\/\/www.camping-carolins.com\/wp-content\/uploads\/2025\/05\/sanit-04-300x213.jpg 300w, https:\/\/www.camping-carolins.com\/wp-content\/uploads\/2025\/05\/sanit-04-768x546.jpg 768w\" sizes=\"(max-width: 793px) 100vw, 793px\" \/><\/figure>\n\n\n<div class=\"wp-block-group groupe-title has-global-padding is-layout-constrained wp-block-group-is-layout-constrained gt-fse-widgets-ctv-open-product\">\n<p class=\"has-text-align-center has-custom-color-1-color has-text-color has-link-color has-pl-miamo-medium-font-family wp-elements-09c7c8ede681f5d547f79fb3c43ab45a gt-fse-widgets-ctv-open-product\" style=\"font-size:clamp(14px, 0.875rem + ((1vw - 3.2px) * 0.339), 18px);\">Forfait Confort &#8211; 1 Zelt, Wohnwagen oder Wohnmobil + 2 Personen + Strom<\/p>\n\n\n\n<div class=\"wp-block-group title-img is-layout-flow wp-block-group-is-layout-flow gt-fse-widgets-ctv-open-product\">\n<figure class=\"wp-block-image aligncenter size-full gt-fse-widgets-ctv-open-product\"><img decoding=\"async\" width=\"23\" height=\"22\" src=\"https:\/\/www.camping-carolins.com\/wp-content\/uploads\/2025\/05\/Calque_2-1.svg\" alt=\"Ebene_2 (1)\" class=\"wp-image-101 gt-fse-widgets-ctv-open-product\"\/><\/figure>\n<\/div>\n<\/div>\n\n\n\n<div class=\"wp-block-group is-content-justification-center is-nowrap is-layout-flex wp-container-core-group-is-layout-23441af8 wp-block-group-is-layout-flex gt-fse-widgets-ctv-open-product\">\n<div class=\"wp-block-group info-hebergement is-vertical is-content-justification-center is-layout-flex wp-container-core-group-is-layout-ce155fab wp-block-group-is-layout-flex gt-fse-widgets-ctv-open-product\">\n<div class=\"wp-block-group is-nowrap is-layout-flex wp-container-core-group-is-layout-4b0a85f0 wp-block-group-is-layout-flex gt-fse-widgets-ctv-open-product\"><div class=\"taxonomy-gt-hebergements-nombre-personnes has-link-color wp-elements-7fd33be752484661bf91943a4b633676 wp-block-post-terms has-text-color has-custom-color-1-color has-pl-miamo-font-family gt-fse-widgets-ctv-open-product\"><span class=\"gt-fse-widgets-ctv-open-product\">2<\/span><\/div>\n\n\n<p class=\"has-custom-color-1-color has-text-color has-link-color has-pl-miamo-font-family has-small-font-size wp-elements-d4b8c5663a379995781a3389b460d342 gt-fse-widgets-ctv-open-product\">Pers.<\/p>\n<\/div>\n\n\n\n<figure class=\"wp-block-image size-full is-resized gt-fse-widgets-ctv-open-product\"><img decoding=\"async\" src=\"https:\/\/www.camping-carolins.com\/wp-content\/uploads\/2025\/05\/utilisateur.svg\" alt=\"Benutzer\" class=\"wp-image-719 gt-fse-widgets-ctv-open-product\" style=\"width:30px\"\/><\/figure>\n<\/div>\n\n\n\n<div class=\"wp-block-group info-hebergement is-vertical is-content-justification-center is-layout-flex wp-container-core-group-is-layout-ce155fab wp-block-group-is-layout-flex gt-fse-widgets-ctv-open-product\">\n<div class=\"wp-block-group is-nowrap is-layout-flex wp-container-core-group-is-layout-4b0a85f0 wp-block-group-is-layout-flex gt-fse-widgets-ctv-open-product\">\n\n\n<p class=\"has-custom-color-1-color has-text-color has-link-color has-pl-miamo-font-family has-small-font-size wp-elements-e2fb2348fef2e97c283f5a4aa8f9f4af gt-fse-widgets-ctv-open-product\">Zmr<\/p>\n<\/div>\n\n\n\n<figure class=\"wp-block-image size-full is-resized gt-fse-widgets-ctv-open-product\"><img decoding=\"async\" width=\"512\" height=\"512\" src=\"https:\/\/www.camping-carolins.com\/wp-content\/uploads\/2025\/05\/lit-double-1.svg\" alt=\"Doppelbett (1)\" class=\"wp-image-721 gt-fse-widgets-ctv-open-product\" style=\"width:30px\"\/><\/figure>\n<\/div>\n\n\n\n<div class=\"wp-block-group info-hebergement is-vertical is-content-justification-center is-layout-flex wp-container-core-group-is-layout-ce155fab wp-block-group-is-layout-flex gt-fse-widgets-ctv-open-product\">\n<div class=\"wp-block-group is-nowrap is-layout-flex wp-container-core-group-is-layout-4b0a85f0 wp-block-group-is-layout-flex gt-fse-widgets-ctv-open-product\">\n\n\n<p class=\"has-custom-color-1-color has-text-color has-link-color has-pl-miamo-font-family has-small-font-size wp-elements-b47f170cbfe49a7547aa90abd171823b gt-fse-widgets-ctv-open-product\">WC\/Bdzmr<\/p>\n<\/div>\n\n\n\n<figure class=\"wp-block-image size-full is-resized gt-fse-widgets-ctv-open-product\"><img decoding=\"async\" width=\"512\" height=\"512\" src=\"https:\/\/www.camping-carolins.com\/wp-content\/uploads\/2025\/05\/douche-1.svg\" alt=\"Dusche (1)\" class=\"wp-image-722 gt-fse-widgets-ctv-open-product\" style=\"width:30px\"\/><\/figure>\n<\/div>\n\n\n\n<div class=\"wp-block-group info-hebergement is-vertical is-content-justification-center is-layout-flex wp-container-core-group-is-layout-ce155fab wp-block-group-is-layout-flex gt-fse-widgets-ctv-open-product\">\n<div class=\"wp-block-group is-nowrap is-layout-flex wp-container-core-group-is-layout-4b0a85f0 wp-block-group-is-layout-flex gt-fse-widgets-ctv-open-product\"><div class=\"taxonomy-gt-hebergements-superficie has-link-color wp-elements-509f41ff01c2a468c32ae24933d9a8e4 wp-block-post-terms has-text-color has-custom-color-1-color has-pl-miamo-font-family gt-fse-widgets-ctv-open-product\"><span class=\"gt-fse-widgets-ctv-open-product\">100<\/span><\/div>\n\n\n<p class=\"has-custom-color-1-color has-text-color has-link-color has-pl-miamo-font-family has-small-font-size wp-elements-24253458f7449c62a549dddb98fc4d4d gt-fse-widgets-ctv-open-product\">m\u00b2<\/p>\n<\/div>\n\n\n\n<figure class=\"wp-block-image size-full is-resized gt-fse-widgets-ctv-open-product\"><img decoding=\"async\" width=\"512\" height=\"512\" src=\"https:\/\/www.camping-carolins.com\/wp-content\/uploads\/2025\/05\/surface.svg\" alt=\"Oberfl&#xE4;che\" class=\"wp-image-720 gt-fse-widgets-ctv-open-product\" style=\"width:30px\"\/><\/figure>\n<\/div>\n<\/div>\n\n\n<a class=\"is-style-lien-cover wp-block-read-more gt-fse-widgets-ctv-open-product\" href=\"https:\/\/www.camping-carolins.com\/de\/hebergement\/komfort-pauschale-1-zelt-wohnwagen-oder-wohnmobil-fuer-2-personen-stromanschluss\/\" target=\"_blank\">Weiterlesen<span class=\"screen-reader-text gt-fse-widgets-ctv-open-product\">: Premium-Paket \u2013 individueller Sanit\u00e4rbereich \u2013 1 Zelt, Wohnwagen oder Wohnmobil + 2 Personen \u2013 Strom inklusive<\/span><\/a>\n<\/li><\/ul><\/div>\n<\/div>\n<\/div>\n\n<section class=\"wp-block-group page-two slider has-global-padding is-layout-constrained wp-block-group-is-layout-constrained\" style=\"padding-top:10rem;padding-bottom:10rem\">\n<div class=\"wp-block-columns is-layout-flex wp-container-core-columns-is-layout-28f84493 wp-block-columns-is-layout-flex\">\n<div class=\"wp-block-column left is-layout-flow wp-block-column-is-layout-flow\" style=\"flex-basis:60%\">\n<div data-swiper=\"{&quot;speed&quot;:400,&quot;spaceBetween&quot;:16,&quot;slidesPerView&quot;:1,&quot;createElements&quot;:true,&quot;loop&quot;:true,&quot;freemode&quot;:true,&quot;pagination&quot;:{&quot;el&quot;:&quot;.swiper-pagination&quot;,&quot;dynamicBullets&quot;:true},&quot;breakpoints&quot;:[{&quot;slidesPerView&quot;:1}],&quot;effect&quot;:&quot;fade&quot;,&quot;navigation&quot;:false,&quot;autoplay&quot;:{&quot;delay&quot;:5000}}\" class=\"wp-block-group gt-is-slider gt-is-slider-desktop has-global-padding is-layout-constrained wp-block-group-is-layout-constrained\">\n<figure class=\"wp-block-image size-full animated fadeIn slow\"><img decoding=\"async\" width=\"2048\" height=\"1365\" src=\"https:\/\/www.camping-carolins.com\/wp-content\/uploads\/2025\/06\/Emplacement-tente-vehicule-cotentin.jpg\" alt=\"Stellplatz Zelt Fahrzeug Cotentin\" class=\"wp-image-13570\" style=\"aspect-ratio:4\/3;object-fit:cover\" srcset=\"https:\/\/www.camping-carolins.com\/wp-content\/uploads\/2025\/06\/Emplacement-tente-vehicule-cotentin.jpg 2048w, https:\/\/www.camping-carolins.com\/wp-content\/uploads\/2025\/06\/Emplacement-tente-vehicule-cotentin-300x200.jpg 300w, https:\/\/www.camping-carolins.com\/wp-content\/uploads\/2025\/06\/Emplacement-tente-vehicule-cotentin-1024x683.jpg 1024w, https:\/\/www.camping-carolins.com\/wp-content\/uploads\/2025\/06\/Emplacement-tente-vehicule-cotentin-768x512.jpg 768w, https:\/\/www.camping-carolins.com\/wp-content\/uploads\/2025\/06\/Emplacement-tente-vehicule-cotentin-1536x1024.jpg 1536w\" sizes=\"(max-width: 2048px) 100vw, 2048px\" \/><\/figure>\n\n\n\n<figure class=\"wp-block-image size-full animated fadeIn slow\"><img decoding=\"async\" width=\"900\" height=\"675\" src=\"https:\/\/www.camping-carolins.com\/wp-content\/uploads\/2025\/06\/emplacements-tente-et-caravaning-a-louer-dans-le-cotentin.jpg\" alt=\"zelt- und wohnwagenpl&#xE4;tze in der cotentin zu vermieten\" class=\"wp-image-4791\" style=\"aspect-ratio:4\/3;object-fit:cover\" srcset=\"https:\/\/www.camping-carolins.com\/wp-content\/uploads\/2025\/06\/emplacements-tente-et-caravaning-a-louer-dans-le-cotentin.jpg 900w, https:\/\/www.camping-carolins.com\/wp-content\/uploads\/2025\/06\/emplacements-tente-et-caravaning-a-louer-dans-le-cotentin-300x225.jpg 300w, https:\/\/www.camping-carolins.com\/wp-content\/uploads\/2025\/06\/emplacements-tente-et-caravaning-a-louer-dans-le-cotentin-768x576.jpg 768w\" sizes=\"(max-width: 900px) 100vw, 900px\" \/><\/figure>\n\n\n\n<figure class=\"wp-block-image size-full animated fadeIn slow\"><img decoding=\"async\" width=\"900\" height=\"675\" src=\"https:\/\/www.camping-carolins.com\/wp-content\/uploads\/2025\/06\/location-d-emplacement-en-basse-normandie.jpg\" alt=\"Vermietung von Stellpl&#xE4;tzen in der Basse Normandie\" class=\"wp-image-4793\" srcset=\"https:\/\/www.camping-carolins.com\/wp-content\/uploads\/2025\/06\/location-d-emplacement-en-basse-normandie.jpg 900w, https:\/\/www.camping-carolins.com\/wp-content\/uploads\/2025\/06\/location-d-emplacement-en-basse-normandie-300x225.jpg 300w, https:\/\/www.camping-carolins.com\/wp-content\/uploads\/2025\/06\/location-d-emplacement-en-basse-normandie-768x576.jpg 768w\" sizes=\"(max-width: 900px) 100vw, 900px\" \/><\/figure>\n\n\n\n<figure class=\"wp-block-image size-full animated fadeIn slow\"><img decoding=\"async\" width=\"900\" height=\"675\" src=\"https:\/\/www.camping-carolins.com\/wp-content\/uploads\/2025\/06\/emplacements-a-louer-dans-le-cotentin.jpg\" alt=\"Stellpl&#xE4;tze in der Cotentin zu vermieten\" class=\"wp-image-4796\" srcset=\"https:\/\/www.camping-carolins.com\/wp-content\/uploads\/2025\/06\/emplacements-a-louer-dans-le-cotentin.jpg 900w, https:\/\/www.camping-carolins.com\/wp-content\/uploads\/2025\/06\/emplacements-a-louer-dans-le-cotentin-300x225.jpg 300w, https:\/\/www.camping-carolins.com\/wp-content\/uploads\/2025\/06\/emplacements-a-louer-dans-le-cotentin-768x576.jpg 768w\" sizes=\"(max-width: 900px) 100vw, 900px\" \/><\/figure>\n<\/div>\n<\/div>\n\n\n\n<div class=\"wp-block-column is-vertically-aligned-center right has-link-color wp-elements-0e6c68e0274502697c23d6d0e8edfe42 is-layout-flow wp-block-column-is-layout-flow\">\n<div class=\"wp-block-group groupe-title has-global-padding is-layout-constrained wp-block-group-is-layout-constrained\">\n<h2 class=\"wp-block-heading has-text-align-center has-custom-color-1-color has-text-color has-link-color wp-elements-940b53753bc8ab61da84dd16ad45ebb0\"><strong>Zelt- und Caravaningpl\u00e4tze<\/strong> <br\/>in Cotentin zu mieten<\/h2>\n\n\n\n<div class=\"wp-block-group title-img is-layout-flow wp-block-group-is-layout-flow\">\n<figure class=\"wp-block-image aligncenter size-full\"><img decoding=\"async\" width=\"23\" height=\"22\" src=\"https:\/\/www.camping-carolins.com\/wp-content\/uploads\/2025\/05\/Calque_2-1.svg\" alt=\"Titeldekoration\" class=\"wp-image-101\"\/><\/figure>\n<\/div>\n<\/div>\n\n\n\n<p style=\"padding-top:var(--wp--preset--spacing--20);padding-right:var(--wp--preset--spacing--40);padding-left:var(--wp--preset--spacing--40)\">Am Fu\u00dfe einer gro\u00dfen D\u00fcne mit feinem Sand, &#8222;<strong> dem Lieblingsspielplatz der Kinder oder dem idealen Ort, um die Sterne zu betrachten<\/strong> &#8222;, bieten Ihnen unsere Stellpl\u00e4tze in Cotentin mit einer Fl\u00e4che von ca. 100 m\u00b2 eine <strong>ebene Grasfl\u00e4che<\/strong>, auf der Sie sich problemlos niederlassen k\u00f6nnen. <strong>Alle Stellpl\u00e4tze verf\u00fcgen \u00fcber einen Stromanschluss<\/strong>.   <\/p>\n\n\n\n<p style=\"padding-top:0;padding-right:var(--wp--preset--spacing--40);padding-left:var(--wp--preset--spacing--40)\">Sie sind durch Hecken abgegrenzt und k\u00f6nnen den Platz frei w\u00e4hlen, der <strong>Ihnen am besten gef\u00e4llt<\/strong><em>(au\u00dfer bei Reservierung<\/em>).<\/p>\n\n\n\n<p style=\"padding-top:0;padding-right:var(--wp--preset--spacing--40);padding-left:var(--wp--preset--spacing--40)\">Camping**** Les Carolins bietet Ihnen auch <a href=\"https:\/\/www.camping-carolins.com\/de\/mobilheimvermietung-port-bail-sur-mer\/\">Mietunterk\u00fcnfte in der Basse-Normandie<\/a> an und erm\u00f6glicht es denjenigen, die dies w\u00fcnschen und je nach Verf\u00fcgbarkeit, Bewohner zu werden, indem sie <a href=\"https:\/\/www.camping-carolins.com\/de\/pachtgrundstueck-port-bail-sur-mer\/\">ein Grundst\u00fcck in der Cotentin mieten<\/a>, auf dem sie ihr Mobilheim aufstellen k\u00f6nnen.<\/p>\n<\/div>\n<\/div>\n<\/section>\n\n<section class=\"wp-block-group page-two reverse has-custom-color-1-background-color has-background has-global-padding is-layout-constrained wp-block-group-is-layout-constrained\" style=\"padding-top:10rem;padding-bottom:10rem\">\n<div class=\"wp-block-columns is-layout-flex wp-container-core-columns-is-layout-7fc3d43a wp-block-columns-is-layout-flex\">\n<div class=\"wp-block-column is-vertically-aligned-center left is-layout-flow wp-block-column-is-layout-flow\" style=\"flex-basis:40%\">\n<div class=\"wp-block-group groupe-title has-global-padding is-layout-constrained wp-block-group-is-layout-constrained\">\n<h2 class=\"wp-block-heading has-text-align-center has-base-2-color has-text-color has-link-color wp-elements-4b2ba7cd186cb7d6d0684b8823dd0e85\">Unsere Sanit\u00e4ranlagen mit PMR-Zugang<\/h2>\n\n\n\n<div class=\"wp-block-group title-img is-layout-flow wp-block-group-is-layout-flow\">\n<figure class=\"wp-block-image aligncenter size-full\"><img decoding=\"async\" width=\"23\" height=\"22\" src=\"https:\/\/www.camping-carolins.com\/wp-content\/uploads\/2025\/05\/Calque_2-1.svg\" alt=\"Titeldekoration\" class=\"wp-image-101\"\/><\/figure>\n<\/div>\n<\/div>\n\n\n\n<p class=\"has-base-2-color has-text-color has-link-color wp-elements-a351fbf108b03bc02f93f79aa7ad0982\">Die gemeinsamen Sanit\u00e4ranlagen befinden sich in der Mitte des <a href=\"https:\/\/www.camping-carolins.com\/de\/\">Campingplatzes in der Basse-Normandie<\/a> und sind mit <strong>individuellen Duschkabinen<\/strong> ausgestattet. Hier steht Ihnen<strong>warmes Wasser<\/strong> <strong>zur<\/strong> Verf\u00fcgung, um Ihnen Komfort und Ruhe zu bieten.  <\/p>\n\n\n\n<p class=\"has-base-2-color has-text-color has-link-color wp-elements-4fc0b7cee8ca5ac9698c7507e7ca5dc5\">Die Sanit\u00e4ranlagen sind auch <strong>f\u00fcr Personen mit eingeschr\u00e4nkter Mobilit\u00e4t zug\u00e4nglich<\/strong>. Wir legen gro\u00dfen Wert darauf, Ihnen <strong>saubere und funktionelle R\u00e4ume<\/strong> auf dem Campingplatz in Port-Bail-sur-Mer zu bieten. <br\/><\/p>\n\n\n\n<p class=\"has-base-2-color has-text-color has-link-color wp-elements-f85cafdcf2d332e955d57cdc3b8a083b\">Es gibt auch eine Kabine mit einem Babybereich, der mit einem Wickeltisch und einer Badewanne ausgestattet ist.<br\/><\/p>\n<\/div>\n\n\n\n<div class=\"wp-block-column is-vertically-aligned-top right is-layout-flow wp-block-column-is-layout-flow\">\n<div data-swiper=\"{&quot;speed&quot;:400,&quot;spaceBetween&quot;:16,&quot;slidesPerView&quot;:1,&quot;createElements&quot;:true,&quot;loop&quot;:true,&quot;freemode&quot;:true,&quot;pagination&quot;:{&quot;el&quot;:&quot;.swiper-pagination&quot;,&quot;dynamicBullets&quot;:true},&quot;breakpoints&quot;:[{&quot;slidesPerView&quot;:1}],&quot;effect&quot;:&quot;fade&quot;,&quot;navigation&quot;:false,&quot;autoplay&quot;:{&quot;delay&quot;:5000}}\" class=\"wp-block-group gt-is-slider gt-is-slider-desktop has-global-padding is-layout-constrained wp-block-group-is-layout-constrained\">\n<figure class=\"wp-block-image size-full animated fadeIn slow\"><img decoding=\"async\" width=\"836\" height=\"556\" src=\"https:\/\/www.camping-carolins.com\/wp-content\/uploads\/2025\/06\/nos-sanitaires-avec-acces-pmr.jpg\" alt=\"unsere Sanit&#xE4;ranlagen mit Zugang f&#xFC;r Behinderte\" class=\"wp-image-4799\" srcset=\"https:\/\/www.camping-carolins.com\/wp-content\/uploads\/2025\/06\/nos-sanitaires-avec-acces-pmr.jpg 836w, https:\/\/www.camping-carolins.com\/wp-content\/uploads\/2025\/06\/nos-sanitaires-avec-acces-pmr-300x200.jpg 300w, https:\/\/www.camping-carolins.com\/wp-content\/uploads\/2025\/06\/nos-sanitaires-avec-acces-pmr-768x511.jpg 768w\" sizes=\"(max-width: 836px) 100vw, 836px\" \/><\/figure>\n\n\n\n<figure class=\"wp-block-image size-full animated fadeIn slow\"><img decoding=\"async\" width=\"836\" height=\"556\" src=\"https:\/\/www.camping-carolins.com\/wp-content\/uploads\/2025\/06\/cabines-de-douches-individuelles.jpg\" alt=\"individuelle Duschkabinen\" class=\"wp-image-4801\" srcset=\"https:\/\/www.camping-carolins.com\/wp-content\/uploads\/2025\/06\/cabines-de-douches-individuelles.jpg 836w, https:\/\/www.camping-carolins.com\/wp-content\/uploads\/2025\/06\/cabines-de-douches-individuelles-300x200.jpg 300w, https:\/\/www.camping-carolins.com\/wp-content\/uploads\/2025\/06\/cabines-de-douches-individuelles-768x511.jpg 768w\" sizes=\"(max-width: 836px) 100vw, 836px\" \/><\/figure>\n\n\n\n<figure class=\"wp-block-image size-full\"><img decoding=\"async\" width=\"836\" height=\"556\" src=\"https:\/\/www.camping-carolins.com\/wp-content\/uploads\/2025\/06\/bloc-sanitaire-accessible-aux-personnes-a-mobilite-reduite.jpg\" alt=\"Sanit&#xE4;ranlagen, die f&#xFC;r Personen mit eingeschr&#xE4;nkter Mobilit&#xE4;t zug&#xE4;nglich sind\" class=\"wp-image-4803\" srcset=\"https:\/\/www.camping-carolins.com\/wp-content\/uploads\/2025\/06\/bloc-sanitaire-accessible-aux-personnes-a-mobilite-reduite.jpg 836w, https:\/\/www.camping-carolins.com\/wp-content\/uploads\/2025\/06\/bloc-sanitaire-accessible-aux-personnes-a-mobilite-reduite-300x200.jpg 300w, https:\/\/www.camping-carolins.com\/wp-content\/uploads\/2025\/06\/bloc-sanitaire-accessible-aux-personnes-a-mobilite-reduite-768x511.jpg 768w\" sizes=\"(max-width: 836px) 100vw, 836px\" \/><\/figure>\n<\/div>\n<\/div>\n<\/div>\n<\/section>\n\n<section class=\"wp-block-group page-maillage has-global-padding is-layout-constrained wp-block-group-is-layout-constrained\" style=\"padding-top:10rem;padding-bottom:10rem\">\n<div class=\"wp-block-group title-page-maillage has-global-padding is-layout-constrained wp-block-group-is-layout-constrained\" style=\"margin-bottom:var(--wp--preset--spacing--40);line-height:0.8\">\n<p class=\"has-text-align-center has-text-color has-link-color has-pl-miamo-semibold-font-family wp-elements-832a48c79881e970a0552d78e5368497\" style=\"color:#d9ae89;font-size:clamp(20.515px, 1.282rem + ((1vw - 3.2px) * 1.058), 33px);\">Entdecken Sie unsere anderen Typen<\/p>\n\n\n\n<p class=\"has-text-align-center has-custom-color-1-color has-text-color has-link-color has-pl-miamo-semibold-font-family wp-elements-f682e3858e476ddabd55089309d1c04a\" style=\"font-size:clamp(29.303px, 1.831rem + ((1vw - 3.2px) * 1.839), 51px);text-transform:uppercase\">und unsere Dienstleistungen<\/p>\n<\/div>\n\n\n\n<div data-wp-context=\"{}\" data-wp-interactive=\"core\/query\" data-wp-key=\"1\" data-wp-router-region=\"query-1\" class=\"wp-block-query alignwide gt-fse-maillage-query is-layout-flow wp-block-query-is-layout-flow\"><ul class=\"columns-3 wp-block-post-template is-layout-grid wp-container-core-post-template-is-layout-6d3fbd8f wp-block-post-template-is-layout-grid\"><li data-wp-key=\"post-template-item-32786\" class=\"wp-block-post post-32786 page type-page status-publish has-post-thumbnail hentry\">\n<figure class=\"wp-block-post-featured-image\"><img decoding=\"async\" width=\"1920\" height=\"1280\" src=\"https:\/\/www.camping-carolins.com\/wp-content\/uploads\/2025\/06\/carolins-location-parcelle-port-bail-sur-mer.jpg\" class=\"attachment-full size-full wp-post-image\" alt=\"location parcelle port bail sur mer\" style=\"object-fit:cover;\" srcset=\"https:\/\/www.camping-carolins.com\/wp-content\/uploads\/2025\/06\/carolins-location-parcelle-port-bail-sur-mer.jpg 1920w, https:\/\/www.camping-carolins.com\/wp-content\/uploads\/2025\/06\/carolins-location-parcelle-port-bail-sur-mer-300x200.jpg 300w, https:\/\/www.camping-carolins.com\/wp-content\/uploads\/2025\/06\/carolins-location-parcelle-port-bail-sur-mer-1024x683.jpg 1024w, https:\/\/www.camping-carolins.com\/wp-content\/uploads\/2025\/06\/carolins-location-parcelle-port-bail-sur-mer-768x512.jpg 768w, https:\/\/www.camping-carolins.com\/wp-content\/uploads\/2025\/06\/carolins-location-parcelle-port-bail-sur-mer-1536x1024.jpg 1536w\" sizes=\"(max-width: 1920px) 100vw, 1920px\" \/><span class=\"wp-block-post-featured-image__overlay has-background-dim has-background-dim-40 has-custom-color-5-background-color\" style=\"\" aria-hidden=\"true\"><\/span><\/figure>\n\n\n<p class=\"maillage-title has-pl-miamo-medium-font-family\" style=\"font-size:clamp(14px, 0.875rem + ((1vw - 3.2px) * 0.508), 20px);letter-spacing:10px;text-transform:uppercase\">Einwohner<\/p>\n\n\n<a class=\"is-style-lien-cover wp-block-read-more\" href=\"https:\/\/www.camping-carolins.com\/de\/pachtgrundstueck-port-bail-sur-mer\/\" target=\"_self\">Weiterlesen<span class=\"screen-reader-text\">: Einwohner<\/span><\/a>\n<\/li><li data-wp-key=\"post-template-item-33105\" class=\"wp-block-post post-33105 page type-page status-publish has-post-thumbnail hentry\">\n<figure class=\"wp-block-post-featured-image\"><img decoding=\"async\" width=\"1920\" height=\"1280\" src=\"https:\/\/www.camping-carolins.com\/wp-content\/uploads\/2025\/06\/location-mobil-home-port-bail-sur-mer-2.jpg\" class=\"attachment-full size-full wp-post-image\" alt=\"location mobil home port bail sur mer\" style=\"object-fit:cover;\" srcset=\"https:\/\/www.camping-carolins.com\/wp-content\/uploads\/2025\/06\/location-mobil-home-port-bail-sur-mer-2.jpg 1920w, https:\/\/www.camping-carolins.com\/wp-content\/uploads\/2025\/06\/location-mobil-home-port-bail-sur-mer-2-300x200.jpg 300w, https:\/\/www.camping-carolins.com\/wp-content\/uploads\/2025\/06\/location-mobil-home-port-bail-sur-mer-2-1024x683.jpg 1024w, https:\/\/www.camping-carolins.com\/wp-content\/uploads\/2025\/06\/location-mobil-home-port-bail-sur-mer-2-768x512.jpg 768w, https:\/\/www.camping-carolins.com\/wp-content\/uploads\/2025\/06\/location-mobil-home-port-bail-sur-mer-2-1536x1024.jpg 1536w\" sizes=\"(max-width: 1920px) 100vw, 1920px\" \/><span class=\"wp-block-post-featured-image__overlay has-background-dim has-background-dim-40 has-custom-color-5-background-color\" style=\"\" aria-hidden=\"true\"><\/span><\/figure>\n\n\n<p class=\"maillage-title has-pl-miamo-medium-font-family\" style=\"font-size:clamp(14px, 0.875rem + ((1vw - 3.2px) * 0.508), 20px);letter-spacing:10px;text-transform:uppercase\">Mietwohnungen<\/p>\n\n\n<a class=\"is-style-lien-cover wp-block-read-more\" href=\"https:\/\/www.camping-carolins.com\/de\/mobilheimvermietung-port-bail-sur-mer\/\" target=\"_self\">Weiterlesen<span class=\"screen-reader-text\">: Mobilheimvermietung<\/span><\/a>\n<\/li><li data-wp-key=\"post-template-item-33401\" class=\"wp-block-post post-33401 page type-page status-publish has-post-thumbnail hentry\">\n<figure class=\"wp-block-post-featured-image\"><img decoding=\"async\" width=\"1920\" height=\"1280\" src=\"https:\/\/www.camping-carolins.com\/wp-content\/uploads\/2025\/06\/carolins-camping-services-port-bail-sur-mer-1.jpg\" class=\"attachment-full size-full wp-post-image\" alt=\"carolins camping services port bail sur mer\" style=\"object-fit:cover;\" srcset=\"https:\/\/www.camping-carolins.com\/wp-content\/uploads\/2025\/06\/carolins-camping-services-port-bail-sur-mer-1.jpg 1920w, https:\/\/www.camping-carolins.com\/wp-content\/uploads\/2025\/06\/carolins-camping-services-port-bail-sur-mer-1-300x200.jpg 300w, https:\/\/www.camping-carolins.com\/wp-content\/uploads\/2025\/06\/carolins-camping-services-port-bail-sur-mer-1-1024x683.jpg 1024w, https:\/\/www.camping-carolins.com\/wp-content\/uploads\/2025\/06\/carolins-camping-services-port-bail-sur-mer-1-768x512.jpg 768w, https:\/\/www.camping-carolins.com\/wp-content\/uploads\/2025\/06\/carolins-camping-services-port-bail-sur-mer-1-1536x1024.jpg 1536w\" sizes=\"(max-width: 1920px) 100vw, 1920px\" \/><span class=\"wp-block-post-featured-image__overlay has-background-dim has-background-dim-40 has-custom-color-5-background-color\" style=\"\" aria-hidden=\"true\"><\/span><\/figure>\n\n\n<p class=\"maillage-title has-pl-miamo-medium-font-family\" style=\"font-size:clamp(14px, 0.875rem + ((1vw - 3.2px) * 0.508), 20px);letter-spacing:10px;text-transform:uppercase\">Dienste<\/p>\n\n\n<a class=\"is-style-lien-cover wp-block-read-more\" href=\"https:\/\/www.camping-carolins.com\/de\/campingplatz-dienstleistungen-port-bail-sur-mer\/\" target=\"_self\">Weiterlesen<span class=\"screen-reader-text\">: Dienstleistungen<\/span><\/a>\n<\/li><\/ul><\/div>\n<\/section>\n","protected":false},"excerpt":{"rendered":"<p>Stellplatzvermietung in Basse-Normandie Zelt- und Caravaningpl\u00e4tze in Cotentin zu mieten Am Fu\u00dfe einer gro\u00dfen D\u00fcne mit feinem Sand, &#8222; dem Lieblingsspielplatz der Kinder oder dem idealen Ort, um die Sterne zu betrachten &#8222;, bieten Ihnen unsere Stellpl\u00e4tze in Cotentin mit einer Fl\u00e4che von ca. 100 m\u00b2 eine ebene Grasfl\u00e4che, auf der Sie sich problemlos niederlassen [&hellip;]<\/p>\n","protected":false},"author":1,"featured_media":32717,"parent":0,"menu_order":0,"comment_status":"closed","ping_status":"closed","template":"wp-custom-template-page-hebergements","meta":{"_acf_changed":false,"_seopress_robots_primary_cat":"","_seopress_titles_title":"Mieten Sie einen Stellplatz in Cotentin in der Basse-Normandie","_seopress_titles_desc":"Buchen Sie Ihren Zelt- oder Wohnwagenplatz in Cotentin und genie\u00dfen Sie die ideale Umgebung in der N\u00e4he einer gro\u00dfen D\u00fcne. Strom und schattige Pl\u00e4tze sind vorhanden. ","_seopress_robots_index":"","_gt_ctv_global_id":"18164","_gt_ctv_id_group":false,"inline_featured_image":false,"gt_fse_maillage_image":"https:\/\/www.camping-carolins.com\/wp-content\/uploads\/2025\/06\/carolins-location-emplacement-port-bail-sur-mer.jpg","gt_fse_maillage_titre":"Pl\u00e4tze","gt_fse_maillage_alt":"Pl\u00e4tze","gt_fse_maillage_resume":"","footnotes":""},"categories":[],"tags":[],"class_list":["post-32708","page","type-page","status-publish","has-post-thumbnail","hentry"],"acf":[],"_links":{"self":[{"href":"https:\/\/www.camping-carolins.com\/de\/wp-json\/wp\/v2\/pages\/32708","targetHints":{"allow":["GET"]}}],"collection":[{"href":"https:\/\/www.camping-carolins.com\/de\/wp-json\/wp\/v2\/pages"}],"about":[{"href":"https:\/\/www.camping-carolins.com\/de\/wp-json\/wp\/v2\/types\/page"}],"author":[{"embeddable":true,"href":"https:\/\/www.camping-carolins.com\/de\/wp-json\/wp\/v2\/users\/1"}],"replies":[{"embeddable":true,"href":"https:\/\/www.camping-carolins.com\/de\/wp-json\/wp\/v2\/comments?post=32708"}],"version-history":[{"count":9,"href":"https:\/\/www.camping-carolins.com\/de\/wp-json\/wp\/v2\/pages\/32708\/revisions"}],"predecessor-version":[{"id":69409,"href":"https:\/\/www.camping-carolins.com\/de\/wp-json\/wp\/v2\/pages\/32708\/revisions\/69409"}],"wp:featuredmedia":[{"embeddable":true,"href":"https:\/\/www.camping-carolins.com\/de\/wp-json\/wp\/v2\/media\/32717"}],"wp:attachment":[{"href":"https:\/\/www.camping-carolins.com\/de\/wp-json\/wp\/v2\/media?parent=32708"}],"wp:term":[{"taxonomy":"category","embeddable":true,"href":"https:\/\/www.camping-carolins.com\/de\/wp-json\/wp\/v2\/categories?post=32708"},{"taxonomy":"post_tag","embeddable":true,"href":"https:\/\/www.camping-carolins.com\/de\/wp-json\/wp\/v2\/tags?post=32708"}],"curies":[{"name":"wp","href":"https:\/\/api.w.org\/{rel}","templated":true}]}}