{"id":32751,"date":"2025-05-15T16:58:58","date_gmt":"2025-05-15T14:58:58","guid":{"rendered":"https:\/\/www.camping-carolins.com\/camping-bord-mer-port-bail-sur-mer-2\/"},"modified":"2025-09-04T13:58:32","modified_gmt":"2025-09-04T11:58:32","slug":"campingplatz-am-meer-port-bail-sur-mer","status":"publish","type":"page","link":"https:\/\/www.camping-carolins.com\/de\/campingplatz-am-meer-port-bail-sur-mer\/","title":{"rendered":"Meer"},"content":{"rendered":"\n<section class=\"wp-block-group home-intro page-intro has-custom-color-1-background-color has-background has-global-padding is-layout-constrained wp-block-group-is-layout-constrained\" style=\"padding-top:10rem;padding-bottom:10rem\">\n<div class=\"wp-block-group groupe-title has-global-padding is-layout-constrained wp-block-group-is-layout-constrained\">\n<h1 class=\"wp-block-heading has-text-align-center\"><strong>Campingplatz am Meer<\/strong> in der Basse-Normandie<\/h1>\n\n\n\n<div class=\"wp-block-group title-img is-layout-flow wp-block-group-is-layout-flow\">\n<figure class=\"wp-block-image aligncenter size-full\"><img decoding=\"async\" width=\"23\" height=\"22\" src=\"https:\/\/www.camping-carolins.com\/wp-content\/uploads\/2025\/05\/Calque_2-1.svg\" alt=\"Campingplatz Schwimmbad Hafen Pachtvertrag\" class=\"wp-image-101\"\/><\/figure>\n<\/div>\n<\/div>\n\n\n\n<div class=\"wp-block-columns is-layout-flex wp-container-core-columns-is-layout-28f84493 wp-block-columns-is-layout-flex\">\n<div class=\"wp-block-column left is-layout-flow wp-block-column-is-layout-flow\" style=\"flex-basis:33.33%\">\n<figure class=\"wp-block-image size-full\"><img decoding=\"async\" width=\"475\" height=\"866\" src=\"https:\/\/www.camping-carolins.com\/wp-content\/uploads\/2025\/06\/jeux-a-la-plage.jpg\" alt=\"Spiele am Strand\" class=\"wp-image-7604\" srcset=\"https:\/\/www.camping-carolins.com\/wp-content\/uploads\/2025\/06\/jeux-a-la-plage.jpg 475w, https:\/\/www.camping-carolins.com\/wp-content\/uploads\/2025\/06\/jeux-a-la-plage-165x300.jpg 165w\" sizes=\"(max-width: 475px) 100vw, 475px\" \/><\/figure>\n<\/div>\n\n\n\n<div class=\"wp-block-column right is-layout-flow wp-block-column-is-layout-flow\" style=\"flex-basis:66.66%\">\n<figure class=\"wp-block-image size-full animated fadeIn slower\"><img decoding=\"async\" width=\"2048\" height=\"1365\" src=\"https:\/\/www.camping-carolins.com\/wp-content\/uploads\/2025\/06\/camping-bord-de-mer-cotentin.jpg\" alt=\"Campingplatz am Meer Cotentin\" class=\"wp-image-13549\" srcset=\"https:\/\/www.camping-carolins.com\/wp-content\/uploads\/2025\/06\/camping-bord-de-mer-cotentin.jpg 2048w, https:\/\/www.camping-carolins.com\/wp-content\/uploads\/2025\/06\/camping-bord-de-mer-cotentin-300x200.jpg 300w, https:\/\/www.camping-carolins.com\/wp-content\/uploads\/2025\/06\/camping-bord-de-mer-cotentin-1024x683.jpg 1024w, https:\/\/www.camping-carolins.com\/wp-content\/uploads\/2025\/06\/camping-bord-de-mer-cotentin-768x512.jpg 768w, https:\/\/www.camping-carolins.com\/wp-content\/uploads\/2025\/06\/camping-bord-de-mer-cotentin-1536x1024.jpg 1536w\" sizes=\"(max-width: 2048px) 100vw, 2048px\" \/><\/figure>\n\n\n\n<div class=\"wp-block-group bottom is-nowrap is-layout-flex wp-container-core-group-is-layout-e4d5908d wp-block-group-is-layout-flex\" style=\"margin-top:4rem\">\n<div class=\"wp-block-group groupe-title is-vertical is-content-justification-center is-layout-flex wp-container-core-group-is-layout-ce155fab wp-block-group-is-layout-flex\">\n<h2 class=\"wp-block-heading has-text-align-center\"><strong>Direkter Zugang zum Meer<\/strong> vom Campingplatz<\/h2>\n\n\n\n<div class=\"wp-block-group title-img is-layout-flow wp-block-group-is-layout-flow\">\n<figure class=\"wp-block-image aligncenter size-full\"><img decoding=\"async\" width=\"23\" height=\"22\" src=\"https:\/\/www.camping-carolins.com\/wp-content\/uploads\/2025\/05\/Calque_2-1.svg\" alt=\"Planschbecken\" class=\"wp-image-101\"\/><\/figure>\n<\/div>\n\n\n\n<p class=\"has-text-align-center has-base-2-color has-text-color has-link-color wp-elements-cad297d2c31148321a6f460e697e2359\">Der <a href=\"https:\/\/www.camping-carolins.com\/de\/\">Campingplatz in der Basse-Normandie<\/a> verf\u00fcgt \u00fcber eine <strong>private D\u00fcne mit Zugang zum Strand<\/strong>, die alle unsere Camper gl\u00fccklich macht.<\/p>\n\n\n\n<p class=\"has-text-align-center has-base-2-color has-text-color has-link-color wp-elements-563b09b34887aa6a03a8e3bf5c7c5e8a\">Sie k\u00f6nnen den Strand <strong>\u00fcber den GR223<\/strong> erreichen <strong>:<\/strong> der Z\u00f6llnerpfad von Port-bail inmitten der D\u00fcnen, der Strand ist nur <strong>20 Minuten zu Fu\u00df<\/strong> entfernt.  <\/p>\n\n\n\n<p class=\"has-text-align-center has-base-2-color has-text-color has-link-color wp-elements-0b9ecb96141c5169d28197331157eeb2\">Ihr Urlaub wird auf unserem Campingplatz am Meer in der Region Cotentin <strong>authentisch<\/strong> sein.<\/p>\n<\/div>\n<\/div>\n<\/div>\n<\/div>\n<\/section>\n\n<section class=\"wp-block-group page-two slider has-global-padding is-layout-constrained wp-block-group-is-layout-constrained\" style=\"padding-top:10rem;padding-bottom:0rem\">\n<div class=\"wp-block-columns is-layout-flex wp-container-core-columns-is-layout-28f84493 wp-block-columns-is-layout-flex\">\n<div class=\"wp-block-column left is-layout-flow wp-block-column-is-layout-flow\" style=\"flex-basis:60%\">\n<div data-swiper=\"{&quot;speed&quot;:400,&quot;spaceBetween&quot;:16,&quot;slidesPerView&quot;:1,&quot;createElements&quot;:true,&quot;loop&quot;:true,&quot;freemode&quot;:true,&quot;pagination&quot;:{&quot;el&quot;:&quot;.swiper-pagination&quot;,&quot;dynamicBullets&quot;:true},&quot;breakpoints&quot;:[{&quot;slidesPerView&quot;:1}],&quot;effect&quot;:&quot;fade&quot;,&quot;navigation&quot;:false,&quot;autoplay&quot;:{&quot;delay&quot;:5000}}\" class=\"wp-block-group gt-is-slider gt-is-slider-desktop has-global-padding is-layout-constrained wp-block-group-is-layout-constrained\">\n<figure class=\"wp-block-image size-full animated fadeIn slow\"><img decoding=\"async\" width=\"900\" height=\"675\" src=\"https:\/\/www.camping-carolins.com\/wp-content\/uploads\/2025\/06\/dune-privee-au-camping-en-bord-de-mer.jpg\" alt=\"Privatd&#xFC;ne auf dem Campingplatz am Meer\" class=\"wp-image-7610\" style=\"aspect-ratio:4\/3;object-fit:cover\" srcset=\"https:\/\/www.camping-carolins.com\/wp-content\/uploads\/2025\/06\/dune-privee-au-camping-en-bord-de-mer.jpg 900w, https:\/\/www.camping-carolins.com\/wp-content\/uploads\/2025\/06\/dune-privee-au-camping-en-bord-de-mer-300x225.jpg 300w, https:\/\/www.camping-carolins.com\/wp-content\/uploads\/2025\/06\/dune-privee-au-camping-en-bord-de-mer-768x576.jpg 768w\" sizes=\"(max-width: 900px) 100vw, 900px\" \/><\/figure>\n\n\n\n<figure class=\"wp-block-image size-full animated fadeIn slow\"><img decoding=\"async\" width=\"900\" height=\"675\" src=\"https:\/\/www.camping-carolins.com\/wp-content\/uploads\/2025\/06\/dune-privee-et-son-grand-espace-naturel.jpg\" alt=\"Privatd&#xFC;ne und ihr gro&#xDF;er Naturraum\" class=\"wp-image-7613\" srcset=\"https:\/\/www.camping-carolins.com\/wp-content\/uploads\/2025\/06\/dune-privee-et-son-grand-espace-naturel.jpg 900w, https:\/\/www.camping-carolins.com\/wp-content\/uploads\/2025\/06\/dune-privee-et-son-grand-espace-naturel-300x225.jpg 300w, https:\/\/www.camping-carolins.com\/wp-content\/uploads\/2025\/06\/dune-privee-et-son-grand-espace-naturel-768x576.jpg 768w\" sizes=\"(max-width: 900px) 100vw, 900px\" \/><\/figure>\n\n\n\n<figure class=\"wp-block-image size-full animated fadeIn slow\"><img decoding=\"async\" width=\"900\" height=\"675\" src=\"https:\/\/www.camping-carolins.com\/wp-content\/uploads\/2025\/06\/animations-organisees-sur-la-dune.jpg\" alt=\"Animationen auf der D&#xFC;ne\" class=\"wp-image-7615\" srcset=\"https:\/\/www.camping-carolins.com\/wp-content\/uploads\/2025\/06\/animations-organisees-sur-la-dune.jpg 900w, https:\/\/www.camping-carolins.com\/wp-content\/uploads\/2025\/06\/animations-organisees-sur-la-dune-300x225.jpg 300w, https:\/\/www.camping-carolins.com\/wp-content\/uploads\/2025\/06\/animations-organisees-sur-la-dune-768x576.jpg 768w\" sizes=\"(max-width: 900px) 100vw, 900px\" \/><\/figure>\n\n\n\n<figure class=\"wp-block-image size-full animated fadeIn slow\"><img decoding=\"async\" width=\"900\" height=\"675\" src=\"https:\/\/www.camping-carolins.com\/wp-content\/uploads\/2025\/06\/animations-pour-enfants-a-la-plage.jpg\" alt=\"Kinderanimation am Strand\" class=\"wp-image-7617\" srcset=\"https:\/\/www.camping-carolins.com\/wp-content\/uploads\/2025\/06\/animations-pour-enfants-a-la-plage.jpg 900w, https:\/\/www.camping-carolins.com\/wp-content\/uploads\/2025\/06\/animations-pour-enfants-a-la-plage-300x225.jpg 300w, https:\/\/www.camping-carolins.com\/wp-content\/uploads\/2025\/06\/animations-pour-enfants-a-la-plage-768x576.jpg 768w\" sizes=\"(max-width: 900px) 100vw, 900px\" \/><\/figure>\n<\/div>\n<\/div>\n\n\n\n<div class=\"wp-block-column is-vertically-aligned-center right has-link-color wp-elements-7b20805479f4ff367d74f7baf4ca6078 is-layout-flow wp-block-column-is-layout-flow\">\n<div class=\"wp-block-group groupe-title has-global-padding is-layout-constrained wp-block-group-is-layout-constrained\">\n<h2 class=\"wp-block-heading has-text-align-center has-custom-color-1-color has-text-color has-link-color wp-elements-f2b8036a5386d399ccd450a2ef3f8ca3\"><strong>Private D\u00fcne und Naturraum<\/strong> <br\/>auf dem Campingplatz am Meer<\/h2>\n\n\n\n<div class=\"wp-block-group title-img is-layout-flow wp-block-group-is-layout-flow\">\n<figure class=\"wp-block-image aligncenter size-full\"><img decoding=\"async\" width=\"23\" height=\"22\" src=\"https:\/\/www.camping-carolins.com\/wp-content\/uploads\/2025\/05\/Calque_2-1.svg\" alt=\"Planschbecken\" class=\"wp-image-101\"\/><\/figure>\n<\/div>\n<\/div>\n\n\n\n<p style=\"padding-top:var(--wp--preset--spacing--20);padding-right:var(--wp--preset--spacing--40);padding-left:var(--wp--preset--spacing--40)\">Die Besonderheit unseres Campingplatzes am Meer in der Basse-Normandie ist die gesch\u00fctzte Natur, die als <strong>Natura 2000<\/strong> eingestuft ist.<\/p>\n\n\n\n<p style=\"padding-top:0;padding-right:var(--wp--preset--spacing--40);padding-left:var(--wp--preset--spacing--40)\">Unsere <strong>private D\u00fcne und das gro\u00dfe Naturgebiet<\/strong> sind ein echter Pluspunkt f\u00fcr Ihren Aufenthalt. Die Kinder k\u00f6nnen von den <strong>Animationen auf der D\u00fcne<\/strong> profitieren und die ganze Familie kann <strong>spazieren gehen und die au\u00dfergew\u00f6hnliche Aussicht<\/strong> von der Spitze der D\u00fcne bewundern. <\/p>\n<\/div>\n<\/div>\n<\/section>\n\n<section class=\"wp-block-group home-sixth page-three has-link-color wp-elements-71326a463948e5dd3b3d1071d7b5909c is-layout-flow wp-block-group-is-layout-flow\" style=\"padding-top:10rem;padding-bottom:10rem\">\n<div class=\"wp-block-group h1-like is-vertical is-content-justification-center is-layout-flex wp-container-core-group-is-layout-81423f52 wp-block-group-is-layout-flex\" style=\"line-height:1.5\">\n<p class=\"has-custom-color-1-color has-text-color has-link-color has-pl-miamo-semibold-font-family wp-elements-7b4b03e0094442f5b0ed99dd97c34c2b\" style=\"font-size:clamp(54.054px, 3.378rem + ((1vw - 3.2px) * 4.741), 110px);text-transform:uppercase\">Aufenthalt<\/p>\n\n\n\n<p class=\"has-text-color has-link-color has-pl-miamo-script-font-family wp-elements-ec48ed977ebbf417fd3df2f28df39f26\" style=\"color:#d9ae89;font-size:clamp(53.285px, 3.33rem + ((1vw - 3.2px) * 4.637), 108px);line-height:1\">in der N\u00e4he der Natur<\/p>\n<\/div>\n\n\n\n<div data-swiper=\"{&quot;speed&quot;:400,&quot;spaceBetween&quot;:16,&quot;slidesPerView&quot;:1,&quot;createElements&quot;:true,&quot;loop&quot;:true,&quot;freemode&quot;:true,&quot;navigation&quot;:{&quot;nextEl&quot;:&quot;buttonNext&quot;,&quot;prevEl&quot;:&quot;buttonPrev&quot;},&quot;breakpoints&quot;:{&quot;0&quot;:{&quot;slidesPerView&quot;:1},&quot;380&quot;:[],&quot;1024&quot;:[]},&quot;pagination&quot;:false,&quot;effect&quot;:&quot;fade&quot;,&quot;autoplay&quot;:{&quot;delay&quot;:5000}}\" class=\"wp-block-group gt-is-slider gt-is-slider-desktop has-global-padding is-layout-constrained wp-container-core-group-is-layout-8dd13e6d wp-block-group-is-layout-constrained\" style=\"padding-right:var(--wp--preset--spacing--60);padding-left:var(--wp--preset--spacing--60)\">\n<div data-swiper=\"{&quot;speed&quot;:1000,&quot;autoplay&quot;:{&quot;delay&quot;:5000,&quot;disableOnInteraction&quot;:false},&quot;spaceBetween&quot;:0,&quot;slidesPerView&quot;:1,&quot;pagination&quot;:{&quot;el&quot;:&quot;.swiper-pagination&quot;,&quot;dynamicBullets&quot;:true,&quot;clickable&quot;:true,&quot;type&quot;:&quot;bullets&quot;},&quot;navigation&quot;:{&quot;nextEl&quot;:&quot;.swiper-button-next&quot;,&quot;prevEl&quot;:&quot;.swiper-button-prev&quot;},&quot;breakpoints&quot;:[{&quot;slidesPerView&quot;:1}]}\" class=\"wp-block-cover is-light\" style=\"min-height:680px;aspect-ratio:unset;\"><img decoding=\"async\" width=\"1920\" height=\"1280\" class=\"wp-block-cover__image-background wp-image-12413 size-full\" alt=\"terrasse mobil home\" src=\"https:\/\/www.camping-carolins.com\/wp-content\/uploads\/2025\/06\/terrasse-mobil-home.jpg\" data-object-fit=\"cover\" srcset=\"https:\/\/www.camping-carolins.com\/wp-content\/uploads\/2025\/06\/terrasse-mobil-home.jpg 1920w, https:\/\/www.camping-carolins.com\/wp-content\/uploads\/2025\/06\/terrasse-mobil-home-300x200.jpg 300w, https:\/\/www.camping-carolins.com\/wp-content\/uploads\/2025\/06\/terrasse-mobil-home-1024x683.jpg 1024w, https:\/\/www.camping-carolins.com\/wp-content\/uploads\/2025\/06\/terrasse-mobil-home-768x512.jpg 768w, https:\/\/www.camping-carolins.com\/wp-content\/uploads\/2025\/06\/terrasse-mobil-home-1536x1024.jpg 1536w\" sizes=\"(max-width: 1920px) 100vw, 1920px\" \/><span aria-hidden=\"true\" class=\"wp-block-cover__background has-custom-color-5-background-color has-background-dim-10 has-background-dim\"><\/span><div class=\"wp-block-cover__inner-container is-layout-flow wp-block-cover-is-layout-flow\">\n<p class=\"has-text-align-center has-large-font-size\"><\/p>\n<\/div><\/div>\n\n\n\n<div data-swiper=\"{&quot;speed&quot;:1000,&quot;autoplay&quot;:{&quot;delay&quot;:5000,&quot;disableOnInteraction&quot;:false},&quot;spaceBetween&quot;:0,&quot;slidesPerView&quot;:1,&quot;pagination&quot;:{&quot;el&quot;:&quot;.swiper-pagination&quot;,&quot;dynamicBullets&quot;:true,&quot;clickable&quot;:true,&quot;type&quot;:&quot;bullets&quot;},&quot;navigation&quot;:{&quot;nextEl&quot;:&quot;.swiper-button-next&quot;,&quot;prevEl&quot;:&quot;.swiper-button-prev&quot;},&quot;breakpoints&quot;:[{&quot;slidesPerView&quot;:1}]}\" class=\"wp-block-cover is-light\" style=\"min-height:680px;aspect-ratio:unset;\"><img decoding=\"async\" width=\"1569\" height=\"680\" class=\"wp-block-cover__image-background wp-image-4581 size-full\" alt=\"mobil homes tout equipes\" src=\"https:\/\/www.camping-carolins.com\/wp-content\/uploads\/2025\/06\/mobil-homes-tout-equipes.jpg\" data-object-fit=\"cover\" srcset=\"https:\/\/www.camping-carolins.com\/wp-content\/uploads\/2025\/06\/mobil-homes-tout-equipes.jpg 1569w, https:\/\/www.camping-carolins.com\/wp-content\/uploads\/2025\/06\/mobil-homes-tout-equipes-300x130.jpg 300w, https:\/\/www.camping-carolins.com\/wp-content\/uploads\/2025\/06\/mobil-homes-tout-equipes-1024x444.jpg 1024w, https:\/\/www.camping-carolins.com\/wp-content\/uploads\/2025\/06\/mobil-homes-tout-equipes-768x333.jpg 768w, https:\/\/www.camping-carolins.com\/wp-content\/uploads\/2025\/06\/mobil-homes-tout-equipes-1536x666.jpg 1536w\" sizes=\"(max-width: 1569px) 100vw, 1569px\" \/><span aria-hidden=\"true\" class=\"wp-block-cover__background has-custom-color-5-background-color has-background-dim-10 has-background-dim\"><\/span><div class=\"wp-block-cover__inner-container has-global-padding is-layout-constrained wp-block-cover-is-layout-constrained\">\n<p class=\"has-text-align-center has-large-font-size\"><\/p>\n<\/div><\/div>\n\n\n\n<div data-swiper=\"{&quot;speed&quot;:1000,&quot;autoplay&quot;:{&quot;delay&quot;:5000,&quot;disableOnInteraction&quot;:false},&quot;spaceBetween&quot;:0,&quot;slidesPerView&quot;:1,&quot;pagination&quot;:{&quot;el&quot;:&quot;.swiper-pagination&quot;,&quot;dynamicBullets&quot;:true,&quot;clickable&quot;:true,&quot;type&quot;:&quot;bullets&quot;},&quot;navigation&quot;:{&quot;nextEl&quot;:&quot;.swiper-button-next&quot;,&quot;prevEl&quot;:&quot;.swiper-button-prev&quot;},&quot;breakpoints&quot;:[{&quot;slidesPerView&quot;:1}]}\" class=\"wp-block-cover is-light\" style=\"min-height:680px;aspect-ratio:unset;\"><img decoding=\"async\" width=\"1569\" height=\"680\" class=\"wp-block-cover__image-background wp-image-4584 size-full\" alt=\"hebergement en location avec vue sur notre dune privee\" src=\"https:\/\/www.camping-carolins.com\/wp-content\/uploads\/2025\/06\/hebergement-en-location-avec-vue-sur-notre-dune-privee.jpg\" data-object-fit=\"cover\" srcset=\"https:\/\/www.camping-carolins.com\/wp-content\/uploads\/2025\/06\/hebergement-en-location-avec-vue-sur-notre-dune-privee.jpg 1569w, https:\/\/www.camping-carolins.com\/wp-content\/uploads\/2025\/06\/hebergement-en-location-avec-vue-sur-notre-dune-privee-300x130.jpg 300w, https:\/\/www.camping-carolins.com\/wp-content\/uploads\/2025\/06\/hebergement-en-location-avec-vue-sur-notre-dune-privee-1024x444.jpg 1024w, https:\/\/www.camping-carolins.com\/wp-content\/uploads\/2025\/06\/hebergement-en-location-avec-vue-sur-notre-dune-privee-768x333.jpg 768w, https:\/\/www.camping-carolins.com\/wp-content\/uploads\/2025\/06\/hebergement-en-location-avec-vue-sur-notre-dune-privee-1536x666.jpg 1536w\" sizes=\"(max-width: 1569px) 100vw, 1569px\" \/><span aria-hidden=\"true\" class=\"wp-block-cover__background has-custom-color-5-background-color has-background-dim-10 has-background-dim\"><\/span><div class=\"wp-block-cover__inner-container has-global-padding is-layout-constrained wp-block-cover-is-layout-constrained\">\n<p class=\"has-text-align-center has-large-font-size\"><\/p>\n<\/div><\/div>\n\n\n\n<div data-swiper=\"{&quot;speed&quot;:1000,&quot;autoplay&quot;:{&quot;delay&quot;:5000,&quot;disableOnInteraction&quot;:false},&quot;spaceBetween&quot;:0,&quot;slidesPerView&quot;:1,&quot;pagination&quot;:{&quot;el&quot;:&quot;.swiper-pagination&quot;,&quot;dynamicBullets&quot;:true,&quot;clickable&quot;:true,&quot;type&quot;:&quot;bullets&quot;},&quot;navigation&quot;:{&quot;nextEl&quot;:&quot;.swiper-button-next&quot;,&quot;prevEl&quot;:&quot;.swiper-button-prev&quot;},&quot;breakpoints&quot;:[{&quot;slidesPerView&quot;:1}]}\" class=\"wp-block-cover is-light\" style=\"min-height:680px;aspect-ratio:unset;\"><img decoding=\"async\" width=\"1920\" height=\"1280\" class=\"wp-block-cover__image-background wp-image-9680 size-full\" alt=\"chambre mobil home dune\" src=\"https:\/\/www.camping-carolins.com\/wp-content\/uploads\/2025\/06\/chambre-mobil-home-dune.jpg\" style=\"object-position:50% 79%\" data-object-fit=\"cover\" data-object-position=\"50% 79%\" srcset=\"https:\/\/www.camping-carolins.com\/wp-content\/uploads\/2025\/06\/chambre-mobil-home-dune.jpg 1920w, https:\/\/www.camping-carolins.com\/wp-content\/uploads\/2025\/06\/chambre-mobil-home-dune-300x200.jpg 300w, https:\/\/www.camping-carolins.com\/wp-content\/uploads\/2025\/06\/chambre-mobil-home-dune-1024x683.jpg 1024w, https:\/\/www.camping-carolins.com\/wp-content\/uploads\/2025\/06\/chambre-mobil-home-dune-768x512.jpg 768w, https:\/\/www.camping-carolins.com\/wp-content\/uploads\/2025\/06\/chambre-mobil-home-dune-1536x1024.jpg 1536w\" sizes=\"(max-width: 1920px) 100vw, 1920px\" \/><span aria-hidden=\"true\" class=\"wp-block-cover__background has-custom-color-5-background-color has-background-dim-10 has-background-dim\"><\/span><div class=\"wp-block-cover__inner-container has-global-padding is-layout-constrained wp-block-cover-is-layout-constrained\">\n<p class=\"has-text-align-center has-large-font-size\"><\/p>\n<\/div><\/div>\n\n\n\n<div data-swiper=\"{&quot;speed&quot;:1000,&quot;autoplay&quot;:{&quot;delay&quot;:5000,&quot;disableOnInteraction&quot;:false},&quot;spaceBetween&quot;:0,&quot;slidesPerView&quot;:1,&quot;pagination&quot;:{&quot;el&quot;:&quot;.swiper-pagination&quot;,&quot;dynamicBullets&quot;:true,&quot;clickable&quot;:true,&quot;type&quot;:&quot;bullets&quot;},&quot;navigation&quot;:{&quot;nextEl&quot;:&quot;.swiper-button-next&quot;,&quot;prevEl&quot;:&quot;.swiper-button-prev&quot;},&quot;breakpoints&quot;:[{&quot;slidesPerView&quot;:1}]}\" class=\"wp-block-cover is-light\" style=\"min-height:680px;aspect-ratio:unset;\"><img decoding=\"async\" width=\"1920\" height=\"1280\" class=\"wp-block-cover__image-background wp-image-12420 size-full\" alt=\"terrasse mobil home 2\" src=\"https:\/\/www.camping-carolins.com\/wp-content\/uploads\/2025\/06\/terrasse-mobil-home-2.jpg\" data-object-fit=\"cover\" srcset=\"https:\/\/www.camping-carolins.com\/wp-content\/uploads\/2025\/06\/terrasse-mobil-home-2.jpg 1920w, https:\/\/www.camping-carolins.com\/wp-content\/uploads\/2025\/06\/terrasse-mobil-home-2-300x200.jpg 300w, https:\/\/www.camping-carolins.com\/wp-content\/uploads\/2025\/06\/terrasse-mobil-home-2-1024x683.jpg 1024w, https:\/\/www.camping-carolins.com\/wp-content\/uploads\/2025\/06\/terrasse-mobil-home-2-768x512.jpg 768w, https:\/\/www.camping-carolins.com\/wp-content\/uploads\/2025\/06\/terrasse-mobil-home-2-1536x1024.jpg 1536w\" sizes=\"(max-width: 1920px) 100vw, 1920px\" \/><span aria-hidden=\"true\" class=\"wp-block-cover__background has-custom-color-5-background-color has-background-dim-10 has-background-dim\"><\/span><div class=\"wp-block-cover__inner-container has-global-padding is-layout-constrained wp-block-cover-is-layout-constrained\">\n<p class=\"has-text-align-center has-large-font-size\"><\/p>\n<\/div><\/div>\n\n\n\n<div data-swiper=\"{&quot;speed&quot;:1000,&quot;autoplay&quot;:{&quot;delay&quot;:5000,&quot;disableOnInteraction&quot;:false},&quot;spaceBetween&quot;:0,&quot;slidesPerView&quot;:1,&quot;pagination&quot;:{&quot;el&quot;:&quot;.swiper-pagination&quot;,&quot;dynamicBullets&quot;:true,&quot;clickable&quot;:true,&quot;type&quot;:&quot;bullets&quot;},&quot;navigation&quot;:{&quot;nextEl&quot;:&quot;.swiper-button-next&quot;,&quot;prevEl&quot;:&quot;.swiper-button-prev&quot;},&quot;breakpoints&quot;:[{&quot;slidesPerView&quot;:1}]}\" class=\"wp-block-cover is-light\" style=\"min-height:680px;aspect-ratio:unset;\"><img decoding=\"async\" width=\"1920\" height=\"1280\" class=\"wp-block-cover__image-background wp-image-9683 size-full\" alt=\"chambre lit double\" src=\"https:\/\/www.camping-carolins.com\/wp-content\/uploads\/2025\/06\/chambre-lit-double.jpg\" style=\"object-position:49% 78%\" data-object-fit=\"cover\" data-object-position=\"49% 78%\" srcset=\"https:\/\/www.camping-carolins.com\/wp-content\/uploads\/2025\/06\/chambre-lit-double.jpg 1920w, https:\/\/www.camping-carolins.com\/wp-content\/uploads\/2025\/06\/chambre-lit-double-300x200.jpg 300w, https:\/\/www.camping-carolins.com\/wp-content\/uploads\/2025\/06\/chambre-lit-double-1024x683.jpg 1024w, https:\/\/www.camping-carolins.com\/wp-content\/uploads\/2025\/06\/chambre-lit-double-768x512.jpg 768w, https:\/\/www.camping-carolins.com\/wp-content\/uploads\/2025\/06\/chambre-lit-double-1536x1024.jpg 1536w\" sizes=\"(max-width: 1920px) 100vw, 1920px\" \/><span aria-hidden=\"true\" class=\"wp-block-cover__background has-custom-color-5-background-color has-background-dim-10 has-background-dim\"><\/span><div class=\"wp-block-cover__inner-container has-global-padding is-layout-constrained wp-block-cover-is-layout-constrained\">\n<p class=\"has-text-align-center has-large-font-size\"><\/p>\n<\/div><\/div>\n<\/div>\n\n\n\n<div class=\"wp-block-group groupe-title has-global-padding is-layout-constrained wp-block-group-is-layout-constrained\" style=\"padding-top:var(--wp--preset--spacing--40);padding-bottom:var(--wp--preset--spacing--20)\">\n<h2 class=\"wp-block-heading has-text-align-center has-custom-color-1-color has-text-color has-link-color wp-elements-d67ce55bac6d4342a6f27d370d2d48cd\"><strong>Ferienh\u00e4user am Meer<\/strong> mit D\u00fcnenblick<\/h2>\n\n\n\n<div class=\"wp-block-group title-img is-layout-flow wp-block-group-is-layout-flow\">\n<figure class=\"wp-block-image aligncenter size-full\"><img decoding=\"async\" width=\"23\" height=\"22\" src=\"https:\/\/www.camping-carolins.com\/wp-content\/uploads\/2025\/05\/Calque_2-1.svg\" alt=\"campingplatz mit schwimmbad cotentin\" class=\"wp-image-101\"\/><\/figure>\n<\/div>\n<\/div>\n\n\n\n<p class=\"has-text-align-center\" style=\"padding-right:20rem;padding-left:20rem\">Wenn Sie sich f\u00fcr einen Aufenthalt auf unserem Campingplatz am Meer in Cotentin, in der N\u00e4he von Barneville-Carteret entscheiden, haben Sie die M\u00f6glichkeit, eine <strong>Unterkunft mit Blick auf unsere private D\u00fcne<\/strong> zu w\u00e4hlen. Unsere Mobilheime sind komfortabel, voll ausgestattet, ger\u00e4umig und der Blick auf die D\u00fcne ist ein <strong>echter Vorteil f\u00fcr einen naturnahen Aufenthalt<\/strong>. <\/p>\n<\/section>\n\n<section class=\"wp-block-group page-two reverse has-custom-color-1-background-color has-background has-global-padding is-layout-constrained wp-block-group-is-layout-constrained\" style=\"padding-top:10rem;padding-bottom:10rem\">\n<div class=\"wp-block-columns is-layout-flex wp-container-core-columns-is-layout-7fc3d43a wp-block-columns-is-layout-flex\">\n<div class=\"wp-block-column is-vertically-aligned-center left is-layout-flow wp-block-column-is-layout-flow\" style=\"flex-basis:40%\">\n<div class=\"wp-block-group groupe-title has-global-padding is-layout-constrained wp-block-group-is-layout-constrained\">\n<h2 class=\"wp-block-heading has-text-align-center has-base-2-color has-text-color has-link-color wp-elements-ba4942d44e2ca3c0084f5a228100a550\"><strong>Die Freuden des Angelns zu Fu\u00df<\/strong> <br\/>in Cotentin<\/h2>\n\n\n\n<div class=\"wp-block-group title-img is-layout-flow wp-block-group-is-layout-flow\">\n<figure class=\"wp-block-image aligncenter size-full\"><img decoding=\"async\" width=\"23\" height=\"22\" src=\"https:\/\/www.camping-carolins.com\/wp-content\/uploads\/2025\/05\/Calque_2-1.svg\" alt=\"Ebene_2 (1)\" class=\"wp-image-101\"\/><\/figure>\n<\/div>\n<\/div>\n\n\n\n<p class=\"has-base-2-color has-text-color has-link-color wp-elements-4b774f849f7b8c991a320b98b81d7213\">Entdecken Sie die Freuden des Angelns in der N\u00e4he des Campingplatzes am Meer in der Basse-Normandie. Die Cotentin ist ein wahrer <strong>Spielplatz<\/strong> f\u00fcr alle, die ihre Stiefel anziehen wollen, um <strong>Muscheln<\/strong>, <strong>Schalentiere<\/strong> und warum nicht auch <strong>Hummer<\/strong> zu fangen! <\/p>\n\n\n\n<div class=\"wp-block-group groupe-title has-global-padding is-layout-constrained wp-block-group-is-layout-constrained\">\n<h2 class=\"wp-block-heading has-text-align-center has-base-2-color has-text-color has-link-color wp-elements-df19c4ba646b35c7cef31e12f81e0489\" style=\"margin-top:var(--wp--preset--spacing--30)\"><strong>Die sch\u00f6nsten Str\u00e4nde<\/strong> <br\/>in der N\u00e4he des Campingplatzes<\/h2>\n\n\n\n<div class=\"wp-block-group title-img is-layout-flow wp-block-group-is-layout-flow\">\n<figure class=\"wp-block-image aligncenter size-full\"><img decoding=\"async\" width=\"23\" height=\"22\" src=\"https:\/\/www.camping-carolins.com\/wp-content\/uploads\/2025\/05\/Calque_2-1.svg\" alt=\"Ebene_2 (1)\" class=\"wp-image-101\"\/><\/figure>\n<\/div>\n<\/div>\n\n\n\n<p class=\"has-base-2-color has-text-color has-link-color wp-elements-af64dd1158904fc1154b24f902001185\">W\u00e4hrend Ihres Aufenthalts k\u00f6nnen Sie die <strong>sch\u00f6nsten Str\u00e4nde von Cotentin<\/strong> genie\u00dfen : Strand von Denneville, Surville-Plage, Strand von Bretteville oder der Strand von Saint-Germain-sur-Ay, Sie m\u00fcssen nur noch aus den <strong>Badem\u00f6glichkeiten<\/strong> w\u00e4hlen, die sich Ihnen von unserem Campingplatz am Meer in der Basse-Normandie aus bieten.<\/p>\n<\/div>\n\n\n\n<div class=\"wp-block-column is-vertically-aligned-top right is-layout-flow wp-block-column-is-layout-flow\">\n<div data-swiper=\"{&quot;speed&quot;:400,&quot;spaceBetween&quot;:16,&quot;slidesPerView&quot;:1,&quot;createElements&quot;:true,&quot;loop&quot;:true,&quot;freemode&quot;:true,&quot;pagination&quot;:{&quot;el&quot;:&quot;.swiper-pagination&quot;,&quot;dynamicBullets&quot;:true},&quot;breakpoints&quot;:[{&quot;slidesPerView&quot;:1}],&quot;effect&quot;:&quot;fade&quot;,&quot;navigation&quot;:false,&quot;autoplay&quot;:{&quot;delay&quot;:5000}}\" class=\"wp-block-group gt-is-slider gt-is-slider-desktop has-global-padding is-layout-constrained wp-block-group-is-layout-constrained\">\n<figure class=\"wp-block-image size-full animated fadeIn slow\"><img decoding=\"async\" width=\"836\" height=\"556\" src=\"https:\/\/www.camping-carolins.com\/wp-content\/uploads\/2025\/06\/les-joies-de-la-peche-a-pied-dans-le-cotentin.jpg\" alt=\"die Freuden des Angelns zu Fu&#xDF; in Cotentin\" class=\"wp-image-4592\" style=\"aspect-ratio:4\/3;object-fit:cover\" srcset=\"https:\/\/www.camping-carolins.com\/wp-content\/uploads\/2025\/06\/les-joies-de-la-peche-a-pied-dans-le-cotentin.jpg 836w, https:\/\/www.camping-carolins.com\/wp-content\/uploads\/2025\/06\/les-joies-de-la-peche-a-pied-dans-le-cotentin-300x200.jpg 300w, https:\/\/www.camping-carolins.com\/wp-content\/uploads\/2025\/06\/les-joies-de-la-peche-a-pied-dans-le-cotentin-768x511.jpg 768w\" sizes=\"(max-width: 836px) 100vw, 836px\" \/><\/figure>\n\n\n\n<figure class=\"wp-block-image size-full animated fadeIn slow\"><img decoding=\"async\" width=\"836\" height=\"556\" src=\"https:\/\/www.camping-carolins.com\/wp-content\/uploads\/2025\/06\/les-plus-belles-plages-pres-du-camping.jpg\" alt=\"die sch&#xF6;nsten Str&#xE4;nde in der N&#xE4;he des Campingplatzes\" class=\"wp-image-4602\" style=\"aspect-ratio:4\/3;object-fit:cover\" srcset=\"https:\/\/www.camping-carolins.com\/wp-content\/uploads\/2025\/06\/les-plus-belles-plages-pres-du-camping.jpg 836w, https:\/\/www.camping-carolins.com\/wp-content\/uploads\/2025\/06\/les-plus-belles-plages-pres-du-camping-300x200.jpg 300w, https:\/\/www.camping-carolins.com\/wp-content\/uploads\/2025\/06\/les-plus-belles-plages-pres-du-camping-768x511.jpg 768w\" sizes=\"(max-width: 836px) 100vw, 836px\" \/><\/figure>\n\n\n\n<figure class=\"wp-block-image size-full\"><img decoding=\"async\" width=\"900\" height=\"675\" src=\"https:\/\/www.camping-carolins.com\/wp-content\/uploads\/2025\/06\/plus-belles-plages-du-cotentin-en-normandie.jpg\" alt=\"die sch&#xF6;nsten Str&#xE4;nde der Cotentin in der Normandie\" class=\"wp-image-11559\" style=\"aspect-ratio:4\/3;object-fit:cover\" srcset=\"https:\/\/www.camping-carolins.com\/wp-content\/uploads\/2025\/06\/plus-belles-plages-du-cotentin-en-normandie.jpg 900w, https:\/\/www.camping-carolins.com\/wp-content\/uploads\/2025\/06\/plus-belles-plages-du-cotentin-en-normandie-300x225.jpg 300w, https:\/\/www.camping-carolins.com\/wp-content\/uploads\/2025\/06\/plus-belles-plages-du-cotentin-en-normandie-768x576.jpg 768w\" sizes=\"(max-width: 900px) 100vw, 900px\" \/><\/figure>\n\n\n\n<figure class=\"wp-block-image size-full\"><img decoding=\"async\" width=\"900\" height=\"675\" src=\"https:\/\/www.camping-carolins.com\/wp-content\/uploads\/2025\/06\/normandie-portbail-et-les-alentours.jpg\" alt=\"Normandie Portbail und Umgebung\" class=\"wp-image-11905\" style=\"aspect-ratio:4\/3;object-fit:cover\" srcset=\"https:\/\/www.camping-carolins.com\/wp-content\/uploads\/2025\/06\/normandie-portbail-et-les-alentours.jpg 900w, https:\/\/www.camping-carolins.com\/wp-content\/uploads\/2025\/06\/normandie-portbail-et-les-alentours-300x225.jpg 300w, https:\/\/www.camping-carolins.com\/wp-content\/uploads\/2025\/06\/normandie-portbail-et-les-alentours-768x576.jpg 768w\" sizes=\"(max-width: 900px) 100vw, 900px\" \/><\/figure>\n\n\n\n<figure class=\"wp-block-image size-full\"><img decoding=\"async\" width=\"900\" height=\"675\" src=\"https:\/\/www.camping-carolins.com\/wp-content\/uploads\/2025\/06\/portbail-normandie.jpg\" alt=\"portbail normandie\" class=\"wp-image-11908\" srcset=\"https:\/\/www.camping-carolins.com\/wp-content\/uploads\/2025\/06\/portbail-normandie.jpg 900w, https:\/\/www.camping-carolins.com\/wp-content\/uploads\/2025\/06\/portbail-normandie-300x225.jpg 300w, https:\/\/www.camping-carolins.com\/wp-content\/uploads\/2025\/06\/portbail-normandie-768x576.jpg 768w\" sizes=\"(max-width: 900px) 100vw, 900px\" \/><\/figure>\n\n\n\n<figure class=\"wp-block-image size-full\"><img decoding=\"async\" width=\"2048\" height=\"1365\" src=\"https:\/\/www.camping-carolins.com\/wp-content\/uploads\/2025\/06\/PLAGES-COTENTENIN.jpg\" alt=\"COTENTIN-STR&#xC4;NDE\" class=\"wp-image-13567\" style=\"aspect-ratio:4\/3;object-fit:cover\" srcset=\"https:\/\/www.camping-carolins.com\/wp-content\/uploads\/2025\/06\/PLAGES-COTENTENIN.jpg 2048w, https:\/\/www.camping-carolins.com\/wp-content\/uploads\/2025\/06\/PLAGES-COTENTENIN-300x200.jpg 300w, https:\/\/www.camping-carolins.com\/wp-content\/uploads\/2025\/06\/PLAGES-COTENTENIN-1024x683.jpg 1024w, https:\/\/www.camping-carolins.com\/wp-content\/uploads\/2025\/06\/PLAGES-COTENTENIN-768x512.jpg 768w, https:\/\/www.camping-carolins.com\/wp-content\/uploads\/2025\/06\/PLAGES-COTENTENIN-1536x1024.jpg 1536w\" sizes=\"(max-width: 2048px) 100vw, 2048px\" \/><\/figure>\n<\/div>\n<\/div>\n<\/div>\n<\/section>\n\n<section class=\"wp-block-group page-two slider has-global-padding is-layout-constrained wp-block-group-is-layout-constrained\" style=\"padding-top:10rem;padding-bottom:0rem\">\n<div class=\"wp-block-columns is-layout-flex wp-container-core-columns-is-layout-28f84493 wp-block-columns-is-layout-flex\">\n<div class=\"wp-block-column left is-layout-flow wp-block-column-is-layout-flow\" style=\"flex-basis:60%\">\n<div data-swiper=\"{&quot;speed&quot;:400,&quot;spaceBetween&quot;:16,&quot;slidesPerView&quot;:1,&quot;createElements&quot;:true,&quot;loop&quot;:true,&quot;freemode&quot;:true,&quot;pagination&quot;:{&quot;el&quot;:&quot;.swiper-pagination&quot;,&quot;dynamicBullets&quot;:true},&quot;breakpoints&quot;:[{&quot;slidesPerView&quot;:1}],&quot;effect&quot;:&quot;fade&quot;,&quot;navigation&quot;:false,&quot;autoplay&quot;:{&quot;delay&quot;:5000}}\" class=\"wp-block-group gt-is-slider gt-is-slider-desktop has-global-padding is-layout-constrained wp-block-group-is-layout-constrained\">\n<figure class=\"wp-block-image size-full animated fadeIn slow\"><img decoding=\"async\" width=\"2048\" height=\"1365\" src=\"https:\/\/www.camping-carolins.com\/wp-content\/uploads\/2025\/06\/activites-nautiques-autour-du-camping.jpg\" alt=\"Wassersportm&#xF6;glichkeiten rund um den Campingplatz\" class=\"wp-image-13555\" style=\"aspect-ratio:4\/3;object-fit:cover\" srcset=\"https:\/\/www.camping-carolins.com\/wp-content\/uploads\/2025\/06\/activites-nautiques-autour-du-camping.jpg 2048w, https:\/\/www.camping-carolins.com\/wp-content\/uploads\/2025\/06\/activites-nautiques-autour-du-camping-300x200.jpg 300w, https:\/\/www.camping-carolins.com\/wp-content\/uploads\/2025\/06\/activites-nautiques-autour-du-camping-1024x683.jpg 1024w, https:\/\/www.camping-carolins.com\/wp-content\/uploads\/2025\/06\/activites-nautiques-autour-du-camping-768x512.jpg 768w, https:\/\/www.camping-carolins.com\/wp-content\/uploads\/2025\/06\/activites-nautiques-autour-du-camping-1536x1024.jpg 1536w\" sizes=\"(max-width: 2048px) 100vw, 2048px\" \/><\/figure>\n\n\n\n<figure class=\"wp-block-image size-full animated fadeIn slow\"><img decoding=\"async\" width=\"2048\" height=\"1365\" src=\"https:\/\/www.camping-carolins.com\/wp-content\/uploads\/2025\/06\/activites-nautiques-portbail.jpg\" alt=\"Wassersport Portbail\" class=\"wp-image-13574\" srcset=\"https:\/\/www.camping-carolins.com\/wp-content\/uploads\/2025\/06\/activites-nautiques-portbail.jpg 2048w, https:\/\/www.camping-carolins.com\/wp-content\/uploads\/2025\/06\/activites-nautiques-portbail-300x200.jpg 300w, https:\/\/www.camping-carolins.com\/wp-content\/uploads\/2025\/06\/activites-nautiques-portbail-1024x683.jpg 1024w, https:\/\/www.camping-carolins.com\/wp-content\/uploads\/2025\/06\/activites-nautiques-portbail-768x512.jpg 768w, https:\/\/www.camping-carolins.com\/wp-content\/uploads\/2025\/06\/activites-nautiques-portbail-1536x1024.jpg 1536w\" sizes=\"(max-width: 2048px) 100vw, 2048px\" \/><\/figure>\n<\/div>\n<\/div>\n\n\n\n<div class=\"wp-block-column is-vertically-aligned-center right has-link-color wp-elements-a18e153094d842865ee099557ca4a8e9 is-layout-flow wp-block-column-is-layout-flow\">\n<div class=\"wp-block-group groupe-title has-global-padding is-layout-constrained wp-block-group-is-layout-constrained\">\n<h2 class=\"wp-block-heading has-text-align-center has-custom-color-1-color has-text-color has-link-color wp-elements-6deaf7c08bde34e7d04822e3d93c3972\"><strong>Wassersportaktivit\u00e4ten<\/strong> <br\/>in der N\u00e4he des Campingplatzes<\/h2>\n\n\n\n<div class=\"wp-block-group title-img is-layout-flow wp-block-group-is-layout-flow\">\n<figure class=\"wp-block-image aligncenter size-full\"><img decoding=\"async\" width=\"23\" height=\"22\" src=\"https:\/\/www.camping-carolins.com\/wp-content\/uploads\/2025\/05\/Calque_2-1.svg\" alt=\"Planschbecken\" class=\"wp-image-101\"\/><\/figure>\n<\/div>\n<\/div>\n\n\n\n<p style=\"padding-top:var(--wp--preset--spacing--20);padding-right:var(--wp--preset--spacing--40);padding-left:var(--wp--preset--spacing--40)\">Segelschule, Kajak, Tauchclub: Welche <strong>Wassersportart<\/strong> werden Sie in Ihrem Urlaub w\u00e4hlen? <\/p>\n\n\n\n<p style=\"padding-top:0;padding-right:var(--wp--preset--spacing--40);padding-left:var(--wp--preset--spacing--40)\">Wassersportler werden von diesem Campingplatz am Meer in der Region Cotentin begeistert sein. Wir sind ideal gelegen, um die Aktivit\u00e4ten der Region zu entdecken und <strong>Wassersport an der C\u00f4te des Isles<\/strong> zu betreiben. <\/p>\n<\/div>\n<\/div>\n<\/section>\n\n<section class=\"wp-block-group page-maillage has-global-padding is-layout-constrained wp-block-group-is-layout-constrained\" style=\"padding-top:10rem;padding-bottom:10rem\">\n<div class=\"wp-block-group title-page-maillage has-global-padding is-layout-constrained wp-block-group-is-layout-constrained\" style=\"margin-bottom:var(--wp--preset--spacing--40);line-height:0.8\">\n<p class=\"has-text-align-center has-text-color has-link-color has-pl-miamo-semibold-font-family wp-elements-e3ebb2005d1d41e14e3c9ed6f8d35276\" style=\"color:#d9ae89;font-size:clamp(20.515px, 1.282rem + ((1vw - 3.2px) * 1.058), 33px);\">Entdecken Sie unseren Pool<\/p>\n\n\n\n<p class=\"has-text-align-center has-custom-color-1-color has-text-color has-link-color has-pl-miamo-semibold-font-family wp-elements-2ec74a7145c4b61212d73954007cd986\" style=\"font-size:clamp(29.303px, 1.831rem + ((1vw - 3.2px) * 1.839), 51px);text-transform:uppercase\">unsere Mietobjekte &amp; unser Bar-Restaurant<\/p>\n<\/div>\n\n\n\n<div data-wp-context=\"{}\" data-wp-interactive=\"core\/query\" data-wp-key=\"1\" data-wp-router-region=\"query-1\" class=\"wp-block-query alignwide gt-fse-maillage-query is-layout-flow wp-block-query-is-layout-flow\"><ul class=\"columns-3 wp-block-post-template is-layout-grid wp-container-core-post-template-is-layout-6d3fbd8f wp-block-post-template-is-layout-grid\"><li data-wp-key=\"post-template-item-32645\" class=\"wp-block-post post-32645 page type-page status-publish has-post-thumbnail hentry\">\n<figure class=\"wp-block-post-featured-image\"><img decoding=\"async\" width=\"1920\" height=\"1280\" src=\"https:\/\/www.camping-carolins.com\/wp-content\/uploads\/2025\/06\/cta-bar-restaurant-port-bail-sur-mer.jpg\" class=\"attachment-full size-full wp-post-image\" alt=\"Bar-Restaurant Port bail sur mer\" style=\"object-fit:cover;\" srcset=\"https:\/\/www.camping-carolins.com\/wp-content\/uploads\/2025\/06\/cta-bar-restaurant-port-bail-sur-mer.jpg 1920w, https:\/\/www.camping-carolins.com\/wp-content\/uploads\/2025\/06\/cta-bar-restaurant-port-bail-sur-mer-300x200.jpg 300w, https:\/\/www.camping-carolins.com\/wp-content\/uploads\/2025\/06\/cta-bar-restaurant-port-bail-sur-mer-1024x683.jpg 1024w, https:\/\/www.camping-carolins.com\/wp-content\/uploads\/2025\/06\/cta-bar-restaurant-port-bail-sur-mer-768x512.jpg 768w, https:\/\/www.camping-carolins.com\/wp-content\/uploads\/2025\/06\/cta-bar-restaurant-port-bail-sur-mer-1536x1024.jpg 1536w\" sizes=\"(max-width: 1920px) 100vw, 1920px\" \/><span class=\"wp-block-post-featured-image__overlay has-background-dim has-background-dim-40 has-custom-color-5-background-color\" style=\"\" aria-hidden=\"true\"><\/span><\/figure>\n\n\n<p class=\"maillage-title has-pl-miamo-medium-font-family\" style=\"font-size:clamp(14px, 0.875rem + ((1vw - 3.2px) * 0.508), 20px);letter-spacing:10px;text-transform:uppercase\">Bar-Restaurant : Le B17<\/p>\n\n\n<a class=\"is-style-lien-cover wp-block-read-more\" href=\"https:\/\/www.camping-carolins.com\/de\/bar-gaststaette-port-bail-sur-mer\/\" target=\"_self\">Weiterlesen<span class=\"screen-reader-text\">: Bar-Restaurant : Le B17<\/span><\/a>\n<\/li><li data-wp-key=\"post-template-item-33105\" class=\"wp-block-post post-33105 page type-page status-publish has-post-thumbnail hentry\">\n<figure class=\"wp-block-post-featured-image\"><img decoding=\"async\" width=\"1920\" height=\"1280\" src=\"https:\/\/www.camping-carolins.com\/wp-content\/uploads\/2025\/06\/location-mobil-home-port-bail-sur-mer-2.jpg\" class=\"attachment-full size-full wp-post-image\" alt=\"location mobil home port bail sur mer\" style=\"object-fit:cover;\" srcset=\"https:\/\/www.camping-carolins.com\/wp-content\/uploads\/2025\/06\/location-mobil-home-port-bail-sur-mer-2.jpg 1920w, https:\/\/www.camping-carolins.com\/wp-content\/uploads\/2025\/06\/location-mobil-home-port-bail-sur-mer-2-300x200.jpg 300w, https:\/\/www.camping-carolins.com\/wp-content\/uploads\/2025\/06\/location-mobil-home-port-bail-sur-mer-2-1024x683.jpg 1024w, https:\/\/www.camping-carolins.com\/wp-content\/uploads\/2025\/06\/location-mobil-home-port-bail-sur-mer-2-768x512.jpg 768w, https:\/\/www.camping-carolins.com\/wp-content\/uploads\/2025\/06\/location-mobil-home-port-bail-sur-mer-2-1536x1024.jpg 1536w\" sizes=\"(max-width: 1920px) 100vw, 1920px\" \/><span class=\"wp-block-post-featured-image__overlay has-background-dim has-background-dim-40 has-custom-color-5-background-color\" style=\"\" aria-hidden=\"true\"><\/span><\/figure>\n\n\n<p class=\"maillage-title has-pl-miamo-medium-font-family\" style=\"font-size:clamp(14px, 0.875rem + ((1vw - 3.2px) * 0.508), 20px);letter-spacing:10px;text-transform:uppercase\">Mietwohnungen<\/p>\n\n\n<a class=\"is-style-lien-cover wp-block-read-more\" href=\"https:\/\/www.camping-carolins.com\/de\/mobilheimvermietung-port-bail-sur-mer\/\" target=\"_self\">Weiterlesen<span class=\"screen-reader-text\">: Mobilheimvermietung<\/span><\/a>\n<\/li><li data-wp-key=\"post-template-item-32732\" class=\"wp-block-post post-32732 page type-page status-publish has-post-thumbnail hentry\">\n<figure class=\"wp-block-post-featured-image\"><img decoding=\"async\" width=\"2000\" height=\"1333\" src=\"https:\/\/www.camping-carolins.com\/wp-content\/uploads\/2025\/05\/camping-piscine-cotentin.jpg\" class=\"attachment-full size-full wp-post-image\" alt=\"campingplatz swimmingpool cotentin\" style=\"object-fit:cover;\" srcset=\"https:\/\/www.camping-carolins.com\/wp-content\/uploads\/2025\/05\/camping-piscine-cotentin.jpg 2000w, https:\/\/www.camping-carolins.com\/wp-content\/uploads\/2025\/05\/camping-piscine-cotentin-300x200.jpg 300w, https:\/\/www.camping-carolins.com\/wp-content\/uploads\/2025\/05\/camping-piscine-cotentin-1024x682.jpg 1024w, https:\/\/www.camping-carolins.com\/wp-content\/uploads\/2025\/05\/camping-piscine-cotentin-768x512.jpg 768w, https:\/\/www.camping-carolins.com\/wp-content\/uploads\/2025\/05\/camping-piscine-cotentin-1536x1024.jpg 1536w\" sizes=\"(max-width: 2000px) 100vw, 2000px\" \/><span class=\"wp-block-post-featured-image__overlay has-background-dim has-background-dim-40 has-custom-color-5-background-color\" style=\"\" aria-hidden=\"true\"><\/span><\/figure>\n\n\n<p class=\"maillage-title has-pl-miamo-medium-font-family\" style=\"font-size:clamp(14px, 0.875rem + ((1vw - 3.2px) * 0.508), 20px);letter-spacing:10px;text-transform:uppercase\">Swimmingpool<\/p>\n\n\n<a class=\"is-style-lien-cover wp-block-read-more\" href=\"https:\/\/www.camping-carolins.com\/de\/campingplatz-beheiztes-schwimmbad-port-bail-sur-mer\/\" target=\"_self\">Weiterlesen<span class=\"screen-reader-text\">: Swimmingpool<\/span><\/a>\n<\/li><\/ul><\/div>\n<\/section>\n","protected":false},"excerpt":{"rendered":"<p>Campingplatz am Meer in der Basse-Normandie Direkter Zugang zum Meer vom Campingplatz Der Campingplatz in der Basse-Normandie verf\u00fcgt \u00fcber eine private D\u00fcne mit Zugang zum Strand, die alle unsere Camper gl\u00fccklich macht. Sie k\u00f6nnen den Strand \u00fcber den GR223 erreichen : der Z\u00f6llnerpfad von Port-bail inmitten der D\u00fcnen, der Strand ist nur 20 Minuten zu [&hellip;]<\/p>\n","protected":false},"author":1,"featured_media":32810,"parent":0,"menu_order":0,"comment_status":"closed","ping_status":"closed","template":"","meta":{"_acf_changed":false,"_seopress_robots_primary_cat":"","_seopress_titles_title":"Campingplatz am Meer Cotentin | Vermietung am Meer Basse-Normandie","_seopress_titles_desc":"Verbringen Sie Ihren Urlaub am Meer in der Region Cotentin mit direktem Zugang zum Strand und Unterk\u00fcnften mit D\u00fcnenblick. Entdecken Sie das Angeln und Wassersport in der N\u00e4he. ","_seopress_robots_index":"","_gt_ctv_global_id":"","_gt_ctv_id_group":false,"inline_featured_image":false,"gt_fse_maillage_image":"https:\/\/www.camping-carolins.com\/wp-content\/uploads\/2025\/06\/camping-bord-de-mer-normandie-1.jpg","gt_fse_maillage_titre":"Meer","gt_fse_maillage_alt":"Meer","gt_fse_maillage_resume":"","footnotes":""},"categories":[],"tags":[],"class_list":["post-32751","page","type-page","status-publish","has-post-thumbnail","hentry"],"acf":[],"_links":{"self":[{"href":"https:\/\/www.camping-carolins.com\/de\/wp-json\/wp\/v2\/pages\/32751","targetHints":{"allow":["GET"]}}],"collection":[{"href":"https:\/\/www.camping-carolins.com\/de\/wp-json\/wp\/v2\/pages"}],"about":[{"href":"https:\/\/www.camping-carolins.com\/de\/wp-json\/wp\/v2\/types\/page"}],"author":[{"embeddable":true,"href":"https:\/\/www.camping-carolins.com\/de\/wp-json\/wp\/v2\/users\/1"}],"replies":[{"embeddable":true,"href":"https:\/\/www.camping-carolins.com\/de\/wp-json\/wp\/v2\/comments?post=32751"}],"version-history":[{"count":6,"href":"https:\/\/www.camping-carolins.com\/de\/wp-json\/wp\/v2\/pages\/32751\/revisions"}],"predecessor-version":[{"id":39327,"href":"https:\/\/www.camping-carolins.com\/de\/wp-json\/wp\/v2\/pages\/32751\/revisions\/39327"}],"wp:featuredmedia":[{"embeddable":true,"href":"https:\/\/www.camping-carolins.com\/de\/wp-json\/wp\/v2\/media\/32810"}],"wp:attachment":[{"href":"https:\/\/www.camping-carolins.com\/de\/wp-json\/wp\/v2\/media?parent=32751"}],"wp:term":[{"taxonomy":"category","embeddable":true,"href":"https:\/\/www.camping-carolins.com\/de\/wp-json\/wp\/v2\/categories?post=32751"},{"taxonomy":"post_tag","embeddable":true,"href":"https:\/\/www.camping-carolins.com\/de\/wp-json\/wp\/v2\/tags?post=32751"}],"curies":[{"name":"wp","href":"https:\/\/api.w.org\/{rel}","templated":true}]}}