{"id":32786,"date":"2025-05-15T16:59:21","date_gmt":"2025-05-15T14:59:21","guid":{"rendered":"https:\/\/www.camping-carolins.com\/location-parcelle-port-bail-sur-mer-2\/"},"modified":"2025-12-03T16:17:16","modified_gmt":"2025-12-03T15:17:16","slug":"pachtgrundstueck-port-bail-sur-mer","status":"publish","type":"page","link":"https:\/\/www.camping-carolins.com\/de\/pachtgrundstueck-port-bail-sur-mer\/","title":{"rendered":"Einwohner"},"content":{"rendered":"\n<section class=\"wp-block-group home-intro page-intro has-custom-color-1-background-color has-background has-global-padding is-layout-constrained wp-block-group-is-layout-constrained\" style=\"padding-top:10rem;padding-bottom:10rem\">\n<div class=\"wp-block-group groupe-title has-global-padding is-layout-constrained wp-block-group-is-layout-constrained\">\n<h1 class=\"wp-block-heading has-text-align-center\"><strong>Vermietung von Stellpl\u00e4tzen f\u00fcr Einwohner<\/strong> in Cotentin<\/h1>\n\n\n\n<div class=\"wp-block-group title-img is-layout-flow wp-block-group-is-layout-flow\">\n<figure class=\"wp-block-image aligncenter size-full\"><img decoding=\"async\" width=\"23\" height=\"22\" src=\"https:\/\/www.camping-carolins.com\/wp-content\/uploads\/2025\/05\/Calque_2-1.svg\" alt=\"Campingplatz Schwimmbad Hafen Pachtvertrag\" class=\"wp-image-101\"\/><\/figure>\n<\/div>\n<\/div>\n\n\n\n<div class=\"wp-block-columns is-layout-flex wp-container-core-columns-is-layout-28f84493 wp-block-columns-is-layout-flex\">\n<div class=\"wp-block-column left is-layout-flow wp-block-column-is-layout-flow\" style=\"flex-basis:33.33%\">\n<figure class=\"wp-block-image size-full\"><img decoding=\"async\" width=\"475\" height=\"866\" src=\"https:\/\/www.camping-carolins.com\/wp-content\/uploads\/2025\/06\/location-d-emplacements-pour-residents-dans-le-cotentin.jpg\" alt=\"Vermietung von Stellpl&#xE4;tzen f&#xFC;r Residenten in der Cotentin\" class=\"wp-image-4848\" srcset=\"https:\/\/www.camping-carolins.com\/wp-content\/uploads\/2025\/06\/location-d-emplacements-pour-residents-dans-le-cotentin.jpg 475w, https:\/\/www.camping-carolins.com\/wp-content\/uploads\/2025\/06\/location-d-emplacements-pour-residents-dans-le-cotentin-165x300.jpg 165w\" sizes=\"(max-width: 475px) 100vw, 475px\" \/><\/figure>\n<\/div>\n\n\n\n<div class=\"wp-block-column right is-layout-flow wp-block-column-is-layout-flow\" style=\"flex-basis:66.66%\">\n<figure class=\"wp-block-image size-full animated fadeIn slower\"><img decoding=\"async\" width=\"952\" height=\"577\" src=\"https:\/\/www.camping-carolins.com\/wp-content\/uploads\/2025\/06\/louez-une-parcelle-en-basse-normandie.jpg\" alt=\"mieten Sie ein Grundst&#xFC;ck in basse normandie\" class=\"wp-image-4850\" srcset=\"https:\/\/www.camping-carolins.com\/wp-content\/uploads\/2025\/06\/louez-une-parcelle-en-basse-normandie.jpg 952w, https:\/\/www.camping-carolins.com\/wp-content\/uploads\/2025\/06\/louez-une-parcelle-en-basse-normandie-300x182.jpg 300w, https:\/\/www.camping-carolins.com\/wp-content\/uploads\/2025\/06\/louez-une-parcelle-en-basse-normandie-768x465.jpg 768w\" sizes=\"(max-width: 952px) 100vw, 952px\" \/><\/figure>\n\n\n\n<div class=\"wp-block-group bottom is-nowrap is-layout-flex wp-container-core-group-is-layout-e4d5908d wp-block-group-is-layout-flex\" style=\"margin-top:4rem\">\n<div class=\"wp-block-group is-vertical is-content-justification-center is-layout-flex wp-container-core-group-is-layout-ce155fab wp-block-group-is-layout-flex\">\n<div class=\"wp-block-group groupe-title has-global-padding is-layout-constrained wp-block-group-is-layout-constrained\">\n<h2 class=\"wp-block-heading has-text-align-center\"><strong>Mieten Sie ein Grundst\u00fcck<\/strong> in Basse-Normandie<\/h2>\n\n\n\n<div class=\"wp-block-group title-img is-layout-flow wp-block-group-is-layout-flow\">\n<figure class=\"wp-block-image aligncenter size-full\"><img decoding=\"async\" width=\"23\" height=\"22\" src=\"https:\/\/www.camping-carolins.com\/wp-content\/uploads\/2025\/05\/Calque_2-1.svg\" alt=\"Planschbecken\" class=\"wp-image-101\"\/><\/figure>\n<\/div>\n<\/div>\n\n\n\n<p class=\"has-text-align-center has-base-2-color has-text-color has-link-color wp-elements-f46378403a2e05faaa3c6e82254c673b\">Im Herzen eines <strong>bewaldeten und atypischen<\/strong> Gel\u00e4ndes bieten wir Ihnen die Vermietung eines Grundst\u00fccks im Cotentin, in der N\u00e4he von Barneville-Carteret, mit einer Fl\u00e4che von ca. 120 m\u00b2, das erschlossen ist, um Ihr Mobilheim zu beherbergen. Sie k\u00f6nnen den Campingplatz von 1\u1d49\u02b3 April bis 2. November besuchen. <\/p>\n\n\n\n<p class=\"has-text-align-center has-base-2-color has-text-color has-link-color wp-elements-a3ecf0314f8c669d61312273090e7007\">Die Leistung umfasst die <strong>Miete der Parzelle<\/strong> und den <strong>Wasserverbrauch<\/strong>.  <\/p>\n\n\n\n<p class=\"has-text-align-center has-base-2-color has-text-color has-link-color wp-elements-d1b5be192adafed953b37f5f1abf9394\">Die Bewohner und die im Vertrag angegebenen Personen k\u00f6nnen die <strong>Einrichtungen <\/strong>des <a href=\"https:\/\/www.camping-carolins.com\/de\/\">Campingplatzes in der Basse-Normandie<\/a> nutzen: Schwimmbad, Tischtennisplatte, Spielplatz &#8230;.<\/p>\n<\/div>\n<\/div>\n<\/div>\n<\/div>\n<\/section>\n\n<section class=\"wp-block-group page-two slider has-global-padding is-layout-constrained wp-block-group-is-layout-constrained\" style=\"padding-top:10rem;padding-bottom:0rem\">\n<div class=\"wp-block-columns is-layout-flex wp-container-core-columns-is-layout-28f84493 wp-block-columns-is-layout-flex\">\n<div class=\"wp-block-column left is-layout-flow wp-block-column-is-layout-flow\" style=\"flex-basis:60%\">\n<div data-swiper=\"{&quot;speed&quot;:400,&quot;spaceBetween&quot;:16,&quot;slidesPerView&quot;:1,&quot;createElements&quot;:true,&quot;loop&quot;:true,&quot;freemode&quot;:true,&quot;pagination&quot;:{&quot;el&quot;:&quot;.swiper-pagination&quot;,&quot;dynamicBullets&quot;:true},&quot;breakpoints&quot;:[{&quot;slidesPerView&quot;:1}],&quot;effect&quot;:&quot;fade&quot;,&quot;navigation&quot;:false,&quot;autoplay&quot;:{&quot;delay&quot;:5000}}\" class=\"wp-block-group gt-is-slider gt-is-slider-desktop has-global-padding is-layout-constrained wp-block-group-is-layout-constrained\">\n<figure class=\"wp-block-image size-full animated fadeIn slow\"><img decoding=\"async\" width=\"900\" height=\"675\" src=\"https:\/\/www.camping-carolins.com\/wp-content\/uploads\/2025\/06\/services-additionnels-wifi.jpg\" alt=\"zus&#xE4;tzliche Wifi-Dienste\" class=\"wp-image-4852\" style=\"aspect-ratio:4\/3;object-fit:cover\" srcset=\"https:\/\/www.camping-carolins.com\/wp-content\/uploads\/2025\/06\/services-additionnels-wifi.jpg 900w, https:\/\/www.camping-carolins.com\/wp-content\/uploads\/2025\/06\/services-additionnels-wifi-300x225.jpg 300w, https:\/\/www.camping-carolins.com\/wp-content\/uploads\/2025\/06\/services-additionnels-wifi-768x576.jpg 768w\" sizes=\"(max-width: 900px) 100vw, 900px\" \/><\/figure>\n\n\n\n<figure class=\"wp-block-image size-full animated fadeIn slow\"><img decoding=\"async\" width=\"900\" height=\"675\" src=\"https:\/\/www.camping-carolins.com\/wp-content\/uploads\/2025\/06\/nos-equipes-disponibles-a-l-accueil.jpg\" alt=\"unsere Mitarbeiter am Empfang zur Verf&#xFC;gung stehen\" class=\"wp-image-4854\" srcset=\"https:\/\/www.camping-carolins.com\/wp-content\/uploads\/2025\/06\/nos-equipes-disponibles-a-l-accueil.jpg 900w, https:\/\/www.camping-carolins.com\/wp-content\/uploads\/2025\/06\/nos-equipes-disponibles-a-l-accueil-300x225.jpg 300w, https:\/\/www.camping-carolins.com\/wp-content\/uploads\/2025\/06\/nos-equipes-disponibles-a-l-accueil-768x576.jpg 768w\" sizes=\"(max-width: 900px) 100vw, 900px\" \/><\/figure>\n<\/div>\n<\/div>\n\n\n\n<div class=\"wp-block-column is-vertically-aligned-center right has-link-color wp-elements-29afca458c85bb9994d569bbae496f97 is-layout-flow wp-block-column-is-layout-flow\">\n<div class=\"wp-block-group groupe-title has-global-padding is-layout-constrained wp-block-group-is-layout-constrained\">\n<h2 class=\"wp-block-heading has-text-align-center has-custom-color-1-color has-text-color has-link-color wp-elements-87710898cfebf7197f8c33f60dd195a8\">Welche Bedingungen m\u00fcssen erf\u00fcllt sein, um <strong> <br\/>eine Parzelle f\u00fcr Ihr Mobilheim zu mieten<\/strong>?<\/h2>\n\n\n\n<div class=\"wp-block-group title-img is-layout-flow wp-block-group-is-layout-flow\">\n<figure class=\"wp-block-image aligncenter size-full\"><img decoding=\"async\" width=\"23\" height=\"22\" src=\"https:\/\/www.camping-carolins.com\/wp-content\/uploads\/2025\/05\/Calque_2-1.svg\" alt=\"Planschbecken\" class=\"wp-image-101\"\/><\/figure>\n<\/div>\n<\/div>\n\n\n\n<p style=\"padding-top:var(--wp--preset--spacing--20);padding-right:var(--wp--preset--spacing--40);padding-left:var(--wp--preset--spacing--40)\">Wir bieten Ihnen <strong>zus\u00e4tzliche Dienstleistungen<\/strong> wie die Miete einer Gasflasche oder die Nutzung von Wifi, wenn Sie ein Grundst\u00fcck in Basse-Normandie mieten.<\/p>\n\n\n\n<p style=\"padding-top:0;padding-right:var(--wp--preset--spacing--40);padding-left:var(--wp--preset--spacing--40)\">F\u00fcr weitere Informationen k\u00f6nnen Sie sich <strong>an unsere Mitarbeiter am Empfang<\/strong> des Campingplatzes wenden. Bitte beachten Sie, dass das Mobilheim nicht \u00e4lter als 10 Jahre sein darf. <\/p>\n<\/div>\n<\/div>\n<\/section>\n\n<section class=\"wp-block-group home-sixth page-three has-link-color wp-elements-c2acf42e4334208a5f64be86ffbb5032 is-layout-flow wp-block-group-is-layout-flow\" style=\"padding-top:10rem;padding-bottom:10rem\">\n<div class=\"wp-block-group h1-like is-vertical is-content-justification-center is-layout-flex wp-container-core-group-is-layout-81423f52 wp-block-group-is-layout-flex\" style=\"line-height:1.5\">\n<p class=\"has-custom-color-1-color has-text-color has-link-color has-pl-miamo-semibold-font-family wp-elements-3f6111b6e85837b6669037f8b47446dd\" style=\"font-size:clamp(54.054px, 3.378rem + ((1vw - 3.2px) * 4.741), 110px);text-transform:uppercase\">Ihre<\/p>\n\n\n\n<p class=\"has-text-color has-link-color has-pl-miamo-script-font-family wp-elements-ab5230c0dd2b5f650362b475c5ff6199\" style=\"color:#d9ae89;font-size:clamp(53.285px, 3.33rem + ((1vw - 3.2px) * 4.637), 108px);line-height:1\">Ferienresidenz<\/p>\n<\/div>\n\n\n\n<div data-swiper=\"{&quot;speed&quot;:400,&quot;spaceBetween&quot;:16,&quot;slidesPerView&quot;:1,&quot;createElements&quot;:true,&quot;loop&quot;:true,&quot;freemode&quot;:true,&quot;navigation&quot;:{&quot;nextEl&quot;:&quot;buttonNext&quot;,&quot;prevEl&quot;:&quot;buttonPrev&quot;},&quot;breakpoints&quot;:{&quot;0&quot;:{&quot;slidesPerView&quot;:1},&quot;380&quot;:[],&quot;1024&quot;:[]},&quot;pagination&quot;:false,&quot;effect&quot;:&quot;fade&quot;,&quot;autoplay&quot;:{&quot;delay&quot;:5000}}\" class=\"wp-block-group gt-is-slider gt-is-slider-desktop has-global-padding is-layout-constrained wp-container-core-group-is-layout-8dd13e6d wp-block-group-is-layout-constrained\" style=\"padding-right:var(--wp--preset--spacing--60);padding-left:var(--wp--preset--spacing--60)\">\n<div data-swiper=\"{&quot;speed&quot;:1000,&quot;autoplay&quot;:{&quot;delay&quot;:5000,&quot;disableOnInteraction&quot;:false},&quot;spaceBetween&quot;:0,&quot;slidesPerView&quot;:1,&quot;pagination&quot;:{&quot;el&quot;:&quot;.swiper-pagination&quot;,&quot;dynamicBullets&quot;:true,&quot;clickable&quot;:true,&quot;type&quot;:&quot;bullets&quot;},&quot;navigation&quot;:{&quot;nextEl&quot;:&quot;.swiper-button-next&quot;,&quot;prevEl&quot;:&quot;.swiper-button-prev&quot;},&quot;breakpoints&quot;:[{&quot;slidesPerView&quot;:1}]}\" class=\"wp-block-cover is-light\" style=\"min-height:680px;aspect-ratio:unset;\"><img decoding=\"async\" width=\"1569\" height=\"680\" class=\"wp-block-cover__image-background wp-image-4856 size-full\" alt=\"votre residence de vacances\" src=\"https:\/\/www.camping-carolins.com\/wp-content\/uploads\/2025\/06\/votre-residence-de-vacances.jpg\" data-object-fit=\"cover\" srcset=\"https:\/\/www.camping-carolins.com\/wp-content\/uploads\/2025\/06\/votre-residence-de-vacances.jpg 1569w, https:\/\/www.camping-carolins.com\/wp-content\/uploads\/2025\/06\/votre-residence-de-vacances-300x130.jpg 300w, https:\/\/www.camping-carolins.com\/wp-content\/uploads\/2025\/06\/votre-residence-de-vacances-1024x444.jpg 1024w, https:\/\/www.camping-carolins.com\/wp-content\/uploads\/2025\/06\/votre-residence-de-vacances-768x333.jpg 768w, https:\/\/www.camping-carolins.com\/wp-content\/uploads\/2025\/06\/votre-residence-de-vacances-1536x666.jpg 1536w\" sizes=\"(max-width: 1569px) 100vw, 1569px\" \/><span aria-hidden=\"true\" class=\"wp-block-cover__background has-custom-color-5-background-color has-background-dim-10 has-background-dim\"><\/span><div class=\"wp-block-cover__inner-container is-layout-flow wp-block-cover-is-layout-flow\">\n<p class=\"has-text-align-center has-large-font-size\"><\/p>\n<\/div><\/div>\n\n\n\n<div data-swiper=\"{&quot;speed&quot;:1000,&quot;autoplay&quot;:{&quot;delay&quot;:5000,&quot;disableOnInteraction&quot;:false},&quot;spaceBetween&quot;:0,&quot;slidesPerView&quot;:1,&quot;pagination&quot;:{&quot;el&quot;:&quot;.swiper-pagination&quot;,&quot;dynamicBullets&quot;:true,&quot;clickable&quot;:true,&quot;type&quot;:&quot;bullets&quot;},&quot;navigation&quot;:{&quot;nextEl&quot;:&quot;.swiper-button-next&quot;,&quot;prevEl&quot;:&quot;.swiper-button-prev&quot;},&quot;breakpoints&quot;:[{&quot;slidesPerView&quot;:1}]}\" class=\"wp-block-cover is-light\" style=\"min-height:680px;aspect-ratio:unset;\"><img decoding=\"async\" width=\"1569\" height=\"680\" class=\"wp-block-cover__image-background wp-image-4858 size-full\" alt=\"acheter un mobil home dans le cotentin\" src=\"https:\/\/www.camping-carolins.com\/wp-content\/uploads\/2025\/06\/acheter-un-mobil-home-dans-le-cotentin.jpg\" data-object-fit=\"cover\" srcset=\"https:\/\/www.camping-carolins.com\/wp-content\/uploads\/2025\/06\/acheter-un-mobil-home-dans-le-cotentin.jpg 1569w, https:\/\/www.camping-carolins.com\/wp-content\/uploads\/2025\/06\/acheter-un-mobil-home-dans-le-cotentin-300x130.jpg 300w, https:\/\/www.camping-carolins.com\/wp-content\/uploads\/2025\/06\/acheter-un-mobil-home-dans-le-cotentin-1024x444.jpg 1024w, https:\/\/www.camping-carolins.com\/wp-content\/uploads\/2025\/06\/acheter-un-mobil-home-dans-le-cotentin-768x333.jpg 768w, https:\/\/www.camping-carolins.com\/wp-content\/uploads\/2025\/06\/acheter-un-mobil-home-dans-le-cotentin-1536x666.jpg 1536w\" sizes=\"(max-width: 1569px) 100vw, 1569px\" \/><span aria-hidden=\"true\" class=\"wp-block-cover__background has-custom-color-5-background-color has-background-dim-10 has-background-dim\"><\/span><div class=\"wp-block-cover__inner-container has-global-padding is-layout-constrained wp-block-cover-is-layout-constrained\">\n<p class=\"has-text-align-center has-large-font-size\"><\/p>\n<\/div><\/div>\n\n\n\n<div data-swiper=\"{&quot;speed&quot;:1000,&quot;autoplay&quot;:{&quot;delay&quot;:5000,&quot;disableOnInteraction&quot;:false},&quot;spaceBetween&quot;:0,&quot;slidesPerView&quot;:1,&quot;pagination&quot;:{&quot;el&quot;:&quot;.swiper-pagination&quot;,&quot;dynamicBullets&quot;:true,&quot;clickable&quot;:true,&quot;type&quot;:&quot;bullets&quot;},&quot;navigation&quot;:{&quot;nextEl&quot;:&quot;.swiper-button-next&quot;,&quot;prevEl&quot;:&quot;.swiper-button-prev&quot;},&quot;breakpoints&quot;:[{&quot;slidesPerView&quot;:1}]}\" class=\"wp-block-cover is-light\" style=\"min-height:680px;aspect-ratio:unset;\"><img decoding=\"async\" width=\"1569\" height=\"680\" class=\"wp-block-cover__image-background wp-image-4860 size-full\" alt=\"devenez proprietaire de votre residence de vacances\" src=\"https:\/\/www.camping-carolins.com\/wp-content\/uploads\/2025\/06\/devenez-proprietaire-de-votre-residence-de-vacances.jpg\" data-object-fit=\"cover\" srcset=\"https:\/\/www.camping-carolins.com\/wp-content\/uploads\/2025\/06\/devenez-proprietaire-de-votre-residence-de-vacances.jpg 1569w, https:\/\/www.camping-carolins.com\/wp-content\/uploads\/2025\/06\/devenez-proprietaire-de-votre-residence-de-vacances-300x130.jpg 300w, https:\/\/www.camping-carolins.com\/wp-content\/uploads\/2025\/06\/devenez-proprietaire-de-votre-residence-de-vacances-1024x444.jpg 1024w, https:\/\/www.camping-carolins.com\/wp-content\/uploads\/2025\/06\/devenez-proprietaire-de-votre-residence-de-vacances-768x333.jpg 768w, https:\/\/www.camping-carolins.com\/wp-content\/uploads\/2025\/06\/devenez-proprietaire-de-votre-residence-de-vacances-1536x666.jpg 1536w\" sizes=\"(max-width: 1569px) 100vw, 1569px\" \/><span aria-hidden=\"true\" class=\"wp-block-cover__background has-custom-color-5-background-color has-background-dim-10 has-background-dim\"><\/span><div class=\"wp-block-cover__inner-container has-global-padding is-layout-constrained wp-block-cover-is-layout-constrained\">\n<p class=\"has-text-align-center has-large-font-size\"><\/p>\n<\/div><\/div>\n<\/div>\n\n\n\n<div class=\"wp-block-group groupe-title has-global-padding is-layout-constrained wp-block-group-is-layout-constrained\" style=\"padding-top:var(--wp--preset--spacing--40);padding-bottom:var(--wp--preset--spacing--20)\">\n<h2 class=\"wp-block-heading has-text-align-center has-custom-color-1-color has-text-color has-link-color wp-elements-ba4d9569a8c0930ff56413b34e885e09\"><strong>Kaufen Sie ein Mobilheim<\/strong> in Cotentin<\/h2>\n\n\n\n<div class=\"wp-block-group title-img is-layout-flow wp-block-group-is-layout-flow\">\n<figure class=\"wp-block-image aligncenter size-full\"><img decoding=\"async\" width=\"23\" height=\"22\" src=\"https:\/\/www.camping-carolins.com\/wp-content\/uploads\/2025\/05\/Calque_2-1.svg\" alt=\"campingplatz mit schwimmbad cotentin\" class=\"wp-image-101\"\/><\/figure>\n<\/div>\n<\/div>\n\n\n\n<p class=\"has-text-align-center has-link-color wp-elements-8ba348d334eeec250bb9fd7fde92d511\" style=\"padding-right:20rem;padding-left:20rem\">Auf Camping**** Les Carolins in Port-Bail-sur-Mer ist es m\u00f6glich, ein neues oder gebrauchtes Mobilheim zu kaufen, <strong>je nach Verf\u00fcgbarkeit<\/strong>. Werden Sie <g id=\"gid_1\">Eigent\u00fcmer Ihres Feriendomizils <\/g>und profitieren Sie von den Einrichtungen des Campingplatzes und seiner au\u00dfergew\u00f6hnlichen Umgebung zwischen D\u00fcnen und Str\u00e4nden. Wenn Sie nur auf der Durchreise sind, k\u00f6nnen Sie auch eine unserer <a href=\"https:\/\/www.camping-carolins.com\/de\/mobilheimvermietung-port-bail-sur-mer\/\">Mietunterk\u00fcnfte in der Basse-Normandie<\/a> w\u00e4hlen oder Ihr Zelt auf einem <a href=\"https:\/\/www.camping-carolins.com\/de\/stellplatzvermietung-port-bail-sur-mer\/\">Mietstellplatz im Cotentin<\/a> aufstellen!  <\/p>\n<\/section>\n\n<section class=\"wp-block-group page-two reverse has-custom-color-1-background-color has-background has-global-padding is-layout-constrained wp-block-group-is-layout-constrained\" style=\"padding-top:10rem;padding-bottom:10rem\">\n<div class=\"wp-block-columns is-layout-flex wp-container-core-columns-is-layout-7fc3d43a wp-block-columns-is-layout-flex\">\n<div class=\"wp-block-column is-vertically-aligned-center left is-layout-flow wp-block-column-is-layout-flow\" style=\"flex-basis:40%\">\n<div class=\"wp-block-group groupe-title has-global-padding is-layout-constrained wp-block-group-is-layout-constrained\">\n<h2 class=\"wp-block-heading has-text-align-center has-base-2-color has-text-color has-link-color wp-elements-c58157878fd6db068f6395317f3e94d3\">Preise und praktische Informationen<\/h2>\n\n\n\n<div class=\"wp-block-group title-img is-layout-flow wp-block-group-is-layout-flow\">\n<figure class=\"wp-block-image aligncenter size-full\"><img decoding=\"async\" width=\"23\" height=\"22\" src=\"https:\/\/www.camping-carolins.com\/wp-content\/uploads\/2025\/05\/Calque_2-1.svg\" alt=\"Ebene_2 (1)\" class=\"wp-image-101\"\/><\/figure>\n<\/div>\n<\/div>\n\n\n\n<p class=\"has-base-2-color has-text-color has-link-color wp-elements-0ebf5010dcc50e47d24643567cc69776\" style=\"margin-bottom:0px\">Was Sie bei der Anmietung eines Grundst\u00fccks im Cotentin in Port-Bail-sur-Mer zu zahlen haben :<\/p>\n\n\n\n<ul style=\"margin-top:0px;margin-left:var(--wp--preset--spacing--10)\" class=\"wp-block-list has-base-2-color has-text-color has-link-color wp-elements-7e9b99e536d1b075283c879e82618c4d\">\n<li><strong>Stromverbrauch:<\/strong> Eine Ablesung erfolgt bei der Aufstellung des Mobilheims und eine zweite Ablesung am Ende der Saison (Schlie\u00dfung des Campingplatzes).<\/li>\n\n\n\n<li>Die <strong>Kosten f\u00fcr die Installation<\/strong> (Anschluss, Aufstellung des Mobilheims&#8230;) gehen zu Lasten des Bewohners.<\/li>\n\n\n\n<li><strong>Miete f\u00fcr ein erschlossenes Grundst\u00fcck (&lt;140m2):<\/strong> 2037 \u20ac\/Jahr.<\/li>\n\n\n\n<li><strong>Miete f\u00fcr ein erschlossenes Grundst\u00fcck (&gt;140m2):<\/strong> 2175 \u20ac\/Jahr.<\/li>\n\n\n\n<li><strong>Miete f\u00fcr eine nicht erschlossene Parzelle (Wohnwagen):<\/strong> 1863 \u20ac\/Jahr.<\/li>\n\n\n\n<li>Kaution f\u00fcr die <strong>programmierte Fernbedienung der automatischen Schranke <\/strong>(wird beim Auszug des Bewohners einkassiert und zur\u00fcckerstattet): 48 \u20ac.<\/li>\n\n\n\n<li><strong>Eintrittsgeb\u00fchr:<\/strong> 1200 \u20ac.<\/li>\n\n\n\n<li><strong>Anschlussgeb\u00fchr:<\/strong> 850 \u20ac, wenn wir den Anschluss herstellen.<\/li>\n<\/ul>\n\n\n\n<p class=\"has-base-2-color has-text-color has-link-color wp-elements-7c00c748f433985fdd3ea4caae9d2c5f\" style=\"margin-bottom:0px\">Dienstleistungen :<\/p>\n\n\n\n<ul style=\"margin-top:0px;margin-left:var(--wp--preset--spacing--10)\" class=\"wp-block-list has-base-2-color has-text-color has-link-color wp-elements-ed3c14531019f85f772c8005b15fa821\">\n<li><strong>Gasflaschen:<\/strong> siehe Preisliste am Empfang.<\/li>\n\n\n\n<li><strong>Wifi verf\u00fcgbar:<\/strong> siehe Preise an der Rezeption.<\/li>\n<\/ul>\n\n\n\n<p class=\"has-base-2-color has-text-color has-link-color wp-elements-e28e38a0d609f33939b11c2229156662\"><strong>Kurtaxe:<\/strong> 0,66 \u20ac \/ pro Person \u00fcber 18 Jahre \/ Tag (au\u00dfer f\u00fcr Personen, die auf der Liste der befreiten Gemeinden stehen).<\/p>\n<\/div>\n\n\n\n<div class=\"wp-block-column is-vertically-aligned-top right is-layout-flow wp-block-column-is-layout-flow\">\n<div data-swiper=\"{&quot;speed&quot;:400,&quot;spaceBetween&quot;:16,&quot;slidesPerView&quot;:1,&quot;createElements&quot;:true,&quot;loop&quot;:true,&quot;freemode&quot;:true,&quot;pagination&quot;:{&quot;el&quot;:&quot;.swiper-pagination&quot;,&quot;dynamicBullets&quot;:true},&quot;breakpoints&quot;:[{&quot;slidesPerView&quot;:1}],&quot;effect&quot;:&quot;fade&quot;,&quot;navigation&quot;:false,&quot;autoplay&quot;:{&quot;delay&quot;:5000}}\" class=\"wp-block-group gt-is-slider gt-is-slider-desktop has-global-padding is-layout-constrained wp-block-group-is-layout-constrained\">\n<figure class=\"wp-block-image size-full animated fadeIn slow\"><img decoding=\"async\" width=\"836\" height=\"556\" src=\"https:\/\/www.camping-carolins.com\/wp-content\/uploads\/2025\/06\/tarifs-et-informations-pratiques.jpg\" alt=\"Preise und praktische Informationen\" class=\"wp-image-4862\" srcset=\"https:\/\/www.camping-carolins.com\/wp-content\/uploads\/2025\/06\/tarifs-et-informations-pratiques.jpg 836w, https:\/\/www.camping-carolins.com\/wp-content\/uploads\/2025\/06\/tarifs-et-informations-pratiques-300x200.jpg 300w, https:\/\/www.camping-carolins.com\/wp-content\/uploads\/2025\/06\/tarifs-et-informations-pratiques-768x511.jpg 768w\" sizes=\"(max-width: 836px) 100vw, 836px\" \/><\/figure>\n<\/div>\n\n\n\n<div class=\"wp-block-buttons is-content-justification-center is-layout-flex wp-container-core-buttons-is-layout-bdec9351 wp-block-buttons-is-layout-flex\" style=\"margin-top:var(--wp--preset--spacing--10);margin-bottom:0\">\n<div class=\"wp-block-button btn-1 is-style-outline is-style-outline--1\"><a class=\"wp-block-button__link has-text-color has-link-color wp-element-button\" href=\"https:\/\/www.camping-carolins.com\/wp-content\/uploads\/2025\/06\/tarifs-residents-2025.pdf\" style=\"border-radius:50px;color:#d9ae89\" target=\"_blank\" rel=\"noreferrer noopener\"><img decoding=\"async\" src=\"https:\/\/www.camping-carolins.com\/wp-content\/uploads\/2025\/05\/fleche.svg\" alt=\"Pfeil\"\/> Tarife 2025<\/a><\/div>\n<\/div>\n<\/div>\n<\/div>\n<\/section>\n\n<section class=\"wp-block-group page-maillage has-global-padding is-layout-constrained wp-block-group-is-layout-constrained\" style=\"padding-top:10rem;padding-bottom:10rem\">\n<div class=\"wp-block-group title-page-maillage has-global-padding is-layout-constrained wp-block-group-is-layout-constrained\" style=\"margin-bottom:var(--wp--preset--spacing--40);line-height:0.8\">\n<p class=\"has-text-align-center has-text-color has-link-color has-pl-miamo-semibold-font-family wp-elements-d6949624e1a3f433121982dba8a902fa\" style=\"color:#d9ae89;font-size:clamp(20.515px, 1.282rem + ((1vw - 3.2px) * 1.058), 33px);\">Entdecken Sie unser Restaurant<\/p>\n\n\n\n<p class=\"has-text-align-center has-custom-color-1-color has-text-color has-link-color has-pl-miamo-semibold-font-family wp-elements-ceff33687af85e519549e69527f88602\" style=\"font-size:clamp(29.303px, 1.831rem + ((1vw - 3.2px) * 1.839), 51px);text-transform:uppercase\">Unser Pool &amp; die Umgebung<\/p>\n<\/div>\n\n\n\n<div data-wp-context=\"{}\" data-wp-interactive=\"core\/query\" data-wp-key=\"1\" data-wp-router-region=\"query-1\" class=\"wp-block-query alignwide gt-fse-maillage-query is-layout-flow wp-block-query-is-layout-flow\"><ul class=\"columns-3 wp-block-post-template is-layout-grid wp-container-core-post-template-is-layout-6d3fbd8f wp-block-post-template-is-layout-grid\"><li data-wp-key=\"post-template-item-32464\" class=\"wp-block-post post-32464 page type-page status-publish has-post-thumbnail hentry\">\n<figure class=\"wp-block-post-featured-image\"><img decoding=\"async\" width=\"1920\" height=\"1280\" src=\"https:\/\/www.camping-carolins.com\/wp-content\/uploads\/2025\/06\/normandie-tourisme-cotentin.jpg\" class=\"attachment-full size-full wp-post-image\" alt=\"Normandie Tourismus Cotentin\" style=\"object-fit:cover;\" srcset=\"https:\/\/www.camping-carolins.com\/wp-content\/uploads\/2025\/06\/normandie-tourisme-cotentin.jpg 1920w, https:\/\/www.camping-carolins.com\/wp-content\/uploads\/2025\/06\/normandie-tourisme-cotentin-300x200.jpg 300w, https:\/\/www.camping-carolins.com\/wp-content\/uploads\/2025\/06\/normandie-tourisme-cotentin-1024x683.jpg 1024w, https:\/\/www.camping-carolins.com\/wp-content\/uploads\/2025\/06\/normandie-tourisme-cotentin-768x512.jpg 768w, https:\/\/www.camping-carolins.com\/wp-content\/uploads\/2025\/06\/normandie-tourisme-cotentin-1536x1024.jpg 1536w\" sizes=\"(max-width: 1920px) 100vw, 1920px\" \/><span class=\"wp-block-post-featured-image__overlay has-background-dim has-background-dim-40 has-custom-color-5-background-color\" style=\"\" aria-hidden=\"true\"><\/span><\/figure>\n\n\n<p class=\"maillage-title has-pl-miamo-medium-font-family\" style=\"font-size:clamp(14px, 0.875rem + ((1vw - 3.2px) * 0.508), 20px);letter-spacing:10px;text-transform:uppercase\">Umgebung \/ Cotentin<\/p>\n\n\n<a class=\"is-style-lien-cover wp-block-read-more\" href=\"https:\/\/www.camping-carolins.com\/de\/tourismus-cotentin\/\" target=\"_self\">Weiterlesen<span class=\"screen-reader-text\">: Umgebung \/ Cotentin<\/span><\/a>\n<\/li><li data-wp-key=\"post-template-item-32645\" class=\"wp-block-post post-32645 page type-page status-publish has-post-thumbnail hentry\">\n<figure class=\"wp-block-post-featured-image\"><img decoding=\"async\" width=\"1920\" height=\"1280\" src=\"https:\/\/www.camping-carolins.com\/wp-content\/uploads\/2025\/06\/cta-bar-restaurant-port-bail-sur-mer.jpg\" class=\"attachment-full size-full wp-post-image\" alt=\"Bar-Restaurant Port bail sur mer\" style=\"object-fit:cover;\" srcset=\"https:\/\/www.camping-carolins.com\/wp-content\/uploads\/2025\/06\/cta-bar-restaurant-port-bail-sur-mer.jpg 1920w, https:\/\/www.camping-carolins.com\/wp-content\/uploads\/2025\/06\/cta-bar-restaurant-port-bail-sur-mer-300x200.jpg 300w, https:\/\/www.camping-carolins.com\/wp-content\/uploads\/2025\/06\/cta-bar-restaurant-port-bail-sur-mer-1024x683.jpg 1024w, https:\/\/www.camping-carolins.com\/wp-content\/uploads\/2025\/06\/cta-bar-restaurant-port-bail-sur-mer-768x512.jpg 768w, https:\/\/www.camping-carolins.com\/wp-content\/uploads\/2025\/06\/cta-bar-restaurant-port-bail-sur-mer-1536x1024.jpg 1536w\" sizes=\"(max-width: 1920px) 100vw, 1920px\" \/><span class=\"wp-block-post-featured-image__overlay has-background-dim has-background-dim-40 has-custom-color-5-background-color\" style=\"\" aria-hidden=\"true\"><\/span><\/figure>\n\n\n<p class=\"maillage-title has-pl-miamo-medium-font-family\" style=\"font-size:clamp(14px, 0.875rem + ((1vw - 3.2px) * 0.508), 20px);letter-spacing:10px;text-transform:uppercase\">Bar-Restaurant : Le B17<\/p>\n\n\n<a class=\"is-style-lien-cover wp-block-read-more\" href=\"https:\/\/www.camping-carolins.com\/de\/bar-gaststaette-port-bail-sur-mer\/\" target=\"_self\">Weiterlesen<span class=\"screen-reader-text\">: Bar-Restaurant : Le B17<\/span><\/a>\n<\/li><li data-wp-key=\"post-template-item-32732\" class=\"wp-block-post post-32732 page type-page status-publish has-post-thumbnail hentry\">\n<figure class=\"wp-block-post-featured-image\"><img decoding=\"async\" width=\"2000\" height=\"1333\" src=\"https:\/\/www.camping-carolins.com\/wp-content\/uploads\/2025\/05\/camping-piscine-cotentin.jpg\" class=\"attachment-full size-full wp-post-image\" alt=\"campingplatz swimmingpool cotentin\" style=\"object-fit:cover;\" srcset=\"https:\/\/www.camping-carolins.com\/wp-content\/uploads\/2025\/05\/camping-piscine-cotentin.jpg 2000w, https:\/\/www.camping-carolins.com\/wp-content\/uploads\/2025\/05\/camping-piscine-cotentin-300x200.jpg 300w, https:\/\/www.camping-carolins.com\/wp-content\/uploads\/2025\/05\/camping-piscine-cotentin-1024x682.jpg 1024w, https:\/\/www.camping-carolins.com\/wp-content\/uploads\/2025\/05\/camping-piscine-cotentin-768x512.jpg 768w, https:\/\/www.camping-carolins.com\/wp-content\/uploads\/2025\/05\/camping-piscine-cotentin-1536x1024.jpg 1536w\" sizes=\"(max-width: 2000px) 100vw, 2000px\" \/><span class=\"wp-block-post-featured-image__overlay has-background-dim has-background-dim-40 has-custom-color-5-background-color\" style=\"\" aria-hidden=\"true\"><\/span><\/figure>\n\n\n<p class=\"maillage-title has-pl-miamo-medium-font-family\" style=\"font-size:clamp(14px, 0.875rem + ((1vw - 3.2px) * 0.508), 20px);letter-spacing:10px;text-transform:uppercase\">Swimmingpool<\/p>\n\n\n<a class=\"is-style-lien-cover wp-block-read-more\" href=\"https:\/\/www.camping-carolins.com\/de\/campingplatz-beheiztes-schwimmbad-port-bail-sur-mer\/\" target=\"_self\">Weiterlesen<span class=\"screen-reader-text\">: Swimmingpool<\/span><\/a>\n<\/li><\/ul><\/div>\n<\/section>\n","protected":false},"excerpt":{"rendered":"<p>Vermietung von Stellpl\u00e4tzen f\u00fcr Einwohner in Cotentin Mieten Sie ein Grundst\u00fcck in Basse-Normandie Im Herzen eines bewaldeten und atypischen Gel\u00e4ndes bieten wir Ihnen die Vermietung eines Grundst\u00fccks im Cotentin, in der N\u00e4he von Barneville-Carteret, mit einer Fl\u00e4che von ca. 120 m\u00b2, das erschlossen ist, um Ihr Mobilheim zu beherbergen. Sie k\u00f6nnen den Campingplatz von 1\u1d49\u02b3 [&hellip;]<\/p>\n","protected":false},"author":1,"featured_media":32813,"parent":0,"menu_order":0,"comment_status":"closed","ping_status":"closed","template":"","meta":{"_acf_changed":false,"_seopress_robots_primary_cat":"","_seopress_titles_title":"Mieten Sie ein Grundst\u00fcck Cotentin I Mieten Sie ein Grundst\u00fcck Basse-Normandie","_seopress_titles_desc":"Mieten Sie ein Grundst\u00fcck in der Basse-Normandie f\u00fcr Ihr Mobilheim in der N\u00e4he von Barneville-Carteret und profitieren Sie von den Einrichtungen des Campingplatzes und seiner Umgebung.","_seopress_robots_index":"","_gt_ctv_global_id":"","_gt_ctv_id_group":false,"inline_featured_image":false,"gt_fse_maillage_image":"https:\/\/www.camping-carolins.com\/wp-content\/uploads\/2025\/06\/carolins-location-parcelle-port-bail-sur-mer.jpg","gt_fse_maillage_titre":"Einwohner","gt_fse_maillage_alt":"Einwohner","gt_fse_maillage_resume":"","footnotes":""},"categories":[],"tags":[],"class_list":["post-32786","page","type-page","status-publish","has-post-thumbnail","hentry"],"acf":[],"_links":{"self":[{"href":"https:\/\/www.camping-carolins.com\/de\/wp-json\/wp\/v2\/pages\/32786","targetHints":{"allow":["GET"]}}],"collection":[{"href":"https:\/\/www.camping-carolins.com\/de\/wp-json\/wp\/v2\/pages"}],"about":[{"href":"https:\/\/www.camping-carolins.com\/de\/wp-json\/wp\/v2\/types\/page"}],"author":[{"embeddable":true,"href":"https:\/\/www.camping-carolins.com\/de\/wp-json\/wp\/v2\/users\/1"}],"replies":[{"embeddable":true,"href":"https:\/\/www.camping-carolins.com\/de\/wp-json\/wp\/v2\/comments?post=32786"}],"version-history":[{"count":11,"href":"https:\/\/www.camping-carolins.com\/de\/wp-json\/wp\/v2\/pages\/32786\/revisions"}],"predecessor-version":[{"id":69406,"href":"https:\/\/www.camping-carolins.com\/de\/wp-json\/wp\/v2\/pages\/32786\/revisions\/69406"}],"wp:featuredmedia":[{"embeddable":true,"href":"https:\/\/www.camping-carolins.com\/de\/wp-json\/wp\/v2\/media\/32813"}],"wp:attachment":[{"href":"https:\/\/www.camping-carolins.com\/de\/wp-json\/wp\/v2\/media?parent=32786"}],"wp:term":[{"taxonomy":"category","embeddable":true,"href":"https:\/\/www.camping-carolins.com\/de\/wp-json\/wp\/v2\/categories?post=32786"},{"taxonomy":"post_tag","embeddable":true,"href":"https:\/\/www.camping-carolins.com\/de\/wp-json\/wp\/v2\/tags?post=32786"}],"curies":[{"name":"wp","href":"https:\/\/api.w.org\/{rel}","templated":true}]}}