{"id":33105,"date":"2025-05-15T16:59:06","date_gmt":"2025-05-15T14:59:06","guid":{"rendered":"https:\/\/www.camping-carolins.com\/location-mobil-home-port-bail-sur-mer-2\/"},"modified":"2026-04-14T08:56:43","modified_gmt":"2026-04-14T06:56:43","slug":"mobilheimvermietung-port-bail-sur-mer","status":"publish","type":"page","link":"https:\/\/www.camping-carolins.com\/de\/mobilheimvermietung-port-bail-sur-mer\/","title":{"rendered":"Mobilheimvermietung"},"content":{"rendered":"\n<section class=\"wp-block-group page-first has-custom-color-1-background-color has-background has-global-padding is-layout-constrained wp-block-group-is-layout-constrained\" style=\"padding-top:var(--wp--preset--spacing--30);padding-bottom:var(--wp--preset--spacing--30)\"><\/section>\n\n<div class=\"wp-block-group page-hebergement has-global-padding is-layout-constrained wp-block-group-is-layout-constrained\" style=\"padding-top:6rem\">\n<div class=\"wp-block-group groupe-title has-global-padding is-layout-constrained wp-block-group-is-layout-constrained\">\n<h1 class=\"wp-block-heading has-text-align-center has-custom-color-1-color has-text-color has-link-color wp-elements-88f1afc3a515d6048a4c861bc8b167ce\">Vermietung von Mobilheimen im Cotentin<\/h1>\n\n\n\n<div class=\"wp-block-group title-img is-layout-flow wp-block-group-is-layout-flow\">\n<figure class=\"wp-block-image aligncenter size-full\"><img decoding=\"async\" width=\"23\" height=\"22\" src=\"https:\/\/www.camping-carolins.com\/wp-content\/uploads\/2025\/05\/Calque_2-1.svg\" alt=\"vermietung von mobilheimen cotentin\" class=\"wp-image-101\"\/><\/figure>\n<\/div>\n<\/div>\n\n\n\n<div\n    class=\"gt-hebergements-filtres gt-hebergements-filtres--accordeons gt-hebergements-filtres--sidebar  wp-block-gt-gt-fse-hebergements\"    data-wp-interactive=\"gt\/fse\/filtres\"\n    data-wp-on--keydown=\"actions.handleKeydown\"\n    data-wp-on-document--click=\"actions.outsideClick\"\n    data-wp-context='{\"isSidebar\":true,\"isSidebarOpen\":false,\"isStickyButton\":true,\"isAccordeon\":true}'>\n    <div class=\"gt-hebergements-actions\">\n        \n        <button\n            class=\"gt-hebergements-open-button gt-hebergements-open-button--sticky\"\n            data-wp-on--click=\"actions.toggleSidebar\"\n            data-wp-bind--aria-expanded=\"context.isSidebarOpen\"\n            data-wp-class--active=\"state.activeCheckboxes\"\n            style=\"display:flex;align-items:center;gap:8px;flex-direction:row;\">\n            <div style=\"width:24px;height:24px;background-color:#fffaf5;mask:url(https:\/\/www.camping-carolins.com\/wp-content\/uploads\/2025\/06\/filtre-1.svg) no-repeat center \/ contain;-webkit-mask:url(https:\/\/www.camping-carolins.com\/wp-content\/uploads\/2025\/06\/filtre-1.svg) no-repeat center \/ contain;mask-size:contain;-webkit-mask-size:contain;flex-shrink:0;\" title=\"filtre (1)\"><\/div>            <span class=\"gt-hebergements-label-button\">\n                Siehe Filter            <\/span>\n            <span\n                data-wp-text=\"state.activeCheckboxes\"\n                data-wp-bind--hidden=\"!state.activeCheckboxes\"><\/span>\n        <\/button>\n\n        <div data-wp-bind--hidden=\"!state.activeCheckboxes\">\n            <button\n                class=\"gt-hebergements-reset-button\"\n                data-wp-on--click=\"actions.clearAllFilters\">\n                <i class=\"fas fa-undo-alt\"><\/i>\n                Zur\u00fccksetzen            <\/button>\n        <\/div>\n    <\/div>\n\n    <div\n        class=\"gt-hebergements-filtres__sidebar\"\n        data-wp-bind--hidden=\"!context.isSidebarOpen\"\n        data-wp-class--opened=\"context.isSidebarOpen\"\n\n        >\n                    <button\n                class=\"gt-hebergements-filtres__close-btn\"\n                data-wp-on--click=\"actions.closeSidebar\"\n                aria-label=\"Fermer les filtres\">\n                &times;\n            <\/button>\n                                                                                <div\n                    class=\"gt-hebergements-filtre closed\"\n                    data-gt-filtre-name=\"types\"\n                    data-gt-cookie=\"gtTypes\"\n                    aria-expanded=\"\"\n                    data-gt-filtre-operator=\"OR\">\n\n                                        <p\n                        class=\"gt-hebergements-filtre__name\"\n                        data-wp-on--click=\"actions.toggleFilter\"\n                        style=\"\n                            background-color: transparent;\n                            color: inherit;\n                            border-radius: 0px;\n                            padding: 0px;\n                        \">\n                        <span>\n                            Types                            <span\n                                class=\"gt-hebergements-filtre__count\"\n                                data-wp-bind--hidden=\"!state.count.types\"\n                                data-wp-text=\"state.count.types\"\n                                hidden>\n                            <\/span>\n                        <\/span>\n                    <\/p>\n                    <div\n                        class=\"gt-hebergements-filtre__content\"\n                        style=\"\n                            background-color: transparent;\n                            color: inherit;\n                            border-radius: 0px;\n                            padding: 0px;\n                        \">\n                        <label>\n                            <input\n                                type=\"checkbox\"\n                                name=\"types[]\"\n                                data-wp-on--click=\"actions.clearFilter\"\n                                value=\"\"\n                                checked \/>\n                            <span class=\"custom-checkbox\"><\/span>\n                            Alle                        <\/label>\n\n                                                                                                            <label>\n                                <input\n                                    type=\"checkbox\"\n                                    name=\"types[]\"\n                                    data-wp-on--click=\"actions.runFilters\"\n                                    value=\"139\"\n                                     \/>\n                                <span class=\"custom-checkbox\"><\/span>\n                                Ferienh\u00e4user                                                            <\/label>\n                                                                                <label>\n                                <input\n                                    type=\"checkbox\"\n                                    name=\"types[]\"\n                                    data-wp-on--click=\"actions.runFilters\"\n                                    value=\"138\"\n                                     \/>\n                                <span class=\"custom-checkbox\"><\/span>\n                                Atypische Unterk\u00fcnfte                                                            <\/label>\n                                                                                <label>\n                                <input\n                                    type=\"checkbox\"\n                                    name=\"types[]\"\n                                    data-wp-on--click=\"actions.runFilters\"\n                                    value=\"137\"\n                                     \/>\n                                <span class=\"custom-checkbox\"><\/span>\n                                Mobilheime                                                            <\/label>\n                                            <\/div>\n                <\/div>\n                                                                                    <div\n                    class=\"gt-hebergements-filtre closed\"\n                    data-gt-filtre-name=\"options\"\n                    data-gt-cookie=\"gtOptions\"\n                    aria-expanded=\"\"\n                    data-gt-filtre-operator=\"AND\">\n\n                                        <p\n                        class=\"gt-hebergements-filtre__name\"\n                        data-wp-on--click=\"actions.toggleFilter\"\n                        style=\"\n                            background-color: transparent;\n                            color: inherit;\n                            border-radius: 0px;\n                            padding: 0px;\n                        \">\n                        <span>\n                            Options                            <span\n                                class=\"gt-hebergements-filtre__count\"\n                                data-wp-bind--hidden=\"!state.count.options\"\n                                data-wp-text=\"state.count.options\"\n                                hidden>\n                            <\/span>\n                        <\/span>\n                    <\/p>\n                    <div\n                        class=\"gt-hebergements-filtre__content\"\n                        style=\"\n                            background-color: transparent;\n                            color: inherit;\n                            border-radius: 0px;\n                            padding: 0px;\n                        \">\n                        <label>\n                            <input\n                                type=\"checkbox\"\n                                name=\"options[]\"\n                                data-wp-on--click=\"actions.clearFilter\"\n                                value=\"\"\n                                checked \/>\n                            <span class=\"custom-checkbox\"><\/span>\n                            Alle                        <\/label>\n\n                                                                                <label>\n                                <input\n                                    type=\"checkbox\"\n                                    name=\"options[]\"\n                                    data-wp-on--click=\"actions.runFilters\"\n                                    value=\"198\"\n                                     \/>\n                                <span class=\"custom-checkbox\"><\/span>\n                                climatisation reversible                                                            <\/label>\n                                                                                <label>\n                                <input\n                                    type=\"checkbox\"\n                                    name=\"options[]\"\n                                    data-wp-on--click=\"actions.runFilters\"\n                                    value=\"177\"\n                                     \/>\n                                <span class=\"custom-checkbox\"><\/span>\n                                D\u00fcnenansicht                                                            <\/label>\n                                                                                <label>\n                                <input\n                                    type=\"checkbox\"\n                                    name=\"options[]\"\n                                    data-wp-on--click=\"actions.runFilters\"\n                                    value=\"199\"\n                                     \/>\n                                <span class=\"custom-checkbox\"><\/span>\n                                Kostenloses WLAN                                                            <\/label>\n                                                                                <label>\n                                <input\n                                    type=\"checkbox\"\n                                    name=\"options[]\"\n                                    data-wp-on--click=\"actions.runFilters\"\n                                    value=\"179\"\n                                     \/>\n                                <span class=\"custom-checkbox\"><\/span>\n                                Option Nordisches Bad                                                            <\/label>\n                                                                                <label>\n                                <input\n                                    type=\"checkbox\"\n                                    name=\"options[]\"\n                                    data-wp-on--click=\"actions.runFilters\"\n                                    value=\"211\"\n                                     \/>\n                                <span class=\"custom-checkbox\"><\/span>\n                                Spa                                                            <\/label>\n                                                                                <label>\n                                <input\n                                    type=\"checkbox\"\n                                    name=\"options[]\"\n                                    data-wp-on--click=\"actions.runFilters\"\n                                    value=\"197\"\n                                     \/>\n                                <span class=\"custom-checkbox\"><\/span>\n                                Terrasse                                                            <\/label>\n                                            <\/div>\n                <\/div>\n                                                                <div\n                    class=\"gt-hebergements-filtre closed\"\n                    data-gt-filtre-name=\"capacities\"\n                    data-gt-cookie=\"gtCapacities\"\n                    aria-expanded=\"\"\n                    data-gt-filtre-operator=\"OR\">\n\n                                        <p\n                        class=\"gt-hebergements-filtre__name\"\n                        data-wp-on--click=\"actions.toggleFilter\"\n                        style=\"\n                            background-color: transparent;\n                            color: inherit;\n                            border-radius: 0px;\n                            padding: 0px;\n                        \">\n                        <span>\n                            Anzahl der Personen                            <span\n                                class=\"gt-hebergements-filtre__count\"\n                                data-wp-bind--hidden=\"!state.count.capacities\"\n                                data-wp-text=\"state.count.capacities\"\n                                hidden>\n                            <\/span>\n                        <\/span>\n                    <\/p>\n                    <div\n                        class=\"gt-hebergements-filtre__content\"\n                        style=\"\n                            background-color: transparent;\n                            color: inherit;\n                            border-radius: 0px;\n                            padding: 0px;\n                        \">\n                        <label>\n                            <input\n                                type=\"checkbox\"\n                                name=\"capacities[]\"\n                                data-wp-on--click=\"actions.clearFilter\"\n                                value=\"\"\n                                checked \/>\n                            <span class=\"custom-checkbox\"><\/span>\n                            Alle                        <\/label>\n\n                                                                                <label>\n                                <input\n                                    type=\"checkbox\"\n                                    name=\"capacities[]\"\n                                    data-wp-on--click=\"actions.runFilters\"\n                                    value=\"116\"\n                                     \/>\n                                <span class=\"custom-checkbox\"><\/span>\n                                1                                                            <\/label>\n                                                                                <label>\n                                <input\n                                    type=\"checkbox\"\n                                    name=\"capacities[]\"\n                                    data-wp-on--click=\"actions.runFilters\"\n                                    value=\"117\"\n                                     \/>\n                                <span class=\"custom-checkbox\"><\/span>\n                                2                                                            <\/label>\n                                                                                <label>\n                                <input\n                                    type=\"checkbox\"\n                                    name=\"capacities[]\"\n                                    data-wp-on--click=\"actions.runFilters\"\n                                    value=\"191\"\n                                     \/>\n                                <span class=\"custom-checkbox\"><\/span>\n                                3                                                            <\/label>\n                                                                                <label>\n                                <input\n                                    type=\"checkbox\"\n                                    name=\"capacities[]\"\n                                    data-wp-on--click=\"actions.runFilters\"\n                                    value=\"71\"\n                                     \/>\n                                <span class=\"custom-checkbox\"><\/span>\n                                4                                                            <\/label>\n                                                                                <label>\n                                <input\n                                    type=\"checkbox\"\n                                    name=\"capacities[]\"\n                                    data-wp-on--click=\"actions.runFilters\"\n                                    value=\"73\"\n                                     \/>\n                                <span class=\"custom-checkbox\"><\/span>\n                                6                                                            <\/label>\n                                                                                <label>\n                                <input\n                                    type=\"checkbox\"\n                                    name=\"capacities[]\"\n                                    data-wp-on--click=\"actions.runFilters\"\n                                    value=\"74\"\n                                     \/>\n                                <span class=\"custom-checkbox\"><\/span>\n                                7                                                            <\/label>\n                                                                                <label>\n                                <input\n                                    type=\"checkbox\"\n                                    name=\"capacities[]\"\n                                    data-wp-on--click=\"actions.runFilters\"\n                                    value=\"70\"\n                                     \/>\n                                <span class=\"custom-checkbox\"><\/span>\n                                8                                                            <\/label>\n                                            <\/div>\n                <\/div>\n                                                                <div\n                    class=\"gt-hebergements-filtre closed\"\n                    data-gt-filtre-name=\"rooms\"\n                    data-gt-cookie=\"gtRooms\"\n                    aria-expanded=\"\"\n                    data-gt-filtre-operator=\"OR\">\n\n                                        <p\n                        class=\"gt-hebergements-filtre__name\"\n                        data-wp-on--click=\"actions.toggleFilter\"\n                        style=\"\n                            background-color: transparent;\n                            color: inherit;\n                            border-radius: 0px;\n                            padding: 0px;\n                        \">\n                        <span>\n                            Anzahl der Zimmer                            <span\n                                class=\"gt-hebergements-filtre__count\"\n                                data-wp-bind--hidden=\"!state.count.rooms\"\n                                data-wp-text=\"state.count.rooms\"\n                                hidden>\n                            <\/span>\n                        <\/span>\n                    <\/p>\n                    <div\n                        class=\"gt-hebergements-filtre__content\"\n                        style=\"\n                            background-color: transparent;\n                            color: inherit;\n                            border-radius: 0px;\n                            padding: 0px;\n                        \">\n                        <label>\n                            <input\n                                type=\"checkbox\"\n                                name=\"rooms[]\"\n                                data-wp-on--click=\"actions.clearFilter\"\n                                value=\"\"\n                                checked \/>\n                            <span class=\"custom-checkbox\"><\/span>\n                            Alle                        <\/label>\n\n                                                                                <label>\n                                <input\n                                    type=\"checkbox\"\n                                    name=\"rooms[]\"\n                                    data-wp-on--click=\"actions.runFilters\"\n                                    value=\"206\"\n                                     \/>\n                                <span class=\"custom-checkbox\"><\/span>\n                                0                                                            <\/label>\n                                                                                <label>\n                                <input\n                                    type=\"checkbox\"\n                                    name=\"rooms[]\"\n                                    data-wp-on--click=\"actions.runFilters\"\n                                    value=\"9\"\n                                     \/>\n                                <span class=\"custom-checkbox\"><\/span>\n                                1                                                            <\/label>\n                                                                                <label>\n                                <input\n                                    type=\"checkbox\"\n                                    name=\"rooms[]\"\n                                    data-wp-on--click=\"actions.runFilters\"\n                                    value=\"16\"\n                                     \/>\n                                <span class=\"custom-checkbox\"><\/span>\n                                2                                                            <\/label>\n                                                                                <label>\n                                <input\n                                    type=\"checkbox\"\n                                    name=\"rooms[]\"\n                                    data-wp-on--click=\"actions.runFilters\"\n                                    value=\"7\"\n                                     \/>\n                                <span class=\"custom-checkbox\"><\/span>\n                                3                                                            <\/label>\n                                                                                <label>\n                                <input\n                                    type=\"checkbox\"\n                                    name=\"rooms[]\"\n                                    data-wp-on--click=\"actions.runFilters\"\n                                    value=\"26\"\n                                     \/>\n                                <span class=\"custom-checkbox\"><\/span>\n                                4                                                            <\/label>\n                                            <\/div>\n                <\/div>\n                                                                <div\n                    class=\"gt-hebergements-filtre closed\"\n                    data-gt-filtre-name=\"bathrooms\"\n                    data-gt-cookie=\"gtBathrooms\"\n                    aria-expanded=\"\"\n                    data-gt-filtre-operator=\"OR\">\n\n                                        <p\n                        class=\"gt-hebergements-filtre__name\"\n                        data-wp-on--click=\"actions.toggleFilter\"\n                        style=\"\n                            background-color: transparent;\n                            color: inherit;\n                            border-radius: 0px;\n                            padding: 0px;\n                        \">\n                        <span>\n                            Anzahl der Badezimmer                            <span\n                                class=\"gt-hebergements-filtre__count\"\n                                data-wp-bind--hidden=\"!state.count.bathrooms\"\n                                data-wp-text=\"state.count.bathrooms\"\n                                hidden>\n                            <\/span>\n                        <\/span>\n                    <\/p>\n                    <div\n                        class=\"gt-hebergements-filtre__content\"\n                        style=\"\n                            background-color: transparent;\n                            color: inherit;\n                            border-radius: 0px;\n                            padding: 0px;\n                        \">\n                        <label>\n                            <input\n                                type=\"checkbox\"\n                                name=\"bathrooms[]\"\n                                data-wp-on--click=\"actions.clearFilter\"\n                                value=\"\"\n                                checked \/>\n                            <span class=\"custom-checkbox\"><\/span>\n                            Alle                        <\/label>\n\n                                                                                <label>\n                                <input\n                                    type=\"checkbox\"\n                                    name=\"bathrooms[]\"\n                                    data-wp-on--click=\"actions.runFilters\"\n                                    value=\"79\"\n                                     \/>\n                                <span class=\"custom-checkbox\"><\/span>\n                                1                                                            <\/label>\n                                                                                <label>\n                                <input\n                                    type=\"checkbox\"\n                                    name=\"bathrooms[]\"\n                                    data-wp-on--click=\"actions.runFilters\"\n                                    value=\"80\"\n                                     \/>\n                                <span class=\"custom-checkbox\"><\/span>\n                                2                                                            <\/label>\n                                            <\/div>\n                <\/div>\n                                            <\/div>\n<\/div>\n\n\n<div data-wp-context=\"{}\" data-wp-interactive=\"core\/query\" data-wp-key=\"2\" data-wp-router-region=\"query-2\" class=\"wp-block-query alignwide gt-fse-hebergements is-layout-flow wp-block-query-is-layout-flow gt-fse-widgets-ctv-open-product\"><ul class=\"columns-3 wp-block-post-template is-layout-grid wp-container-core-post-template-is-layout-6d3fbd8f wp-block-post-template-is-layout-grid gt-fse-widgets-ctv-open-product\"><li data-gt-Thelis-product-id=\"\" data-gt-bathrooms=\"80\" data-gt-campings=\"\" data-gt-capacities=\"73\" data-gt-ctv-product-id=\"131250\" data-gt-gammes=\"\" data-gt-options=\"179\" data-gt-rooms=\"7\" data-gt-superficies=\"24\" data-gt-types=\"137\" data-wp-key=\"post-template-item-33947\" class=\"wp-block-post post-33947 hebergement type-hebergement status-publish has-post-thumbnail hentry gt-hebergements-options-option-nordisches-bad gt-hebergements-types-mobil-homes gt-hebergements-nombre-personnes-73 gt-hebergements-nombre-chambres-7 gt-hebergements-nombre-sdb-2-en gt-hebergements-superficie-38-5 gt-fse-widgets-ctv-open-product\">\n<figure class=\"hebergement-featured-image wp-block-post-featured-image gt-fse-widgets-ctv-open-product\"><img decoding=\"async\" width=\"2048\" height=\"1365\" src=\"https:\/\/www.camping-carolins.com\/wp-content\/uploads\/2025\/06\/mobil-home-avec-bain-nordique.jpg\" class=\"attachment-full size-full wp-post-image gt-fse-widgets-ctv-open-product\" alt=\"Mobilheim mit nordischem Bad\" style=\"object-fit:cover;\" srcset=\"https:\/\/www.camping-carolins.com\/wp-content\/uploads\/2025\/06\/mobil-home-avec-bain-nordique.jpg 2048w, https:\/\/www.camping-carolins.com\/wp-content\/uploads\/2025\/06\/mobil-home-avec-bain-nordique-300x200.jpg 300w, https:\/\/www.camping-carolins.com\/wp-content\/uploads\/2025\/06\/mobil-home-avec-bain-nordique-1024x683.jpg 1024w, https:\/\/www.camping-carolins.com\/wp-content\/uploads\/2025\/06\/mobil-home-avec-bain-nordique-768x512.jpg 768w, https:\/\/www.camping-carolins.com\/wp-content\/uploads\/2025\/06\/mobil-home-avec-bain-nordique-1536x1024.jpg 1536w\" sizes=\"(max-width: 2048px) 100vw, 2048px\" \/><\/figure>\n\n\n<div class=\"wp-block-group groupe-title has-global-padding is-layout-constrained wp-block-group-is-layout-constrained gt-fse-widgets-ctv-open-product\">\n<p class=\"has-text-align-center has-custom-color-1-color has-text-color has-link-color has-pl-miamo-medium-font-family wp-elements-09c7c8ede681f5d547f79fb3c43ab45a gt-fse-widgets-ctv-open-product\" style=\"font-size:clamp(14px, 0.875rem + ((1vw - 3.2px) * 0.339), 18px);\">Standcaravan Premium &#8211; 38.5m\u00b2 &#8211; 3 Schlafr\u00e4ume &#8211; 2 B\u00e4der &#8211; 2 WC &#8211; Option Nordisches Bad<\/p>\n\n\n\n<div class=\"wp-block-group title-img is-layout-flow wp-block-group-is-layout-flow gt-fse-widgets-ctv-open-product\">\n<figure class=\"wp-block-image aligncenter size-full gt-fse-widgets-ctv-open-product\"><img decoding=\"async\" width=\"23\" height=\"22\" src=\"https:\/\/www.camping-carolins.com\/wp-content\/uploads\/2025\/05\/Calque_2-1.svg\" alt=\"Ebene_2 (1)\" class=\"wp-image-101 gt-fse-widgets-ctv-open-product\"\/><\/figure>\n<\/div>\n<\/div>\n\n\n\n<div class=\"wp-block-group is-content-justification-center is-nowrap is-layout-flex wp-container-core-group-is-layout-23441af8 wp-block-group-is-layout-flex gt-fse-widgets-ctv-open-product\">\n<div class=\"wp-block-group info-hebergement is-vertical is-content-justification-center is-layout-flex wp-container-core-group-is-layout-ce155fab wp-block-group-is-layout-flex gt-fse-widgets-ctv-open-product\">\n<div class=\"wp-block-group is-nowrap is-layout-flex wp-container-core-group-is-layout-4b0a85f0 wp-block-group-is-layout-flex gt-fse-widgets-ctv-open-product\"><div class=\"taxonomy-gt-hebergements-nombre-personnes has-link-color wp-elements-7fd33be752484661bf91943a4b633676 wp-block-post-terms has-text-color has-custom-color-1-color has-pl-miamo-font-family gt-fse-widgets-ctv-open-product\"><span class=\"gt-fse-widgets-ctv-open-product\">6<\/span><\/div>\n\n\n<p class=\"has-custom-color-1-color has-text-color has-link-color has-pl-miamo-font-family has-small-font-size wp-elements-d4b8c5663a379995781a3389b460d342 gt-fse-widgets-ctv-open-product\">Pers.<\/p>\n<\/div>\n\n\n\n<figure class=\"wp-block-image size-full is-resized gt-fse-widgets-ctv-open-product\"><img decoding=\"async\" src=\"https:\/\/www.camping-carolins.com\/wp-content\/uploads\/2025\/05\/utilisateur.svg\" alt=\"Benutzer\" class=\"wp-image-719 gt-fse-widgets-ctv-open-product\" style=\"width:30px\"\/><\/figure>\n<\/div>\n\n\n\n<div class=\"wp-block-group info-hebergement is-vertical is-content-justification-center is-layout-flex wp-container-core-group-is-layout-ce155fab wp-block-group-is-layout-flex gt-fse-widgets-ctv-open-product\">\n<div class=\"wp-block-group is-nowrap is-layout-flex wp-container-core-group-is-layout-4b0a85f0 wp-block-group-is-layout-flex gt-fse-widgets-ctv-open-product\"><div class=\"taxonomy-gt-hebergements-nombre-chambres has-link-color wp-elements-55a3f916099b15031809078941912377 wp-block-post-terms has-text-color has-custom-color-1-color has-pl-miamo-font-family gt-fse-widgets-ctv-open-product\"><span class=\"gt-fse-widgets-ctv-open-product\">3<\/span><\/div>\n\n\n<p class=\"has-custom-color-1-color has-text-color has-link-color has-pl-miamo-font-family has-small-font-size wp-elements-e2fb2348fef2e97c283f5a4aa8f9f4af gt-fse-widgets-ctv-open-product\">Zmr<\/p>\n<\/div>\n\n\n\n<figure class=\"wp-block-image size-full is-resized gt-fse-widgets-ctv-open-product\"><img decoding=\"async\" width=\"512\" height=\"512\" src=\"https:\/\/www.camping-carolins.com\/wp-content\/uploads\/2025\/05\/lit-double-1.svg\" alt=\"Doppelbett (1)\" class=\"wp-image-721 gt-fse-widgets-ctv-open-product\" style=\"width:30px\"\/><\/figure>\n<\/div>\n\n\n\n<div class=\"wp-block-group info-hebergement is-vertical is-content-justification-center is-layout-flex wp-container-core-group-is-layout-ce155fab wp-block-group-is-layout-flex gt-fse-widgets-ctv-open-product\">\n<div class=\"wp-block-group is-nowrap is-layout-flex wp-container-core-group-is-layout-4b0a85f0 wp-block-group-is-layout-flex gt-fse-widgets-ctv-open-product\"><div class=\"taxonomy-gt-hebergements-nombre-sdb has-link-color wp-elements-ebcc3de940066aae1dce34a8b1f2c1c1 wp-block-post-terms has-text-color has-custom-color-1-color has-pl-miamo-font-family gt-fse-widgets-ctv-open-product\"><span class=\"gt-fse-widgets-ctv-open-product\">2<\/span><\/div>\n\n\n<p class=\"has-custom-color-1-color has-text-color has-link-color has-pl-miamo-font-family has-small-font-size wp-elements-b47f170cbfe49a7547aa90abd171823b gt-fse-widgets-ctv-open-product\">WC\/Bdzmr<\/p>\n<\/div>\n\n\n\n<figure class=\"wp-block-image size-full is-resized gt-fse-widgets-ctv-open-product\"><img decoding=\"async\" width=\"512\" height=\"512\" src=\"https:\/\/www.camping-carolins.com\/wp-content\/uploads\/2025\/05\/douche-1.svg\" alt=\"Dusche (1)\" class=\"wp-image-722 gt-fse-widgets-ctv-open-product\" style=\"width:30px\"\/><\/figure>\n<\/div>\n\n\n\n<div class=\"wp-block-group info-hebergement is-vertical is-content-justification-center is-layout-flex wp-container-core-group-is-layout-ce155fab wp-block-group-is-layout-flex gt-fse-widgets-ctv-open-product\">\n<div class=\"wp-block-group is-nowrap is-layout-flex wp-container-core-group-is-layout-4b0a85f0 wp-block-group-is-layout-flex gt-fse-widgets-ctv-open-product\"><div class=\"taxonomy-gt-hebergements-superficie has-link-color wp-elements-509f41ff01c2a468c32ae24933d9a8e4 wp-block-post-terms has-text-color has-custom-color-1-color has-pl-miamo-font-family gt-fse-widgets-ctv-open-product\"><span class=\"gt-fse-widgets-ctv-open-product\">38.5<\/span><\/div>\n\n\n<p class=\"has-custom-color-1-color has-text-color has-link-color has-pl-miamo-font-family has-small-font-size wp-elements-24253458f7449c62a549dddb98fc4d4d gt-fse-widgets-ctv-open-product\">m\u00b2<\/p>\n<\/div>\n\n\n\n<figure class=\"wp-block-image size-full is-resized gt-fse-widgets-ctv-open-product\"><img decoding=\"async\" width=\"512\" height=\"512\" src=\"https:\/\/www.camping-carolins.com\/wp-content\/uploads\/2025\/05\/surface.svg\" alt=\"Oberfl&#xE4;che\" class=\"wp-image-720 gt-fse-widgets-ctv-open-product\" style=\"width:30px\"\/><\/figure>\n<\/div>\n<\/div>\n\n\n<a class=\"is-style-lien-cover wp-block-read-more gt-fse-widgets-ctv-open-product\" href=\"https:\/\/www.camping-carolins.com\/de\/hebergement\/mobilheim-premium-38-5m%c2%b2-3-zi-2-bz-wc-optionales-nordisches-bad\/\" target=\"_blank\">Weiterlesen<span class=\"screen-reader-text gt-fse-widgets-ctv-open-product\">: Mobilheim Premium &#8211; 38.5m\u00b2 &#8211; 3 Schlafr\u00e4ume &#8211; 2 B\u00e4der &#8211; 2 WC &#8211; Option Nordisches Bad<\/span><\/a>\n<\/li><li data-gt-Thelis-product-id=\"\" data-gt-bathrooms=\"80\" data-gt-campings=\"\" data-gt-capacities=\"74\" data-gt-ctv-product-id=\"131251\" data-gt-gammes=\"\" data-gt-options=\"\" data-gt-rooms=\"7\" data-gt-superficies=\"24\" data-gt-types=\"137\" data-wp-key=\"post-template-item-33954\" class=\"wp-block-post post-33954 hebergement type-hebergement status-publish has-post-thumbnail hentry gt-hebergements-types-mobil-homes gt-hebergements-nombre-personnes-74 gt-hebergements-nombre-chambres-7 gt-hebergements-nombre-sdb-2-en gt-hebergements-superficie-38-5 gt-fse-widgets-ctv-open-product\">\n<figure class=\"hebergement-featured-image wp-block-post-featured-image gt-fse-widgets-ctv-open-product\"><img decoding=\"async\" width=\"1176\" height=\"882\" src=\"https:\/\/www.camping-carolins.com\/wp-content\/uploads\/2025\/05\/mobil-home-jardin-bain-nordique.webp\" class=\"attachment-full size-full wp-post-image gt-fse-widgets-ctv-open-product\" alt=\"Mobilheim Garten Nordisches Bad\" style=\"object-fit:cover;\" srcset=\"https:\/\/www.camping-carolins.com\/wp-content\/uploads\/2025\/05\/mobil-home-jardin-bain-nordique.webp 1176w, https:\/\/www.camping-carolins.com\/wp-content\/uploads\/2025\/05\/mobil-home-jardin-bain-nordique-300x225.webp 300w, https:\/\/www.camping-carolins.com\/wp-content\/uploads\/2025\/05\/mobil-home-jardin-bain-nordique-1024x768.webp 1024w, https:\/\/www.camping-carolins.com\/wp-content\/uploads\/2025\/05\/mobil-home-jardin-bain-nordique-768x576.webp 768w\" sizes=\"(max-width: 1176px) 100vw, 1176px\" \/><\/figure>\n\n\n<div class=\"wp-block-group groupe-title has-global-padding is-layout-constrained wp-block-group-is-layout-constrained gt-fse-widgets-ctv-open-product\">\n<p class=\"has-text-align-center has-custom-color-1-color has-text-color has-link-color has-pl-miamo-medium-font-family wp-elements-09c7c8ede681f5d547f79fb3c43ab45a gt-fse-widgets-ctv-open-product\" style=\"font-size:clamp(14px, 0.875rem + ((1vw - 3.2px) * 0.339), 18px);\">Standcaravan Premium Jardin &#8211; 38.5m\u00b2 &#8211; 3 Schlafzimmer &#8211; 2 B\u00e4der &#8211; Option Nordic Walking<\/p>\n\n\n\n<div class=\"wp-block-group title-img is-layout-flow wp-block-group-is-layout-flow gt-fse-widgets-ctv-open-product\">\n<figure class=\"wp-block-image aligncenter size-full gt-fse-widgets-ctv-open-product\"><img decoding=\"async\" width=\"23\" height=\"22\" src=\"https:\/\/www.camping-carolins.com\/wp-content\/uploads\/2025\/05\/Calque_2-1.svg\" alt=\"Ebene_2 (1)\" class=\"wp-image-101 gt-fse-widgets-ctv-open-product\"\/><\/figure>\n<\/div>\n<\/div>\n\n\n\n<div class=\"wp-block-group is-content-justification-center is-nowrap is-layout-flex wp-container-core-group-is-layout-23441af8 wp-block-group-is-layout-flex gt-fse-widgets-ctv-open-product\">\n<div class=\"wp-block-group info-hebergement is-vertical is-content-justification-center is-layout-flex wp-container-core-group-is-layout-ce155fab wp-block-group-is-layout-flex gt-fse-widgets-ctv-open-product\">\n<div class=\"wp-block-group is-nowrap is-layout-flex wp-container-core-group-is-layout-4b0a85f0 wp-block-group-is-layout-flex gt-fse-widgets-ctv-open-product\"><div class=\"taxonomy-gt-hebergements-nombre-personnes has-link-color wp-elements-7fd33be752484661bf91943a4b633676 wp-block-post-terms has-text-color has-custom-color-1-color has-pl-miamo-font-family gt-fse-widgets-ctv-open-product\"><span class=\"gt-fse-widgets-ctv-open-product\">7<\/span><\/div>\n\n\n<p class=\"has-custom-color-1-color has-text-color has-link-color has-pl-miamo-font-family has-small-font-size wp-elements-d4b8c5663a379995781a3389b460d342 gt-fse-widgets-ctv-open-product\">Pers.<\/p>\n<\/div>\n\n\n\n<figure class=\"wp-block-image size-full is-resized gt-fse-widgets-ctv-open-product\"><img decoding=\"async\" src=\"https:\/\/www.camping-carolins.com\/wp-content\/uploads\/2025\/05\/utilisateur.svg\" alt=\"Benutzer\" class=\"wp-image-719 gt-fse-widgets-ctv-open-product\" style=\"width:30px\"\/><\/figure>\n<\/div>\n\n\n\n<div class=\"wp-block-group info-hebergement is-vertical is-content-justification-center is-layout-flex wp-container-core-group-is-layout-ce155fab wp-block-group-is-layout-flex gt-fse-widgets-ctv-open-product\">\n<div class=\"wp-block-group is-nowrap is-layout-flex wp-container-core-group-is-layout-4b0a85f0 wp-block-group-is-layout-flex gt-fse-widgets-ctv-open-product\"><div class=\"taxonomy-gt-hebergements-nombre-chambres has-link-color wp-elements-55a3f916099b15031809078941912377 wp-block-post-terms has-text-color has-custom-color-1-color has-pl-miamo-font-family gt-fse-widgets-ctv-open-product\"><span class=\"gt-fse-widgets-ctv-open-product\">3<\/span><\/div>\n\n\n<p class=\"has-custom-color-1-color has-text-color has-link-color has-pl-miamo-font-family has-small-font-size wp-elements-e2fb2348fef2e97c283f5a4aa8f9f4af gt-fse-widgets-ctv-open-product\">Zmr<\/p>\n<\/div>\n\n\n\n<figure class=\"wp-block-image size-full is-resized gt-fse-widgets-ctv-open-product\"><img decoding=\"async\" width=\"512\" height=\"512\" src=\"https:\/\/www.camping-carolins.com\/wp-content\/uploads\/2025\/05\/lit-double-1.svg\" alt=\"Doppelbett (1)\" class=\"wp-image-721 gt-fse-widgets-ctv-open-product\" style=\"width:30px\"\/><\/figure>\n<\/div>\n\n\n\n<div class=\"wp-block-group info-hebergement is-vertical is-content-justification-center is-layout-flex wp-container-core-group-is-layout-ce155fab wp-block-group-is-layout-flex gt-fse-widgets-ctv-open-product\">\n<div class=\"wp-block-group is-nowrap is-layout-flex wp-container-core-group-is-layout-4b0a85f0 wp-block-group-is-layout-flex gt-fse-widgets-ctv-open-product\"><div class=\"taxonomy-gt-hebergements-nombre-sdb has-link-color wp-elements-ebcc3de940066aae1dce34a8b1f2c1c1 wp-block-post-terms has-text-color has-custom-color-1-color has-pl-miamo-font-family gt-fse-widgets-ctv-open-product\"><span class=\"gt-fse-widgets-ctv-open-product\">2<\/span><\/div>\n\n\n<p class=\"has-custom-color-1-color has-text-color has-link-color has-pl-miamo-font-family has-small-font-size wp-elements-b47f170cbfe49a7547aa90abd171823b gt-fse-widgets-ctv-open-product\">WC\/Bdzmr<\/p>\n<\/div>\n\n\n\n<figure class=\"wp-block-image size-full is-resized gt-fse-widgets-ctv-open-product\"><img decoding=\"async\" width=\"512\" height=\"512\" src=\"https:\/\/www.camping-carolins.com\/wp-content\/uploads\/2025\/05\/douche-1.svg\" alt=\"Dusche (1)\" class=\"wp-image-722 gt-fse-widgets-ctv-open-product\" style=\"width:30px\"\/><\/figure>\n<\/div>\n\n\n\n<div class=\"wp-block-group info-hebergement is-vertical is-content-justification-center is-layout-flex wp-container-core-group-is-layout-ce155fab wp-block-group-is-layout-flex gt-fse-widgets-ctv-open-product\">\n<div class=\"wp-block-group is-nowrap is-layout-flex wp-container-core-group-is-layout-4b0a85f0 wp-block-group-is-layout-flex gt-fse-widgets-ctv-open-product\"><div class=\"taxonomy-gt-hebergements-superficie has-link-color wp-elements-509f41ff01c2a468c32ae24933d9a8e4 wp-block-post-terms has-text-color has-custom-color-1-color has-pl-miamo-font-family gt-fse-widgets-ctv-open-product\"><span class=\"gt-fse-widgets-ctv-open-product\">38.5<\/span><\/div>\n\n\n<p class=\"has-custom-color-1-color has-text-color has-link-color has-pl-miamo-font-family has-small-font-size wp-elements-24253458f7449c62a549dddb98fc4d4d gt-fse-widgets-ctv-open-product\">m\u00b2<\/p>\n<\/div>\n\n\n\n<figure class=\"wp-block-image size-full is-resized gt-fse-widgets-ctv-open-product\"><img decoding=\"async\" width=\"512\" height=\"512\" src=\"https:\/\/www.camping-carolins.com\/wp-content\/uploads\/2025\/05\/surface.svg\" alt=\"Oberfl&#xE4;che\" class=\"wp-image-720 gt-fse-widgets-ctv-open-product\" style=\"width:30px\"\/><\/figure>\n<\/div>\n<\/div>\n\n\n<a class=\"is-style-lien-cover wp-block-read-more gt-fse-widgets-ctv-open-product\" href=\"https:\/\/www.camping-carolins.com\/de\/hebergement\/mobilheim-premium-garten-38-5m%c2%b2-3-zi-2-bz-option-nordisches-bad\/\" target=\"_blank\">Weiterlesen<span class=\"screen-reader-text gt-fse-widgets-ctv-open-product\">: Mobilheim Premium Garten &#8211; 38.5m\u00b2 &#8211; 3 Schlafzimmer &#8211; 2 B\u00e4der &#8211; Option Nordic Walking<\/span><\/a>\n<\/li><li data-gt-Thelis-product-id=\"\" data-gt-bathrooms=\"80\" data-gt-campings=\"\" data-gt-capacities=\"70\" data-gt-ctv-product-id=\"131252\" data-gt-gammes=\"\" data-gt-options=\"177\" data-gt-rooms=\"26\" data-gt-superficies=\"24\" data-gt-types=\"137\" data-wp-key=\"post-template-item-33944\" class=\"wp-block-post post-33944 hebergement type-hebergement status-publish has-post-thumbnail hentry gt-hebergements-options-dunenansicht gt-hebergements-types-mobil-homes gt-hebergements-nombre-personnes-70 gt-hebergements-nombre-chambres-26 gt-hebergements-nombre-sdb-2-en gt-hebergements-superficie-38-5 gt-fse-widgets-ctv-open-product\">\n<figure class=\"hebergement-featured-image wp-block-post-featured-image gt-fse-widgets-ctv-open-product\"><img decoding=\"async\" width=\"600\" height=\"400\" src=\"https:\/\/www.camping-carolins.com\/wp-content\/uploads\/2025\/05\/mobil-home-premium-vue-dune.jpg\" class=\"attachment-full size-full wp-post-image gt-fse-widgets-ctv-open-product\" alt=\"mobilheim premium mit d\u00fcnenblick\" style=\"object-fit:cover;\" srcset=\"https:\/\/www.camping-carolins.com\/wp-content\/uploads\/2025\/05\/mobil-home-premium-vue-dune.jpg 600w, https:\/\/www.camping-carolins.com\/wp-content\/uploads\/2025\/05\/mobil-home-premium-vue-dune-300x200.jpg 300w\" sizes=\"(max-width: 600px) 100vw, 600px\" \/><\/figure>\n\n\n<div class=\"wp-block-group groupe-title has-global-padding is-layout-constrained wp-block-group-is-layout-constrained gt-fse-widgets-ctv-open-product\">\n<p class=\"has-text-align-center has-custom-color-1-color has-text-color has-link-color has-pl-miamo-medium-font-family wp-elements-09c7c8ede681f5d547f79fb3c43ab45a gt-fse-widgets-ctv-open-product\" style=\"font-size:clamp(14px, 0.875rem + ((1vw - 3.2px) * 0.339), 18px);\">Standcaravan Premium &#8211; 38.5m\u00b2 &#8211; 4 Zi &#8211; 2 B\u00e4der &#8211; Blick auf die D\u00fcne<\/p>\n\n\n\n<div class=\"wp-block-group title-img is-layout-flow wp-block-group-is-layout-flow gt-fse-widgets-ctv-open-product\">\n<figure class=\"wp-block-image aligncenter size-full gt-fse-widgets-ctv-open-product\"><img decoding=\"async\" width=\"23\" height=\"22\" src=\"https:\/\/www.camping-carolins.com\/wp-content\/uploads\/2025\/05\/Calque_2-1.svg\" alt=\"Ebene_2 (1)\" class=\"wp-image-101 gt-fse-widgets-ctv-open-product\"\/><\/figure>\n<\/div>\n<\/div>\n\n\n\n<div class=\"wp-block-group is-content-justification-center is-nowrap is-layout-flex wp-container-core-group-is-layout-23441af8 wp-block-group-is-layout-flex gt-fse-widgets-ctv-open-product\">\n<div class=\"wp-block-group info-hebergement is-vertical is-content-justification-center is-layout-flex wp-container-core-group-is-layout-ce155fab wp-block-group-is-layout-flex gt-fse-widgets-ctv-open-product\">\n<div class=\"wp-block-group is-nowrap is-layout-flex wp-container-core-group-is-layout-4b0a85f0 wp-block-group-is-layout-flex gt-fse-widgets-ctv-open-product\"><div class=\"taxonomy-gt-hebergements-nombre-personnes has-link-color wp-elements-7fd33be752484661bf91943a4b633676 wp-block-post-terms has-text-color has-custom-color-1-color has-pl-miamo-font-family gt-fse-widgets-ctv-open-product\"><span class=\"gt-fse-widgets-ctv-open-product\">8<\/span><\/div>\n\n\n<p class=\"has-custom-color-1-color has-text-color has-link-color has-pl-miamo-font-family has-small-font-size wp-elements-d4b8c5663a379995781a3389b460d342 gt-fse-widgets-ctv-open-product\">Pers.<\/p>\n<\/div>\n\n\n\n<figure class=\"wp-block-image size-full is-resized gt-fse-widgets-ctv-open-product\"><img decoding=\"async\" src=\"https:\/\/www.camping-carolins.com\/wp-content\/uploads\/2025\/05\/utilisateur.svg\" alt=\"Benutzer\" class=\"wp-image-719 gt-fse-widgets-ctv-open-product\" style=\"width:30px\"\/><\/figure>\n<\/div>\n\n\n\n<div class=\"wp-block-group info-hebergement is-vertical is-content-justification-center is-layout-flex wp-container-core-group-is-layout-ce155fab wp-block-group-is-layout-flex gt-fse-widgets-ctv-open-product\">\n<div class=\"wp-block-group is-nowrap is-layout-flex wp-container-core-group-is-layout-4b0a85f0 wp-block-group-is-layout-flex gt-fse-widgets-ctv-open-product\"><div class=\"taxonomy-gt-hebergements-nombre-chambres has-link-color wp-elements-55a3f916099b15031809078941912377 wp-block-post-terms has-text-color has-custom-color-1-color has-pl-miamo-font-family gt-fse-widgets-ctv-open-product\"><span class=\"gt-fse-widgets-ctv-open-product\">4<\/span><\/div>\n\n\n<p class=\"has-custom-color-1-color has-text-color has-link-color has-pl-miamo-font-family has-small-font-size wp-elements-e2fb2348fef2e97c283f5a4aa8f9f4af gt-fse-widgets-ctv-open-product\">Zmr<\/p>\n<\/div>\n\n\n\n<figure class=\"wp-block-image size-full is-resized gt-fse-widgets-ctv-open-product\"><img decoding=\"async\" width=\"512\" height=\"512\" src=\"https:\/\/www.camping-carolins.com\/wp-content\/uploads\/2025\/05\/lit-double-1.svg\" alt=\"Doppelbett (1)\" class=\"wp-image-721 gt-fse-widgets-ctv-open-product\" style=\"width:30px\"\/><\/figure>\n<\/div>\n\n\n\n<div class=\"wp-block-group info-hebergement is-vertical is-content-justification-center is-layout-flex wp-container-core-group-is-layout-ce155fab wp-block-group-is-layout-flex gt-fse-widgets-ctv-open-product\">\n<div class=\"wp-block-group is-nowrap is-layout-flex wp-container-core-group-is-layout-4b0a85f0 wp-block-group-is-layout-flex gt-fse-widgets-ctv-open-product\"><div class=\"taxonomy-gt-hebergements-nombre-sdb has-link-color wp-elements-ebcc3de940066aae1dce34a8b1f2c1c1 wp-block-post-terms has-text-color has-custom-color-1-color has-pl-miamo-font-family gt-fse-widgets-ctv-open-product\"><span class=\"gt-fse-widgets-ctv-open-product\">2<\/span><\/div>\n\n\n<p class=\"has-custom-color-1-color has-text-color has-link-color has-pl-miamo-font-family has-small-font-size wp-elements-b47f170cbfe49a7547aa90abd171823b gt-fse-widgets-ctv-open-product\">WC\/Bdzmr<\/p>\n<\/div>\n\n\n\n<figure class=\"wp-block-image size-full is-resized gt-fse-widgets-ctv-open-product\"><img decoding=\"async\" width=\"512\" height=\"512\" src=\"https:\/\/www.camping-carolins.com\/wp-content\/uploads\/2025\/05\/douche-1.svg\" alt=\"Dusche (1)\" class=\"wp-image-722 gt-fse-widgets-ctv-open-product\" style=\"width:30px\"\/><\/figure>\n<\/div>\n\n\n\n<div class=\"wp-block-group info-hebergement is-vertical is-content-justification-center is-layout-flex wp-container-core-group-is-layout-ce155fab wp-block-group-is-layout-flex gt-fse-widgets-ctv-open-product\">\n<div class=\"wp-block-group is-nowrap is-layout-flex wp-container-core-group-is-layout-4b0a85f0 wp-block-group-is-layout-flex gt-fse-widgets-ctv-open-product\"><div class=\"taxonomy-gt-hebergements-superficie has-link-color wp-elements-509f41ff01c2a468c32ae24933d9a8e4 wp-block-post-terms has-text-color has-custom-color-1-color has-pl-miamo-font-family gt-fse-widgets-ctv-open-product\"><span class=\"gt-fse-widgets-ctv-open-product\">38.5<\/span><\/div>\n\n\n<p class=\"has-custom-color-1-color has-text-color has-link-color has-pl-miamo-font-family has-small-font-size wp-elements-24253458f7449c62a549dddb98fc4d4d gt-fse-widgets-ctv-open-product\">m\u00b2<\/p>\n<\/div>\n\n\n\n<figure class=\"wp-block-image size-full is-resized gt-fse-widgets-ctv-open-product\"><img decoding=\"async\" width=\"512\" height=\"512\" src=\"https:\/\/www.camping-carolins.com\/wp-content\/uploads\/2025\/05\/surface.svg\" alt=\"Oberfl&#xE4;che\" class=\"wp-image-720 gt-fse-widgets-ctv-open-product\" style=\"width:30px\"\/><\/figure>\n<\/div>\n<\/div>\n\n\n<a class=\"is-style-lien-cover wp-block-read-more gt-fse-widgets-ctv-open-product\" href=\"https:\/\/www.camping-carolins.com\/de\/hebergement\/mobilheim-premium-38-5m%c2%b2-4-zi-2-bz-duenenblick\/\" target=\"_blank\">Weiterlesen<span class=\"screen-reader-text gt-fse-widgets-ctv-open-product\">: Mobilheim Premium &#8211; 38.5m\u00b2 &#8211; 4 Zi &#8211; 2 B\u00e4der &#8211; Blick auf die D\u00fcne<\/span><\/a>\n<\/li><li data-gt-Thelis-product-id=\"\" data-gt-bathrooms=\"80\" data-gt-campings=\"\" data-gt-capacities=\"74\" data-gt-ctv-product-id=\"131896\" data-gt-gammes=\"\" data-gt-options=\"\" data-gt-rooms=\"7\" data-gt-superficies=\"24\" data-gt-types=\"137\" data-wp-key=\"post-template-item-33955\" class=\"wp-block-post post-33955 hebergement type-hebergement status-publish has-post-thumbnail hentry gt-hebergements-types-mobil-homes gt-hebergements-nombre-personnes-74 gt-hebergements-nombre-chambres-7 gt-hebergements-nombre-sdb-2-en gt-hebergements-superficie-38-5 gt-fse-widgets-ctv-open-product\">\n<figure class=\"hebergement-featured-image wp-block-post-featured-image gt-fse-widgets-ctv-open-product\"><img decoding=\"async\" width=\"1000\" height=\"667\" src=\"https:\/\/www.camping-carolins.com\/wp-content\/uploads\/2025\/06\/mobil-home-jardin.jpg\" class=\"attachment-full size-full wp-post-image gt-fse-widgets-ctv-open-product\" alt=\"Mobilheim Garten\" style=\"object-fit:cover;\" srcset=\"https:\/\/www.camping-carolins.com\/wp-content\/uploads\/2025\/06\/mobil-home-jardin.jpg 1000w, https:\/\/www.camping-carolins.com\/wp-content\/uploads\/2025\/06\/mobil-home-jardin-300x200.jpg 300w, https:\/\/www.camping-carolins.com\/wp-content\/uploads\/2025\/06\/mobil-home-jardin-768x512.jpg 768w\" sizes=\"(max-width: 1000px) 100vw, 1000px\" \/><\/figure>\n\n\n<div class=\"wp-block-group groupe-title has-global-padding is-layout-constrained wp-block-group-is-layout-constrained gt-fse-widgets-ctv-open-product\">\n<p class=\"has-text-align-center has-custom-color-1-color has-text-color has-link-color has-pl-miamo-medium-font-family wp-elements-09c7c8ede681f5d547f79fb3c43ab45a gt-fse-widgets-ctv-open-product\" style=\"font-size:clamp(14px, 0.875rem + ((1vw - 3.2px) * 0.339), 18px);\">Mobilheim Premium Jardin &#8211; 38.5m\u00b2 &#8211; 3 Schlafzimmer &#8211; 2 Badezimmer &#8211; 2 WC<\/p>\n\n\n\n<div class=\"wp-block-group title-img is-layout-flow wp-block-group-is-layout-flow gt-fse-widgets-ctv-open-product\">\n<figure class=\"wp-block-image aligncenter size-full gt-fse-widgets-ctv-open-product\"><img decoding=\"async\" width=\"23\" height=\"22\" src=\"https:\/\/www.camping-carolins.com\/wp-content\/uploads\/2025\/05\/Calque_2-1.svg\" alt=\"Ebene_2 (1)\" class=\"wp-image-101 gt-fse-widgets-ctv-open-product\"\/><\/figure>\n<\/div>\n<\/div>\n\n\n\n<div class=\"wp-block-group is-content-justification-center is-nowrap is-layout-flex wp-container-core-group-is-layout-23441af8 wp-block-group-is-layout-flex gt-fse-widgets-ctv-open-product\">\n<div class=\"wp-block-group info-hebergement is-vertical is-content-justification-center is-layout-flex wp-container-core-group-is-layout-ce155fab wp-block-group-is-layout-flex gt-fse-widgets-ctv-open-product\">\n<div class=\"wp-block-group is-nowrap is-layout-flex wp-container-core-group-is-layout-4b0a85f0 wp-block-group-is-layout-flex gt-fse-widgets-ctv-open-product\"><div class=\"taxonomy-gt-hebergements-nombre-personnes has-link-color wp-elements-7fd33be752484661bf91943a4b633676 wp-block-post-terms has-text-color has-custom-color-1-color has-pl-miamo-font-family gt-fse-widgets-ctv-open-product\"><span class=\"gt-fse-widgets-ctv-open-product\">7<\/span><\/div>\n\n\n<p class=\"has-custom-color-1-color has-text-color has-link-color has-pl-miamo-font-family has-small-font-size wp-elements-d4b8c5663a379995781a3389b460d342 gt-fse-widgets-ctv-open-product\">Pers.<\/p>\n<\/div>\n\n\n\n<figure class=\"wp-block-image size-full is-resized gt-fse-widgets-ctv-open-product\"><img decoding=\"async\" src=\"https:\/\/www.camping-carolins.com\/wp-content\/uploads\/2025\/05\/utilisateur.svg\" alt=\"Benutzer\" class=\"wp-image-719 gt-fse-widgets-ctv-open-product\" style=\"width:30px\"\/><\/figure>\n<\/div>\n\n\n\n<div class=\"wp-block-group info-hebergement is-vertical is-content-justification-center is-layout-flex wp-container-core-group-is-layout-ce155fab wp-block-group-is-layout-flex gt-fse-widgets-ctv-open-product\">\n<div class=\"wp-block-group is-nowrap is-layout-flex wp-container-core-group-is-layout-4b0a85f0 wp-block-group-is-layout-flex gt-fse-widgets-ctv-open-product\"><div class=\"taxonomy-gt-hebergements-nombre-chambres has-link-color wp-elements-55a3f916099b15031809078941912377 wp-block-post-terms has-text-color has-custom-color-1-color has-pl-miamo-font-family gt-fse-widgets-ctv-open-product\"><span class=\"gt-fse-widgets-ctv-open-product\">3<\/span><\/div>\n\n\n<p class=\"has-custom-color-1-color has-text-color has-link-color has-pl-miamo-font-family has-small-font-size wp-elements-e2fb2348fef2e97c283f5a4aa8f9f4af gt-fse-widgets-ctv-open-product\">Zmr<\/p>\n<\/div>\n\n\n\n<figure class=\"wp-block-image size-full is-resized gt-fse-widgets-ctv-open-product\"><img decoding=\"async\" width=\"512\" height=\"512\" src=\"https:\/\/www.camping-carolins.com\/wp-content\/uploads\/2025\/05\/lit-double-1.svg\" alt=\"Doppelbett (1)\" class=\"wp-image-721 gt-fse-widgets-ctv-open-product\" style=\"width:30px\"\/><\/figure>\n<\/div>\n\n\n\n<div class=\"wp-block-group info-hebergement is-vertical is-content-justification-center is-layout-flex wp-container-core-group-is-layout-ce155fab wp-block-group-is-layout-flex gt-fse-widgets-ctv-open-product\">\n<div class=\"wp-block-group is-nowrap is-layout-flex wp-container-core-group-is-layout-4b0a85f0 wp-block-group-is-layout-flex gt-fse-widgets-ctv-open-product\"><div class=\"taxonomy-gt-hebergements-nombre-sdb has-link-color wp-elements-ebcc3de940066aae1dce34a8b1f2c1c1 wp-block-post-terms has-text-color has-custom-color-1-color has-pl-miamo-font-family gt-fse-widgets-ctv-open-product\"><span class=\"gt-fse-widgets-ctv-open-product\">2<\/span><\/div>\n\n\n<p class=\"has-custom-color-1-color has-text-color has-link-color has-pl-miamo-font-family has-small-font-size wp-elements-b47f170cbfe49a7547aa90abd171823b gt-fse-widgets-ctv-open-product\">WC\/Bdzmr<\/p>\n<\/div>\n\n\n\n<figure class=\"wp-block-image size-full is-resized gt-fse-widgets-ctv-open-product\"><img decoding=\"async\" width=\"512\" height=\"512\" src=\"https:\/\/www.camping-carolins.com\/wp-content\/uploads\/2025\/05\/douche-1.svg\" alt=\"Dusche (1)\" class=\"wp-image-722 gt-fse-widgets-ctv-open-product\" style=\"width:30px\"\/><\/figure>\n<\/div>\n\n\n\n<div class=\"wp-block-group info-hebergement is-vertical is-content-justification-center is-layout-flex wp-container-core-group-is-layout-ce155fab wp-block-group-is-layout-flex gt-fse-widgets-ctv-open-product\">\n<div class=\"wp-block-group is-nowrap is-layout-flex wp-container-core-group-is-layout-4b0a85f0 wp-block-group-is-layout-flex gt-fse-widgets-ctv-open-product\"><div class=\"taxonomy-gt-hebergements-superficie has-link-color wp-elements-509f41ff01c2a468c32ae24933d9a8e4 wp-block-post-terms has-text-color has-custom-color-1-color has-pl-miamo-font-family gt-fse-widgets-ctv-open-product\"><span class=\"gt-fse-widgets-ctv-open-product\">38.5<\/span><\/div>\n\n\n<p class=\"has-custom-color-1-color has-text-color has-link-color has-pl-miamo-font-family has-small-font-size wp-elements-24253458f7449c62a549dddb98fc4d4d gt-fse-widgets-ctv-open-product\">m\u00b2<\/p>\n<\/div>\n\n\n\n<figure class=\"wp-block-image size-full is-resized gt-fse-widgets-ctv-open-product\"><img decoding=\"async\" width=\"512\" height=\"512\" src=\"https:\/\/www.camping-carolins.com\/wp-content\/uploads\/2025\/05\/surface.svg\" alt=\"Oberfl&#xE4;che\" class=\"wp-image-720 gt-fse-widgets-ctv-open-product\" style=\"width:30px\"\/><\/figure>\n<\/div>\n<\/div>\n\n\n<a class=\"is-style-lien-cover wp-block-read-more gt-fse-widgets-ctv-open-product\" href=\"https:\/\/www.camping-carolins.com\/de\/hebergement\/mobilheim-premium-garten-38-5m%c2%b2-3-zi-2-bz-2-wc\/\" target=\"_blank\">Weiterlesen<span class=\"screen-reader-text gt-fse-widgets-ctv-open-product\">: Mobilheim Premium Jardin &#8211; 38.5m\u00b2 &#8211; 3 Schlafzimmer &#8211; 2 Badezimmer &#8211; 2 WC<\/span><\/a>\n<\/li><li data-gt-Thelis-product-id=\"\" data-gt-bathrooms=\"79\" data-gt-campings=\"\" data-gt-capacities=\"71\" data-gt-ctv-product-id=\"133638\" data-gt-gammes=\"\" data-gt-options=\"\" data-gt-rooms=\"16\" data-gt-superficies=\"19\" data-gt-types=\"137\" data-wp-key=\"post-template-item-33975\" class=\"wp-block-post post-33975 hebergement type-hebergement status-publish has-post-thumbnail hentry gt-hebergements-types-mobil-homes gt-hebergements-nombre-personnes-71 gt-hebergements-nombre-chambres-16 gt-hebergements-nombre-sdb-1-en gt-hebergements-superficie-19 gt-fse-widgets-ctv-open-product\">\n<figure class=\"hebergement-featured-image wp-block-post-featured-image gt-fse-widgets-ctv-open-product\"><img decoding=\"async\" width=\"1000\" height=\"667\" src=\"https:\/\/www.camping-carolins.com\/wp-content\/uploads\/2025\/05\/mobil-home-premium-jardin-2-ch.jpg\" class=\"attachment-full size-full wp-post-image gt-fse-widgets-ctv-open-product\" alt=\"mobilheim premium garten 2 zimmer\" style=\"object-fit:cover;\" srcset=\"https:\/\/www.camping-carolins.com\/wp-content\/uploads\/2025\/05\/mobil-home-premium-jardin-2-ch.jpg 1000w, https:\/\/www.camping-carolins.com\/wp-content\/uploads\/2025\/05\/mobil-home-premium-jardin-2-ch-300x200.jpg 300w, https:\/\/www.camping-carolins.com\/wp-content\/uploads\/2025\/05\/mobil-home-premium-jardin-2-ch-768x512.jpg 768w\" sizes=\"(max-width: 1000px) 100vw, 1000px\" \/><\/figure>\n\n\n<div class=\"wp-block-group groupe-title has-global-padding is-layout-constrained wp-block-group-is-layout-constrained gt-fse-widgets-ctv-open-product\">\n<p class=\"has-text-align-center has-custom-color-1-color has-text-color has-link-color has-pl-miamo-medium-font-family wp-elements-09c7c8ede681f5d547f79fb3c43ab45a gt-fse-widgets-ctv-open-product\" style=\"font-size:clamp(14px, 0.875rem + ((1vw - 3.2px) * 0.339), 18px);\">Mobilheim Premium Garten &#8211; 33m\u00b2 &#8211; 2 Zimmer<\/p>\n\n\n\n<div class=\"wp-block-group title-img is-layout-flow wp-block-group-is-layout-flow gt-fse-widgets-ctv-open-product\">\n<figure class=\"wp-block-image aligncenter size-full gt-fse-widgets-ctv-open-product\"><img decoding=\"async\" width=\"23\" height=\"22\" src=\"https:\/\/www.camping-carolins.com\/wp-content\/uploads\/2025\/05\/Calque_2-1.svg\" alt=\"Ebene_2 (1)\" class=\"wp-image-101 gt-fse-widgets-ctv-open-product\"\/><\/figure>\n<\/div>\n<\/div>\n\n\n\n<div class=\"wp-block-group is-content-justification-center is-nowrap is-layout-flex wp-container-core-group-is-layout-23441af8 wp-block-group-is-layout-flex gt-fse-widgets-ctv-open-product\">\n<div class=\"wp-block-group info-hebergement is-vertical is-content-justification-center is-layout-flex wp-container-core-group-is-layout-ce155fab wp-block-group-is-layout-flex gt-fse-widgets-ctv-open-product\">\n<div class=\"wp-block-group is-nowrap is-layout-flex wp-container-core-group-is-layout-4b0a85f0 wp-block-group-is-layout-flex gt-fse-widgets-ctv-open-product\"><div class=\"taxonomy-gt-hebergements-nombre-personnes has-link-color wp-elements-7fd33be752484661bf91943a4b633676 wp-block-post-terms has-text-color has-custom-color-1-color has-pl-miamo-font-family gt-fse-widgets-ctv-open-product\"><span class=\"gt-fse-widgets-ctv-open-product\">4<\/span><\/div>\n\n\n<p class=\"has-custom-color-1-color has-text-color has-link-color has-pl-miamo-font-family has-small-font-size wp-elements-d4b8c5663a379995781a3389b460d342 gt-fse-widgets-ctv-open-product\">Pers.<\/p>\n<\/div>\n\n\n\n<figure class=\"wp-block-image size-full is-resized gt-fse-widgets-ctv-open-product\"><img decoding=\"async\" src=\"https:\/\/www.camping-carolins.com\/wp-content\/uploads\/2025\/05\/utilisateur.svg\" alt=\"Benutzer\" class=\"wp-image-719 gt-fse-widgets-ctv-open-product\" style=\"width:30px\"\/><\/figure>\n<\/div>\n\n\n\n<div class=\"wp-block-group info-hebergement is-vertical is-content-justification-center is-layout-flex wp-container-core-group-is-layout-ce155fab wp-block-group-is-layout-flex gt-fse-widgets-ctv-open-product\">\n<div class=\"wp-block-group is-nowrap is-layout-flex wp-container-core-group-is-layout-4b0a85f0 wp-block-group-is-layout-flex gt-fse-widgets-ctv-open-product\"><div class=\"taxonomy-gt-hebergements-nombre-chambres has-link-color wp-elements-55a3f916099b15031809078941912377 wp-block-post-terms has-text-color has-custom-color-1-color has-pl-miamo-font-family gt-fse-widgets-ctv-open-product\"><span class=\"gt-fse-widgets-ctv-open-product\">2<\/span><\/div>\n\n\n<p class=\"has-custom-color-1-color has-text-color has-link-color has-pl-miamo-font-family has-small-font-size wp-elements-e2fb2348fef2e97c283f5a4aa8f9f4af gt-fse-widgets-ctv-open-product\">Zmr<\/p>\n<\/div>\n\n\n\n<figure class=\"wp-block-image size-full is-resized gt-fse-widgets-ctv-open-product\"><img decoding=\"async\" width=\"512\" height=\"512\" src=\"https:\/\/www.camping-carolins.com\/wp-content\/uploads\/2025\/05\/lit-double-1.svg\" alt=\"Doppelbett (1)\" class=\"wp-image-721 gt-fse-widgets-ctv-open-product\" style=\"width:30px\"\/><\/figure>\n<\/div>\n\n\n\n<div class=\"wp-block-group info-hebergement is-vertical is-content-justification-center is-layout-flex wp-container-core-group-is-layout-ce155fab wp-block-group-is-layout-flex gt-fse-widgets-ctv-open-product\">\n<div class=\"wp-block-group is-nowrap is-layout-flex wp-container-core-group-is-layout-4b0a85f0 wp-block-group-is-layout-flex gt-fse-widgets-ctv-open-product\"><div class=\"taxonomy-gt-hebergements-nombre-sdb has-link-color wp-elements-ebcc3de940066aae1dce34a8b1f2c1c1 wp-block-post-terms has-text-color has-custom-color-1-color has-pl-miamo-font-family gt-fse-widgets-ctv-open-product\"><span class=\"gt-fse-widgets-ctv-open-product\">1<\/span><\/div>\n\n\n<p class=\"has-custom-color-1-color has-text-color has-link-color has-pl-miamo-font-family has-small-font-size wp-elements-b47f170cbfe49a7547aa90abd171823b gt-fse-widgets-ctv-open-product\">WC\/Bdzmr<\/p>\n<\/div>\n\n\n\n<figure class=\"wp-block-image size-full is-resized gt-fse-widgets-ctv-open-product\"><img decoding=\"async\" width=\"512\" height=\"512\" src=\"https:\/\/www.camping-carolins.com\/wp-content\/uploads\/2025\/05\/douche-1.svg\" alt=\"Dusche (1)\" class=\"wp-image-722 gt-fse-widgets-ctv-open-product\" style=\"width:30px\"\/><\/figure>\n<\/div>\n\n\n\n<div class=\"wp-block-group info-hebergement is-vertical is-content-justification-center is-layout-flex wp-container-core-group-is-layout-ce155fab wp-block-group-is-layout-flex gt-fse-widgets-ctv-open-product\">\n<div class=\"wp-block-group is-nowrap is-layout-flex wp-container-core-group-is-layout-4b0a85f0 wp-block-group-is-layout-flex gt-fse-widgets-ctv-open-product\"><div class=\"taxonomy-gt-hebergements-superficie has-link-color wp-elements-509f41ff01c2a468c32ae24933d9a8e4 wp-block-post-terms has-text-color has-custom-color-1-color has-pl-miamo-font-family gt-fse-widgets-ctv-open-product\"><span class=\"gt-fse-widgets-ctv-open-product\">33<\/span><\/div>\n\n\n<p class=\"has-custom-color-1-color has-text-color has-link-color has-pl-miamo-font-family has-small-font-size wp-elements-24253458f7449c62a549dddb98fc4d4d gt-fse-widgets-ctv-open-product\">m\u00b2<\/p>\n<\/div>\n\n\n\n<figure class=\"wp-block-image size-full is-resized gt-fse-widgets-ctv-open-product\"><img decoding=\"async\" width=\"512\" height=\"512\" src=\"https:\/\/www.camping-carolins.com\/wp-content\/uploads\/2025\/05\/surface.svg\" alt=\"Oberfl&#xE4;che\" class=\"wp-image-720 gt-fse-widgets-ctv-open-product\" style=\"width:30px\"\/><\/figure>\n<\/div>\n<\/div>\n\n\n<a class=\"is-style-lien-cover wp-block-read-more gt-fse-widgets-ctv-open-product\" href=\"https:\/\/www.camping-carolins.com\/de\/hebergement\/mobilheim-premium-garten-33m%c2%b2-2-zi\/\" target=\"_blank\">Weiterlesen<span class=\"screen-reader-text gt-fse-widgets-ctv-open-product\">: Mobilheim Premium Garten &#8211; 33m\u00b2 &#8211; 2 Zimmer<\/span><\/a>\n<\/li><li data-gt-Thelis-product-id=\"\" data-gt-bathrooms=\"80\" data-gt-campings=\"\" data-gt-capacities=\"71\" data-gt-ctv-product-id=\"131248\" data-gt-gammes=\"\" data-gt-options=\"\" data-gt-rooms=\"16\" data-gt-superficies=\"21\" data-gt-types=\"137\" data-wp-key=\"post-template-item-33969\" class=\"wp-block-post post-33969 hebergement type-hebergement status-publish has-post-thumbnail hentry gt-hebergements-types-mobil-homes gt-hebergements-nombre-personnes-71 gt-hebergements-nombre-chambres-16 gt-hebergements-nombre-sdb-2-en gt-hebergements-superficie-38-4 gt-fse-widgets-ctv-open-product\">\n<figure class=\"hebergement-featured-image wp-block-post-featured-image gt-fse-widgets-ctv-open-product\"><img decoding=\"async\" width=\"1000\" height=\"667\" src=\"https:\/\/www.camping-carolins.com\/wp-content\/uploads\/2025\/05\/Mobil-home-Premium-38-4-m\u00b2-2-chambres-2-SDB-BBQ-1.jpg\" class=\"attachment-full size-full wp-post-image gt-fse-widgets-ctv-open-product\" alt=\"Mobilheim Premium 38 4 m\u00b2 2 Schlafzimmer 2 Badezimmer BBQ\" style=\"object-fit:cover;\" srcset=\"https:\/\/www.camping-carolins.com\/wp-content\/uploads\/2025\/05\/Mobil-home-Premium-38-4-m\u00b2-2-chambres-2-SDB-BBQ-1.jpg 1000w, https:\/\/www.camping-carolins.com\/wp-content\/uploads\/2025\/05\/Mobil-home-Premium-38-4-m\u00b2-2-chambres-2-SDB-BBQ-1-300x200.jpg 300w, https:\/\/www.camping-carolins.com\/wp-content\/uploads\/2025\/05\/Mobil-home-Premium-38-4-m\u00b2-2-chambres-2-SDB-BBQ-1-768x512.jpg 768w\" sizes=\"(max-width: 1000px) 100vw, 1000px\" \/><\/figure>\n\n\n<div class=\"wp-block-group groupe-title has-global-padding is-layout-constrained wp-block-group-is-layout-constrained gt-fse-widgets-ctv-open-product\">\n<p class=\"has-text-align-center has-custom-color-1-color has-text-color has-link-color has-pl-miamo-medium-font-family wp-elements-09c7c8ede681f5d547f79fb3c43ab45a gt-fse-widgets-ctv-open-product\" style=\"font-size:clamp(14px, 0.875rem + ((1vw - 3.2px) * 0.339), 18px);\">Standcaravan Premium &#8211; 38,4 m\u00b2 &#8211; 2 Zi &#8211; 2 B\u00e4der &#8211; BBQ<\/p>\n\n\n\n<div class=\"wp-block-group title-img is-layout-flow wp-block-group-is-layout-flow gt-fse-widgets-ctv-open-product\">\n<figure class=\"wp-block-image aligncenter size-full gt-fse-widgets-ctv-open-product\"><img decoding=\"async\" width=\"23\" height=\"22\" src=\"https:\/\/www.camping-carolins.com\/wp-content\/uploads\/2025\/05\/Calque_2-1.svg\" alt=\"Ebene_2 (1)\" class=\"wp-image-101 gt-fse-widgets-ctv-open-product\"\/><\/figure>\n<\/div>\n<\/div>\n\n\n\n<div class=\"wp-block-group is-content-justification-center is-nowrap is-layout-flex wp-container-core-group-is-layout-23441af8 wp-block-group-is-layout-flex gt-fse-widgets-ctv-open-product\">\n<div class=\"wp-block-group info-hebergement is-vertical is-content-justification-center is-layout-flex wp-container-core-group-is-layout-ce155fab wp-block-group-is-layout-flex gt-fse-widgets-ctv-open-product\">\n<div class=\"wp-block-group is-nowrap is-layout-flex wp-container-core-group-is-layout-4b0a85f0 wp-block-group-is-layout-flex gt-fse-widgets-ctv-open-product\"><div class=\"taxonomy-gt-hebergements-nombre-personnes has-link-color wp-elements-7fd33be752484661bf91943a4b633676 wp-block-post-terms has-text-color has-custom-color-1-color has-pl-miamo-font-family gt-fse-widgets-ctv-open-product\"><span class=\"gt-fse-widgets-ctv-open-product\">4<\/span><\/div>\n\n\n<p class=\"has-custom-color-1-color has-text-color has-link-color has-pl-miamo-font-family has-small-font-size wp-elements-d4b8c5663a379995781a3389b460d342 gt-fse-widgets-ctv-open-product\">Pers.<\/p>\n<\/div>\n\n\n\n<figure class=\"wp-block-image size-full is-resized gt-fse-widgets-ctv-open-product\"><img decoding=\"async\" src=\"https:\/\/www.camping-carolins.com\/wp-content\/uploads\/2025\/05\/utilisateur.svg\" alt=\"Benutzer\" class=\"wp-image-719 gt-fse-widgets-ctv-open-product\" style=\"width:30px\"\/><\/figure>\n<\/div>\n\n\n\n<div class=\"wp-block-group info-hebergement is-vertical is-content-justification-center is-layout-flex wp-container-core-group-is-layout-ce155fab wp-block-group-is-layout-flex gt-fse-widgets-ctv-open-product\">\n<div class=\"wp-block-group is-nowrap is-layout-flex wp-container-core-group-is-layout-4b0a85f0 wp-block-group-is-layout-flex gt-fse-widgets-ctv-open-product\"><div class=\"taxonomy-gt-hebergements-nombre-chambres has-link-color wp-elements-55a3f916099b15031809078941912377 wp-block-post-terms has-text-color has-custom-color-1-color has-pl-miamo-font-family gt-fse-widgets-ctv-open-product\"><span class=\"gt-fse-widgets-ctv-open-product\">2<\/span><\/div>\n\n\n<p class=\"has-custom-color-1-color has-text-color has-link-color has-pl-miamo-font-family has-small-font-size wp-elements-e2fb2348fef2e97c283f5a4aa8f9f4af gt-fse-widgets-ctv-open-product\">Zmr<\/p>\n<\/div>\n\n\n\n<figure class=\"wp-block-image size-full is-resized gt-fse-widgets-ctv-open-product\"><img decoding=\"async\" width=\"512\" height=\"512\" src=\"https:\/\/www.camping-carolins.com\/wp-content\/uploads\/2025\/05\/lit-double-1.svg\" alt=\"Doppelbett (1)\" class=\"wp-image-721 gt-fse-widgets-ctv-open-product\" style=\"width:30px\"\/><\/figure>\n<\/div>\n\n\n\n<div class=\"wp-block-group info-hebergement is-vertical is-content-justification-center is-layout-flex wp-container-core-group-is-layout-ce155fab wp-block-group-is-layout-flex gt-fse-widgets-ctv-open-product\">\n<div class=\"wp-block-group is-nowrap is-layout-flex wp-container-core-group-is-layout-4b0a85f0 wp-block-group-is-layout-flex gt-fse-widgets-ctv-open-product\"><div class=\"taxonomy-gt-hebergements-nombre-sdb has-link-color wp-elements-ebcc3de940066aae1dce34a8b1f2c1c1 wp-block-post-terms has-text-color has-custom-color-1-color has-pl-miamo-font-family gt-fse-widgets-ctv-open-product\"><span class=\"gt-fse-widgets-ctv-open-product\">2<\/span><\/div>\n\n\n<p class=\"has-custom-color-1-color has-text-color has-link-color has-pl-miamo-font-family has-small-font-size wp-elements-b47f170cbfe49a7547aa90abd171823b gt-fse-widgets-ctv-open-product\">WC\/Bdzmr<\/p>\n<\/div>\n\n\n\n<figure class=\"wp-block-image size-full is-resized gt-fse-widgets-ctv-open-product\"><img decoding=\"async\" width=\"512\" height=\"512\" src=\"https:\/\/www.camping-carolins.com\/wp-content\/uploads\/2025\/05\/douche-1.svg\" alt=\"Dusche (1)\" class=\"wp-image-722 gt-fse-widgets-ctv-open-product\" style=\"width:30px\"\/><\/figure>\n<\/div>\n\n\n\n<div class=\"wp-block-group info-hebergement is-vertical is-content-justification-center is-layout-flex wp-container-core-group-is-layout-ce155fab wp-block-group-is-layout-flex gt-fse-widgets-ctv-open-product\">\n<div class=\"wp-block-group is-nowrap is-layout-flex wp-container-core-group-is-layout-4b0a85f0 wp-block-group-is-layout-flex gt-fse-widgets-ctv-open-product\"><div class=\"taxonomy-gt-hebergements-superficie has-link-color wp-elements-509f41ff01c2a468c32ae24933d9a8e4 wp-block-post-terms has-text-color has-custom-color-1-color has-pl-miamo-font-family gt-fse-widgets-ctv-open-product\"><span class=\"gt-fse-widgets-ctv-open-product\">38.4<\/span><\/div>\n\n\n<p class=\"has-custom-color-1-color has-text-color has-link-color has-pl-miamo-font-family has-small-font-size wp-elements-24253458f7449c62a549dddb98fc4d4d gt-fse-widgets-ctv-open-product\">m\u00b2<\/p>\n<\/div>\n\n\n\n<figure class=\"wp-block-image size-full is-resized gt-fse-widgets-ctv-open-product\"><img decoding=\"async\" width=\"512\" height=\"512\" src=\"https:\/\/www.camping-carolins.com\/wp-content\/uploads\/2025\/05\/surface.svg\" alt=\"Oberfl&#xE4;che\" class=\"wp-image-720 gt-fse-widgets-ctv-open-product\" style=\"width:30px\"\/><\/figure>\n<\/div>\n<\/div>\n\n\n<a class=\"is-style-lien-cover wp-block-read-more gt-fse-widgets-ctv-open-product\" href=\"https:\/\/www.camping-carolins.com\/de\/hebergement\/mobilheim-premium-384-m%c2%b2-2-zimmer-2-bz-grill\/\" target=\"_blank\">Weiterlesen<span class=\"screen-reader-text gt-fse-widgets-ctv-open-product\">: Mobilheim Premium &#8211; 38,4 m\u00b2 &#8211; 2 Zi &#8211; 2 B\u00e4der &#8211; BBQ<\/span><\/a>\n<\/li><li data-gt-Thelis-product-id=\"\" data-gt-bathrooms=\"80\" data-gt-campings=\"\" data-gt-capacities=\"73\" data-gt-ctv-product-id=\"131249\" data-gt-gammes=\"\" data-gt-options=\"\" data-gt-rooms=\"7\" data-gt-superficies=\"24\" data-gt-types=\"137\" data-wp-key=\"post-template-item-33986\" class=\"wp-block-post post-33986 hebergement type-hebergement status-publish has-post-thumbnail hentry gt-hebergements-types-mobil-homes gt-hebergements-nombre-personnes-73 gt-hebergements-nombre-chambres-7 gt-hebergements-nombre-sdb-2-en gt-hebergements-superficie-38-5 gt-fse-widgets-ctv-open-product\">\n<figure class=\"hebergement-featured-image wp-block-post-featured-image gt-fse-widgets-ctv-open-product\"><img decoding=\"async\" width=\"1000\" height=\"667\" src=\"https:\/\/www.camping-carolins.com\/wp-content\/uploads\/2025\/05\/mobil-home-premium-bbq.jpg\" class=\"attachment-full size-full wp-post-image gt-fse-widgets-ctv-open-product\" alt=\"mobilheim premium bbq\" style=\"object-fit:cover;\" srcset=\"https:\/\/www.camping-carolins.com\/wp-content\/uploads\/2025\/05\/mobil-home-premium-bbq.jpg 1000w, https:\/\/www.camping-carolins.com\/wp-content\/uploads\/2025\/05\/mobil-home-premium-bbq-300x200.jpg 300w, https:\/\/www.camping-carolins.com\/wp-content\/uploads\/2025\/05\/mobil-home-premium-bbq-768x512.jpg 768w\" sizes=\"(max-width: 1000px) 100vw, 1000px\" \/><\/figure>\n\n\n<div class=\"wp-block-group groupe-title has-global-padding is-layout-constrained wp-block-group-is-layout-constrained gt-fse-widgets-ctv-open-product\">\n<p class=\"has-text-align-center has-custom-color-1-color has-text-color has-link-color has-pl-miamo-medium-font-family wp-elements-09c7c8ede681f5d547f79fb3c43ab45a gt-fse-widgets-ctv-open-product\" style=\"font-size:clamp(14px, 0.875rem + ((1vw - 3.2px) * 0.339), 18px);\">Standcaravan Premium &#8211; 38.5 m\u00b2 &#8211; 3 Zi. &#8211; 2 B\u00e4der &#8211; BBQ<\/p>\n\n\n\n<div class=\"wp-block-group title-img is-layout-flow wp-block-group-is-layout-flow gt-fse-widgets-ctv-open-product\">\n<figure class=\"wp-block-image aligncenter size-full gt-fse-widgets-ctv-open-product\"><img decoding=\"async\" width=\"23\" height=\"22\" src=\"https:\/\/www.camping-carolins.com\/wp-content\/uploads\/2025\/05\/Calque_2-1.svg\" alt=\"Ebene_2 (1)\" class=\"wp-image-101 gt-fse-widgets-ctv-open-product\"\/><\/figure>\n<\/div>\n<\/div>\n\n\n\n<div class=\"wp-block-group is-content-justification-center is-nowrap is-layout-flex wp-container-core-group-is-layout-23441af8 wp-block-group-is-layout-flex gt-fse-widgets-ctv-open-product\">\n<div class=\"wp-block-group info-hebergement is-vertical is-content-justification-center is-layout-flex wp-container-core-group-is-layout-ce155fab wp-block-group-is-layout-flex gt-fse-widgets-ctv-open-product\">\n<div class=\"wp-block-group is-nowrap is-layout-flex wp-container-core-group-is-layout-4b0a85f0 wp-block-group-is-layout-flex gt-fse-widgets-ctv-open-product\"><div class=\"taxonomy-gt-hebergements-nombre-personnes has-link-color wp-elements-7fd33be752484661bf91943a4b633676 wp-block-post-terms has-text-color has-custom-color-1-color has-pl-miamo-font-family gt-fse-widgets-ctv-open-product\"><span class=\"gt-fse-widgets-ctv-open-product\">6<\/span><\/div>\n\n\n<p class=\"has-custom-color-1-color has-text-color has-link-color has-pl-miamo-font-family has-small-font-size wp-elements-d4b8c5663a379995781a3389b460d342 gt-fse-widgets-ctv-open-product\">Pers.<\/p>\n<\/div>\n\n\n\n<figure class=\"wp-block-image size-full is-resized gt-fse-widgets-ctv-open-product\"><img decoding=\"async\" src=\"https:\/\/www.camping-carolins.com\/wp-content\/uploads\/2025\/05\/utilisateur.svg\" alt=\"Benutzer\" class=\"wp-image-719 gt-fse-widgets-ctv-open-product\" style=\"width:30px\"\/><\/figure>\n<\/div>\n\n\n\n<div class=\"wp-block-group info-hebergement is-vertical is-content-justification-center is-layout-flex wp-container-core-group-is-layout-ce155fab wp-block-group-is-layout-flex gt-fse-widgets-ctv-open-product\">\n<div class=\"wp-block-group is-nowrap is-layout-flex wp-container-core-group-is-layout-4b0a85f0 wp-block-group-is-layout-flex gt-fse-widgets-ctv-open-product\"><div class=\"taxonomy-gt-hebergements-nombre-chambres has-link-color wp-elements-55a3f916099b15031809078941912377 wp-block-post-terms has-text-color has-custom-color-1-color has-pl-miamo-font-family gt-fse-widgets-ctv-open-product\"><span class=\"gt-fse-widgets-ctv-open-product\">3<\/span><\/div>\n\n\n<p class=\"has-custom-color-1-color has-text-color has-link-color has-pl-miamo-font-family has-small-font-size wp-elements-e2fb2348fef2e97c283f5a4aa8f9f4af gt-fse-widgets-ctv-open-product\">Zmr<\/p>\n<\/div>\n\n\n\n<figure class=\"wp-block-image size-full is-resized gt-fse-widgets-ctv-open-product\"><img decoding=\"async\" width=\"512\" height=\"512\" src=\"https:\/\/www.camping-carolins.com\/wp-content\/uploads\/2025\/05\/lit-double-1.svg\" alt=\"Doppelbett (1)\" class=\"wp-image-721 gt-fse-widgets-ctv-open-product\" style=\"width:30px\"\/><\/figure>\n<\/div>\n\n\n\n<div class=\"wp-block-group info-hebergement is-vertical is-content-justification-center is-layout-flex wp-container-core-group-is-layout-ce155fab wp-block-group-is-layout-flex gt-fse-widgets-ctv-open-product\">\n<div class=\"wp-block-group is-nowrap is-layout-flex wp-container-core-group-is-layout-4b0a85f0 wp-block-group-is-layout-flex gt-fse-widgets-ctv-open-product\"><div class=\"taxonomy-gt-hebergements-nombre-sdb has-link-color wp-elements-ebcc3de940066aae1dce34a8b1f2c1c1 wp-block-post-terms has-text-color has-custom-color-1-color has-pl-miamo-font-family gt-fse-widgets-ctv-open-product\"><span class=\"gt-fse-widgets-ctv-open-product\">2<\/span><\/div>\n\n\n<p class=\"has-custom-color-1-color has-text-color has-link-color has-pl-miamo-font-family has-small-font-size wp-elements-b47f170cbfe49a7547aa90abd171823b gt-fse-widgets-ctv-open-product\">WC\/Bdzmr<\/p>\n<\/div>\n\n\n\n<figure class=\"wp-block-image size-full is-resized gt-fse-widgets-ctv-open-product\"><img decoding=\"async\" width=\"512\" height=\"512\" src=\"https:\/\/www.camping-carolins.com\/wp-content\/uploads\/2025\/05\/douche-1.svg\" alt=\"Dusche (1)\" class=\"wp-image-722 gt-fse-widgets-ctv-open-product\" style=\"width:30px\"\/><\/figure>\n<\/div>\n\n\n\n<div class=\"wp-block-group info-hebergement is-vertical is-content-justification-center is-layout-flex wp-container-core-group-is-layout-ce155fab wp-block-group-is-layout-flex gt-fse-widgets-ctv-open-product\">\n<div class=\"wp-block-group is-nowrap is-layout-flex wp-container-core-group-is-layout-4b0a85f0 wp-block-group-is-layout-flex gt-fse-widgets-ctv-open-product\"><div class=\"taxonomy-gt-hebergements-superficie has-link-color wp-elements-509f41ff01c2a468c32ae24933d9a8e4 wp-block-post-terms has-text-color has-custom-color-1-color has-pl-miamo-font-family gt-fse-widgets-ctv-open-product\"><span class=\"gt-fse-widgets-ctv-open-product\">38.5<\/span><\/div>\n\n\n<p class=\"has-custom-color-1-color has-text-color has-link-color has-pl-miamo-font-family has-small-font-size wp-elements-24253458f7449c62a549dddb98fc4d4d gt-fse-widgets-ctv-open-product\">m\u00b2<\/p>\n<\/div>\n\n\n\n<figure class=\"wp-block-image size-full is-resized gt-fse-widgets-ctv-open-product\"><img decoding=\"async\" width=\"512\" height=\"512\" src=\"https:\/\/www.camping-carolins.com\/wp-content\/uploads\/2025\/05\/surface.svg\" alt=\"Oberfl&#xE4;che\" class=\"wp-image-720 gt-fse-widgets-ctv-open-product\" style=\"width:30px\"\/><\/figure>\n<\/div>\n<\/div>\n\n\n<a class=\"is-style-lien-cover wp-block-read-more gt-fse-widgets-ctv-open-product\" href=\"https:\/\/www.camping-carolins.com\/de\/hebergement\/mobilheim-premium-38-5-m%c2%b2-3-zi-2-bz-grill\/\" target=\"_blank\">Weiterlesen<span class=\"screen-reader-text gt-fse-widgets-ctv-open-product\">: Mobilheim Premium &#8211; 38.5 m\u00b2 &#8211; 3 Zi. &#8211; 2 B\u00e4der &#8211; BBQ<\/span><\/a>\n<\/li><li data-gt-Thelis-product-id=\"\" data-gt-bathrooms=\"79\" data-gt-campings=\"\" data-gt-capacities=\"73\" data-gt-ctv-product-id=\"141942\" data-gt-gammes=\"\" data-gt-options=\"\" data-gt-rooms=\"7\" data-gt-superficies=\"19\" data-gt-types=\"137\" data-wp-key=\"post-template-item-33979\" class=\"wp-block-post post-33979 hebergement type-hebergement status-publish has-post-thumbnail hentry gt-hebergements-types-mobil-homes gt-hebergements-nombre-personnes-73 gt-hebergements-nombre-chambres-7 gt-hebergements-nombre-sdb-1-en gt-hebergements-superficie-19 gt-fse-widgets-ctv-open-product\">\n<figure class=\"hebergement-featured-image wp-block-post-featured-image gt-fse-widgets-ctv-open-product\"><img decoding=\"async\" width=\"2048\" height=\"1365\" src=\"https:\/\/www.camping-carolins.com\/wp-content\/uploads\/2025\/06\/Mobil-home-Privilege-33m-3-chambres-Vue-dune.jpg\" class=\"attachment-full size-full wp-post-image gt-fse-widgets-ctv-open-product\" alt=\"Mobilheim Privil\u00e8ge 33m 3 Zimmer D\u00fcnenblick\" style=\"object-fit:cover;\" srcset=\"https:\/\/www.camping-carolins.com\/wp-content\/uploads\/2025\/06\/Mobil-home-Privilege-33m-3-chambres-Vue-dune.jpg 2048w, https:\/\/www.camping-carolins.com\/wp-content\/uploads\/2025\/06\/Mobil-home-Privilege-33m-3-chambres-Vue-dune-300x200.jpg 300w, https:\/\/www.camping-carolins.com\/wp-content\/uploads\/2025\/06\/Mobil-home-Privilege-33m-3-chambres-Vue-dune-1024x683.jpg 1024w, https:\/\/www.camping-carolins.com\/wp-content\/uploads\/2025\/06\/Mobil-home-Privilege-33m-3-chambres-Vue-dune-768x512.jpg 768w, https:\/\/www.camping-carolins.com\/wp-content\/uploads\/2025\/06\/Mobil-home-Privilege-33m-3-chambres-Vue-dune-1536x1024.jpg 1536w\" sizes=\"(max-width: 2048px) 100vw, 2048px\" \/><\/figure>\n\n\n<div class=\"wp-block-group groupe-title has-global-padding is-layout-constrained wp-block-group-is-layout-constrained gt-fse-widgets-ctv-open-product\">\n<p class=\"has-text-align-center has-custom-color-1-color has-text-color has-link-color has-pl-miamo-medium-font-family wp-elements-09c7c8ede681f5d547f79fb3c43ab45a gt-fse-widgets-ctv-open-product\" style=\"font-size:clamp(14px, 0.875rem + ((1vw - 3.2px) * 0.339), 18px);\">Mobilheim Privilege &#8211; 33m\u00b2 &#8211; 3 Zi &#8211; 6 Pers &#8211; D\u00fcnenblick<\/p>\n\n\n\n<div class=\"wp-block-group title-img is-layout-flow wp-block-group-is-layout-flow gt-fse-widgets-ctv-open-product\">\n<figure class=\"wp-block-image aligncenter size-full gt-fse-widgets-ctv-open-product\"><img decoding=\"async\" width=\"23\" height=\"22\" src=\"https:\/\/www.camping-carolins.com\/wp-content\/uploads\/2025\/05\/Calque_2-1.svg\" alt=\"Ebene_2 (1)\" class=\"wp-image-101 gt-fse-widgets-ctv-open-product\"\/><\/figure>\n<\/div>\n<\/div>\n\n\n\n<div class=\"wp-block-group is-content-justification-center is-nowrap is-layout-flex wp-container-core-group-is-layout-23441af8 wp-block-group-is-layout-flex gt-fse-widgets-ctv-open-product\">\n<div class=\"wp-block-group info-hebergement is-vertical is-content-justification-center is-layout-flex wp-container-core-group-is-layout-ce155fab wp-block-group-is-layout-flex gt-fse-widgets-ctv-open-product\">\n<div class=\"wp-block-group is-nowrap is-layout-flex wp-container-core-group-is-layout-4b0a85f0 wp-block-group-is-layout-flex gt-fse-widgets-ctv-open-product\"><div class=\"taxonomy-gt-hebergements-nombre-personnes has-link-color wp-elements-7fd33be752484661bf91943a4b633676 wp-block-post-terms has-text-color has-custom-color-1-color has-pl-miamo-font-family gt-fse-widgets-ctv-open-product\"><span class=\"gt-fse-widgets-ctv-open-product\">6<\/span><\/div>\n\n\n<p class=\"has-custom-color-1-color has-text-color has-link-color has-pl-miamo-font-family has-small-font-size wp-elements-d4b8c5663a379995781a3389b460d342 gt-fse-widgets-ctv-open-product\">Pers.<\/p>\n<\/div>\n\n\n\n<figure class=\"wp-block-image size-full is-resized gt-fse-widgets-ctv-open-product\"><img decoding=\"async\" src=\"https:\/\/www.camping-carolins.com\/wp-content\/uploads\/2025\/05\/utilisateur.svg\" alt=\"Benutzer\" class=\"wp-image-719 gt-fse-widgets-ctv-open-product\" style=\"width:30px\"\/><\/figure>\n<\/div>\n\n\n\n<div class=\"wp-block-group info-hebergement is-vertical is-content-justification-center is-layout-flex wp-container-core-group-is-layout-ce155fab wp-block-group-is-layout-flex gt-fse-widgets-ctv-open-product\">\n<div class=\"wp-block-group is-nowrap is-layout-flex wp-container-core-group-is-layout-4b0a85f0 wp-block-group-is-layout-flex gt-fse-widgets-ctv-open-product\"><div class=\"taxonomy-gt-hebergements-nombre-chambres has-link-color wp-elements-55a3f916099b15031809078941912377 wp-block-post-terms has-text-color has-custom-color-1-color has-pl-miamo-font-family gt-fse-widgets-ctv-open-product\"><span class=\"gt-fse-widgets-ctv-open-product\">3<\/span><\/div>\n\n\n<p class=\"has-custom-color-1-color has-text-color has-link-color has-pl-miamo-font-family has-small-font-size wp-elements-e2fb2348fef2e97c283f5a4aa8f9f4af gt-fse-widgets-ctv-open-product\">Zmr<\/p>\n<\/div>\n\n\n\n<figure class=\"wp-block-image size-full is-resized gt-fse-widgets-ctv-open-product\"><img decoding=\"async\" width=\"512\" height=\"512\" src=\"https:\/\/www.camping-carolins.com\/wp-content\/uploads\/2025\/05\/lit-double-1.svg\" alt=\"Doppelbett (1)\" class=\"wp-image-721 gt-fse-widgets-ctv-open-product\" style=\"width:30px\"\/><\/figure>\n<\/div>\n\n\n\n<div class=\"wp-block-group info-hebergement is-vertical is-content-justification-center is-layout-flex wp-container-core-group-is-layout-ce155fab wp-block-group-is-layout-flex gt-fse-widgets-ctv-open-product\">\n<div class=\"wp-block-group is-nowrap is-layout-flex wp-container-core-group-is-layout-4b0a85f0 wp-block-group-is-layout-flex gt-fse-widgets-ctv-open-product\"><div class=\"taxonomy-gt-hebergements-nombre-sdb has-link-color wp-elements-ebcc3de940066aae1dce34a8b1f2c1c1 wp-block-post-terms has-text-color has-custom-color-1-color has-pl-miamo-font-family gt-fse-widgets-ctv-open-product\"><span class=\"gt-fse-widgets-ctv-open-product\">1<\/span><\/div>\n\n\n<p class=\"has-custom-color-1-color has-text-color has-link-color has-pl-miamo-font-family has-small-font-size wp-elements-b47f170cbfe49a7547aa90abd171823b gt-fse-widgets-ctv-open-product\">WC\/Bdzmr<\/p>\n<\/div>\n\n\n\n<figure class=\"wp-block-image size-full is-resized gt-fse-widgets-ctv-open-product\"><img decoding=\"async\" width=\"512\" height=\"512\" src=\"https:\/\/www.camping-carolins.com\/wp-content\/uploads\/2025\/05\/douche-1.svg\" alt=\"Dusche (1)\" class=\"wp-image-722 gt-fse-widgets-ctv-open-product\" style=\"width:30px\"\/><\/figure>\n<\/div>\n\n\n\n<div class=\"wp-block-group info-hebergement is-vertical is-content-justification-center is-layout-flex wp-container-core-group-is-layout-ce155fab wp-block-group-is-layout-flex gt-fse-widgets-ctv-open-product\">\n<div class=\"wp-block-group is-nowrap is-layout-flex wp-container-core-group-is-layout-4b0a85f0 wp-block-group-is-layout-flex gt-fse-widgets-ctv-open-product\"><div class=\"taxonomy-gt-hebergements-superficie has-link-color wp-elements-509f41ff01c2a468c32ae24933d9a8e4 wp-block-post-terms has-text-color has-custom-color-1-color has-pl-miamo-font-family gt-fse-widgets-ctv-open-product\"><span class=\"gt-fse-widgets-ctv-open-product\">33<\/span><\/div>\n\n\n<p class=\"has-custom-color-1-color has-text-color has-link-color has-pl-miamo-font-family has-small-font-size wp-elements-24253458f7449c62a549dddb98fc4d4d gt-fse-widgets-ctv-open-product\">m\u00b2<\/p>\n<\/div>\n\n\n\n<figure class=\"wp-block-image size-full is-resized gt-fse-widgets-ctv-open-product\"><img decoding=\"async\" width=\"512\" height=\"512\" src=\"https:\/\/www.camping-carolins.com\/wp-content\/uploads\/2025\/05\/surface.svg\" alt=\"Oberfl&#xE4;che\" class=\"wp-image-720 gt-fse-widgets-ctv-open-product\" style=\"width:30px\"\/><\/figure>\n<\/div>\n<\/div>\n\n\n<a class=\"is-style-lien-cover wp-block-read-more gt-fse-widgets-ctv-open-product\" href=\"https:\/\/www.camping-carolins.com\/de\/hebergement\/mobilheim-privilege-33m%c2%b2-3-zi-6-pers-duenenblick\/\" target=\"_blank\">Weiterlesen<span class=\"screen-reader-text gt-fse-widgets-ctv-open-product\">: Mobilheim Privilege &#8211; 33m\u00b2 &#8211; 3 Zi &#8211; 6 Pers &#8211; D\u00fcnenblick<\/span><\/a>\n<\/li><li data-gt-Thelis-product-id=\"\" data-gt-bathrooms=\"79\" data-gt-campings=\"\" data-gt-capacities=\"71\" data-gt-ctv-product-id=\"133449\" data-gt-gammes=\"\" data-gt-options=\"\" data-gt-rooms=\"16\" data-gt-superficies=\"19\" data-gt-types=\"137\" data-wp-key=\"post-template-item-33983\" class=\"wp-block-post post-33983 hebergement type-hebergement status-publish has-post-thumbnail hentry gt-hebergements-types-mobil-homes gt-hebergements-nombre-personnes-71 gt-hebergements-nombre-chambres-16 gt-hebergements-nombre-sdb-1-en gt-hebergements-superficie-19 gt-fse-widgets-ctv-open-product\">\n<figure class=\"hebergement-featured-image wp-block-post-featured-image gt-fse-widgets-ctv-open-product\"><img decoding=\"async\" width=\"1000\" height=\"667\" src=\"https:\/\/www.camping-carolins.com\/wp-content\/uploads\/2025\/05\/Mobil-home-Privilege-Vue-Dune-33-m\u00b2-2-chambres.jpg\" class=\"attachment-full size-full wp-post-image gt-fse-widgets-ctv-open-product\" alt=\"Mobilheim Privil\u00e8ge Vue Dune 33 m\u00b2 2 Zimmer\" style=\"object-fit:cover;\" srcset=\"https:\/\/www.camping-carolins.com\/wp-content\/uploads\/2025\/05\/Mobil-home-Privilege-Vue-Dune-33-m\u00b2-2-chambres.jpg 1000w, https:\/\/www.camping-carolins.com\/wp-content\/uploads\/2025\/05\/Mobil-home-Privilege-Vue-Dune-33-m\u00b2-2-chambres-300x200.jpg 300w, https:\/\/www.camping-carolins.com\/wp-content\/uploads\/2025\/05\/Mobil-home-Privilege-Vue-Dune-33-m\u00b2-2-chambres-768x512.jpg 768w\" sizes=\"(max-width: 1000px) 100vw, 1000px\" \/><\/figure>\n\n\n<div class=\"wp-block-group groupe-title has-global-padding is-layout-constrained wp-block-group-is-layout-constrained gt-fse-widgets-ctv-open-product\">\n<p class=\"has-text-align-center has-custom-color-1-color has-text-color has-link-color has-pl-miamo-medium-font-family wp-elements-09c7c8ede681f5d547f79fb3c43ab45a gt-fse-widgets-ctv-open-product\" style=\"font-size:clamp(14px, 0.875rem + ((1vw - 3.2px) * 0.339), 18px);\">Mobilheim Privilege &#8211; D\u00fcnenblick &#8211; 33 m\u00b2 &#8211; 2 Schlafz.<\/p>\n\n\n\n<div class=\"wp-block-group title-img is-layout-flow wp-block-group-is-layout-flow gt-fse-widgets-ctv-open-product\">\n<figure class=\"wp-block-image aligncenter size-full gt-fse-widgets-ctv-open-product\"><img decoding=\"async\" width=\"23\" height=\"22\" src=\"https:\/\/www.camping-carolins.com\/wp-content\/uploads\/2025\/05\/Calque_2-1.svg\" alt=\"Ebene_2 (1)\" class=\"wp-image-101 gt-fse-widgets-ctv-open-product\"\/><\/figure>\n<\/div>\n<\/div>\n\n\n\n<div class=\"wp-block-group is-content-justification-center is-nowrap is-layout-flex wp-container-core-group-is-layout-23441af8 wp-block-group-is-layout-flex gt-fse-widgets-ctv-open-product\">\n<div class=\"wp-block-group info-hebergement is-vertical is-content-justification-center is-layout-flex wp-container-core-group-is-layout-ce155fab wp-block-group-is-layout-flex gt-fse-widgets-ctv-open-product\">\n<div class=\"wp-block-group is-nowrap is-layout-flex wp-container-core-group-is-layout-4b0a85f0 wp-block-group-is-layout-flex gt-fse-widgets-ctv-open-product\"><div class=\"taxonomy-gt-hebergements-nombre-personnes has-link-color wp-elements-7fd33be752484661bf91943a4b633676 wp-block-post-terms has-text-color has-custom-color-1-color has-pl-miamo-font-family gt-fse-widgets-ctv-open-product\"><span class=\"gt-fse-widgets-ctv-open-product\">4<\/span><\/div>\n\n\n<p class=\"has-custom-color-1-color has-text-color has-link-color has-pl-miamo-font-family has-small-font-size wp-elements-d4b8c5663a379995781a3389b460d342 gt-fse-widgets-ctv-open-product\">Pers.<\/p>\n<\/div>\n\n\n\n<figure class=\"wp-block-image size-full is-resized gt-fse-widgets-ctv-open-product\"><img decoding=\"async\" src=\"https:\/\/www.camping-carolins.com\/wp-content\/uploads\/2025\/05\/utilisateur.svg\" alt=\"Benutzer\" class=\"wp-image-719 gt-fse-widgets-ctv-open-product\" style=\"width:30px\"\/><\/figure>\n<\/div>\n\n\n\n<div class=\"wp-block-group info-hebergement is-vertical is-content-justification-center is-layout-flex wp-container-core-group-is-layout-ce155fab wp-block-group-is-layout-flex gt-fse-widgets-ctv-open-product\">\n<div class=\"wp-block-group is-nowrap is-layout-flex wp-container-core-group-is-layout-4b0a85f0 wp-block-group-is-layout-flex gt-fse-widgets-ctv-open-product\"><div class=\"taxonomy-gt-hebergements-nombre-chambres has-link-color wp-elements-55a3f916099b15031809078941912377 wp-block-post-terms has-text-color has-custom-color-1-color has-pl-miamo-font-family gt-fse-widgets-ctv-open-product\"><span class=\"gt-fse-widgets-ctv-open-product\">2<\/span><\/div>\n\n\n<p class=\"has-custom-color-1-color has-text-color has-link-color has-pl-miamo-font-family has-small-font-size wp-elements-e2fb2348fef2e97c283f5a4aa8f9f4af gt-fse-widgets-ctv-open-product\">Zmr<\/p>\n<\/div>\n\n\n\n<figure class=\"wp-block-image size-full is-resized gt-fse-widgets-ctv-open-product\"><img decoding=\"async\" width=\"512\" height=\"512\" src=\"https:\/\/www.camping-carolins.com\/wp-content\/uploads\/2025\/05\/lit-double-1.svg\" alt=\"Doppelbett (1)\" class=\"wp-image-721 gt-fse-widgets-ctv-open-product\" style=\"width:30px\"\/><\/figure>\n<\/div>\n\n\n\n<div class=\"wp-block-group info-hebergement is-vertical is-content-justification-center is-layout-flex wp-container-core-group-is-layout-ce155fab wp-block-group-is-layout-flex gt-fse-widgets-ctv-open-product\">\n<div class=\"wp-block-group is-nowrap is-layout-flex wp-container-core-group-is-layout-4b0a85f0 wp-block-group-is-layout-flex gt-fse-widgets-ctv-open-product\"><div class=\"taxonomy-gt-hebergements-nombre-sdb has-link-color wp-elements-ebcc3de940066aae1dce34a8b1f2c1c1 wp-block-post-terms has-text-color has-custom-color-1-color has-pl-miamo-font-family gt-fse-widgets-ctv-open-product\"><span class=\"gt-fse-widgets-ctv-open-product\">1<\/span><\/div>\n\n\n<p class=\"has-custom-color-1-color has-text-color has-link-color has-pl-miamo-font-family has-small-font-size wp-elements-b47f170cbfe49a7547aa90abd171823b gt-fse-widgets-ctv-open-product\">WC\/Bdzmr<\/p>\n<\/div>\n\n\n\n<figure class=\"wp-block-image size-full is-resized gt-fse-widgets-ctv-open-product\"><img decoding=\"async\" width=\"512\" height=\"512\" src=\"https:\/\/www.camping-carolins.com\/wp-content\/uploads\/2025\/05\/douche-1.svg\" alt=\"Dusche (1)\" class=\"wp-image-722 gt-fse-widgets-ctv-open-product\" style=\"width:30px\"\/><\/figure>\n<\/div>\n\n\n\n<div class=\"wp-block-group info-hebergement is-vertical is-content-justification-center is-layout-flex wp-container-core-group-is-layout-ce155fab wp-block-group-is-layout-flex gt-fse-widgets-ctv-open-product\">\n<div class=\"wp-block-group is-nowrap is-layout-flex wp-container-core-group-is-layout-4b0a85f0 wp-block-group-is-layout-flex gt-fse-widgets-ctv-open-product\"><div class=\"taxonomy-gt-hebergements-superficie has-link-color wp-elements-509f41ff01c2a468c32ae24933d9a8e4 wp-block-post-terms has-text-color has-custom-color-1-color has-pl-miamo-font-family gt-fse-widgets-ctv-open-product\"><span class=\"gt-fse-widgets-ctv-open-product\">33<\/span><\/div>\n\n\n<p class=\"has-custom-color-1-color has-text-color has-link-color has-pl-miamo-font-family has-small-font-size wp-elements-24253458f7449c62a549dddb98fc4d4d gt-fse-widgets-ctv-open-product\">m\u00b2<\/p>\n<\/div>\n\n\n\n<figure class=\"wp-block-image size-full is-resized gt-fse-widgets-ctv-open-product\"><img decoding=\"async\" width=\"512\" height=\"512\" src=\"https:\/\/www.camping-carolins.com\/wp-content\/uploads\/2025\/05\/surface.svg\" alt=\"Oberfl&#xE4;che\" class=\"wp-image-720 gt-fse-widgets-ctv-open-product\" style=\"width:30px\"\/><\/figure>\n<\/div>\n<\/div>\n\n\n<a class=\"is-style-lien-cover wp-block-read-more gt-fse-widgets-ctv-open-product\" href=\"https:\/\/www.camping-carolins.com\/de\/hebergement\/mobilheim-privilege-duenenblick-33-m%c2%b2-2-zimmer\/\" target=\"_blank\">Weiterlesen<span class=\"screen-reader-text gt-fse-widgets-ctv-open-product\">: Mobilheim Privilege &#8211; D\u00fcnenblick &#8211; 33 m\u00b2 &#8211; 2 Schlafz.<\/span><\/a>\n<\/li><li data-gt-Thelis-product-id=\"\" data-gt-bathrooms=\"79\" data-gt-campings=\"\" data-gt-capacities=\"73\" data-gt-ctv-product-id=\"131247\" data-gt-gammes=\"\" data-gt-options=\"\" data-gt-rooms=\"7\" data-gt-superficies=\"18\" data-gt-types=\"137\" data-wp-key=\"post-template-item-34008\" class=\"wp-block-post post-34008 hebergement type-hebergement status-publish has-post-thumbnail hentry gt-hebergements-types-mobil-homes gt-hebergements-nombre-personnes-73 gt-hebergements-nombre-chambres-7 gt-hebergements-nombre-sdb-1-en gt-hebergements-superficie-18 gt-fse-widgets-ctv-open-product\">\n<figure class=\"hebergement-featured-image wp-block-post-featured-image gt-fse-widgets-ctv-open-product\"><img decoding=\"async\" width=\"1000\" height=\"667\" src=\"https:\/\/www.camping-carolins.com\/wp-content\/uploads\/2025\/05\/Mobil-home-Privilege-30-m\u00b2-3-chambres-Vue-Ferme.jpg\" class=\"attachment-full size-full wp-post-image gt-fse-widgets-ctv-open-product\" alt=\"Mobilheim Privil\u00e8ge 30 m\u00b2 3 Zimmer Blick auf den Bauernhof\" style=\"object-fit:cover;\" srcset=\"https:\/\/www.camping-carolins.com\/wp-content\/uploads\/2025\/05\/Mobil-home-Privilege-30-m\u00b2-3-chambres-Vue-Ferme.jpg 1000w, https:\/\/www.camping-carolins.com\/wp-content\/uploads\/2025\/05\/Mobil-home-Privilege-30-m\u00b2-3-chambres-Vue-Ferme-300x200.jpg 300w, https:\/\/www.camping-carolins.com\/wp-content\/uploads\/2025\/05\/Mobil-home-Privilege-30-m\u00b2-3-chambres-Vue-Ferme-768x512.jpg 768w\" sizes=\"(max-width: 1000px) 100vw, 1000px\" \/><\/figure>\n\n\n<div class=\"wp-block-group groupe-title has-global-padding is-layout-constrained wp-block-group-is-layout-constrained gt-fse-widgets-ctv-open-product\">\n<p class=\"has-text-align-center has-custom-color-1-color has-text-color has-link-color has-pl-miamo-medium-font-family wp-elements-09c7c8ede681f5d547f79fb3c43ab45a gt-fse-widgets-ctv-open-product\" style=\"font-size:clamp(14px, 0.875rem + ((1vw - 3.2px) * 0.339), 18px);\">Mobilheim Privilege &#8211; 30 m\u00b2 &#8211; 3 Zi. &#8211; Blick auf Bauernhof<\/p>\n\n\n\n<div class=\"wp-block-group title-img is-layout-flow wp-block-group-is-layout-flow gt-fse-widgets-ctv-open-product\">\n<figure class=\"wp-block-image aligncenter size-full gt-fse-widgets-ctv-open-product\"><img decoding=\"async\" width=\"23\" height=\"22\" src=\"https:\/\/www.camping-carolins.com\/wp-content\/uploads\/2025\/05\/Calque_2-1.svg\" alt=\"Ebene_2 (1)\" class=\"wp-image-101 gt-fse-widgets-ctv-open-product\"\/><\/figure>\n<\/div>\n<\/div>\n\n\n\n<div class=\"wp-block-group is-content-justification-center is-nowrap is-layout-flex wp-container-core-group-is-layout-23441af8 wp-block-group-is-layout-flex gt-fse-widgets-ctv-open-product\">\n<div class=\"wp-block-group info-hebergement is-vertical is-content-justification-center is-layout-flex wp-container-core-group-is-layout-ce155fab wp-block-group-is-layout-flex gt-fse-widgets-ctv-open-product\">\n<div class=\"wp-block-group is-nowrap is-layout-flex wp-container-core-group-is-layout-4b0a85f0 wp-block-group-is-layout-flex gt-fse-widgets-ctv-open-product\"><div class=\"taxonomy-gt-hebergements-nombre-personnes has-link-color wp-elements-7fd33be752484661bf91943a4b633676 wp-block-post-terms has-text-color has-custom-color-1-color has-pl-miamo-font-family gt-fse-widgets-ctv-open-product\"><span class=\"gt-fse-widgets-ctv-open-product\">6<\/span><\/div>\n\n\n<p class=\"has-custom-color-1-color has-text-color has-link-color has-pl-miamo-font-family has-small-font-size wp-elements-d4b8c5663a379995781a3389b460d342 gt-fse-widgets-ctv-open-product\">Pers.<\/p>\n<\/div>\n\n\n\n<figure class=\"wp-block-image size-full is-resized gt-fse-widgets-ctv-open-product\"><img decoding=\"async\" src=\"https:\/\/www.camping-carolins.com\/wp-content\/uploads\/2025\/05\/utilisateur.svg\" alt=\"Benutzer\" class=\"wp-image-719 gt-fse-widgets-ctv-open-product\" style=\"width:30px\"\/><\/figure>\n<\/div>\n\n\n\n<div class=\"wp-block-group info-hebergement is-vertical is-content-justification-center is-layout-flex wp-container-core-group-is-layout-ce155fab wp-block-group-is-layout-flex gt-fse-widgets-ctv-open-product\">\n<div class=\"wp-block-group is-nowrap is-layout-flex wp-container-core-group-is-layout-4b0a85f0 wp-block-group-is-layout-flex gt-fse-widgets-ctv-open-product\"><div class=\"taxonomy-gt-hebergements-nombre-chambres has-link-color wp-elements-55a3f916099b15031809078941912377 wp-block-post-terms has-text-color has-custom-color-1-color has-pl-miamo-font-family gt-fse-widgets-ctv-open-product\"><span class=\"gt-fse-widgets-ctv-open-product\">3<\/span><\/div>\n\n\n<p class=\"has-custom-color-1-color has-text-color has-link-color has-pl-miamo-font-family has-small-font-size wp-elements-e2fb2348fef2e97c283f5a4aa8f9f4af gt-fse-widgets-ctv-open-product\">Zmr<\/p>\n<\/div>\n\n\n\n<figure class=\"wp-block-image size-full is-resized gt-fse-widgets-ctv-open-product\"><img decoding=\"async\" width=\"512\" height=\"512\" src=\"https:\/\/www.camping-carolins.com\/wp-content\/uploads\/2025\/05\/lit-double-1.svg\" alt=\"Doppelbett (1)\" class=\"wp-image-721 gt-fse-widgets-ctv-open-product\" style=\"width:30px\"\/><\/figure>\n<\/div>\n\n\n\n<div class=\"wp-block-group info-hebergement is-vertical is-content-justification-center is-layout-flex wp-container-core-group-is-layout-ce155fab wp-block-group-is-layout-flex gt-fse-widgets-ctv-open-product\">\n<div class=\"wp-block-group is-nowrap is-layout-flex wp-container-core-group-is-layout-4b0a85f0 wp-block-group-is-layout-flex gt-fse-widgets-ctv-open-product\"><div class=\"taxonomy-gt-hebergements-nombre-sdb has-link-color wp-elements-ebcc3de940066aae1dce34a8b1f2c1c1 wp-block-post-terms has-text-color has-custom-color-1-color has-pl-miamo-font-family gt-fse-widgets-ctv-open-product\"><span class=\"gt-fse-widgets-ctv-open-product\">1<\/span><\/div>\n\n\n<p class=\"has-custom-color-1-color has-text-color has-link-color has-pl-miamo-font-family has-small-font-size wp-elements-b47f170cbfe49a7547aa90abd171823b gt-fse-widgets-ctv-open-product\">WC\/Bdzmr<\/p>\n<\/div>\n\n\n\n<figure class=\"wp-block-image size-full is-resized gt-fse-widgets-ctv-open-product\"><img decoding=\"async\" width=\"512\" height=\"512\" src=\"https:\/\/www.camping-carolins.com\/wp-content\/uploads\/2025\/05\/douche-1.svg\" alt=\"Dusche (1)\" class=\"wp-image-722 gt-fse-widgets-ctv-open-product\" style=\"width:30px\"\/><\/figure>\n<\/div>\n\n\n\n<div class=\"wp-block-group info-hebergement is-vertical is-content-justification-center is-layout-flex wp-container-core-group-is-layout-ce155fab wp-block-group-is-layout-flex gt-fse-widgets-ctv-open-product\">\n<div class=\"wp-block-group is-nowrap is-layout-flex wp-container-core-group-is-layout-4b0a85f0 wp-block-group-is-layout-flex gt-fse-widgets-ctv-open-product\"><div class=\"taxonomy-gt-hebergements-superficie has-link-color wp-elements-509f41ff01c2a468c32ae24933d9a8e4 wp-block-post-terms has-text-color has-custom-color-1-color has-pl-miamo-font-family gt-fse-widgets-ctv-open-product\"><span class=\"gt-fse-widgets-ctv-open-product\">30<\/span><\/div>\n\n\n<p class=\"has-custom-color-1-color has-text-color has-link-color has-pl-miamo-font-family has-small-font-size wp-elements-24253458f7449c62a549dddb98fc4d4d gt-fse-widgets-ctv-open-product\">m\u00b2<\/p>\n<\/div>\n\n\n\n<figure class=\"wp-block-image size-full is-resized gt-fse-widgets-ctv-open-product\"><img decoding=\"async\" width=\"512\" height=\"512\" src=\"https:\/\/www.camping-carolins.com\/wp-content\/uploads\/2025\/05\/surface.svg\" alt=\"Oberfl&#xE4;che\" class=\"wp-image-720 gt-fse-widgets-ctv-open-product\" style=\"width:30px\"\/><\/figure>\n<\/div>\n<\/div>\n\n\n<a class=\"is-style-lien-cover wp-block-read-more gt-fse-widgets-ctv-open-product\" href=\"https:\/\/www.camping-carolins.com\/de\/hebergement\/mobilheim-privilege-30-m%c2%b2-3-zimmer-blick-auf-den-bauernhof\/\" target=\"_blank\">Weiterlesen<span class=\"screen-reader-text gt-fse-widgets-ctv-open-product\">: Mobilheim Privilege &#8211; 30 m\u00b2 &#8211; 3 Zi. &#8211; Blick auf Bauernhof<\/span><\/a>\n<\/li><li data-gt-Thelis-product-id=\"\" data-gt-bathrooms=\"79\" data-gt-campings=\"\" data-gt-capacities=\"73\" data-gt-ctv-product-id=\"131268\" data-gt-gammes=\"\" data-gt-options=\"\" data-gt-rooms=\"7\" data-gt-superficies=\"18\" data-gt-types=\"137\" data-wp-key=\"post-template-item-34020\" class=\"wp-block-post post-34020 hebergement type-hebergement status-publish has-post-thumbnail hentry gt-hebergements-types-mobil-homes gt-hebergements-nombre-personnes-73 gt-hebergements-nombre-chambres-7 gt-hebergements-nombre-sdb-1-en gt-hebergements-superficie-18 gt-fse-widgets-ctv-open-product\">\n<figure class=\"hebergement-featured-image wp-block-post-featured-image gt-fse-widgets-ctv-open-product\"><img decoding=\"async\" width=\"1000\" height=\"667\" src=\"https:\/\/www.camping-carolins.com\/wp-content\/uploads\/2025\/05\/mobil-home-privilege-3ch.jpg\" class=\"attachment-full size-full wp-post-image gt-fse-widgets-ctv-open-product\" alt=\"mobil home privilege 3ch\" style=\"object-fit:cover;\" srcset=\"https:\/\/www.camping-carolins.com\/wp-content\/uploads\/2025\/05\/mobil-home-privilege-3ch.jpg 1000w, https:\/\/www.camping-carolins.com\/wp-content\/uploads\/2025\/05\/mobil-home-privilege-3ch-300x200.jpg 300w, https:\/\/www.camping-carolins.com\/wp-content\/uploads\/2025\/05\/mobil-home-privilege-3ch-768x512.jpg 768w\" sizes=\"(max-width: 1000px) 100vw, 1000px\" \/><\/figure>\n\n\n<div class=\"wp-block-group groupe-title has-global-padding is-layout-constrained wp-block-group-is-layout-constrained gt-fse-widgets-ctv-open-product\">\n<p class=\"has-text-align-center has-custom-color-1-color has-text-color has-link-color has-pl-miamo-medium-font-family wp-elements-09c7c8ede681f5d547f79fb3c43ab45a gt-fse-widgets-ctv-open-product\" style=\"font-size:clamp(14px, 0.875rem + ((1vw - 3.2px) * 0.339), 18px);\">Mobilheim Privilege &#8211; 30 m\u00b2 &#8211; 3 Zimmer<\/p>\n\n\n\n<div class=\"wp-block-group title-img is-layout-flow wp-block-group-is-layout-flow gt-fse-widgets-ctv-open-product\">\n<figure class=\"wp-block-image aligncenter size-full gt-fse-widgets-ctv-open-product\"><img decoding=\"async\" width=\"23\" height=\"22\" src=\"https:\/\/www.camping-carolins.com\/wp-content\/uploads\/2025\/05\/Calque_2-1.svg\" alt=\"Ebene_2 (1)\" class=\"wp-image-101 gt-fse-widgets-ctv-open-product\"\/><\/figure>\n<\/div>\n<\/div>\n\n\n\n<div class=\"wp-block-group is-content-justification-center is-nowrap is-layout-flex wp-container-core-group-is-layout-23441af8 wp-block-group-is-layout-flex gt-fse-widgets-ctv-open-product\">\n<div class=\"wp-block-group info-hebergement is-vertical is-content-justification-center is-layout-flex wp-container-core-group-is-layout-ce155fab wp-block-group-is-layout-flex gt-fse-widgets-ctv-open-product\">\n<div class=\"wp-block-group is-nowrap is-layout-flex wp-container-core-group-is-layout-4b0a85f0 wp-block-group-is-layout-flex gt-fse-widgets-ctv-open-product\"><div class=\"taxonomy-gt-hebergements-nombre-personnes has-link-color wp-elements-7fd33be752484661bf91943a4b633676 wp-block-post-terms has-text-color has-custom-color-1-color has-pl-miamo-font-family gt-fse-widgets-ctv-open-product\"><span class=\"gt-fse-widgets-ctv-open-product\">6<\/span><\/div>\n\n\n<p class=\"has-custom-color-1-color has-text-color has-link-color has-pl-miamo-font-family has-small-font-size wp-elements-d4b8c5663a379995781a3389b460d342 gt-fse-widgets-ctv-open-product\">Pers.<\/p>\n<\/div>\n\n\n\n<figure class=\"wp-block-image size-full is-resized gt-fse-widgets-ctv-open-product\"><img decoding=\"async\" src=\"https:\/\/www.camping-carolins.com\/wp-content\/uploads\/2025\/05\/utilisateur.svg\" alt=\"Benutzer\" class=\"wp-image-719 gt-fse-widgets-ctv-open-product\" style=\"width:30px\"\/><\/figure>\n<\/div>\n\n\n\n<div class=\"wp-block-group info-hebergement is-vertical is-content-justification-center is-layout-flex wp-container-core-group-is-layout-ce155fab wp-block-group-is-layout-flex gt-fse-widgets-ctv-open-product\">\n<div class=\"wp-block-group is-nowrap is-layout-flex wp-container-core-group-is-layout-4b0a85f0 wp-block-group-is-layout-flex gt-fse-widgets-ctv-open-product\"><div class=\"taxonomy-gt-hebergements-nombre-chambres has-link-color wp-elements-55a3f916099b15031809078941912377 wp-block-post-terms has-text-color has-custom-color-1-color has-pl-miamo-font-family gt-fse-widgets-ctv-open-product\"><span class=\"gt-fse-widgets-ctv-open-product\">3<\/span><\/div>\n\n\n<p class=\"has-custom-color-1-color has-text-color has-link-color has-pl-miamo-font-family has-small-font-size wp-elements-e2fb2348fef2e97c283f5a4aa8f9f4af gt-fse-widgets-ctv-open-product\">Zmr<\/p>\n<\/div>\n\n\n\n<figure class=\"wp-block-image size-full is-resized gt-fse-widgets-ctv-open-product\"><img decoding=\"async\" width=\"512\" height=\"512\" src=\"https:\/\/www.camping-carolins.com\/wp-content\/uploads\/2025\/05\/lit-double-1.svg\" alt=\"Doppelbett (1)\" class=\"wp-image-721 gt-fse-widgets-ctv-open-product\" style=\"width:30px\"\/><\/figure>\n<\/div>\n\n\n\n<div class=\"wp-block-group info-hebergement is-vertical is-content-justification-center is-layout-flex wp-container-core-group-is-layout-ce155fab wp-block-group-is-layout-flex gt-fse-widgets-ctv-open-product\">\n<div class=\"wp-block-group is-nowrap is-layout-flex wp-container-core-group-is-layout-4b0a85f0 wp-block-group-is-layout-flex gt-fse-widgets-ctv-open-product\"><div class=\"taxonomy-gt-hebergements-nombre-sdb has-link-color wp-elements-ebcc3de940066aae1dce34a8b1f2c1c1 wp-block-post-terms has-text-color has-custom-color-1-color has-pl-miamo-font-family gt-fse-widgets-ctv-open-product\"><span class=\"gt-fse-widgets-ctv-open-product\">1<\/span><\/div>\n\n\n<p class=\"has-custom-color-1-color has-text-color has-link-color has-pl-miamo-font-family has-small-font-size wp-elements-b47f170cbfe49a7547aa90abd171823b gt-fse-widgets-ctv-open-product\">WC\/Bdzmr<\/p>\n<\/div>\n\n\n\n<figure class=\"wp-block-image size-full is-resized gt-fse-widgets-ctv-open-product\"><img decoding=\"async\" width=\"512\" height=\"512\" src=\"https:\/\/www.camping-carolins.com\/wp-content\/uploads\/2025\/05\/douche-1.svg\" alt=\"Dusche (1)\" class=\"wp-image-722 gt-fse-widgets-ctv-open-product\" style=\"width:30px\"\/><\/figure>\n<\/div>\n\n\n\n<div class=\"wp-block-group info-hebergement is-vertical is-content-justification-center is-layout-flex wp-container-core-group-is-layout-ce155fab wp-block-group-is-layout-flex gt-fse-widgets-ctv-open-product\">\n<div class=\"wp-block-group is-nowrap is-layout-flex wp-container-core-group-is-layout-4b0a85f0 wp-block-group-is-layout-flex gt-fse-widgets-ctv-open-product\"><div class=\"taxonomy-gt-hebergements-superficie has-link-color wp-elements-509f41ff01c2a468c32ae24933d9a8e4 wp-block-post-terms has-text-color has-custom-color-1-color has-pl-miamo-font-family gt-fse-widgets-ctv-open-product\"><span class=\"gt-fse-widgets-ctv-open-product\">30<\/span><\/div>\n\n\n<p class=\"has-custom-color-1-color has-text-color has-link-color has-pl-miamo-font-family has-small-font-size wp-elements-24253458f7449c62a549dddb98fc4d4d gt-fse-widgets-ctv-open-product\">m\u00b2<\/p>\n<\/div>\n\n\n\n<figure class=\"wp-block-image size-full is-resized gt-fse-widgets-ctv-open-product\"><img decoding=\"async\" width=\"512\" height=\"512\" src=\"https:\/\/www.camping-carolins.com\/wp-content\/uploads\/2025\/05\/surface.svg\" alt=\"Oberfl&#xE4;che\" class=\"wp-image-720 gt-fse-widgets-ctv-open-product\" style=\"width:30px\"\/><\/figure>\n<\/div>\n<\/div>\n\n\n<a class=\"is-style-lien-cover wp-block-read-more gt-fse-widgets-ctv-open-product\" href=\"https:\/\/www.camping-carolins.com\/de\/hebergement\/mobilheim-privilege-30-m%c2%b2-3-zimmer\/\" target=\"_blank\">Weiterlesen<span class=\"screen-reader-text gt-fse-widgets-ctv-open-product\">: Mobilheim Privilege &#8211; 30 m\u00b2 &#8211; 3 Zimmer<\/span><\/a>\n<\/li><li data-gt-Thelis-product-id=\"\" data-gt-bathrooms=\"79\" data-gt-campings=\"\" data-gt-capacities=\"71\" data-gt-ctv-product-id=\"131246\" data-gt-gammes=\"\" data-gt-options=\"\" data-gt-rooms=\"16\" data-gt-superficies=\"18\" data-gt-types=\"137\" data-wp-key=\"post-template-item-34056\" class=\"wp-block-post post-34056 hebergement type-hebergement status-publish has-post-thumbnail hentry gt-hebergements-types-mobil-homes gt-hebergements-nombre-personnes-71 gt-hebergements-nombre-chambres-16 gt-hebergements-nombre-sdb-1-en gt-hebergements-superficie-18 gt-fse-widgets-ctv-open-product\">\n<figure class=\"hebergement-featured-image wp-block-post-featured-image gt-fse-widgets-ctv-open-product\"><img decoding=\"async\" width=\"1000\" height=\"667\" src=\"https:\/\/www.camping-carolins.com\/wp-content\/uploads\/2025\/05\/Mobil-home-Privilege-30-m\u00b2-2-chambres.jpg\" class=\"attachment-full size-full wp-post-image gt-fse-widgets-ctv-open-product\" alt=\"Mobilheim Privil\u00e8ge 30 m\u00b2 2 Zimmer\" style=\"object-fit:cover;\" srcset=\"https:\/\/www.camping-carolins.com\/wp-content\/uploads\/2025\/05\/Mobil-home-Privilege-30-m\u00b2-2-chambres.jpg 1000w, https:\/\/www.camping-carolins.com\/wp-content\/uploads\/2025\/05\/Mobil-home-Privilege-30-m\u00b2-2-chambres-300x200.jpg 300w, https:\/\/www.camping-carolins.com\/wp-content\/uploads\/2025\/05\/Mobil-home-Privilege-30-m\u00b2-2-chambres-768x512.jpg 768w\" sizes=\"(max-width: 1000px) 100vw, 1000px\" \/><\/figure>\n\n\n<div class=\"wp-block-group groupe-title has-global-padding is-layout-constrained wp-block-group-is-layout-constrained gt-fse-widgets-ctv-open-product\">\n<p class=\"has-text-align-center has-custom-color-1-color has-text-color has-link-color has-pl-miamo-medium-font-family wp-elements-09c7c8ede681f5d547f79fb3c43ab45a gt-fse-widgets-ctv-open-product\" style=\"font-size:clamp(14px, 0.875rem + ((1vw - 3.2px) * 0.339), 18px);\">Mobilheim Privilege &#8211; 30 m\u00b2 &#8211; 2 Zimmer<\/p>\n\n\n\n<div class=\"wp-block-group title-img is-layout-flow wp-block-group-is-layout-flow gt-fse-widgets-ctv-open-product\">\n<figure class=\"wp-block-image aligncenter size-full gt-fse-widgets-ctv-open-product\"><img decoding=\"async\" width=\"23\" height=\"22\" src=\"https:\/\/www.camping-carolins.com\/wp-content\/uploads\/2025\/05\/Calque_2-1.svg\" alt=\"Ebene_2 (1)\" class=\"wp-image-101 gt-fse-widgets-ctv-open-product\"\/><\/figure>\n<\/div>\n<\/div>\n\n\n\n<div class=\"wp-block-group is-content-justification-center is-nowrap is-layout-flex wp-container-core-group-is-layout-23441af8 wp-block-group-is-layout-flex gt-fse-widgets-ctv-open-product\">\n<div class=\"wp-block-group info-hebergement is-vertical is-content-justification-center is-layout-flex wp-container-core-group-is-layout-ce155fab wp-block-group-is-layout-flex gt-fse-widgets-ctv-open-product\">\n<div class=\"wp-block-group is-nowrap is-layout-flex wp-container-core-group-is-layout-4b0a85f0 wp-block-group-is-layout-flex gt-fse-widgets-ctv-open-product\"><div class=\"taxonomy-gt-hebergements-nombre-personnes has-link-color wp-elements-7fd33be752484661bf91943a4b633676 wp-block-post-terms has-text-color has-custom-color-1-color has-pl-miamo-font-family gt-fse-widgets-ctv-open-product\"><span class=\"gt-fse-widgets-ctv-open-product\">4<\/span><\/div>\n\n\n<p class=\"has-custom-color-1-color has-text-color has-link-color has-pl-miamo-font-family has-small-font-size wp-elements-d4b8c5663a379995781a3389b460d342 gt-fse-widgets-ctv-open-product\">Pers.<\/p>\n<\/div>\n\n\n\n<figure class=\"wp-block-image size-full is-resized gt-fse-widgets-ctv-open-product\"><img decoding=\"async\" src=\"https:\/\/www.camping-carolins.com\/wp-content\/uploads\/2025\/05\/utilisateur.svg\" alt=\"Benutzer\" class=\"wp-image-719 gt-fse-widgets-ctv-open-product\" style=\"width:30px\"\/><\/figure>\n<\/div>\n\n\n\n<div class=\"wp-block-group info-hebergement is-vertical is-content-justification-center is-layout-flex wp-container-core-group-is-layout-ce155fab wp-block-group-is-layout-flex gt-fse-widgets-ctv-open-product\">\n<div class=\"wp-block-group is-nowrap is-layout-flex wp-container-core-group-is-layout-4b0a85f0 wp-block-group-is-layout-flex gt-fse-widgets-ctv-open-product\"><div class=\"taxonomy-gt-hebergements-nombre-chambres has-link-color wp-elements-55a3f916099b15031809078941912377 wp-block-post-terms has-text-color has-custom-color-1-color has-pl-miamo-font-family gt-fse-widgets-ctv-open-product\"><span class=\"gt-fse-widgets-ctv-open-product\">2<\/span><\/div>\n\n\n<p class=\"has-custom-color-1-color has-text-color has-link-color has-pl-miamo-font-family has-small-font-size wp-elements-e2fb2348fef2e97c283f5a4aa8f9f4af gt-fse-widgets-ctv-open-product\">Zmr<\/p>\n<\/div>\n\n\n\n<figure class=\"wp-block-image size-full is-resized gt-fse-widgets-ctv-open-product\"><img decoding=\"async\" width=\"512\" height=\"512\" src=\"https:\/\/www.camping-carolins.com\/wp-content\/uploads\/2025\/05\/lit-double-1.svg\" alt=\"Doppelbett (1)\" class=\"wp-image-721 gt-fse-widgets-ctv-open-product\" style=\"width:30px\"\/><\/figure>\n<\/div>\n\n\n\n<div class=\"wp-block-group info-hebergement is-vertical is-content-justification-center is-layout-flex wp-container-core-group-is-layout-ce155fab wp-block-group-is-layout-flex gt-fse-widgets-ctv-open-product\">\n<div class=\"wp-block-group is-nowrap is-layout-flex wp-container-core-group-is-layout-4b0a85f0 wp-block-group-is-layout-flex gt-fse-widgets-ctv-open-product\"><div class=\"taxonomy-gt-hebergements-nombre-sdb has-link-color wp-elements-ebcc3de940066aae1dce34a8b1f2c1c1 wp-block-post-terms has-text-color has-custom-color-1-color has-pl-miamo-font-family gt-fse-widgets-ctv-open-product\"><span class=\"gt-fse-widgets-ctv-open-product\">1<\/span><\/div>\n\n\n<p class=\"has-custom-color-1-color has-text-color has-link-color has-pl-miamo-font-family has-small-font-size wp-elements-b47f170cbfe49a7547aa90abd171823b gt-fse-widgets-ctv-open-product\">WC\/Bdzmr<\/p>\n<\/div>\n\n\n\n<figure class=\"wp-block-image size-full is-resized gt-fse-widgets-ctv-open-product\"><img decoding=\"async\" width=\"512\" height=\"512\" src=\"https:\/\/www.camping-carolins.com\/wp-content\/uploads\/2025\/05\/douche-1.svg\" alt=\"Dusche (1)\" class=\"wp-image-722 gt-fse-widgets-ctv-open-product\" style=\"width:30px\"\/><\/figure>\n<\/div>\n\n\n\n<div class=\"wp-block-group info-hebergement is-vertical is-content-justification-center is-layout-flex wp-container-core-group-is-layout-ce155fab wp-block-group-is-layout-flex gt-fse-widgets-ctv-open-product\">\n<div class=\"wp-block-group is-nowrap is-layout-flex wp-container-core-group-is-layout-4b0a85f0 wp-block-group-is-layout-flex gt-fse-widgets-ctv-open-product\"><div class=\"taxonomy-gt-hebergements-superficie has-link-color wp-elements-509f41ff01c2a468c32ae24933d9a8e4 wp-block-post-terms has-text-color has-custom-color-1-color has-pl-miamo-font-family gt-fse-widgets-ctv-open-product\"><span class=\"gt-fse-widgets-ctv-open-product\">30<\/span><\/div>\n\n\n<p class=\"has-custom-color-1-color has-text-color has-link-color has-pl-miamo-font-family has-small-font-size wp-elements-24253458f7449c62a549dddb98fc4d4d gt-fse-widgets-ctv-open-product\">m\u00b2<\/p>\n<\/div>\n\n\n\n<figure class=\"wp-block-image size-full is-resized gt-fse-widgets-ctv-open-product\"><img decoding=\"async\" width=\"512\" height=\"512\" src=\"https:\/\/www.camping-carolins.com\/wp-content\/uploads\/2025\/05\/surface.svg\" alt=\"Oberfl&#xE4;che\" class=\"wp-image-720 gt-fse-widgets-ctv-open-product\" style=\"width:30px\"\/><\/figure>\n<\/div>\n<\/div>\n\n\n<a class=\"is-style-lien-cover wp-block-read-more gt-fse-widgets-ctv-open-product\" href=\"https:\/\/www.camping-carolins.com\/de\/hebergement\/mobilheim-privilege-30-m%c2%b2-2-zimmer\/\" target=\"_blank\">Weiterlesen<span class=\"screen-reader-text gt-fse-widgets-ctv-open-product\">: Mobilheim Privilege &#8211; 30 m\u00b2 &#8211; 2 Zimmer<\/span><\/a>\n<\/li><li data-gt-Thelis-product-id=\"\" data-gt-bathrooms=\"79\" data-gt-campings=\"\" data-gt-capacities=\"71\" data-gt-ctv-product-id=\"131245\" data-gt-gammes=\"\" data-gt-options=\"\" data-gt-rooms=\"16\" data-gt-superficies=\"18\" data-gt-types=\"137\" data-wp-key=\"post-template-item-34014\" class=\"wp-block-post post-34014 hebergement type-hebergement status-publish has-post-thumbnail hentry gt-hebergements-types-mobil-homes gt-hebergements-nombre-personnes-71 gt-hebergements-nombre-chambres-16 gt-hebergements-nombre-sdb-1-en gt-hebergements-superficie-18 gt-fse-widgets-ctv-open-product\">\n<figure class=\"hebergement-featured-image wp-block-post-featured-image gt-fse-widgets-ctv-open-product\"><img decoding=\"async\" width=\"1000\" height=\"667\" src=\"https:\/\/www.camping-carolins.com\/wp-content\/uploads\/2025\/05\/mobil-home-privilege-pmr.jpg\" class=\"attachment-full size-full wp-post-image gt-fse-widgets-ctv-open-product\" alt=\"mobilheim privilege pmr\" style=\"object-fit:cover;\" srcset=\"https:\/\/www.camping-carolins.com\/wp-content\/uploads\/2025\/05\/mobil-home-privilege-pmr.jpg 1000w, https:\/\/www.camping-carolins.com\/wp-content\/uploads\/2025\/05\/mobil-home-privilege-pmr-300x200.jpg 300w, https:\/\/www.camping-carolins.com\/wp-content\/uploads\/2025\/05\/mobil-home-privilege-pmr-768x512.jpg 768w\" sizes=\"(max-width: 1000px) 100vw, 1000px\" \/><\/figure>\n\n\n<div class=\"wp-block-group groupe-title has-global-padding is-layout-constrained wp-block-group-is-layout-constrained gt-fse-widgets-ctv-open-product\">\n<p class=\"has-text-align-center has-custom-color-1-color has-text-color has-link-color has-pl-miamo-medium-font-family wp-elements-09c7c8ede681f5d547f79fb3c43ab45a gt-fse-widgets-ctv-open-product\" style=\"font-size:clamp(14px, 0.875rem + ((1vw - 3.2px) * 0.339), 18px);\">Mobilheim Privil\u00e8ge &#8211; 30 m\u00b2 &#8211; 2 Zi &#8211; PMR<\/p>\n\n\n\n<div class=\"wp-block-group title-img is-layout-flow wp-block-group-is-layout-flow gt-fse-widgets-ctv-open-product\">\n<figure class=\"wp-block-image aligncenter size-full gt-fse-widgets-ctv-open-product\"><img decoding=\"async\" width=\"23\" height=\"22\" src=\"https:\/\/www.camping-carolins.com\/wp-content\/uploads\/2025\/05\/Calque_2-1.svg\" alt=\"Ebene_2 (1)\" class=\"wp-image-101 gt-fse-widgets-ctv-open-product\"\/><\/figure>\n<\/div>\n<\/div>\n\n\n\n<div class=\"wp-block-group is-content-justification-center is-nowrap is-layout-flex wp-container-core-group-is-layout-23441af8 wp-block-group-is-layout-flex gt-fse-widgets-ctv-open-product\">\n<div class=\"wp-block-group info-hebergement is-vertical is-content-justification-center is-layout-flex wp-container-core-group-is-layout-ce155fab wp-block-group-is-layout-flex gt-fse-widgets-ctv-open-product\">\n<div class=\"wp-block-group is-nowrap is-layout-flex wp-container-core-group-is-layout-4b0a85f0 wp-block-group-is-layout-flex gt-fse-widgets-ctv-open-product\"><div class=\"taxonomy-gt-hebergements-nombre-personnes has-link-color wp-elements-7fd33be752484661bf91943a4b633676 wp-block-post-terms has-text-color has-custom-color-1-color has-pl-miamo-font-family gt-fse-widgets-ctv-open-product\"><span class=\"gt-fse-widgets-ctv-open-product\">4<\/span><\/div>\n\n\n<p class=\"has-custom-color-1-color has-text-color has-link-color has-pl-miamo-font-family has-small-font-size wp-elements-d4b8c5663a379995781a3389b460d342 gt-fse-widgets-ctv-open-product\">Pers.<\/p>\n<\/div>\n\n\n\n<figure class=\"wp-block-image size-full is-resized gt-fse-widgets-ctv-open-product\"><img decoding=\"async\" src=\"https:\/\/www.camping-carolins.com\/wp-content\/uploads\/2025\/05\/utilisateur.svg\" alt=\"Benutzer\" class=\"wp-image-719 gt-fse-widgets-ctv-open-product\" style=\"width:30px\"\/><\/figure>\n<\/div>\n\n\n\n<div class=\"wp-block-group info-hebergement is-vertical is-content-justification-center is-layout-flex wp-container-core-group-is-layout-ce155fab wp-block-group-is-layout-flex gt-fse-widgets-ctv-open-product\">\n<div class=\"wp-block-group is-nowrap is-layout-flex wp-container-core-group-is-layout-4b0a85f0 wp-block-group-is-layout-flex gt-fse-widgets-ctv-open-product\"><div class=\"taxonomy-gt-hebergements-nombre-chambres has-link-color wp-elements-55a3f916099b15031809078941912377 wp-block-post-terms has-text-color has-custom-color-1-color has-pl-miamo-font-family gt-fse-widgets-ctv-open-product\"><span class=\"gt-fse-widgets-ctv-open-product\">2<\/span><\/div>\n\n\n<p class=\"has-custom-color-1-color has-text-color has-link-color has-pl-miamo-font-family has-small-font-size wp-elements-e2fb2348fef2e97c283f5a4aa8f9f4af gt-fse-widgets-ctv-open-product\">Zmr<\/p>\n<\/div>\n\n\n\n<figure class=\"wp-block-image size-full is-resized gt-fse-widgets-ctv-open-product\"><img decoding=\"async\" width=\"512\" height=\"512\" src=\"https:\/\/www.camping-carolins.com\/wp-content\/uploads\/2025\/05\/lit-double-1.svg\" alt=\"Doppelbett (1)\" class=\"wp-image-721 gt-fse-widgets-ctv-open-product\" style=\"width:30px\"\/><\/figure>\n<\/div>\n\n\n\n<div class=\"wp-block-group info-hebergement is-vertical is-content-justification-center is-layout-flex wp-container-core-group-is-layout-ce155fab wp-block-group-is-layout-flex gt-fse-widgets-ctv-open-product\">\n<div class=\"wp-block-group is-nowrap is-layout-flex wp-container-core-group-is-layout-4b0a85f0 wp-block-group-is-layout-flex gt-fse-widgets-ctv-open-product\"><div class=\"taxonomy-gt-hebergements-nombre-sdb has-link-color wp-elements-ebcc3de940066aae1dce34a8b1f2c1c1 wp-block-post-terms has-text-color has-custom-color-1-color has-pl-miamo-font-family gt-fse-widgets-ctv-open-product\"><span class=\"gt-fse-widgets-ctv-open-product\">1<\/span><\/div>\n\n\n<p class=\"has-custom-color-1-color has-text-color has-link-color has-pl-miamo-font-family has-small-font-size wp-elements-b47f170cbfe49a7547aa90abd171823b gt-fse-widgets-ctv-open-product\">WC\/Bdzmr<\/p>\n<\/div>\n\n\n\n<figure class=\"wp-block-image size-full is-resized gt-fse-widgets-ctv-open-product\"><img decoding=\"async\" width=\"512\" height=\"512\" src=\"https:\/\/www.camping-carolins.com\/wp-content\/uploads\/2025\/05\/douche-1.svg\" alt=\"Dusche (1)\" class=\"wp-image-722 gt-fse-widgets-ctv-open-product\" style=\"width:30px\"\/><\/figure>\n<\/div>\n\n\n\n<div class=\"wp-block-group info-hebergement is-vertical is-content-justification-center is-layout-flex wp-container-core-group-is-layout-ce155fab wp-block-group-is-layout-flex gt-fse-widgets-ctv-open-product\">\n<div class=\"wp-block-group is-nowrap is-layout-flex wp-container-core-group-is-layout-4b0a85f0 wp-block-group-is-layout-flex gt-fse-widgets-ctv-open-product\"><div class=\"taxonomy-gt-hebergements-superficie has-link-color wp-elements-509f41ff01c2a468c32ae24933d9a8e4 wp-block-post-terms has-text-color has-custom-color-1-color has-pl-miamo-font-family gt-fse-widgets-ctv-open-product\"><span class=\"gt-fse-widgets-ctv-open-product\">30<\/span><\/div>\n\n\n<p class=\"has-custom-color-1-color has-text-color has-link-color has-pl-miamo-font-family has-small-font-size wp-elements-24253458f7449c62a549dddb98fc4d4d gt-fse-widgets-ctv-open-product\">m\u00b2<\/p>\n<\/div>\n\n\n\n<figure class=\"wp-block-image size-full is-resized gt-fse-widgets-ctv-open-product\"><img decoding=\"async\" width=\"512\" height=\"512\" src=\"https:\/\/www.camping-carolins.com\/wp-content\/uploads\/2025\/05\/surface.svg\" alt=\"Oberfl&#xE4;che\" class=\"wp-image-720 gt-fse-widgets-ctv-open-product\" style=\"width:30px\"\/><\/figure>\n<\/div>\n<\/div>\n\n\n<a class=\"is-style-lien-cover wp-block-read-more gt-fse-widgets-ctv-open-product\" href=\"https:\/\/www.camping-carolins.com\/de\/hebergement\/mobilheim-privilege-pmr\/\" target=\"_blank\">Weiterlesen<span class=\"screen-reader-text gt-fse-widgets-ctv-open-product\">: Mobilheim Privil\u00e8ge &#8211; 30 m\u00b2 &#8211; 2 Zi &#8211; PMR<\/span><\/a>\n<\/li><li data-gt-Thelis-product-id=\"\" data-gt-bathrooms=\"79\" data-gt-campings=\"\" data-gt-capacities=\"71\" data-gt-ctv-product-id=\"131244\" data-gt-gammes=\"\" data-gt-options=\"\" data-gt-rooms=\"16\" data-gt-superficies=\"15\" data-gt-types=\"137\" data-wp-key=\"post-template-item-34033\" class=\"wp-block-post post-34033 hebergement type-hebergement status-publish has-post-thumbnail hentry gt-hebergements-types-mobil-homes gt-hebergements-nombre-personnes-71 gt-hebergements-nombre-chambres-16 gt-hebergements-nombre-sdb-1-en gt-hebergements-superficie-25-a-30 gt-fse-widgets-ctv-open-product\">\n<figure class=\"hebergement-featured-image wp-block-post-featured-image gt-fse-widgets-ctv-open-product\"><img decoding=\"async\" width=\"1000\" height=\"667\" src=\"https:\/\/www.camping-carolins.com\/wp-content\/uploads\/2025\/05\/mobil-home-confort-dune-1.jpg\" class=\"attachment-full size-full wp-post-image gt-fse-widgets-ctv-open-product\" alt=\"Mobilheim Komfort d\u00fcnenansicht\" style=\"object-fit:cover;\" srcset=\"https:\/\/www.camping-carolins.com\/wp-content\/uploads\/2025\/05\/mobil-home-confort-dune-1.jpg 1000w, https:\/\/www.camping-carolins.com\/wp-content\/uploads\/2025\/05\/mobil-home-confort-dune-1-300x200.jpg 300w, https:\/\/www.camping-carolins.com\/wp-content\/uploads\/2025\/05\/mobil-home-confort-dune-1-768x512.jpg 768w\" sizes=\"(max-width: 1000px) 100vw, 1000px\" \/><\/figure>\n\n\n<div class=\"wp-block-group groupe-title has-global-padding is-layout-constrained wp-block-group-is-layout-constrained gt-fse-widgets-ctv-open-product\">\n<p class=\"has-text-align-center has-custom-color-1-color has-text-color has-link-color has-pl-miamo-medium-font-family wp-elements-09c7c8ede681f5d547f79fb3c43ab45a gt-fse-widgets-ctv-open-product\" style=\"font-size:clamp(14px, 0.875rem + ((1vw - 3.2px) * 0.339), 18px);\">Standcaravan Komfort &#8211; 25 bis 30 m\u00b2 &#8211; 2 Zi &#8211; D\u00fcnenblick<\/p>\n\n\n\n<div class=\"wp-block-group title-img is-layout-flow wp-block-group-is-layout-flow gt-fse-widgets-ctv-open-product\">\n<figure class=\"wp-block-image aligncenter size-full gt-fse-widgets-ctv-open-product\"><img decoding=\"async\" width=\"23\" height=\"22\" src=\"https:\/\/www.camping-carolins.com\/wp-content\/uploads\/2025\/05\/Calque_2-1.svg\" alt=\"Ebene_2 (1)\" class=\"wp-image-101 gt-fse-widgets-ctv-open-product\"\/><\/figure>\n<\/div>\n<\/div>\n\n\n\n<div class=\"wp-block-group is-content-justification-center is-nowrap is-layout-flex wp-container-core-group-is-layout-23441af8 wp-block-group-is-layout-flex gt-fse-widgets-ctv-open-product\">\n<div class=\"wp-block-group info-hebergement is-vertical is-content-justification-center is-layout-flex wp-container-core-group-is-layout-ce155fab wp-block-group-is-layout-flex gt-fse-widgets-ctv-open-product\">\n<div class=\"wp-block-group is-nowrap is-layout-flex wp-container-core-group-is-layout-4b0a85f0 wp-block-group-is-layout-flex gt-fse-widgets-ctv-open-product\"><div class=\"taxonomy-gt-hebergements-nombre-personnes has-link-color wp-elements-7fd33be752484661bf91943a4b633676 wp-block-post-terms has-text-color has-custom-color-1-color has-pl-miamo-font-family gt-fse-widgets-ctv-open-product\"><span class=\"gt-fse-widgets-ctv-open-product\">4<\/span><\/div>\n\n\n<p class=\"has-custom-color-1-color has-text-color has-link-color has-pl-miamo-font-family has-small-font-size wp-elements-d4b8c5663a379995781a3389b460d342 gt-fse-widgets-ctv-open-product\">Pers.<\/p>\n<\/div>\n\n\n\n<figure class=\"wp-block-image size-full is-resized gt-fse-widgets-ctv-open-product\"><img decoding=\"async\" src=\"https:\/\/www.camping-carolins.com\/wp-content\/uploads\/2025\/05\/utilisateur.svg\" alt=\"Benutzer\" class=\"wp-image-719 gt-fse-widgets-ctv-open-product\" style=\"width:30px\"\/><\/figure>\n<\/div>\n\n\n\n<div class=\"wp-block-group info-hebergement is-vertical is-content-justification-center is-layout-flex wp-container-core-group-is-layout-ce155fab wp-block-group-is-layout-flex gt-fse-widgets-ctv-open-product\">\n<div class=\"wp-block-group is-nowrap is-layout-flex wp-container-core-group-is-layout-4b0a85f0 wp-block-group-is-layout-flex gt-fse-widgets-ctv-open-product\"><div class=\"taxonomy-gt-hebergements-nombre-chambres has-link-color wp-elements-55a3f916099b15031809078941912377 wp-block-post-terms has-text-color has-custom-color-1-color has-pl-miamo-font-family gt-fse-widgets-ctv-open-product\"><span class=\"gt-fse-widgets-ctv-open-product\">2<\/span><\/div>\n\n\n<p class=\"has-custom-color-1-color has-text-color has-link-color has-pl-miamo-font-family has-small-font-size wp-elements-e2fb2348fef2e97c283f5a4aa8f9f4af gt-fse-widgets-ctv-open-product\">Zmr<\/p>\n<\/div>\n\n\n\n<figure class=\"wp-block-image size-full is-resized gt-fse-widgets-ctv-open-product\"><img decoding=\"async\" width=\"512\" height=\"512\" src=\"https:\/\/www.camping-carolins.com\/wp-content\/uploads\/2025\/05\/lit-double-1.svg\" alt=\"Doppelbett (1)\" class=\"wp-image-721 gt-fse-widgets-ctv-open-product\" style=\"width:30px\"\/><\/figure>\n<\/div>\n\n\n\n<div class=\"wp-block-group info-hebergement is-vertical is-content-justification-center is-layout-flex wp-container-core-group-is-layout-ce155fab wp-block-group-is-layout-flex gt-fse-widgets-ctv-open-product\">\n<div class=\"wp-block-group is-nowrap is-layout-flex wp-container-core-group-is-layout-4b0a85f0 wp-block-group-is-layout-flex gt-fse-widgets-ctv-open-product\"><div class=\"taxonomy-gt-hebergements-nombre-sdb has-link-color wp-elements-ebcc3de940066aae1dce34a8b1f2c1c1 wp-block-post-terms has-text-color has-custom-color-1-color has-pl-miamo-font-family gt-fse-widgets-ctv-open-product\"><span class=\"gt-fse-widgets-ctv-open-product\">1<\/span><\/div>\n\n\n<p class=\"has-custom-color-1-color has-text-color has-link-color has-pl-miamo-font-family has-small-font-size wp-elements-b47f170cbfe49a7547aa90abd171823b gt-fse-widgets-ctv-open-product\">WC\/Bdzmr<\/p>\n<\/div>\n\n\n\n<figure class=\"wp-block-image size-full is-resized gt-fse-widgets-ctv-open-product\"><img decoding=\"async\" width=\"512\" height=\"512\" src=\"https:\/\/www.camping-carolins.com\/wp-content\/uploads\/2025\/05\/douche-1.svg\" alt=\"Dusche (1)\" class=\"wp-image-722 gt-fse-widgets-ctv-open-product\" style=\"width:30px\"\/><\/figure>\n<\/div>\n\n\n\n<div class=\"wp-block-group info-hebergement is-vertical is-content-justification-center is-layout-flex wp-container-core-group-is-layout-ce155fab wp-block-group-is-layout-flex gt-fse-widgets-ctv-open-product\">\n<div class=\"wp-block-group is-nowrap is-layout-flex wp-container-core-group-is-layout-4b0a85f0 wp-block-group-is-layout-flex gt-fse-widgets-ctv-open-product\"><div class=\"taxonomy-gt-hebergements-superficie has-link-color wp-elements-509f41ff01c2a468c32ae24933d9a8e4 wp-block-post-terms has-text-color has-custom-color-1-color has-pl-miamo-font-family gt-fse-widgets-ctv-open-product\"><span class=\"gt-fse-widgets-ctv-open-product\">25 \u00e0 30<\/span><\/div>\n\n\n<p class=\"has-custom-color-1-color has-text-color has-link-color has-pl-miamo-font-family has-small-font-size wp-elements-24253458f7449c62a549dddb98fc4d4d gt-fse-widgets-ctv-open-product\">m\u00b2<\/p>\n<\/div>\n\n\n\n<figure class=\"wp-block-image size-full is-resized gt-fse-widgets-ctv-open-product\"><img decoding=\"async\" width=\"512\" height=\"512\" src=\"https:\/\/www.camping-carolins.com\/wp-content\/uploads\/2025\/05\/surface.svg\" alt=\"Oberfl&#xE4;che\" class=\"wp-image-720 gt-fse-widgets-ctv-open-product\" style=\"width:30px\"\/><\/figure>\n<\/div>\n<\/div>\n\n\n<a class=\"is-style-lien-cover wp-block-read-more gt-fse-widgets-ctv-open-product\" href=\"https:\/\/www.camping-carolins.com\/de\/hebergement\/mobilheim-komfort-25-bis-30-m%c2%b2-mit-duenenblick\/\" target=\"_blank\">Weiterlesen<span class=\"screen-reader-text gt-fse-widgets-ctv-open-product\">: Mobilheim Komfort &#8211; 25 bis 30 m\u00b2 &#8211; 2 Zi &#8211; D\u00fcnenblick<\/span><\/a>\n<\/li><li data-gt-Thelis-product-id=\"\" data-gt-bathrooms=\"79\" data-gt-campings=\"\" data-gt-capacities=\"71\" data-gt-ctv-product-id=\"131243\" data-gt-gammes=\"\" data-gt-options=\"\" data-gt-rooms=\"16\" data-gt-superficies=\"15\" data-gt-types=\"137\" data-wp-key=\"post-template-item-34051\" class=\"wp-block-post post-34051 hebergement type-hebergement status-publish has-post-thumbnail hentry gt-hebergements-types-mobil-homes gt-hebergements-nombre-personnes-71 gt-hebergements-nombre-chambres-16 gt-hebergements-nombre-sdb-1-en gt-hebergements-superficie-25-a-30 gt-fse-widgets-ctv-open-product\">\n<figure class=\"hebergement-featured-image wp-block-post-featured-image gt-fse-widgets-ctv-open-product\"><img decoding=\"async\" width=\"800\" height=\"533\" src=\"https:\/\/www.camping-carolins.com\/wp-content\/uploads\/2025\/05\/mobil-home-vue-ferme-1_1.jpg\" class=\"attachment-full size-full wp-post-image gt-fse-widgets-ctv-open-product\" alt=\"Mobilheim mit Blick auf den Bauernhof (1) 1\" style=\"object-fit:cover;\" srcset=\"https:\/\/www.camping-carolins.com\/wp-content\/uploads\/2025\/05\/mobil-home-vue-ferme-1_1.jpg 800w, https:\/\/www.camping-carolins.com\/wp-content\/uploads\/2025\/05\/mobil-home-vue-ferme-1_1-300x200.jpg 300w, https:\/\/www.camping-carolins.com\/wp-content\/uploads\/2025\/05\/mobil-home-vue-ferme-1_1-768x512.jpg 768w\" sizes=\"(max-width: 800px) 100vw, 800px\" \/><\/figure>\n\n\n<div class=\"wp-block-group groupe-title has-global-padding is-layout-constrained wp-block-group-is-layout-constrained gt-fse-widgets-ctv-open-product\">\n<p class=\"has-text-align-center has-custom-color-1-color has-text-color has-link-color has-pl-miamo-medium-font-family wp-elements-09c7c8ede681f5d547f79fb3c43ab45a gt-fse-widgets-ctv-open-product\" style=\"font-size:clamp(14px, 0.875rem + ((1vw - 3.2px) * 0.339), 18px);\">Standcaravan Komfort &#8211; 25 bis 30 m\u00b2 &#8211; 2 Zi &#8211; Blick auf Bauernhof<\/p>\n\n\n\n<div class=\"wp-block-group title-img is-layout-flow wp-block-group-is-layout-flow gt-fse-widgets-ctv-open-product\">\n<figure class=\"wp-block-image aligncenter size-full gt-fse-widgets-ctv-open-product\"><img decoding=\"async\" width=\"23\" height=\"22\" src=\"https:\/\/www.camping-carolins.com\/wp-content\/uploads\/2025\/05\/Calque_2-1.svg\" alt=\"Ebene_2 (1)\" class=\"wp-image-101 gt-fse-widgets-ctv-open-product\"\/><\/figure>\n<\/div>\n<\/div>\n\n\n\n<div class=\"wp-block-group is-content-justification-center is-nowrap is-layout-flex wp-container-core-group-is-layout-23441af8 wp-block-group-is-layout-flex gt-fse-widgets-ctv-open-product\">\n<div class=\"wp-block-group info-hebergement is-vertical is-content-justification-center is-layout-flex wp-container-core-group-is-layout-ce155fab wp-block-group-is-layout-flex gt-fse-widgets-ctv-open-product\">\n<div class=\"wp-block-group is-nowrap is-layout-flex wp-container-core-group-is-layout-4b0a85f0 wp-block-group-is-layout-flex gt-fse-widgets-ctv-open-product\"><div class=\"taxonomy-gt-hebergements-nombre-personnes has-link-color wp-elements-7fd33be752484661bf91943a4b633676 wp-block-post-terms has-text-color has-custom-color-1-color has-pl-miamo-font-family gt-fse-widgets-ctv-open-product\"><span class=\"gt-fse-widgets-ctv-open-product\">4<\/span><\/div>\n\n\n<p class=\"has-custom-color-1-color has-text-color has-link-color has-pl-miamo-font-family has-small-font-size wp-elements-d4b8c5663a379995781a3389b460d342 gt-fse-widgets-ctv-open-product\">Pers.<\/p>\n<\/div>\n\n\n\n<figure class=\"wp-block-image size-full is-resized gt-fse-widgets-ctv-open-product\"><img decoding=\"async\" src=\"https:\/\/www.camping-carolins.com\/wp-content\/uploads\/2025\/05\/utilisateur.svg\" alt=\"Benutzer\" class=\"wp-image-719 gt-fse-widgets-ctv-open-product\" style=\"width:30px\"\/><\/figure>\n<\/div>\n\n\n\n<div class=\"wp-block-group info-hebergement is-vertical is-content-justification-center is-layout-flex wp-container-core-group-is-layout-ce155fab wp-block-group-is-layout-flex gt-fse-widgets-ctv-open-product\">\n<div class=\"wp-block-group is-nowrap is-layout-flex wp-container-core-group-is-layout-4b0a85f0 wp-block-group-is-layout-flex gt-fse-widgets-ctv-open-product\"><div class=\"taxonomy-gt-hebergements-nombre-chambres has-link-color wp-elements-55a3f916099b15031809078941912377 wp-block-post-terms has-text-color has-custom-color-1-color has-pl-miamo-font-family gt-fse-widgets-ctv-open-product\"><span class=\"gt-fse-widgets-ctv-open-product\">2<\/span><\/div>\n\n\n<p class=\"has-custom-color-1-color has-text-color has-link-color has-pl-miamo-font-family has-small-font-size wp-elements-e2fb2348fef2e97c283f5a4aa8f9f4af gt-fse-widgets-ctv-open-product\">Zmr<\/p>\n<\/div>\n\n\n\n<figure class=\"wp-block-image size-full is-resized gt-fse-widgets-ctv-open-product\"><img decoding=\"async\" width=\"512\" height=\"512\" src=\"https:\/\/www.camping-carolins.com\/wp-content\/uploads\/2025\/05\/lit-double-1.svg\" alt=\"Doppelbett (1)\" class=\"wp-image-721 gt-fse-widgets-ctv-open-product\" style=\"width:30px\"\/><\/figure>\n<\/div>\n\n\n\n<div class=\"wp-block-group info-hebergement is-vertical is-content-justification-center is-layout-flex wp-container-core-group-is-layout-ce155fab wp-block-group-is-layout-flex gt-fse-widgets-ctv-open-product\">\n<div class=\"wp-block-group is-nowrap is-layout-flex wp-container-core-group-is-layout-4b0a85f0 wp-block-group-is-layout-flex gt-fse-widgets-ctv-open-product\"><div class=\"taxonomy-gt-hebergements-nombre-sdb has-link-color wp-elements-ebcc3de940066aae1dce34a8b1f2c1c1 wp-block-post-terms has-text-color has-custom-color-1-color has-pl-miamo-font-family gt-fse-widgets-ctv-open-product\"><span class=\"gt-fse-widgets-ctv-open-product\">1<\/span><\/div>\n\n\n<p class=\"has-custom-color-1-color has-text-color has-link-color has-pl-miamo-font-family has-small-font-size wp-elements-b47f170cbfe49a7547aa90abd171823b gt-fse-widgets-ctv-open-product\">WC\/Bdzmr<\/p>\n<\/div>\n\n\n\n<figure class=\"wp-block-image size-full is-resized gt-fse-widgets-ctv-open-product\"><img decoding=\"async\" width=\"512\" height=\"512\" src=\"https:\/\/www.camping-carolins.com\/wp-content\/uploads\/2025\/05\/douche-1.svg\" alt=\"Dusche (1)\" class=\"wp-image-722 gt-fse-widgets-ctv-open-product\" style=\"width:30px\"\/><\/figure>\n<\/div>\n\n\n\n<div class=\"wp-block-group info-hebergement is-vertical is-content-justification-center is-layout-flex wp-container-core-group-is-layout-ce155fab wp-block-group-is-layout-flex gt-fse-widgets-ctv-open-product\">\n<div class=\"wp-block-group is-nowrap is-layout-flex wp-container-core-group-is-layout-4b0a85f0 wp-block-group-is-layout-flex gt-fse-widgets-ctv-open-product\"><div class=\"taxonomy-gt-hebergements-superficie has-link-color wp-elements-509f41ff01c2a468c32ae24933d9a8e4 wp-block-post-terms has-text-color has-custom-color-1-color has-pl-miamo-font-family gt-fse-widgets-ctv-open-product\"><span class=\"gt-fse-widgets-ctv-open-product\">25 \u00e0 30<\/span><\/div>\n\n\n<p class=\"has-custom-color-1-color has-text-color has-link-color has-pl-miamo-font-family has-small-font-size wp-elements-24253458f7449c62a549dddb98fc4d4d gt-fse-widgets-ctv-open-product\">m\u00b2<\/p>\n<\/div>\n\n\n\n<figure class=\"wp-block-image size-full is-resized gt-fse-widgets-ctv-open-product\"><img decoding=\"async\" width=\"512\" height=\"512\" src=\"https:\/\/www.camping-carolins.com\/wp-content\/uploads\/2025\/05\/surface.svg\" alt=\"Oberfl&#xE4;che\" class=\"wp-image-720 gt-fse-widgets-ctv-open-product\" style=\"width:30px\"\/><\/figure>\n<\/div>\n<\/div>\n\n\n<a class=\"is-style-lien-cover wp-block-read-more gt-fse-widgets-ctv-open-product\" href=\"https:\/\/www.camping-carolins.com\/de\/hebergement\/mobilheim-komfort-25-bis-30-m%c2%b2-blick-auf-den-bauernhof\/\" target=\"_blank\">Weiterlesen<span class=\"screen-reader-text gt-fse-widgets-ctv-open-product\">: Mobilheim Komfort &#8211; 25 bis 30 m\u00b2 &#8211; 2 Zi &#8211; Blick auf Bauernhof<\/span><\/a>\n<\/li><li data-gt-Thelis-product-id=\"\" data-gt-bathrooms=\"79\" data-gt-campings=\"\" data-gt-capacities=\"71\" data-gt-ctv-product-id=\"131242\" data-gt-gammes=\"\" data-gt-options=\"\" data-gt-rooms=\"16\" data-gt-superficies=\"18\" data-gt-types=\"137\" data-wp-key=\"post-template-item-34046\" class=\"wp-block-post post-34046 hebergement type-hebergement status-publish has-post-thumbnail hentry gt-hebergements-types-mobil-homes gt-hebergements-nombre-personnes-71 gt-hebergements-nombre-chambres-16 gt-hebergements-nombre-sdb-1-en gt-hebergements-superficie-18 gt-fse-widgets-ctv-open-product\">\n<figure class=\"hebergement-featured-image wp-block-post-featured-image gt-fse-widgets-ctv-open-product\"><img decoding=\"async\" width=\"800\" height=\"533\" src=\"https:\/\/www.camping-carolins.com\/wp-content\/uploads\/2025\/05\/mobil-home-confort-30m-2ch.jpg\" class=\"attachment-full size-full wp-post-image gt-fse-widgets-ctv-open-product\" alt=\"Mobilheim komfort 30m 2Zi\" style=\"object-fit:cover;\" srcset=\"https:\/\/www.camping-carolins.com\/wp-content\/uploads\/2025\/05\/mobil-home-confort-30m-2ch.jpg 800w, https:\/\/www.camping-carolins.com\/wp-content\/uploads\/2025\/05\/mobil-home-confort-30m-2ch-300x200.jpg 300w, https:\/\/www.camping-carolins.com\/wp-content\/uploads\/2025\/05\/mobil-home-confort-30m-2ch-768x512.jpg 768w\" sizes=\"(max-width: 800px) 100vw, 800px\" \/><\/figure>\n\n\n<div class=\"wp-block-group groupe-title has-global-padding is-layout-constrained wp-block-group-is-layout-constrained gt-fse-widgets-ctv-open-product\">\n<p class=\"has-text-align-center has-custom-color-1-color has-text-color has-link-color has-pl-miamo-medium-font-family wp-elements-09c7c8ede681f5d547f79fb3c43ab45a gt-fse-widgets-ctv-open-product\" style=\"font-size:clamp(14px, 0.875rem + ((1vw - 3.2px) * 0.339), 18px);\">Standcaravan Komfort &#8211; 30m\u00b2 &#8211; 2 Zimmer<\/p>\n\n\n\n<div class=\"wp-block-group title-img is-layout-flow wp-block-group-is-layout-flow gt-fse-widgets-ctv-open-product\">\n<figure class=\"wp-block-image aligncenter size-full gt-fse-widgets-ctv-open-product\"><img decoding=\"async\" width=\"23\" height=\"22\" src=\"https:\/\/www.camping-carolins.com\/wp-content\/uploads\/2025\/05\/Calque_2-1.svg\" alt=\"Ebene_2 (1)\" class=\"wp-image-101 gt-fse-widgets-ctv-open-product\"\/><\/figure>\n<\/div>\n<\/div>\n\n\n\n<div class=\"wp-block-group is-content-justification-center is-nowrap is-layout-flex wp-container-core-group-is-layout-23441af8 wp-block-group-is-layout-flex gt-fse-widgets-ctv-open-product\">\n<div class=\"wp-block-group info-hebergement is-vertical is-content-justification-center is-layout-flex wp-container-core-group-is-layout-ce155fab wp-block-group-is-layout-flex gt-fse-widgets-ctv-open-product\">\n<div class=\"wp-block-group is-nowrap is-layout-flex wp-container-core-group-is-layout-4b0a85f0 wp-block-group-is-layout-flex gt-fse-widgets-ctv-open-product\"><div class=\"taxonomy-gt-hebergements-nombre-personnes has-link-color wp-elements-7fd33be752484661bf91943a4b633676 wp-block-post-terms has-text-color has-custom-color-1-color has-pl-miamo-font-family gt-fse-widgets-ctv-open-product\"><span class=\"gt-fse-widgets-ctv-open-product\">4<\/span><\/div>\n\n\n<p class=\"has-custom-color-1-color has-text-color has-link-color has-pl-miamo-font-family has-small-font-size wp-elements-d4b8c5663a379995781a3389b460d342 gt-fse-widgets-ctv-open-product\">Pers.<\/p>\n<\/div>\n\n\n\n<figure class=\"wp-block-image size-full is-resized gt-fse-widgets-ctv-open-product\"><img decoding=\"async\" src=\"https:\/\/www.camping-carolins.com\/wp-content\/uploads\/2025\/05\/utilisateur.svg\" alt=\"Benutzer\" class=\"wp-image-719 gt-fse-widgets-ctv-open-product\" style=\"width:30px\"\/><\/figure>\n<\/div>\n\n\n\n<div class=\"wp-block-group info-hebergement is-vertical is-content-justification-center is-layout-flex wp-container-core-group-is-layout-ce155fab wp-block-group-is-layout-flex gt-fse-widgets-ctv-open-product\">\n<div class=\"wp-block-group is-nowrap is-layout-flex wp-container-core-group-is-layout-4b0a85f0 wp-block-group-is-layout-flex gt-fse-widgets-ctv-open-product\"><div class=\"taxonomy-gt-hebergements-nombre-chambres has-link-color wp-elements-55a3f916099b15031809078941912377 wp-block-post-terms has-text-color has-custom-color-1-color has-pl-miamo-font-family gt-fse-widgets-ctv-open-product\"><span class=\"gt-fse-widgets-ctv-open-product\">2<\/span><\/div>\n\n\n<p class=\"has-custom-color-1-color has-text-color has-link-color has-pl-miamo-font-family has-small-font-size wp-elements-e2fb2348fef2e97c283f5a4aa8f9f4af gt-fse-widgets-ctv-open-product\">Zmr<\/p>\n<\/div>\n\n\n\n<figure class=\"wp-block-image size-full is-resized gt-fse-widgets-ctv-open-product\"><img decoding=\"async\" width=\"512\" height=\"512\" src=\"https:\/\/www.camping-carolins.com\/wp-content\/uploads\/2025\/05\/lit-double-1.svg\" alt=\"Doppelbett (1)\" class=\"wp-image-721 gt-fse-widgets-ctv-open-product\" style=\"width:30px\"\/><\/figure>\n<\/div>\n\n\n\n<div class=\"wp-block-group info-hebergement is-vertical is-content-justification-center is-layout-flex wp-container-core-group-is-layout-ce155fab wp-block-group-is-layout-flex gt-fse-widgets-ctv-open-product\">\n<div class=\"wp-block-group is-nowrap is-layout-flex wp-container-core-group-is-layout-4b0a85f0 wp-block-group-is-layout-flex gt-fse-widgets-ctv-open-product\"><div class=\"taxonomy-gt-hebergements-nombre-sdb has-link-color wp-elements-ebcc3de940066aae1dce34a8b1f2c1c1 wp-block-post-terms has-text-color has-custom-color-1-color has-pl-miamo-font-family gt-fse-widgets-ctv-open-product\"><span class=\"gt-fse-widgets-ctv-open-product\">1<\/span><\/div>\n\n\n<p class=\"has-custom-color-1-color has-text-color has-link-color has-pl-miamo-font-family has-small-font-size wp-elements-b47f170cbfe49a7547aa90abd171823b gt-fse-widgets-ctv-open-product\">WC\/Bdzmr<\/p>\n<\/div>\n\n\n\n<figure class=\"wp-block-image size-full is-resized gt-fse-widgets-ctv-open-product\"><img decoding=\"async\" width=\"512\" height=\"512\" src=\"https:\/\/www.camping-carolins.com\/wp-content\/uploads\/2025\/05\/douche-1.svg\" alt=\"Dusche (1)\" class=\"wp-image-722 gt-fse-widgets-ctv-open-product\" style=\"width:30px\"\/><\/figure>\n<\/div>\n\n\n\n<div class=\"wp-block-group info-hebergement is-vertical is-content-justification-center is-layout-flex wp-container-core-group-is-layout-ce155fab wp-block-group-is-layout-flex gt-fse-widgets-ctv-open-product\">\n<div class=\"wp-block-group is-nowrap is-layout-flex wp-container-core-group-is-layout-4b0a85f0 wp-block-group-is-layout-flex gt-fse-widgets-ctv-open-product\"><div class=\"taxonomy-gt-hebergements-superficie has-link-color wp-elements-509f41ff01c2a468c32ae24933d9a8e4 wp-block-post-terms has-text-color has-custom-color-1-color has-pl-miamo-font-family gt-fse-widgets-ctv-open-product\"><span class=\"gt-fse-widgets-ctv-open-product\">30<\/span><\/div>\n\n\n<p class=\"has-custom-color-1-color has-text-color has-link-color has-pl-miamo-font-family has-small-font-size wp-elements-24253458f7449c62a549dddb98fc4d4d gt-fse-widgets-ctv-open-product\">m\u00b2<\/p>\n<\/div>\n\n\n\n<figure class=\"wp-block-image size-full is-resized gt-fse-widgets-ctv-open-product\"><img decoding=\"async\" width=\"512\" height=\"512\" src=\"https:\/\/www.camping-carolins.com\/wp-content\/uploads\/2025\/05\/surface.svg\" alt=\"Oberfl&#xE4;che\" class=\"wp-image-720 gt-fse-widgets-ctv-open-product\" style=\"width:30px\"\/><\/figure>\n<\/div>\n<\/div>\n\n\n<a class=\"is-style-lien-cover wp-block-read-more gt-fse-widgets-ctv-open-product\" href=\"https:\/\/www.camping-carolins.com\/de\/hebergement\/mobilheim-komfort-2\/\" target=\"_blank\">Weiterlesen<span class=\"screen-reader-text gt-fse-widgets-ctv-open-product\">: Mobilheim Komfort &#8211; 30m\u00b2 &#8211; 2 Zimmer<\/span><\/a>\n<\/li><li data-gt-Thelis-product-id=\"\" data-gt-bathrooms=\"79\" data-gt-campings=\"\" data-gt-capacities=\"71\" data-gt-ctv-product-id=\"131239\" data-gt-gammes=\"\" data-gt-options=\"\" data-gt-rooms=\"16\" data-gt-superficies=\"15\" data-gt-types=\"137\" data-wp-key=\"post-template-item-34036\" class=\"wp-block-post post-34036 hebergement type-hebergement status-publish has-post-thumbnail hentry gt-hebergements-types-mobil-homes gt-hebergements-nombre-personnes-71 gt-hebergements-nombre-chambres-16 gt-hebergements-nombre-sdb-1-en gt-hebergements-superficie-25-a-30 gt-fse-widgets-ctv-open-product\">\n<figure class=\"hebergement-featured-image wp-block-post-featured-image gt-fse-widgets-ctv-open-product\"><img decoding=\"async\" width=\"800\" height=\"533\" src=\"https:\/\/www.camping-carolins.com\/wp-content\/uploads\/2025\/05\/Mobil-home-Confort-2-chambres_1.jpg\" class=\"attachment-full size-full wp-post-image gt-fse-widgets-ctv-open-product\" alt=\"Mobilheim konfort 2 Schlafzimmer 1\" style=\"object-fit:cover;\" srcset=\"https:\/\/www.camping-carolins.com\/wp-content\/uploads\/2025\/05\/Mobil-home-Confort-2-chambres_1.jpg 800w, https:\/\/www.camping-carolins.com\/wp-content\/uploads\/2025\/05\/Mobil-home-Confort-2-chambres_1-300x200.jpg 300w, https:\/\/www.camping-carolins.com\/wp-content\/uploads\/2025\/05\/Mobil-home-Confort-2-chambres_1-768x512.jpg 768w\" sizes=\"(max-width: 800px) 100vw, 800px\" \/><\/figure>\n\n\n<div class=\"wp-block-group groupe-title has-global-padding is-layout-constrained wp-block-group-is-layout-constrained gt-fse-widgets-ctv-open-product\">\n<p class=\"has-text-align-center has-custom-color-1-color has-text-color has-link-color has-pl-miamo-medium-font-family wp-elements-09c7c8ede681f5d547f79fb3c43ab45a gt-fse-widgets-ctv-open-product\" style=\"font-size:clamp(14px, 0.875rem + ((1vw - 3.2px) * 0.339), 18px);\">Standcaravan Komfort &#8211; 25 bis 30 m\u00b2 &#8211; 2 Zimmer<\/p>\n\n\n\n<div class=\"wp-block-group title-img is-layout-flow wp-block-group-is-layout-flow gt-fse-widgets-ctv-open-product\">\n<figure class=\"wp-block-image aligncenter size-full gt-fse-widgets-ctv-open-product\"><img decoding=\"async\" width=\"23\" height=\"22\" src=\"https:\/\/www.camping-carolins.com\/wp-content\/uploads\/2025\/05\/Calque_2-1.svg\" alt=\"Ebene_2 (1)\" class=\"wp-image-101 gt-fse-widgets-ctv-open-product\"\/><\/figure>\n<\/div>\n<\/div>\n\n\n\n<div class=\"wp-block-group is-content-justification-center is-nowrap is-layout-flex wp-container-core-group-is-layout-23441af8 wp-block-group-is-layout-flex gt-fse-widgets-ctv-open-product\">\n<div class=\"wp-block-group info-hebergement is-vertical is-content-justification-center is-layout-flex wp-container-core-group-is-layout-ce155fab wp-block-group-is-layout-flex gt-fse-widgets-ctv-open-product\">\n<div class=\"wp-block-group is-nowrap is-layout-flex wp-container-core-group-is-layout-4b0a85f0 wp-block-group-is-layout-flex gt-fse-widgets-ctv-open-product\"><div class=\"taxonomy-gt-hebergements-nombre-personnes has-link-color wp-elements-7fd33be752484661bf91943a4b633676 wp-block-post-terms has-text-color has-custom-color-1-color has-pl-miamo-font-family gt-fse-widgets-ctv-open-product\"><span class=\"gt-fse-widgets-ctv-open-product\">4<\/span><\/div>\n\n\n<p class=\"has-custom-color-1-color has-text-color has-link-color has-pl-miamo-font-family has-small-font-size wp-elements-d4b8c5663a379995781a3389b460d342 gt-fse-widgets-ctv-open-product\">Pers.<\/p>\n<\/div>\n\n\n\n<figure class=\"wp-block-image size-full is-resized gt-fse-widgets-ctv-open-product\"><img decoding=\"async\" src=\"https:\/\/www.camping-carolins.com\/wp-content\/uploads\/2025\/05\/utilisateur.svg\" alt=\"Benutzer\" class=\"wp-image-719 gt-fse-widgets-ctv-open-product\" style=\"width:30px\"\/><\/figure>\n<\/div>\n\n\n\n<div class=\"wp-block-group info-hebergement is-vertical is-content-justification-center is-layout-flex wp-container-core-group-is-layout-ce155fab wp-block-group-is-layout-flex gt-fse-widgets-ctv-open-product\">\n<div class=\"wp-block-group is-nowrap is-layout-flex wp-container-core-group-is-layout-4b0a85f0 wp-block-group-is-layout-flex gt-fse-widgets-ctv-open-product\"><div class=\"taxonomy-gt-hebergements-nombre-chambres has-link-color wp-elements-55a3f916099b15031809078941912377 wp-block-post-terms has-text-color has-custom-color-1-color has-pl-miamo-font-family gt-fse-widgets-ctv-open-product\"><span class=\"gt-fse-widgets-ctv-open-product\">2<\/span><\/div>\n\n\n<p class=\"has-custom-color-1-color has-text-color has-link-color has-pl-miamo-font-family has-small-font-size wp-elements-e2fb2348fef2e97c283f5a4aa8f9f4af gt-fse-widgets-ctv-open-product\">Zmr<\/p>\n<\/div>\n\n\n\n<figure class=\"wp-block-image size-full is-resized gt-fse-widgets-ctv-open-product\"><img decoding=\"async\" width=\"512\" height=\"512\" src=\"https:\/\/www.camping-carolins.com\/wp-content\/uploads\/2025\/05\/lit-double-1.svg\" alt=\"Doppelbett (1)\" class=\"wp-image-721 gt-fse-widgets-ctv-open-product\" style=\"width:30px\"\/><\/figure>\n<\/div>\n\n\n\n<div class=\"wp-block-group info-hebergement is-vertical is-content-justification-center is-layout-flex wp-container-core-group-is-layout-ce155fab wp-block-group-is-layout-flex gt-fse-widgets-ctv-open-product\">\n<div class=\"wp-block-group is-nowrap is-layout-flex wp-container-core-group-is-layout-4b0a85f0 wp-block-group-is-layout-flex gt-fse-widgets-ctv-open-product\"><div class=\"taxonomy-gt-hebergements-nombre-sdb has-link-color wp-elements-ebcc3de940066aae1dce34a8b1f2c1c1 wp-block-post-terms has-text-color has-custom-color-1-color has-pl-miamo-font-family gt-fse-widgets-ctv-open-product\"><span class=\"gt-fse-widgets-ctv-open-product\">1<\/span><\/div>\n\n\n<p class=\"has-custom-color-1-color has-text-color has-link-color has-pl-miamo-font-family has-small-font-size wp-elements-b47f170cbfe49a7547aa90abd171823b gt-fse-widgets-ctv-open-product\">WC\/Bdzmr<\/p>\n<\/div>\n\n\n\n<figure class=\"wp-block-image size-full is-resized gt-fse-widgets-ctv-open-product\"><img decoding=\"async\" width=\"512\" height=\"512\" src=\"https:\/\/www.camping-carolins.com\/wp-content\/uploads\/2025\/05\/douche-1.svg\" alt=\"Dusche (1)\" class=\"wp-image-722 gt-fse-widgets-ctv-open-product\" style=\"width:30px\"\/><\/figure>\n<\/div>\n\n\n\n<div class=\"wp-block-group info-hebergement is-vertical is-content-justification-center is-layout-flex wp-container-core-group-is-layout-ce155fab wp-block-group-is-layout-flex gt-fse-widgets-ctv-open-product\">\n<div class=\"wp-block-group is-nowrap is-layout-flex wp-container-core-group-is-layout-4b0a85f0 wp-block-group-is-layout-flex gt-fse-widgets-ctv-open-product\"><div class=\"taxonomy-gt-hebergements-superficie has-link-color wp-elements-509f41ff01c2a468c32ae24933d9a8e4 wp-block-post-terms has-text-color has-custom-color-1-color has-pl-miamo-font-family gt-fse-widgets-ctv-open-product\"><span class=\"gt-fse-widgets-ctv-open-product\">25 \u00e0 30<\/span><\/div>\n\n\n<p class=\"has-custom-color-1-color has-text-color has-link-color has-pl-miamo-font-family has-small-font-size wp-elements-24253458f7449c62a549dddb98fc4d4d gt-fse-widgets-ctv-open-product\">m\u00b2<\/p>\n<\/div>\n\n\n\n<figure class=\"wp-block-image size-full is-resized gt-fse-widgets-ctv-open-product\"><img decoding=\"async\" width=\"512\" height=\"512\" src=\"https:\/\/www.camping-carolins.com\/wp-content\/uploads\/2025\/05\/surface.svg\" alt=\"Oberfl&#xE4;che\" class=\"wp-image-720 gt-fse-widgets-ctv-open-product\" style=\"width:30px\"\/><\/figure>\n<\/div>\n<\/div>\n\n\n<a class=\"is-style-lien-cover wp-block-read-more gt-fse-widgets-ctv-open-product\" href=\"https:\/\/www.camping-carolins.com\/de\/hebergement\/mobilheim-komfort\/\" target=\"_blank\">Weiterlesen<span class=\"screen-reader-text gt-fse-widgets-ctv-open-product\">: Mobilheim Komfort &#8211; 25 bis 30 m\u00b2 &#8211; 2 Zimmer<\/span><\/a>\n<\/li><\/ul><\/div>\n\n\n\n<div class=\"wp-block-buttons is-content-justification-center is-layout-flex wp-container-core-buttons-is-layout-d2a3880e wp-block-buttons-is-layout-flex\" style=\"margin-top:var(--wp--preset--spacing--30)\">\n<div class=\"wp-block-button btn-1 is-style-outline is-style-outline--1\"><a class=\"wp-block-button__link has-text-color has-link-color wp-element-button\" href=\"https:\/\/reservation.secureholiday.net\/de\/18164\/gift-voucher\" style=\"border-radius:50px;color:#d9ae89\" target=\"_blank\" rel=\"noreferrer noopener nofollow\"><img decoding=\"async\" src=\"https:\/\/www.camping-carolins.com\/wp-content\/uploads\/2025\/05\/fleche.svg\" alt=\"Pfeil\"\/> Gutschein kaufen<\/a><\/div>\n<\/div>\n<\/div>\n\n<section class=\"wp-block-group page-two slider has-global-padding is-layout-constrained wp-block-group-is-layout-constrained\" style=\"padding-top:10rem\">\n<div class=\"wp-block-columns is-layout-flex wp-container-core-columns-is-layout-28f84493 wp-block-columns-is-layout-flex\">\n<div class=\"wp-block-column left is-layout-flow wp-block-column-is-layout-flow\" style=\"flex-basis:60%\">\n<div data-swiper=\"{&quot;speed&quot;:400,&quot;spaceBetween&quot;:16,&quot;slidesPerView&quot;:1,&quot;createElements&quot;:true,&quot;loop&quot;:true,&quot;freemode&quot;:true,&quot;pagination&quot;:{&quot;el&quot;:&quot;.swiper-pagination&quot;,&quot;dynamicBullets&quot;:true},&quot;breakpoints&quot;:[{&quot;slidesPerView&quot;:1}],&quot;effect&quot;:&quot;fade&quot;,&quot;navigation&quot;:false,&quot;autoplay&quot;:{&quot;delay&quot;:5000}}\" class=\"wp-block-group gt-is-slider gt-is-slider-desktop has-global-padding is-layout-constrained wp-block-group-is-layout-constrained\">\n<figure class=\"wp-block-image size-full animated fadeIn slow\"><img decoding=\"async\" width=\"1000\" height=\"667\" src=\"https:\/\/www.camping-carolins.com\/wp-content\/uploads\/2025\/06\/location-mobil-home-cotentin-terrasse_1.jpg\" alt=\"Vermietung Mobilheim Cotentin Terrasse 1\" class=\"wp-image-3706\" srcset=\"https:\/\/www.camping-carolins.com\/wp-content\/uploads\/2025\/06\/location-mobil-home-cotentin-terrasse_1.jpg 1000w, https:\/\/www.camping-carolins.com\/wp-content\/uploads\/2025\/06\/location-mobil-home-cotentin-terrasse_1-300x200.jpg 300w, https:\/\/www.camping-carolins.com\/wp-content\/uploads\/2025\/06\/location-mobil-home-cotentin-terrasse_1-768x512.jpg 768w\" sizes=\"(max-width: 1000px) 100vw, 1000px\" \/><\/figure>\n\n\n\n<figure class=\"wp-block-image size-full animated fadeIn slow\"><img decoding=\"async\" width=\"1000\" height=\"667\" src=\"https:\/\/www.camping-carolins.com\/wp-content\/uploads\/2025\/06\/mobil-home-vue-ferme.jpg\" alt=\"Mobilheim mit Blick auf den Bauernhof\" class=\"wp-image-3709\" srcset=\"https:\/\/www.camping-carolins.com\/wp-content\/uploads\/2025\/06\/mobil-home-vue-ferme.jpg 1000w, https:\/\/www.camping-carolins.com\/wp-content\/uploads\/2025\/06\/mobil-home-vue-ferme-300x200.jpg 300w, https:\/\/www.camping-carolins.com\/wp-content\/uploads\/2025\/06\/mobil-home-vue-ferme-768x512.jpg 768w\" sizes=\"(max-width: 1000px) 100vw, 1000px\" \/><\/figure>\n\n\n\n<figure class=\"wp-block-image size-full\"><img decoding=\"async\" width=\"1000\" height=\"667\" src=\"https:\/\/www.camping-carolins.com\/wp-content\/uploads\/2025\/06\/mobil-home-jardin.jpg\" alt=\"Mobilheim Garten\" class=\"wp-image-3713\" srcset=\"https:\/\/www.camping-carolins.com\/wp-content\/uploads\/2025\/06\/mobil-home-jardin.jpg 1000w, https:\/\/www.camping-carolins.com\/wp-content\/uploads\/2025\/06\/mobil-home-jardin-300x200.jpg 300w, https:\/\/www.camping-carolins.com\/wp-content\/uploads\/2025\/06\/mobil-home-jardin-768x512.jpg 768w\" sizes=\"(max-width: 1000px) 100vw, 1000px\" \/><\/figure>\n\n\n\n<figure class=\"wp-block-image size-full\"><img decoding=\"async\" width=\"1000\" height=\"667\" src=\"https:\/\/www.camping-carolins.com\/wp-content\/uploads\/2025\/06\/mobil-home-vue-feme-2.jpg\" alt=\"Mobilheim mit Frauenblick 2\" class=\"wp-image-3715\" srcset=\"https:\/\/www.camping-carolins.com\/wp-content\/uploads\/2025\/06\/mobil-home-vue-feme-2.jpg 1000w, https:\/\/www.camping-carolins.com\/wp-content\/uploads\/2025\/06\/mobil-home-vue-feme-2-300x200.jpg 300w, https:\/\/www.camping-carolins.com\/wp-content\/uploads\/2025\/06\/mobil-home-vue-feme-2-768x512.jpg 768w\" sizes=\"(max-width: 1000px) 100vw, 1000px\" \/><\/figure>\n<\/div>\n<\/div>\n\n\n\n<div class=\"wp-block-column is-vertically-aligned-center right has-link-color wp-elements-e3890ba1bccbd4f8445acca6240e578e is-layout-flow wp-block-column-is-layout-flow\">\n<div class=\"wp-block-group groupe-title has-global-padding is-layout-constrained wp-block-group-is-layout-constrained\">\n<h2 class=\"wp-block-heading has-text-align-center has-custom-color-1-color has-text-color has-link-color wp-elements-f4ecc9b6cb07f53318394bea5f1c4992\">Ihr Mobilheim zu mieten in der Basse-Normandie<\/h2>\n\n\n\n<div class=\"wp-block-group title-img is-layout-flow wp-block-group-is-layout-flow\">\n<figure class=\"wp-block-image aligncenter size-full\"><img decoding=\"async\" width=\"23\" height=\"22\" src=\"https:\/\/www.camping-carolins.com\/wp-content\/uploads\/2025\/05\/Calque_2-1.svg\" alt=\"Titeldekoration\" class=\"wp-image-101\"\/><\/figure>\n<\/div>\n<\/div>\n\n\n\n<p style=\"padding-top:var(--wp--preset--spacing--20);padding-right:var(--wp--preset--spacing--40);padding-left:var(--wp--preset--spacing--40)\">Unsere Mobilheime in der Cotentin sind <strong>ger\u00e4umig<\/strong>, <strong>komfortabel <\/strong>und <strong>komplett ausgestattet<\/strong>, damit Sie einen <strong>ruhigen Urlaub<\/strong> in der N\u00e4he von Barneville-Carteret verbringen k\u00f6nnen. <\/p>\n\n\n\n<p style=\"padding-top:0;padding-right:var(--wp--preset--spacing--40);padding-left:var(--wp--preset--spacing--40)\">W\u00e4hlen Sie aus unserem Angebot an Unterk\u00fcnften und sichern Sie sich einen unbeschwerten Aufenthalt inmitten der Natur. Die Umgebung unserer Mietunterk\u00fcnfte ist gr\u00fcn und die Parzellen liegen weit genug auseinander, so dass <strong>jeder seine Privatsph\u00e4re genie\u00dfen<\/strong> kann. <\/p>\n\n\n\n<p style=\"padding-top:0;padding-right:var(--wp--preset--spacing--40);padding-left:var(--wp--preset--spacing--40)\">Verbringen Sie einen <strong>unvergesslichen Aufenthalt<\/strong> mit Ihren Lieben auf einem 0 <a href=\"https:\/\/www.camping-carolins.com\/de\/\" data-type=\"page\" data-id=\"28\">Campingplatz in der Basse-Normandie<\/a>! <\/p>\n<\/div>\n<\/div>\n<\/section>\n\n<section class=\"wp-block-group home-sixth page-three has-link-color wp-elements-571e3f455e9fcdfd65428967a0bae9f6 is-layout-flow wp-block-group-is-layout-flow\" style=\"padding-top:10rem;padding-bottom:10rem\">\n<div class=\"wp-block-group h1-like is-vertical is-content-justification-center is-layout-flex wp-container-core-group-is-layout-81423f52 wp-block-group-is-layout-flex\" style=\"line-height:1.5\">\n<p class=\"has-custom-color-1-color has-text-color has-link-color has-pl-miamo-semibold-font-family wp-elements-bbfa526aba24a2c122a88bc6de29475a\" style=\"font-size:clamp(50.171px, 3.136rem + ((1vw - 3.2px) * 4.223), 100px);text-transform:uppercase\">Eine gro\u00dfe Auswahl <\/p>\n\n\n\n<p class=\"has-text-color has-link-color has-pl-miamo-script-font-family wp-elements-a9e8c407f719f3c3dfb34f5d002a4b24\" style=\"color:#d9ae89;font-size:clamp(53.285px, 3.33rem + ((1vw - 3.2px) * 4.637), 108px);line-height:1\">f\u00fcr einen ma\u00dfgeschneiderten Aufenthalt<\/p>\n<\/div>\n\n\n\n<div data-swiper=\"{&quot;speed&quot;:400,&quot;spaceBetween&quot;:16,&quot;slidesPerView&quot;:1,&quot;createElements&quot;:true,&quot;loop&quot;:true,&quot;freemode&quot;:true,&quot;navigation&quot;:{&quot;nextEl&quot;:&quot;buttonNext&quot;,&quot;prevEl&quot;:&quot;buttonPrev&quot;},&quot;breakpoints&quot;:{&quot;0&quot;:{&quot;slidesPerView&quot;:1},&quot;380&quot;:[],&quot;1024&quot;:[]},&quot;pagination&quot;:false,&quot;effect&quot;:&quot;fade&quot;,&quot;autoplay&quot;:{&quot;delay&quot;:5000}}\" class=\"wp-block-group gt-is-slider gt-is-slider-desktop has-global-padding is-layout-constrained wp-container-core-group-is-layout-8dd13e6d wp-block-group-is-layout-constrained\" style=\"padding-right:var(--wp--preset--spacing--60);padding-left:var(--wp--preset--spacing--60)\">\n<div data-swiper=\"{&quot;speed&quot;:1000,&quot;autoplay&quot;:{&quot;delay&quot;:5000,&quot;disableOnInteraction&quot;:false},&quot;spaceBetween&quot;:0,&quot;slidesPerView&quot;:1,&quot;pagination&quot;:{&quot;el&quot;:&quot;.swiper-pagination&quot;,&quot;dynamicBullets&quot;:true,&quot;clickable&quot;:true,&quot;type&quot;:&quot;bullets&quot;},&quot;navigation&quot;:{&quot;nextEl&quot;:&quot;.swiper-button-next&quot;,&quot;prevEl&quot;:&quot;.swiper-button-prev&quot;},&quot;breakpoints&quot;:[{&quot;slidesPerView&quot;:1}]}\" class=\"wp-block-cover is-light\" style=\"min-height:680px;aspect-ratio:unset;\"><img decoding=\"async\" width=\"1024\" height=\"683\" class=\"wp-block-cover__image-background wp-image-7170 size-large\" alt=\"mobil home jardin (1)\" src=\"https:\/\/www.camping-carolins.com\/wp-content\/uploads\/2025\/06\/mobil-home-jardin-1-1024x683.jpg\" style=\"object-position:49% 76%\" data-object-fit=\"cover\" data-object-position=\"49% 76%\" srcset=\"https:\/\/www.camping-carolins.com\/wp-content\/uploads\/2025\/06\/mobil-home-jardin-1-1024x683.jpg 1024w, https:\/\/www.camping-carolins.com\/wp-content\/uploads\/2025\/06\/mobil-home-jardin-1-300x200.jpg 300w, https:\/\/www.camping-carolins.com\/wp-content\/uploads\/2025\/06\/mobil-home-jardin-1-768x512.jpg 768w, https:\/\/www.camping-carolins.com\/wp-content\/uploads\/2025\/06\/mobil-home-jardin-1-1536x1024.jpg 1536w, https:\/\/www.camping-carolins.com\/wp-content\/uploads\/2025\/06\/mobil-home-jardin-1.jpg 2048w\" sizes=\"(max-width: 1024px) 100vw, 1024px\" \/><span aria-hidden=\"true\" class=\"wp-block-cover__background has-custom-color-5-background-color has-background-dim-10 has-background-dim\"><\/span><div class=\"wp-block-cover__inner-container is-layout-flow wp-block-cover-is-layout-flow\">\n<p class=\"has-text-align-center has-large-font-size\"><\/p>\n<\/div><\/div>\n\n\n\n<div data-swiper=\"{&quot;speed&quot;:1000,&quot;autoplay&quot;:{&quot;delay&quot;:5000,&quot;disableOnInteraction&quot;:false},&quot;spaceBetween&quot;:0,&quot;slidesPerView&quot;:1,&quot;pagination&quot;:{&quot;el&quot;:&quot;.swiper-pagination&quot;,&quot;dynamicBullets&quot;:true,&quot;clickable&quot;:true,&quot;type&quot;:&quot;bullets&quot;},&quot;navigation&quot;:{&quot;nextEl&quot;:&quot;.swiper-button-next&quot;,&quot;prevEl&quot;:&quot;.swiper-button-prev&quot;},&quot;breakpoints&quot;:[{&quot;slidesPerView&quot;:1}]}\" class=\"wp-block-cover is-light\" style=\"min-height:680px;aspect-ratio:unset;\"><img decoding=\"async\" width=\"2000\" height=\"1333\" class=\"wp-block-cover__image-background wp-image-3527 size-full\" alt=\"gite le cabestan\" src=\"https:\/\/www.camping-carolins.com\/wp-content\/uploads\/2025\/06\/gite-le-cabestan_1.jpg\" style=\"object-position:50% 78%\" data-object-fit=\"cover\" data-object-position=\"50% 78%\" srcset=\"https:\/\/www.camping-carolins.com\/wp-content\/uploads\/2025\/06\/gite-le-cabestan_1.jpg 2000w, https:\/\/www.camping-carolins.com\/wp-content\/uploads\/2025\/06\/gite-le-cabestan_1-300x200.jpg 300w, https:\/\/www.camping-carolins.com\/wp-content\/uploads\/2025\/06\/gite-le-cabestan_1-1024x682.jpg 1024w, https:\/\/www.camping-carolins.com\/wp-content\/uploads\/2025\/06\/gite-le-cabestan_1-768x512.jpg 768w, https:\/\/www.camping-carolins.com\/wp-content\/uploads\/2025\/06\/gite-le-cabestan_1-1536x1024.jpg 1536w\" sizes=\"(max-width: 2000px) 100vw, 2000px\" \/><span aria-hidden=\"true\" class=\"wp-block-cover__background has-custom-color-5-background-color has-background-dim-10 has-background-dim\"><\/span><div class=\"wp-block-cover__inner-container has-global-padding is-layout-constrained wp-block-cover-is-layout-constrained\">\n<p class=\"has-text-align-center has-large-font-size\"><\/p>\n<\/div><\/div>\n\n\n\n<div data-swiper=\"{&quot;speed&quot;:1000,&quot;autoplay&quot;:{&quot;delay&quot;:5000,&quot;disableOnInteraction&quot;:false},&quot;spaceBetween&quot;:0,&quot;slidesPerView&quot;:1,&quot;pagination&quot;:{&quot;el&quot;:&quot;.swiper-pagination&quot;,&quot;dynamicBullets&quot;:true,&quot;clickable&quot;:true,&quot;type&quot;:&quot;bullets&quot;},&quot;navigation&quot;:{&quot;nextEl&quot;:&quot;.swiper-button-next&quot;,&quot;prevEl&quot;:&quot;.swiper-button-prev&quot;},&quot;breakpoints&quot;:[{&quot;slidesPerView&quot;:1}]}\" class=\"wp-block-cover is-light\" style=\"min-height:680px;aspect-ratio:unset;\"><img decoding=\"async\" width=\"1800\" height=\"1200\" class=\"wp-block-cover__image-background wp-image-3797 size-full\" alt=\"gite le cabestan sejour billard\" src=\"https:\/\/www.camping-carolins.com\/wp-content\/uploads\/2025\/06\/gite-le-cabestan-sejour-billard.jpg\" style=\"object-position:49% 74%\" data-object-fit=\"cover\" data-object-position=\"49% 74%\" srcset=\"https:\/\/www.camping-carolins.com\/wp-content\/uploads\/2025\/06\/gite-le-cabestan-sejour-billard.jpg 1800w, https:\/\/www.camping-carolins.com\/wp-content\/uploads\/2025\/06\/gite-le-cabestan-sejour-billard-300x200.jpg 300w, https:\/\/www.camping-carolins.com\/wp-content\/uploads\/2025\/06\/gite-le-cabestan-sejour-billard-1024x683.jpg 1024w, https:\/\/www.camping-carolins.com\/wp-content\/uploads\/2025\/06\/gite-le-cabestan-sejour-billard-768x512.jpg 768w, https:\/\/www.camping-carolins.com\/wp-content\/uploads\/2025\/06\/gite-le-cabestan-sejour-billard-1536x1024.jpg 1536w\" sizes=\"(max-width: 1800px) 100vw, 1800px\" \/><span aria-hidden=\"true\" class=\"wp-block-cover__background has-custom-color-5-background-color has-background-dim-10 has-background-dim\"><\/span><div class=\"wp-block-cover__inner-container has-global-padding is-layout-constrained wp-block-cover-is-layout-constrained\">\n<p class=\"has-text-align-center has-large-font-size\"><\/p>\n<\/div><\/div>\n<\/div>\n\n\n\n<div class=\"wp-block-group groupe-title has-global-padding is-layout-constrained wp-block-group-is-layout-constrained\" style=\"padding-top:var(--wp--preset--spacing--40);padding-bottom:var(--wp--preset--spacing--20)\">\n<h2 class=\"wp-block-heading has-text-align-center has-custom-color-1-color has-text-color has-link-color wp-elements-c2f16e64e9139fb1a148ea1e2575aacb\">Unsere Mobilheime zur Vermietung<\/h2>\n\n\n\n<div class=\"wp-block-group title-img is-layout-flow wp-block-group-is-layout-flow\">\n<figure class=\"wp-block-image aligncenter size-full\"><img decoding=\"async\" width=\"23\" height=\"22\" src=\"https:\/\/www.camping-carolins.com\/wp-content\/uploads\/2025\/05\/Calque_2-1.svg\" alt=\"Mietsortiment\" class=\"wp-image-101\"\/><\/figure>\n<\/div>\n<\/div>\n\n\n\n<p class=\"has-text-align-center\" style=\"padding-right:20rem;padding-left:20rem\">Die Auswahl an Mobilheimen, die Sie in der Basse-Normandie mieten k\u00f6nnen, ist gro\u00df. Wir bieten Ihnen eine gro\u00dfe Auswahl an Unterk\u00fcnften, die <strong>f\u00fcr Familien<\/strong>, 0 <strong>Gruppen von Freunden<\/strong> oder <strong>Duos<\/strong> <strong>geeignet<\/strong> sind. <\/p>\n\n\n\n<p class=\"has-text-align-center\" style=\"padding-right:20rem;padding-left:20rem\">Unsere Mietunterk\u00fcnfte k\u00f6nnen bis zu 8 Personen beherbergen und verf\u00fcgen \u00fcber eine <strong>private<\/strong>, <strong>\u00fcberdachte<\/strong> <strong>Terrasse<\/strong>. Unsere Premium-Mobilheime sind mit einem <strong>nordischen Spa<\/strong> ausgestattet, andere haben einen <strong>privaten Garten <\/strong>oder einen <strong>Blick auf die D\u00fcne:<\/strong> Sie k\u00f6nnen ganz nach Ihren W\u00fcnschen w\u00e4hlen! Unser Campingplatz verf\u00fcgt auch \u00fcber ein Mobilheim, das f\u00fcr Personen mit eingeschr\u00e4nkter Mobilit\u00e4t geeignet ist.  <\/p>\n\n\n\n<p class=\"has-text-align-center\" style=\"padding-right:20rem;padding-left:20rem\">Gro\u00dfe Familien und Gruppen k\u00f6nnen das <strong>Ferienhaus Le Cabestan<\/strong> mit seinen <strong>sch\u00f6nen Einrichtungen<\/strong> (gro\u00dfer Garten, Spielzimmer, Billardtisch, Tischtennisplatte&#8230;) f\u00fcr bis zu 8 Personen buchen oder <a href=\"https:\/\/www.camping-carolins.com\/de\/stellplatzvermietung-port-bail-sur-mer\/\" data-type=\"page\" data-id=\"56\">einen Stellplatz in Cotentin mieten<\/a>. Es ist m\u00f6glich, <strong>auf unserem Campingplatz zu wohnen<\/strong>, da wir <a href=\"https:\/\/www.camping-carolins.com\/de\/pachtgrundstueck-port-bail-sur-mer\/\" data-type=\"page\" data-id=\"60\">Parzellen in der Basse-Normandie vermieten<\/a>, so dass Sie Ihr Mobilheim aufstellen und unsere Einrichtungen w\u00e4hrend der \u00d6ffnungszeiten des Campingplatzes in Port-Bail-sur-Mer nutzen k\u00f6nnen.   <\/p>\n<\/section>\n\n<section class=\"wp-block-group page-two reverse has-custom-color-1-background-color has-background has-global-padding is-layout-constrained wp-block-group-is-layout-constrained\" style=\"padding-top:10rem;padding-bottom:10rem\">\n<div class=\"wp-block-columns is-layout-flex wp-container-core-columns-is-layout-7fc3d43a wp-block-columns-is-layout-flex\">\n<div class=\"wp-block-column is-vertically-aligned-center left is-layout-flow wp-block-column-is-layout-flow\" style=\"flex-basis:40%\">\n<div class=\"wp-block-group groupe-title has-global-padding is-layout-constrained wp-block-group-is-layout-constrained\">\n<h2 class=\"wp-block-heading has-text-align-center has-base-2-color has-text-color has-link-color wp-elements-11035de254bce346ef6de4efb9cf2d4e\">Ihre komfortable Unterkunft in der Region Cotentin<\/h2>\n\n\n\n<div class=\"wp-block-group title-img is-layout-flow wp-block-group-is-layout-flow\">\n<figure class=\"wp-block-image aligncenter size-full\"><img decoding=\"async\" width=\"23\" height=\"22\" src=\"https:\/\/www.camping-carolins.com\/wp-content\/uploads\/2025\/05\/Calque_2-1.svg\" alt=\"Titeldekoration\" class=\"wp-image-101\"\/><\/figure>\n<\/div>\n<\/div>\n\n\n\n<p class=\"has-base-2-color has-text-color has-link-color wp-elements-971ff55ad975c59fe3082475723e6039\">Unsere Mobilheime in der Cotentin sind perfekt ausgestattet, um <strong>all Ihren Bed\u00fcrfnissen gerecht zu werden:<\/strong> funktionelle K\u00fcche, Fernseher der neuesten Generation, Gartenm\u00f6bel, bequeme Bettdecken und Kopfkissen, alles ist vorhanden, um Ihren Aufenthalt in der N\u00e4he von Barneville-Carteret so angenehm wie m\u00f6glich zu gestalten. <\/p>\n\n\n\n<p class=\"has-base-2-color has-text-color has-link-color wp-elements-bd3acab57d981e1cb012eefb1995eb6c\">Hier k\u00f6nnen Sie die <strong>Str\u00e4nde<\/strong>, die <strong>Natur<\/strong> und das <strong>Kulturerbe der Region<\/strong> entdecken. <br\/><\/p>\n<\/div>\n\n\n\n<div class=\"wp-block-column is-vertically-aligned-top right is-layout-flow wp-block-column-is-layout-flow\">\n<div data-swiper=\"{&quot;speed&quot;:400,&quot;spaceBetween&quot;:16,&quot;slidesPerView&quot;:1,&quot;createElements&quot;:true,&quot;loop&quot;:true,&quot;freemode&quot;:true,&quot;pagination&quot;:{&quot;el&quot;:&quot;.swiper-pagination&quot;,&quot;dynamicBullets&quot;:true},&quot;breakpoints&quot;:[{&quot;slidesPerView&quot;:1}],&quot;effect&quot;:&quot;fade&quot;,&quot;navigation&quot;:false,&quot;autoplay&quot;:{&quot;delay&quot;:5000}}\" class=\"wp-block-group gt-is-slider gt-is-slider-desktop has-global-padding is-layout-constrained wp-block-group-is-layout-constrained\">\n<figure class=\"wp-block-image size-full\"><img decoding=\"async\" width=\"1000\" height=\"667\" src=\"https:\/\/www.camping-carolins.com\/wp-content\/uploads\/2025\/06\/mobil-home-sejour-.jpg\" alt=\"Mobilheim Wohnzimmer\" class=\"wp-image-3823\" srcset=\"https:\/\/www.camping-carolins.com\/wp-content\/uploads\/2025\/06\/mobil-home-sejour-.jpg 1000w, https:\/\/www.camping-carolins.com\/wp-content\/uploads\/2025\/06\/mobil-home-sejour--300x200.jpg 300w, https:\/\/www.camping-carolins.com\/wp-content\/uploads\/2025\/06\/mobil-home-sejour--768x512.jpg 768w\" sizes=\"(max-width: 1000px) 100vw, 1000px\" \/><\/figure>\n\n\n\n<figure class=\"wp-block-image size-full animated fadeIn slow\"><img decoding=\"async\" width=\"1000\" height=\"667\" src=\"https:\/\/www.camping-carolins.com\/wp-content\/uploads\/2025\/06\/location-mobil-home-cotentin-sejour.jpg\" alt=\"Vermietung Mobilheim Cotentin Aufenthalt\" class=\"wp-image-3812\" srcset=\"https:\/\/www.camping-carolins.com\/wp-content\/uploads\/2025\/06\/location-mobil-home-cotentin-sejour.jpg 1000w, https:\/\/www.camping-carolins.com\/wp-content\/uploads\/2025\/06\/location-mobil-home-cotentin-sejour-300x200.jpg 300w, https:\/\/www.camping-carolins.com\/wp-content\/uploads\/2025\/06\/location-mobil-home-cotentin-sejour-768x512.jpg 768w\" sizes=\"(max-width: 1000px) 100vw, 1000px\" \/><\/figure>\n\n\n\n<figure class=\"wp-block-image size-full\"><img decoding=\"async\" width=\"1000\" height=\"667\" src=\"https:\/\/www.camping-carolins.com\/wp-content\/uploads\/2025\/06\/location-mobil-home-cotentin-chambre.jpg\" alt=\"Vermietung Mobilheim Cotentin Zimmer\" class=\"wp-image-3806\" srcset=\"https:\/\/www.camping-carolins.com\/wp-content\/uploads\/2025\/06\/location-mobil-home-cotentin-chambre.jpg 1000w, https:\/\/www.camping-carolins.com\/wp-content\/uploads\/2025\/06\/location-mobil-home-cotentin-chambre-300x200.jpg 300w, https:\/\/www.camping-carolins.com\/wp-content\/uploads\/2025\/06\/location-mobil-home-cotentin-chambre-768x512.jpg 768w\" sizes=\"(max-width: 1000px) 100vw, 1000px\" \/><\/figure>\n\n\n\n<figure class=\"wp-block-image size-full\"><img decoding=\"async\" width=\"667\" height=\"500\" src=\"https:\/\/www.camping-carolins.com\/wp-content\/uploads\/2025\/06\/mobil-home-sdb-3-edited.jpg\" alt=\"Mobilheim mit Bad (3)\" class=\"wp-image-3827\" srcset=\"https:\/\/www.camping-carolins.com\/wp-content\/uploads\/2025\/06\/mobil-home-sdb-3-edited.jpg 667w, https:\/\/www.camping-carolins.com\/wp-content\/uploads\/2025\/06\/mobil-home-sdb-3-edited-300x225.jpg 300w\" sizes=\"(max-width: 667px) 100vw, 667px\" \/><\/figure>\n\n\n\n<figure class=\"wp-block-image size-full\"><img decoding=\"async\" width=\"1000\" height=\"667\" src=\"https:\/\/www.camping-carolins.com\/wp-content\/uploads\/2025\/06\/location-mobil-home-cotentin-chambre.jpg\" alt=\"Vermietung Mobilheim Cotentin Zimmer\" class=\"wp-image-3806\" srcset=\"https:\/\/www.camping-carolins.com\/wp-content\/uploads\/2025\/06\/location-mobil-home-cotentin-chambre.jpg 1000w, https:\/\/www.camping-carolins.com\/wp-content\/uploads\/2025\/06\/location-mobil-home-cotentin-chambre-300x200.jpg 300w, https:\/\/www.camping-carolins.com\/wp-content\/uploads\/2025\/06\/location-mobil-home-cotentin-chambre-768x512.jpg 768w\" sizes=\"(max-width: 1000px) 100vw, 1000px\" \/><\/figure>\n\n\n\n<figure class=\"wp-block-image size-full\"><img decoding=\"async\" width=\"1000\" height=\"667\" src=\"https:\/\/www.camping-carolins.com\/wp-content\/uploads\/2025\/06\/terrasse-mobil-home-spa-nordique-2-2.jpg\" alt=\"Terrasse Mobilheim Nordic Spa 2 (2)\" class=\"wp-image-3835\" srcset=\"https:\/\/www.camping-carolins.com\/wp-content\/uploads\/2025\/06\/terrasse-mobil-home-spa-nordique-2-2.jpg 1000w, https:\/\/www.camping-carolins.com\/wp-content\/uploads\/2025\/06\/terrasse-mobil-home-spa-nordique-2-2-300x200.jpg 300w, https:\/\/www.camping-carolins.com\/wp-content\/uploads\/2025\/06\/terrasse-mobil-home-spa-nordique-2-2-768x512.jpg 768w\" sizes=\"(max-width: 1000px) 100vw, 1000px\" \/><\/figure>\n<\/div>\n<\/div>\n<\/div>\n<\/section>\n\n<section class=\"wp-block-group page-maillage has-global-padding is-layout-constrained wp-block-group-is-layout-constrained\" style=\"padding-top:10rem;padding-bottom:10rem\">\n<div class=\"wp-block-group title-page-maillage has-global-padding is-layout-constrained wp-block-group-is-layout-constrained\" style=\"margin-bottom:var(--wp--preset--spacing--40);line-height:0.8\">\n<p class=\"has-text-align-center has-text-color has-link-color has-pl-miamo-semibold-font-family wp-elements-832a48c79881e970a0552d78e5368497\" style=\"color:#d9ae89;font-size:clamp(20.515px, 1.282rem + ((1vw - 3.2px) * 1.058), 33px);\">Entdecken Sie unsere anderen Typen<\/p>\n\n\n\n<p class=\"has-text-align-center has-custom-color-1-color has-text-color has-link-color has-pl-miamo-semibold-font-family wp-elements-3a55707906ebad25b9f01cf37345464b\" style=\"font-size:clamp(29.303px, 1.831rem + ((1vw - 3.2px) * 1.839), 51px);text-transform:uppercase\">und den Pool<\/p>\n<\/div>\n\n\n\n<div data-wp-context=\"{}\" data-wp-interactive=\"core\/query\" data-wp-key=\"1\" data-wp-router-region=\"query-1\" class=\"wp-block-query alignwide gt-fse-maillage-query is-layout-flow wp-block-query-is-layout-flow\"><ul class=\"columns-3 wp-block-post-template is-layout-grid wp-container-core-post-template-is-layout-6d3fbd8f wp-block-post-template-is-layout-grid\"><li data-wp-key=\"post-template-item-32708\" class=\"wp-block-post post-32708 page type-page status-publish has-post-thumbnail hentry\">\n<figure class=\"wp-block-post-featured-image\"><img decoding=\"async\" width=\"1920\" height=\"1280\" src=\"https:\/\/www.camping-carolins.com\/wp-content\/uploads\/2025\/06\/carolins-location-emplacement-port-bail-sur-mer.jpg\" class=\"attachment-full size-full wp-post-image\" alt=\"vermietung standort port bail sur mer\" style=\"object-fit:cover;\" srcset=\"https:\/\/www.camping-carolins.com\/wp-content\/uploads\/2025\/06\/carolins-location-emplacement-port-bail-sur-mer.jpg 1920w, https:\/\/www.camping-carolins.com\/wp-content\/uploads\/2025\/06\/carolins-location-emplacement-port-bail-sur-mer-300x200.jpg 300w, https:\/\/www.camping-carolins.com\/wp-content\/uploads\/2025\/06\/carolins-location-emplacement-port-bail-sur-mer-1024x683.jpg 1024w, https:\/\/www.camping-carolins.com\/wp-content\/uploads\/2025\/06\/carolins-location-emplacement-port-bail-sur-mer-768x512.jpg 768w, https:\/\/www.camping-carolins.com\/wp-content\/uploads\/2025\/06\/carolins-location-emplacement-port-bail-sur-mer-1536x1024.jpg 1536w\" sizes=\"(max-width: 1920px) 100vw, 1920px\" \/><span class=\"wp-block-post-featured-image__overlay has-background-dim has-background-dim-40 has-custom-color-5-background-color\" style=\"\" aria-hidden=\"true\"><\/span><\/figure>\n\n\n<p class=\"maillage-title has-pl-miamo-medium-font-family\" style=\"font-size:clamp(14px, 0.875rem + ((1vw - 3.2px) * 0.508), 20px);letter-spacing:10px;text-transform:uppercase\">Pl\u00e4tze<\/p>\n\n\n<a class=\"is-style-lien-cover wp-block-read-more\" href=\"https:\/\/www.camping-carolins.com\/de\/stellplatzvermietung-port-bail-sur-mer\/\" target=\"_self\">Weiterlesen<span class=\"screen-reader-text\">: Stellpl\u00e4tze<\/span><\/a>\n<\/li><li data-wp-key=\"post-template-item-32786\" class=\"wp-block-post post-32786 page type-page status-publish has-post-thumbnail hentry\">\n<figure class=\"wp-block-post-featured-image\"><img decoding=\"async\" width=\"1920\" height=\"1280\" src=\"https:\/\/www.camping-carolins.com\/wp-content\/uploads\/2025\/06\/carolins-location-parcelle-port-bail-sur-mer.jpg\" class=\"attachment-full size-full wp-post-image\" alt=\"location parcelle port bail sur mer\" style=\"object-fit:cover;\" srcset=\"https:\/\/www.camping-carolins.com\/wp-content\/uploads\/2025\/06\/carolins-location-parcelle-port-bail-sur-mer.jpg 1920w, https:\/\/www.camping-carolins.com\/wp-content\/uploads\/2025\/06\/carolins-location-parcelle-port-bail-sur-mer-300x200.jpg 300w, https:\/\/www.camping-carolins.com\/wp-content\/uploads\/2025\/06\/carolins-location-parcelle-port-bail-sur-mer-1024x683.jpg 1024w, https:\/\/www.camping-carolins.com\/wp-content\/uploads\/2025\/06\/carolins-location-parcelle-port-bail-sur-mer-768x512.jpg 768w, https:\/\/www.camping-carolins.com\/wp-content\/uploads\/2025\/06\/carolins-location-parcelle-port-bail-sur-mer-1536x1024.jpg 1536w\" sizes=\"(max-width: 1920px) 100vw, 1920px\" \/><span class=\"wp-block-post-featured-image__overlay has-background-dim has-background-dim-40 has-custom-color-5-background-color\" style=\"\" aria-hidden=\"true\"><\/span><\/figure>\n\n\n<p class=\"maillage-title has-pl-miamo-medium-font-family\" style=\"font-size:clamp(14px, 0.875rem + ((1vw - 3.2px) * 0.508), 20px);letter-spacing:10px;text-transform:uppercase\">Einwohner<\/p>\n\n\n<a class=\"is-style-lien-cover wp-block-read-more\" href=\"https:\/\/www.camping-carolins.com\/de\/pachtgrundstueck-port-bail-sur-mer\/\" target=\"_self\">Weiterlesen<span class=\"screen-reader-text\">: Einwohner<\/span><\/a>\n<\/li><li data-wp-key=\"post-template-item-32732\" class=\"wp-block-post post-32732 page type-page status-publish has-post-thumbnail hentry\">\n<figure class=\"wp-block-post-featured-image\"><img decoding=\"async\" width=\"2000\" height=\"1333\" src=\"https:\/\/www.camping-carolins.com\/wp-content\/uploads\/2025\/05\/camping-piscine-cotentin.jpg\" class=\"attachment-full size-full wp-post-image\" alt=\"campingplatz swimmingpool cotentin\" style=\"object-fit:cover;\" srcset=\"https:\/\/www.camping-carolins.com\/wp-content\/uploads\/2025\/05\/camping-piscine-cotentin.jpg 2000w, https:\/\/www.camping-carolins.com\/wp-content\/uploads\/2025\/05\/camping-piscine-cotentin-300x200.jpg 300w, https:\/\/www.camping-carolins.com\/wp-content\/uploads\/2025\/05\/camping-piscine-cotentin-1024x682.jpg 1024w, https:\/\/www.camping-carolins.com\/wp-content\/uploads\/2025\/05\/camping-piscine-cotentin-768x512.jpg 768w, https:\/\/www.camping-carolins.com\/wp-content\/uploads\/2025\/05\/camping-piscine-cotentin-1536x1024.jpg 1536w\" sizes=\"(max-width: 2000px) 100vw, 2000px\" \/><span class=\"wp-block-post-featured-image__overlay has-background-dim has-background-dim-40 has-custom-color-5-background-color\" style=\"\" aria-hidden=\"true\"><\/span><\/figure>\n\n\n<p class=\"maillage-title has-pl-miamo-medium-font-family\" style=\"font-size:clamp(14px, 0.875rem + ((1vw - 3.2px) * 0.508), 20px);letter-spacing:10px;text-transform:uppercase\">Swimmingpool<\/p>\n\n\n<a class=\"is-style-lien-cover wp-block-read-more\" href=\"https:\/\/www.camping-carolins.com\/de\/campingplatz-beheiztes-schwimmbad-port-bail-sur-mer\/\" target=\"_self\">Weiterlesen<span class=\"screen-reader-text\">: Swimmingpool<\/span><\/a>\n<\/li><\/ul><\/div>\n<\/section>\n","protected":false},"excerpt":{"rendered":"<p>Vermietung von Mobilheimen im Cotentin Ihr Mobilheim zu mieten in der Basse-Normandie Unsere Mobilheime in der Cotentin sind ger\u00e4umig, komfortabel und komplett ausgestattet, damit Sie einen ruhigen Urlaub in der N\u00e4he von Barneville-Carteret verbringen k\u00f6nnen. W\u00e4hlen Sie aus unserem Angebot an Unterk\u00fcnften und sichern Sie sich einen unbeschwerten Aufenthalt inmitten der Natur. Die Umgebung unserer [&hellip;]<\/p>\n","protected":false},"author":1,"featured_media":33176,"parent":0,"menu_order":0,"comment_status":"closed","ping_status":"closed","template":"","meta":{"_acf_changed":false,"_seopress_robots_primary_cat":"","_seopress_titles_title":"Mobilheimvermietung Cotentin I Mobilheim mieten Basse-Normandie","_seopress_titles_desc":"Mieten Sie ein ger\u00e4umiges und komfortables Mobilheim in der Cotentin f\u00fcr einen erholsamen Urlaub in der Natur, in der N\u00e4he von Barneville-Carteret.","_seopress_robots_index":"","_gt_ctv_global_id":"18164","_gt_ctv_id_group":false,"inline_featured_image":false,"gt_fse_maillage_image":"https:\/\/www.camping-carolins.com\/wp-content\/uploads\/2025\/06\/location-mobil-home-port-bail-sur-mer-2.jpg","gt_fse_maillage_titre":"Mietwohnungen","gt_fse_maillage_alt":"Mietwohnungen","gt_fse_maillage_resume":"","footnotes":""},"categories":[],"tags":[],"class_list":["post-33105","page","type-page","status-publish","has-post-thumbnail","hentry"],"acf":[],"_links":{"self":[{"href":"https:\/\/www.camping-carolins.com\/de\/wp-json\/wp\/v2\/pages\/33105","targetHints":{"allow":["GET"]}}],"collection":[{"href":"https:\/\/www.camping-carolins.com\/de\/wp-json\/wp\/v2\/pages"}],"about":[{"href":"https:\/\/www.camping-carolins.com\/de\/wp-json\/wp\/v2\/types\/page"}],"author":[{"embeddable":true,"href":"https:\/\/www.camping-carolins.com\/de\/wp-json\/wp\/v2\/users\/1"}],"replies":[{"embeddable":true,"href":"https:\/\/www.camping-carolins.com\/de\/wp-json\/wp\/v2\/comments?post=33105"}],"version-history":[{"count":22,"href":"https:\/\/www.camping-carolins.com\/de\/wp-json\/wp\/v2\/pages\/33105\/revisions"}],"predecessor-version":[{"id":112979,"href":"https:\/\/www.camping-carolins.com\/de\/wp-json\/wp\/v2\/pages\/33105\/revisions\/112979"}],"wp:featuredmedia":[{"embeddable":true,"href":"https:\/\/www.camping-carolins.com\/de\/wp-json\/wp\/v2\/media\/33176"}],"wp:attachment":[{"href":"https:\/\/www.camping-carolins.com\/de\/wp-json\/wp\/v2\/media?parent=33105"}],"wp:term":[{"taxonomy":"category","embeddable":true,"href":"https:\/\/www.camping-carolins.com\/de\/wp-json\/wp\/v2\/categories?post=33105"},{"taxonomy":"post_tag","embeddable":true,"href":"https:\/\/www.camping-carolins.com\/de\/wp-json\/wp\/v2\/tags?post=33105"}],"curies":[{"name":"wp","href":"https:\/\/api.w.org\/{rel}","templated":true}]}}