{"id":33401,"date":"2025-05-15T16:58:25","date_gmt":"2025-05-15T14:58:25","guid":{"rendered":"https:\/\/www.camping-carolins.com\/camping-services-port-bail-sur-mer\/"},"modified":"2025-12-05T09:18:51","modified_gmt":"2025-12-05T08:18:51","slug":"campingplatz-dienstleistungen-port-bail-sur-mer","status":"publish","type":"page","link":"https:\/\/www.camping-carolins.com\/de\/campingplatz-dienstleistungen-port-bail-sur-mer\/","title":{"rendered":"Dienstleistungen"},"content":{"rendered":"\n<section class=\"wp-block-group home-intro page-intro has-custom-color-1-background-color has-background has-global-padding is-layout-constrained wp-block-group-is-layout-constrained\" style=\"padding-top:10rem;padding-bottom:10rem\">\n<div class=\"wp-block-group groupe-title has-global-padding is-layout-constrained wp-block-group-is-layout-constrained\">\n<h1 class=\"wp-block-heading has-text-align-center\"><strong>Campingplatz mit Dienstleistungen<\/strong> in Cotentin<\/h1>\n\n\n\n<div class=\"wp-block-group title-img is-layout-flow wp-block-group-is-layout-flow\">\n<figure class=\"wp-block-image aligncenter size-full\"><img decoding=\"async\" width=\"23\" height=\"22\" src=\"https:\/\/www.camping-carolins.com\/wp-content\/uploads\/2025\/05\/Calque_2-1.svg\" alt=\"Campingplatz Schwimmbad Hafen Pachtvertrag\" class=\"wp-image-101\"\/><\/figure>\n<\/div>\n<\/div>\n\n\n\n<div class=\"wp-block-columns is-layout-flex wp-container-core-columns-is-layout-28f84493 wp-block-columns-is-layout-flex\">\n<div class=\"wp-block-column left is-layout-flow wp-block-column-is-layout-flow\" style=\"flex-basis:33.33%\">\n<figure class=\"wp-block-image size-full\"><img decoding=\"async\" width=\"475\" height=\"866\" src=\"https:\/\/www.camping-carolins.com\/wp-content\/uploads\/2025\/06\/camping-avec-services-en-cotentin.jpg\" alt=\"campingplatz mit dienstleistungen in cotentin\" class=\"wp-image-4287\" srcset=\"https:\/\/www.camping-carolins.com\/wp-content\/uploads\/2025\/06\/camping-avec-services-en-cotentin.jpg 475w, https:\/\/www.camping-carolins.com\/wp-content\/uploads\/2025\/06\/camping-avec-services-en-cotentin-165x300.jpg 165w\" sizes=\"(max-width: 475px) 100vw, 475px\" \/><\/figure>\n\n\n\n<div class=\"wp-block-buttons is-content-justification-center is-layout-flex wp-container-core-buttons-is-layout-d2a3880e wp-block-buttons-is-layout-flex\" style=\"margin-top:var(--wp--preset--spacing--30)\">\n<div class=\"wp-block-button btn-1 is-style-outline is-style-outline--1\"><a class=\"wp-block-button__link has-text-color has-link-color wp-element-button\" href=\"https:\/\/notre.guide\/carolins\/\" style=\"border-radius:50px;color:#d9ae89\" target=\"_blank\" rel=\"noreferrer noopener\"><img decoding=\"async\" src=\"https:\/\/www.camping-carolins.com\/wp-content\/uploads\/2025\/05\/fleche.svg\" alt=\"Pfeil\"\/> Digitale Begr\u00fc\u00dfungsbrosch\u00fcre<\/a><\/div>\n<\/div>\n<\/div>\n\n\n\n<div class=\"wp-block-column right is-layout-flow wp-block-column-is-layout-flow\" style=\"flex-basis:66.66%\">\n<figure class=\"wp-block-image size-full animated fadeIn slower\"><img decoding=\"async\" width=\"952\" height=\"577\" src=\"https:\/\/www.camping-carolins.com\/wp-content\/uploads\/2025\/06\/la-reception-du-camping.jpg\" alt=\"die Rezeption des Campingplatzes\" class=\"wp-image-4289\" srcset=\"https:\/\/www.camping-carolins.com\/wp-content\/uploads\/2025\/06\/la-reception-du-camping.jpg 952w, https:\/\/www.camping-carolins.com\/wp-content\/uploads\/2025\/06\/la-reception-du-camping-300x182.jpg 300w, https:\/\/www.camping-carolins.com\/wp-content\/uploads\/2025\/06\/la-reception-du-camping-768x465.jpg 768w\" sizes=\"(max-width: 952px) 100vw, 952px\" \/><\/figure>\n\n\n\n<div class=\"wp-block-group bottom is-nowrap is-layout-flex wp-container-core-group-is-layout-e4d5908d wp-block-group-is-layout-flex\" style=\"margin-top:4rem\">\n<div class=\"wp-block-group is-vertical is-content-justification-center is-layout-flex wp-container-core-group-is-layout-ce155fab wp-block-group-is-layout-flex\">\n<div class=\"wp-block-group groupe-title has-global-padding is-layout-constrained wp-block-group-is-layout-constrained\">\n<h2 class=\"wp-block-heading has-text-align-center\"><strong>Die Rezeption<\/strong> des Campingplatzes<\/h2>\n\n\n\n<div class=\"wp-block-group title-img is-layout-flow wp-block-group-is-layout-flow\">\n<figure class=\"wp-block-image aligncenter size-full\"><img decoding=\"async\" width=\"23\" height=\"22\" src=\"https:\/\/www.camping-carolins.com\/wp-content\/uploads\/2025\/05\/Calque_2-1.svg\" alt=\"Planschbecken\" class=\"wp-image-101\"\/><\/figure>\n<\/div>\n<\/div>\n\n\n\n<p class=\"has-text-align-center has-base-2-color has-text-color has-link-color wp-elements-56fdec8d2447b4835e94259ea9bbc989\">Willkommen auf unserem Campingplatz mit Service in der Region Cotentin, in Port-Bail-sur-Mer: Les Carolins. Hier ist alles darauf ausgerichtet, dass Sie Ihren Urlaub mit der Familie oder mit Freunden in aller Ruhe genie\u00dfen k\u00f6nnen. <g id=\"gid_0\">Keine<\/g> l\u00e4stigen Formalit\u00e4ten mehr: <g id=\"gid_0\">keine Kaution, kein \u00dcbergabeprotokoll bei der Ankunft oder Abreise<\/g>. Wir haben uns f\u00fcr Vertrauen und Einfachheit entschieden, um Ihnen einen Urlaub ohne Stress und Zeitverlust zu erm\u00f6glichen.   <\/p>\n\n\n\n<p class=\"has-text-align-center has-base-2-color has-text-color has-link-color wp-elements-cad31952e202c253ad46aa616911232e\">Um Sie bestm\u00f6glich zu unterst\u00fctzen, stellen wir Ihnen ein Formular zur Verf\u00fcgung. <strong><a href=\"https:\/\/notre.guide\/carolins\/\" target=\"_blank\" rel=\"noreferrer noopener\">digitales Begr\u00fc\u00dfungsbuch<\/a><\/strong>Dieses ist ab dem Zeitpunkt Ihrer Buchung zug\u00e4nglich. Er enth\u00e4lt alle n\u00fctzlichen Informationen: Dienstleistungen vor Ort, praktische Tipps, gute lokale Adressen, Ideen f\u00fcr Aktivit\u00e4ten&#8230; Alles, um Ihren Besuch vorzubereiten und Ihren Aufenthalt in der Region Cotentin optimal zu nutzen.<\/p>\n\n\n\n<p class=\"has-text-align-center has-base-2-color has-text-color has-link-color wp-elements-5dc1e3554957cb8c51e5a95c8f3f27cd\">Wir wissen, dass Zeitpl\u00e4ne im Urlaub Kopfzerbrechen bereiten k\u00f6nnen. Deshalb bieten wir einen <strong>Sp\u00e4tanreiseservice<\/strong> an, der es Ihnen erm\u00f6glicht, Ihre Unterkunft auch nach Schlie\u00dfung der Rezeption zu erreichen. Je nach Saison haben Sie auch die <strong>M\u00f6glichkeit, bis 16 Uhr abzureisen<\/strong>, um das Vergn\u00fcgen ohne Stress zu verl\u00e4ngern.    <\/p>\n\n\n\n<p class=\"has-text-align-center has-base-2-color has-text-color has-link-color wp-elements-44de2f8f73601c1ba117aa8fa8667f1e\">Und f\u00fcr noch mehr Flexibilit\u00e4t bieten wir Ihnen <strong>mit ONEY<\/strong> auch eine <strong>geb\u00fchrenfreie Zahlung in vier Raten<\/strong> an, so dass Sie Ihren Urlaub unabh\u00e4ngig von Ihrem Budget planen k\u00f6nnen.<\/p>\n\n\n\n<p class=\"has-text-align-center has-base-2-color has-text-color has-link-color wp-elements-393e273b677b96321b5c9c4ce534da4b\"><strong>Weniger Einschr\u00e4nkungen, mehr Freiheit<\/strong>: das ist unser Versprechen f\u00fcr einen gelungenen Urlaub in der Basse-Normandie!<\/p>\n<\/div>\n<\/div>\n<\/div>\n<\/div>\n<\/section>\n\n<section class=\"wp-block-group page-two slider has-global-padding is-layout-constrained wp-block-group-is-layout-constrained\" style=\"padding-top:10rem;padding-bottom:4rem\">\n<div class=\"wp-block-columns is-layout-flex wp-container-core-columns-is-layout-28f84493 wp-block-columns-is-layout-flex\">\n<div class=\"wp-block-column left is-layout-flow wp-block-column-is-layout-flow\">\n<div data-swiper=\"{&quot;speed&quot;:400,&quot;spaceBetween&quot;:16,&quot;slidesPerView&quot;:1,&quot;createElements&quot;:true,&quot;loop&quot;:true,&quot;freemode&quot;:true,&quot;pagination&quot;:{&quot;el&quot;:&quot;.swiper-pagination&quot;,&quot;dynamicBullets&quot;:true},&quot;breakpoints&quot;:[{&quot;slidesPerView&quot;:1}],&quot;effect&quot;:&quot;fade&quot;,&quot;navigation&quot;:false,&quot;autoplay&quot;:{&quot;delay&quot;:5000}}\" class=\"wp-block-group gt-is-slider gt-is-slider-desktop has-global-padding is-layout-constrained wp-block-group-is-layout-constrained\">\n<figure class=\"wp-block-image size-full animated fadeIn slow\"><img decoding=\"async\" width=\"768\" height=\"572\" src=\"https:\/\/www.camping-carolins.com\/wp-content\/uploads\/2025\/06\/location-de-buggy.jpg\" alt=\"Vermietung von Buggys\" class=\"wp-image-4291\" srcset=\"https:\/\/www.camping-carolins.com\/wp-content\/uploads\/2025\/06\/location-de-buggy.jpg 768w, https:\/\/www.camping-carolins.com\/wp-content\/uploads\/2025\/06\/location-de-buggy-300x223.jpg 300w\" sizes=\"(max-width: 768px) 100vw, 768px\" \/><\/figure>\n\n\n\n<figure class=\"wp-block-image size-full animated fadeIn slow\"><img decoding=\"async\" width=\"2048\" height=\"1365\" src=\"https:\/\/www.camping-carolins.com\/wp-content\/uploads\/2025\/06\/laverie.jpg\" alt=\"W&#xE4;scherei\" class=\"wp-image-13396\" srcset=\"https:\/\/www.camping-carolins.com\/wp-content\/uploads\/2025\/06\/laverie.jpg 2048w, https:\/\/www.camping-carolins.com\/wp-content\/uploads\/2025\/06\/laverie-300x200.jpg 300w, https:\/\/www.camping-carolins.com\/wp-content\/uploads\/2025\/06\/laverie-1024x683.jpg 1024w, https:\/\/www.camping-carolins.com\/wp-content\/uploads\/2025\/06\/laverie-768x512.jpg 768w, https:\/\/www.camping-carolins.com\/wp-content\/uploads\/2025\/06\/laverie-1536x1024.jpg 1536w\" sizes=\"(max-width: 2048px) 100vw, 2048px\" \/><\/figure>\n\n\n\n<figure class=\"wp-block-image size-full animated fadeIn slow\"><img decoding=\"async\" width=\"2048\" height=\"1365\" src=\"https:\/\/www.camping-carolins.com\/wp-content\/uploads\/2025\/06\/borne-recharge-voiture-electrique.jpg\" alt=\"Ladestation f&#xFC;r Elektroautos\" class=\"wp-image-13538\" srcset=\"https:\/\/www.camping-carolins.com\/wp-content\/uploads\/2025\/06\/borne-recharge-voiture-electrique.jpg 2048w, https:\/\/www.camping-carolins.com\/wp-content\/uploads\/2025\/06\/borne-recharge-voiture-electrique-300x200.jpg 300w, https:\/\/www.camping-carolins.com\/wp-content\/uploads\/2025\/06\/borne-recharge-voiture-electrique-1024x683.jpg 1024w, https:\/\/www.camping-carolins.com\/wp-content\/uploads\/2025\/06\/borne-recharge-voiture-electrique-768x512.jpg 768w, https:\/\/www.camping-carolins.com\/wp-content\/uploads\/2025\/06\/borne-recharge-voiture-electrique-1536x1024.jpg 1536w\" sizes=\"(max-width: 2048px) 100vw, 2048px\" \/><\/figure>\n<\/div>\n<\/div>\n\n\n\n<div class=\"wp-block-column is-vertically-aligned-center right has-link-color wp-elements-2b51ef2501850f3a411e246e7da9237f is-layout-flow wp-block-column-is-layout-flow\">\n<div class=\"wp-block-group groupe-title has-global-padding is-layout-constrained wp-block-group-is-layout-constrained\">\n<h2 class=\"wp-block-heading has-text-align-center has-custom-color-1-color has-text-color has-link-color wp-elements-1032f4ce50ed7577a25ac24da68a14a2\"><strong>Alle unsere Dienstleistungen<\/strong> f\u00fcr <br\/>einen ruhigen Aufenthalt in Cotentin.<\/h2>\n\n\n\n<div class=\"wp-block-group title-img is-layout-flow wp-block-group-is-layout-flow\">\n<figure class=\"wp-block-image aligncenter size-full\"><img decoding=\"async\" width=\"23\" height=\"22\" src=\"https:\/\/www.camping-carolins.com\/wp-content\/uploads\/2025\/05\/Calque_2-1.svg\" alt=\"Dienstleistungen\" class=\"wp-image-101\"\/><\/figure>\n<\/div>\n<\/div>\n\n\n\n<p style=\"padding-top:var(--wp--preset--spacing--20);padding-right:var(--wp--preset--spacing--40);padding-left:var(--wp--preset--spacing--40)\">Unser Campingplatz mit Service in der Basse-Normandie bietet Ihnen viele <strong>Extras, die den Unterschied ausmachen<\/strong>, damit Sie einen <strong>unbeschwerten Urlaub<\/strong> genie\u00dfen k\u00f6nnen.<\/p>\n\n\n\n<p style=\"padding-top:0;padding-right:var(--wp--preset--spacing--40);padding-left:var(--wp--preset--spacing--40)\"><strong>Waschmaschine<\/strong>, <strong>Trockner<\/strong>, <strong>Wifi<\/strong>, B\u00fcgelbrett und B\u00fcgeleisen, <strong>Lebensmittelgesch\u00e4ft<\/strong>, <strong>Grill-<\/strong>, <strong>Buggy-<\/strong> und <strong>Fahrradverleih<\/strong> sowie <strong>Ladestationen f\u00fcr Elektrofahrzeuge<\/strong>: alles ist vorhanden, um Ihren Alltag w\u00e4hrend Ihres Aufenthalts auf dem <a href=\"https:\/\/www.camping-carolins.com\/de\/\">Campingplatz in der Region Cotentin<\/a> zu erleichtern.<\/p>\n<\/div>\n<\/div>\n<\/section>\n\n<section class=\"wp-block-group home-sixth page-three has-link-color wp-elements-2ca0378a1ed4449dcccf4c7e036c76df is-layout-flow wp-block-group-is-layout-flow\" style=\"padding-top:10rem;padding-bottom:10rem\">\n<div class=\"wp-block-group h1-like is-vertical is-content-justification-center is-layout-flex wp-container-core-group-is-layout-81423f52 wp-block-group-is-layout-flex\" style=\"line-height:1.5\">\n<p class=\"has-custom-color-1-color has-text-color has-link-color has-pl-miamo-semibold-font-family wp-elements-a45bb8132d2916f1e458924148c880fe\" style=\"font-size:clamp(54.054px, 3.378rem + ((1vw - 3.2px) * 4.741), 110px);text-transform:uppercase\">Genie\u00dfen Sie<\/p>\n\n\n\n<p class=\"has-text-color has-link-color has-pl-miamo-script-font-family wp-elements-cc6ca0817b3111a1a52142f805931cfb\" style=\"color:#d9ae89;font-size:clamp(53.285px, 3.33rem + ((1vw - 3.2px) * 4.637), 108px);line-height:1\">das Abenteuer<\/p>\n<\/div>\n\n\n\n<div data-swiper=\"{&quot;speed&quot;:400,&quot;spaceBetween&quot;:16,&quot;slidesPerView&quot;:1,&quot;createElements&quot;:true,&quot;loop&quot;:true,&quot;freemode&quot;:true,&quot;navigation&quot;:{&quot;nextEl&quot;:&quot;buttonNext&quot;,&quot;prevEl&quot;:&quot;buttonPrev&quot;},&quot;breakpoints&quot;:{&quot;0&quot;:{&quot;slidesPerView&quot;:1},&quot;380&quot;:[],&quot;1024&quot;:[]},&quot;pagination&quot;:false,&quot;effect&quot;:&quot;fade&quot;,&quot;autoplay&quot;:{&quot;delay&quot;:5000}}\" class=\"wp-block-group gt-is-slider gt-is-slider-desktop has-global-padding is-layout-constrained wp-container-core-group-is-layout-8dd13e6d wp-block-group-is-layout-constrained\" style=\"padding-right:var(--wp--preset--spacing--60);padding-left:var(--wp--preset--spacing--60)\">\n<div data-swiper=\"{&quot;speed&quot;:1000,&quot;autoplay&quot;:{&quot;delay&quot;:5000,&quot;disableOnInteraction&quot;:false},&quot;spaceBetween&quot;:0,&quot;slidesPerView&quot;:1,&quot;pagination&quot;:{&quot;el&quot;:&quot;.swiper-pagination&quot;,&quot;dynamicBullets&quot;:true,&quot;clickable&quot;:true,&quot;type&quot;:&quot;bullets&quot;},&quot;navigation&quot;:{&quot;nextEl&quot;:&quot;.swiper-button-next&quot;,&quot;prevEl&quot;:&quot;.swiper-button-prev&quot;},&quot;breakpoints&quot;:[{&quot;slidesPerView&quot;:1}]}\" class=\"wp-block-cover is-light\" style=\"min-height:680px;aspect-ratio:unset;\"><img decoding=\"async\" width=\"1569\" height=\"680\" class=\"wp-block-cover__image-background wp-image-4293 size-full\" alt=\"location de velos\" src=\"https:\/\/www.camping-carolins.com\/wp-content\/uploads\/2025\/06\/location-de-velos.jpg\" data-object-fit=\"cover\" srcset=\"https:\/\/www.camping-carolins.com\/wp-content\/uploads\/2025\/06\/location-de-velos.jpg 1569w, https:\/\/www.camping-carolins.com\/wp-content\/uploads\/2025\/06\/location-de-velos-300x130.jpg 300w, https:\/\/www.camping-carolins.com\/wp-content\/uploads\/2025\/06\/location-de-velos-1024x444.jpg 1024w, https:\/\/www.camping-carolins.com\/wp-content\/uploads\/2025\/06\/location-de-velos-768x333.jpg 768w, https:\/\/www.camping-carolins.com\/wp-content\/uploads\/2025\/06\/location-de-velos-1536x666.jpg 1536w\" sizes=\"(max-width: 1569px) 100vw, 1569px\" \/><span aria-hidden=\"true\" class=\"wp-block-cover__background has-custom-color-5-background-color has-background-dim-10 has-background-dim\"><\/span><div class=\"wp-block-cover__inner-container is-layout-flow wp-block-cover-is-layout-flow\">\n<p class=\"has-text-align-center has-large-font-size\"><\/p>\n<\/div><\/div>\n\n\n\n<div data-swiper=\"{&quot;speed&quot;:1000,&quot;autoplay&quot;:{&quot;delay&quot;:5000,&quot;disableOnInteraction&quot;:false},&quot;spaceBetween&quot;:0,&quot;slidesPerView&quot;:1,&quot;pagination&quot;:{&quot;el&quot;:&quot;.swiper-pagination&quot;,&quot;dynamicBullets&quot;:true,&quot;clickable&quot;:true,&quot;type&quot;:&quot;bullets&quot;},&quot;navigation&quot;:{&quot;nextEl&quot;:&quot;.swiper-button-next&quot;,&quot;prevEl&quot;:&quot;.swiper-button-prev&quot;},&quot;breakpoints&quot;:[{&quot;slidesPerView&quot;:1}]}\" class=\"wp-block-cover\" style=\"min-height:680px;aspect-ratio:unset;\"><img decoding=\"async\" width=\"1569\" height=\"680\" class=\"wp-block-cover__image-background wp-image-4295 size-full\" alt=\"partez a l aventure les cheveux au vent\" src=\"https:\/\/www.camping-carolins.com\/wp-content\/uploads\/2025\/06\/partez-a-l-aventure-les-cheveux-au-vent.jpg\" data-object-fit=\"cover\" srcset=\"https:\/\/www.camping-carolins.com\/wp-content\/uploads\/2025\/06\/partez-a-l-aventure-les-cheveux-au-vent.jpg 1569w, https:\/\/www.camping-carolins.com\/wp-content\/uploads\/2025\/06\/partez-a-l-aventure-les-cheveux-au-vent-300x130.jpg 300w, https:\/\/www.camping-carolins.com\/wp-content\/uploads\/2025\/06\/partez-a-l-aventure-les-cheveux-au-vent-1024x444.jpg 1024w, https:\/\/www.camping-carolins.com\/wp-content\/uploads\/2025\/06\/partez-a-l-aventure-les-cheveux-au-vent-768x333.jpg 768w, https:\/\/www.camping-carolins.com\/wp-content\/uploads\/2025\/06\/partez-a-l-aventure-les-cheveux-au-vent-1536x666.jpg 1536w\" sizes=\"(max-width: 1569px) 100vw, 1569px\" \/><span aria-hidden=\"true\" class=\"wp-block-cover__background has-custom-color-5-background-color has-background-dim-10 has-background-dim\"><\/span><div class=\"wp-block-cover__inner-container has-global-padding is-layout-constrained wp-block-cover-is-layout-constrained\">\n<p class=\"has-text-align-center has-large-font-size\"><\/p>\n<\/div><\/div>\n\n\n\n<div data-swiper=\"{&quot;speed&quot;:1000,&quot;autoplay&quot;:{&quot;delay&quot;:5000,&quot;disableOnInteraction&quot;:false},&quot;spaceBetween&quot;:0,&quot;slidesPerView&quot;:1,&quot;pagination&quot;:{&quot;el&quot;:&quot;.swiper-pagination&quot;,&quot;dynamicBullets&quot;:true,&quot;clickable&quot;:true,&quot;type&quot;:&quot;bullets&quot;},&quot;navigation&quot;:{&quot;nextEl&quot;:&quot;.swiper-button-next&quot;,&quot;prevEl&quot;:&quot;.swiper-button-prev&quot;},&quot;breakpoints&quot;:[{&quot;slidesPerView&quot;:1}]}\" class=\"wp-block-cover is-light\" style=\"min-height:680px;aspect-ratio:unset;\"><img decoding=\"async\" width=\"2045\" height=\"1365\" class=\"wp-block-cover__image-background wp-image-7133 size-full\" alt=\"camping accueil motard cotentin 1\" src=\"https:\/\/www.camping-carolins.com\/wp-content\/uploads\/2025\/06\/camping-accueil-motard-cotentin_1.jpg\" data-object-fit=\"cover\" srcset=\"https:\/\/www.camping-carolins.com\/wp-content\/uploads\/2025\/06\/camping-accueil-motard-cotentin_1.jpg 2045w, https:\/\/www.camping-carolins.com\/wp-content\/uploads\/2025\/06\/camping-accueil-motard-cotentin_1-300x200.jpg 300w, https:\/\/www.camping-carolins.com\/wp-content\/uploads\/2025\/06\/camping-accueil-motard-cotentin_1-1024x684.jpg 1024w, https:\/\/www.camping-carolins.com\/wp-content\/uploads\/2025\/06\/camping-accueil-motard-cotentin_1-768x513.jpg 768w, https:\/\/www.camping-carolins.com\/wp-content\/uploads\/2025\/06\/camping-accueil-motard-cotentin_1-1536x1025.jpg 1536w\" sizes=\"(max-width: 2045px) 100vw, 2045px\" \/><span aria-hidden=\"true\" class=\"wp-block-cover__background has-custom-color-5-background-color has-background-dim-10 has-background-dim\"><\/span><div class=\"wp-block-cover__inner-container has-global-padding is-layout-constrained wp-block-cover-is-layout-constrained\">\n<p class=\"has-text-align-center has-large-font-size\"><\/p>\n<\/div><\/div>\n<\/div>\n\n\n\n<div class=\"wp-block-group groupe-title has-global-padding is-layout-constrained wp-block-group-is-layout-constrained\" style=\"padding-top:var(--wp--preset--spacing--40);padding-bottom:var(--wp--preset--spacing--20)\">\n<h2 class=\"wp-block-heading has-text-align-center has-custom-color-1-color has-text-color has-link-color wp-elements-c5ab3cde25219d0cb3908913bcdbffd9\">Fahrradverleih<\/h2>\n\n\n\n<div class=\"wp-block-group title-img is-layout-flow wp-block-group-is-layout-flow\">\n<figure class=\"wp-block-image aligncenter size-full\"><img decoding=\"async\" width=\"23\" height=\"22\" src=\"https:\/\/www.camping-carolins.com\/wp-content\/uploads\/2025\/05\/Calque_2-1.svg\" alt=\"campingplatz mit schwimmbad cotentin\" class=\"wp-image-101\"\/><\/figure>\n<\/div>\n<\/div>\n\n\n\n<p class=\"has-text-align-center has-link-color wp-elements-0a0520089b8aa601d374d335d4003f19\" style=\"padding-right:20rem;padding-left:20rem\">Was gibt es Besseres als eine <strong>Fahrradtour<\/strong>, um die Umgebung Ihres Campingplatzes mit Service im Cotentin zu erkunden? Buchen Sie ein City-, Elektro- oder Lastenfahrrad direkt vom Campingplatz aus (\u00fcber unseren externen Anbieter in La Haye du Puits) unn <strong>machen Sie sich mit wehenden Haaren auf<\/strong>den Weg&#8230; <strong> <\/strong>Und f\u00fcr diejenigen, die auf dem Campingplatz bleiben m\u00f6chten, stellen unsere Teams <a href=\"https:\/\/www.camping-carolins.com\/de\/campingplatz-animationen-port-bail-sur-mer\/\">Familienanimationen in der Basse-Normandie<\/a> zusammen. Bleiben Sie auf dem Laufenden, indem Sie unsere <a href=\"https:\/\/www.camping-carolins.com\/de\/neuigkeiten\/\">Neuigkeiten in Cotentin<\/a> entdecken und verbringen Sie einen<strong> unvergesslichen Urlaub an der Seite unserer Animateure<\/strong>!<\/p>\n<\/section>\n\n<section class=\"wp-block-group page-two reverse has-custom-color-1-background-color has-background has-global-padding is-layout-constrained wp-block-group-is-layout-constrained\" style=\"padding-top:10rem;padding-bottom:10rem\">\n<div class=\"wp-block-columns is-layout-flex wp-container-core-columns-is-layout-7fc3d43a wp-block-columns-is-layout-flex\">\n<div class=\"wp-block-column is-vertically-aligned-center left is-layout-flow wp-block-column-is-layout-flow\" style=\"flex-basis:40%\">\n<div class=\"wp-block-group groupe-title has-global-padding is-layout-constrained wp-block-group-is-layout-constrained\">\n<h2 class=\"wp-block-heading has-text-align-center has-base-2-color has-text-color has-link-color wp-elements-397bcde912215598fe18b98ff43db1e8\"><strong>Ladestation<\/strong> <br\/>f\u00fcr Elektrofahrzeuge<\/h2>\n\n\n\n<div class=\"wp-block-group title-img is-layout-flow wp-block-group-is-layout-flow\">\n<figure class=\"wp-block-image aligncenter size-full\"><img decoding=\"async\" width=\"23\" height=\"22\" src=\"https:\/\/www.camping-carolins.com\/wp-content\/uploads\/2025\/05\/Calque_2-1.svg\" alt=\"Ebene_2 (1)\" class=\"wp-image-101\"\/><\/figure>\n<\/div>\n<\/div>\n\n\n\n<p class=\"has-base-2-color has-text-color has-link-color wp-elements-26996826dbfd81a2a83c7cc96d0f2fb5\">Unsere <strong>Ladestation<\/strong> befindet sich am Eingang des Parkplatzes des Campingplatzes in Port-Bail-sur-Mer und kann <strong>2 Fahrzeuge<\/strong> mit einer <strong>Leistung von bis zu 11 kW<\/strong> <strong>aufladen<\/strong>. Sie m\u00fcssen nicht kilometerweit fahren, um Ihr Auto aufzuladen, sondern k\u00f6nnen alle anderen Dienstleistungen nutzen, die Ihnen zur Verf\u00fcgung stehen. <\/p>\n\n\n\n<div class=\"wp-block-group groupe-title has-global-padding is-layout-constrained wp-block-group-is-layout-constrained\">\n<h2 class=\"wp-block-heading has-text-align-center has-base-2-color has-text-color has-link-color wp-elements-b4870c358f175f8fdb9e3ab16a63f6b4\" style=\"margin-top:var(--wp--preset--spacing--30)\">Reisen Sie mit Ihrem Haustier<\/h2>\n\n\n\n<div class=\"wp-block-group title-img is-layout-flow wp-block-group-is-layout-flow\">\n<figure class=\"wp-block-image aligncenter size-full\"><img decoding=\"async\" width=\"23\" height=\"22\" src=\"https:\/\/www.camping-carolins.com\/wp-content\/uploads\/2025\/05\/Calque_2-1.svg\" alt=\"Ebene_2 (1)\" class=\"wp-image-101\"\/><\/figure>\n<\/div>\n<\/div>\n\n\n\n<p class=\"has-base-2-color has-text-color has-link-color wp-elements-106168567578350617786499bc5cce1e\">Auch Ihr vierbeiniger Freund hat ein Recht auf Urlaub! Haustiere <g id=\"gid_0\">sind<\/g> auf dem Campingplatz mit Service in Cotentin gegen eine zus\u00e4tzliche Geb\u00fchr erlaubt. F\u00fcr das <strong>Wohlbefinden und die Sicherheit aller<\/strong> G\u00e4ste bitten wir Sie, Ihr Haustier an der Leine zu f\u00fchren, daf\u00fcr zu sorgen, dass es keine L\u00e4rmbel\u00e4stigung verursacht und seine Hinterlassenschaften mit Hilfe eines Kotbeutels zu beseitigen, den Sie kostenlos an der Rezeption erhalten.   <br\/><strong>Vielen Dank f\u00fcr Ihr Verst\u00e4ndnis und Ihre Kooperation.<\/strong><\/p>\n<\/div>\n\n\n\n<div class=\"wp-block-column is-vertically-aligned-top right is-layout-flow wp-block-column-is-layout-flow\">\n<div data-swiper=\"{&quot;speed&quot;:400,&quot;spaceBetween&quot;:16,&quot;slidesPerView&quot;:1,&quot;createElements&quot;:true,&quot;loop&quot;:true,&quot;freemode&quot;:true,&quot;pagination&quot;:{&quot;el&quot;:&quot;.swiper-pagination&quot;,&quot;dynamicBullets&quot;:true},&quot;breakpoints&quot;:[{&quot;slidesPerView&quot;:1}],&quot;effect&quot;:&quot;fade&quot;,&quot;navigation&quot;:false,&quot;autoplay&quot;:{&quot;delay&quot;:5000}}\" class=\"wp-block-group gt-is-slider gt-is-slider-desktop has-global-padding is-layout-constrained wp-block-group-is-layout-constrained\">\n<figure class=\"wp-block-image size-full animated fadeIn slow\"><img decoding=\"async\" width=\"2048\" height=\"1365\" src=\"https:\/\/www.camping-carolins.com\/wp-content\/uploads\/2025\/06\/borne-recharge-voiture-electrique.jpg\" alt=\"Ladestation f&#xFC;r Elektroautos\" class=\"wp-image-13538\" srcset=\"https:\/\/www.camping-carolins.com\/wp-content\/uploads\/2025\/06\/borne-recharge-voiture-electrique.jpg 2048w, https:\/\/www.camping-carolins.com\/wp-content\/uploads\/2025\/06\/borne-recharge-voiture-electrique-300x200.jpg 300w, https:\/\/www.camping-carolins.com\/wp-content\/uploads\/2025\/06\/borne-recharge-voiture-electrique-1024x683.jpg 1024w, https:\/\/www.camping-carolins.com\/wp-content\/uploads\/2025\/06\/borne-recharge-voiture-electrique-768x512.jpg 768w, https:\/\/www.camping-carolins.com\/wp-content\/uploads\/2025\/06\/borne-recharge-voiture-electrique-1536x1024.jpg 1536w\" sizes=\"(max-width: 2048px) 100vw, 2048px\" \/><\/figure>\n\n\n\n<figure class=\"wp-block-image size-full\"><img decoding=\"async\" width=\"1330\" height=\"1004\" src=\"https:\/\/www.camping-carolins.com\/wp-content\/uploads\/2025\/06\/animaux-acceptes.jpg\" alt=\"Haustiere erlaubt\" class=\"wp-image-7574\" srcset=\"https:\/\/www.camping-carolins.com\/wp-content\/uploads\/2025\/06\/animaux-acceptes.jpg 1330w, https:\/\/www.camping-carolins.com\/wp-content\/uploads\/2025\/06\/animaux-acceptes-300x226.jpg 300w, https:\/\/www.camping-carolins.com\/wp-content\/uploads\/2025\/06\/animaux-acceptes-1024x773.jpg 1024w, https:\/\/www.camping-carolins.com\/wp-content\/uploads\/2025\/06\/animaux-acceptes-768x580.jpg 768w\" sizes=\"(max-width: 1330px) 100vw, 1330px\" \/><\/figure>\n<\/div>\n<\/div>\n<\/div>\n<\/section>\n\n<section class=\"wp-block-group page-two slider has-global-padding is-layout-constrained wp-block-group-is-layout-constrained\" style=\"padding-top:10rem;padding-bottom:10rem\">\n<div class=\"wp-block-columns is-layout-flex wp-container-core-columns-is-layout-28f84493 wp-block-columns-is-layout-flex\">\n<div class=\"wp-block-column left is-layout-flow wp-block-column-is-layout-flow\">\n<div data-swiper=\"{&quot;speed&quot;:400,&quot;spaceBetween&quot;:16,&quot;slidesPerView&quot;:1,&quot;createElements&quot;:true,&quot;loop&quot;:true,&quot;freemode&quot;:true,&quot;pagination&quot;:{&quot;el&quot;:&quot;.swiper-pagination&quot;,&quot;dynamicBullets&quot;:true},&quot;breakpoints&quot;:[{&quot;slidesPerView&quot;:1}],&quot;effect&quot;:&quot;fade&quot;,&quot;navigation&quot;:false,&quot;autoplay&quot;:{&quot;delay&quot;:5000}}\" class=\"wp-block-group gt-is-slider gt-is-slider-desktop has-global-padding is-layout-constrained wp-block-group-is-layout-constrained\">\n<figure class=\"wp-block-image size-full animated fadeIn slow\"><img decoding=\"async\" width=\"1920\" height=\"1280\" src=\"https:\/\/www.camping-carolins.com\/wp-content\/uploads\/2025\/06\/terrasse-bar-1.jpg\" alt=\"Terrassenbar\" class=\"wp-image-13991\" style=\"aspect-ratio:4\/3;object-fit:cover\" srcset=\"https:\/\/www.camping-carolins.com\/wp-content\/uploads\/2025\/06\/terrasse-bar-1.jpg 1920w, https:\/\/www.camping-carolins.com\/wp-content\/uploads\/2025\/06\/terrasse-bar-1-300x200.jpg 300w, https:\/\/www.camping-carolins.com\/wp-content\/uploads\/2025\/06\/terrasse-bar-1-1024x683.jpg 1024w, https:\/\/www.camping-carolins.com\/wp-content\/uploads\/2025\/06\/terrasse-bar-1-768x512.jpg 768w, https:\/\/www.camping-carolins.com\/wp-content\/uploads\/2025\/06\/terrasse-bar-1-1536x1024.jpg 1536w\" sizes=\"(max-width: 1920px) 100vw, 1920px\" \/><\/figure>\n\n\n\n<figure class=\"wp-block-image size-full animated fadeIn slow\"><img decoding=\"async\" width=\"768\" height=\"572\" src=\"https:\/\/www.camping-carolins.com\/wp-content\/uploads\/2025\/06\/plats-delicieux-et-pour-tous-les-gouts.jpg\" alt=\"k&#xF6;stliche Gerichte f&#xFC;r jeden Geschmack\" class=\"wp-image-4307\" srcset=\"https:\/\/www.camping-carolins.com\/wp-content\/uploads\/2025\/06\/plats-delicieux-et-pour-tous-les-gouts.jpg 768w, https:\/\/www.camping-carolins.com\/wp-content\/uploads\/2025\/06\/plats-delicieux-et-pour-tous-les-gouts-300x223.jpg 300w\" sizes=\"(max-width: 768px) 100vw, 768px\" \/><\/figure>\n\n\n\n<figure class=\"wp-block-image size-full animated fadeIn slow\"><img decoding=\"async\" width=\"768\" height=\"572\" src=\"https:\/\/www.camping-carolins.com\/wp-content\/uploads\/2025\/06\/partager-des-moments-uniques-autour-d-un-aperitif.jpg\" alt=\"einzigartige Momente bei einem Aperitif teilen\" class=\"wp-image-4309\" srcset=\"https:\/\/www.camping-carolins.com\/wp-content\/uploads\/2025\/06\/partager-des-moments-uniques-autour-d-un-aperitif.jpg 768w, https:\/\/www.camping-carolins.com\/wp-content\/uploads\/2025\/06\/partager-des-moments-uniques-autour-d-un-aperitif-300x223.jpg 300w\" sizes=\"(max-width: 768px) 100vw, 768px\" \/><\/figure>\n<\/div>\n<\/div>\n\n\n\n<div class=\"wp-block-column is-vertically-aligned-center right has-link-color wp-elements-f894a3743fa05fbe4fb0b9c43c9c0172 is-layout-flow wp-block-column-is-layout-flow\">\n<div class=\"wp-block-group groupe-title has-global-padding is-layout-constrained wp-block-group-is-layout-constrained\">\n<h2 class=\"wp-block-heading has-text-align-center has-custom-color-1-color has-text-color has-link-color wp-elements-17c2dfdeb891ac9555252dff396a57e2\"><strong>Snackbar Le B17<\/strong> <br\/>in Port-Bail-sur-Mer \ud83c\udf68.<\/h2>\n\n\n\n<div class=\"wp-block-group title-img is-layout-flow wp-block-group-is-layout-flow\">\n<figure class=\"wp-block-image aligncenter size-full\"><img decoding=\"async\" width=\"23\" height=\"22\" src=\"https:\/\/www.camping-carolins.com\/wp-content\/uploads\/2025\/05\/Calque_2-1.svg\" alt=\"Planschbecken\" class=\"wp-image-101\"\/><\/figure>\n<\/div>\n<\/div>\n\n\n\n<p style=\"padding-top:var(--wp--preset--spacing--20);padding-right:var(--wp--preset--spacing--40);padding-left:var(--wp--preset--spacing--40)\">Unser <a href=\"https:\/\/www.camping-carolins.com\/de\/bar-gaststaette-port-bail-sur-mer\/\">Bar-Restaurant in Port-Bail-sur-Mer<\/a> ist ein<strong> geselliger Ort par excellence<\/strong>. Alle unsere Camper treffen sich, um einzigartige Momente bei einem Aperitif, einer Pizza oder einem guten Eis zu teilen.  <\/p>\n\n\n\n<p style=\"padding-top:0;padding-right:var(--wp--preset--spacing--40);padding-left:var(--wp--preset--spacing--40)\">Unser Campingplatz mit Service in Cotentin ist stolz darauf, mit <strong>lokalen Lieferanten<\/strong> zusammenzuarbeiten, um Ihnen <strong>k\u00f6stliche Gerichte<\/strong> <strong>f\u00fcr jeden Geschmack<\/strong> anbieten zu k\u00f6nnen.<br\/><br\/><strong>\u00d6ffnungszeiten : <\/strong> <\/p>\n\n\n\n<ul style=\"padding-left:var(--wp--preset--spacing--50)\" class=\"wp-block-list\">\n<li>Nebensaison: 16.00 &#8211; 20.00 Uhr<\/li>\n\n\n\n<li>Hochsaison: 8.00 Uhr &#8211; Mitternacht<\/li>\n<\/ul>\n<\/div>\n<\/div>\n<\/section>\n\n<section class=\"wp-block-group page-two reverse has-custom-color-1-background-color has-background has-global-padding is-layout-constrained wp-block-group-is-layout-constrained\" style=\"padding-top:10rem;padding-bottom:10rem\">\n<div class=\"wp-block-columns is-layout-flex wp-container-core-columns-is-layout-7fc3d43a wp-block-columns-is-layout-flex\">\n<div class=\"wp-block-column is-vertically-aligned-center left is-layout-flow wp-block-column-is-layout-flow\" style=\"flex-basis:40%\">\n<div class=\"wp-block-group groupe-title has-global-padding is-layout-constrained wp-block-group-is-layout-constrained\">\n<h2 class=\"wp-block-heading has-text-align-center has-base-2-color has-text-color has-link-color wp-elements-40e349da24ab7fde9d7f60c1120f2d49\">Brot- und Geb\u00e4ckverkauf<\/h2>\n\n\n\n<div class=\"wp-block-group title-img is-layout-flow wp-block-group-is-layout-flow\">\n<figure class=\"wp-block-image aligncenter size-full\"><img decoding=\"async\" width=\"23\" height=\"22\" src=\"https:\/\/www.camping-carolins.com\/wp-content\/uploads\/2025\/05\/Calque_2-1.svg\" alt=\"Ebene_2 (1)\" class=\"wp-image-101\"\/><\/figure>\n<\/div>\n<\/div>\n\n\n\n<p class=\"has-base-2-color has-text-color has-link-color wp-elements-e1ba8643c41f8781317c00d656dfb94b\">Im Sommer bieten wir Ihnen einen <strong>Brot- und Geb\u00e4ckservice<\/strong> an, so dass Sie Ihr Fr\u00fchst\u00fcck auf dem Campingplatz einnehmen k\u00f6nnen. Was gibt es Sch\u00f6neres als<strong> den Duft von frischem Brot und leckerem Geb\u00e4ck, wenn Sie aufwachen?<\/strong> Unser Campingplatz mit Service in der Basse-Normandie ist der ideale Ort, wenn Sie auf der Suche nach einem familienfreundlichen und geselligen Urlaub sind. <\/p>\n\n\n\n<div class=\"wp-block-group groupe-title has-global-padding is-layout-constrained wp-block-group-is-layout-constrained\">\n<h2 class=\"wp-block-heading has-text-align-center has-base-2-color has-text-color has-link-color wp-elements-6e962307c942ccff0402edf6157a83aa\" style=\"margin-top:var(--wp--preset--spacing--30)\"><strong>Unsere umweltbewussten Gesten<\/strong> <br\/>im Alltag<\/h2>\n\n\n\n<div class=\"wp-block-group title-img is-layout-flow wp-block-group-is-layout-flow\">\n<figure class=\"wp-block-image aligncenter size-full\"><img decoding=\"async\" width=\"23\" height=\"22\" src=\"https:\/\/www.camping-carolins.com\/wp-content\/uploads\/2025\/05\/Calque_2-1.svg\" alt=\"Ebene_2 (1)\" class=\"wp-image-101\"\/><\/figure>\n<\/div>\n<\/div>\n\n\n\n<p class=\"has-base-2-color has-text-color has-link-color wp-elements-59d554fe396948e680a4a7c902e2d6d3\">Auf Camping**** Les Carolins arbeiten wir jeden Tag daran,<strong>unseren Einfluss auf die Umwelt<\/strong> zu reduzieren. Wir achten auf M\u00fclltrennung <strong>und<\/strong> Recycling, verwenden Abf\u00e4lle, <strong>um<\/strong> die Tiere unserer Mini-Farm zu f\u00fcttern, verbrauchen Wasser und Energie und verwenden nat\u00fcrliche Materialien wie Stein und Holz. <\/p>\n<\/div>\n\n\n\n<div class=\"wp-block-column is-vertically-aligned-top right is-layout-flow wp-block-column-is-layout-flow\">\n<div data-swiper=\"{&quot;speed&quot;:400,&quot;spaceBetween&quot;:16,&quot;slidesPerView&quot;:1,&quot;createElements&quot;:true,&quot;loop&quot;:true,&quot;freemode&quot;:true,&quot;pagination&quot;:{&quot;el&quot;:&quot;.swiper-pagination&quot;,&quot;dynamicBullets&quot;:true},&quot;breakpoints&quot;:[{&quot;slidesPerView&quot;:1}],&quot;effect&quot;:&quot;fade&quot;,&quot;navigation&quot;:false,&quot;autoplay&quot;:{&quot;delay&quot;:5000}}\" class=\"wp-block-group gt-is-slider gt-is-slider-desktop has-global-padding is-layout-constrained wp-block-group-is-layout-constrained\">\n<figure class=\"wp-block-image size-full animated fadeIn slow\"><img decoding=\"async\" width=\"836\" height=\"556\" src=\"https:\/\/www.camping-carolins.com\/wp-content\/uploads\/2025\/06\/le-depot-de-pain-et-viennoiseries.jpg\" alt=\"Brot- und Geb&#xE4;ckverkauf\" class=\"wp-image-4311\" srcset=\"https:\/\/www.camping-carolins.com\/wp-content\/uploads\/2025\/06\/le-depot-de-pain-et-viennoiseries.jpg 836w, https:\/\/www.camping-carolins.com\/wp-content\/uploads\/2025\/06\/le-depot-de-pain-et-viennoiseries-300x200.jpg 300w, https:\/\/www.camping-carolins.com\/wp-content\/uploads\/2025\/06\/le-depot-de-pain-et-viennoiseries-768x511.jpg 768w\" sizes=\"(max-width: 836px) 100vw, 836px\" \/><\/figure>\n\n\n\n<figure class=\"wp-block-image size-full animated fadeIn slow\"><img decoding=\"async\" width=\"836\" height=\"556\" src=\"https:\/\/www.camping-carolins.com\/wp-content\/uploads\/2025\/06\/nos-gestes-eco-responsables-au-quotidien.jpg\" alt=\"unsere umweltbewussten Gesten im Alltag\" class=\"wp-image-4313\" srcset=\"https:\/\/www.camping-carolins.com\/wp-content\/uploads\/2025\/06\/nos-gestes-eco-responsables-au-quotidien.jpg 836w, https:\/\/www.camping-carolins.com\/wp-content\/uploads\/2025\/06\/nos-gestes-eco-responsables-au-quotidien-300x200.jpg 300w, https:\/\/www.camping-carolins.com\/wp-content\/uploads\/2025\/06\/nos-gestes-eco-responsables-au-quotidien-768x511.jpg 768w\" sizes=\"(max-width: 836px) 100vw, 836px\" \/><\/figure>\n\n\n\n<figure class=\"wp-block-image size-full\"><img decoding=\"async\" width=\"836\" height=\"556\" src=\"https:\/\/www.camping-carolins.com\/wp-content\/uploads\/2025\/06\/nourrir-les-animaux-de-notre-mini-ferme.jpg\" alt=\"die Tiere auf unserer Mini-Farm zu f&#xFC;ttern\" class=\"wp-image-4315\" srcset=\"https:\/\/www.camping-carolins.com\/wp-content\/uploads\/2025\/06\/nourrir-les-animaux-de-notre-mini-ferme.jpg 836w, https:\/\/www.camping-carolins.com\/wp-content\/uploads\/2025\/06\/nourrir-les-animaux-de-notre-mini-ferme-300x200.jpg 300w, https:\/\/www.camping-carolins.com\/wp-content\/uploads\/2025\/06\/nourrir-les-animaux-de-notre-mini-ferme-768x511.jpg 768w\" sizes=\"(max-width: 836px) 100vw, 836px\" \/><\/figure>\n<\/div>\n<\/div>\n<\/div>\n<\/section>\n\n<section class=\"wp-block-group page-two slider has-global-padding is-layout-constrained wp-block-group-is-layout-constrained\" style=\"padding-top:10rem;padding-bottom:var(--wp--preset--spacing--50)\">\n<div class=\"wp-block-columns is-layout-flex wp-container-core-columns-is-layout-28f84493 wp-block-columns-is-layout-flex\">\n<div class=\"wp-block-column left is-layout-flow wp-block-column-is-layout-flow\">\n<div class=\"wp-block-group has-global-padding is-layout-constrained wp-block-group-is-layout-constrained\">\n<figure class=\"wp-block-image size-full animated fadeIn slow\"><img decoding=\"async\" width=\"1200\" height=\"800\" src=\"https:\/\/www.camping-carolins.com\/wp-content\/uploads\/2025\/12\/location-draps-et-serviettes.jpeg\" alt=\"Miete von Bettw&#xE4;sche und Handt&#xFC;chern\" class=\"wp-image-69805\" style=\"aspect-ratio:4\/3;object-fit:cover\" srcset=\"https:\/\/www.camping-carolins.com\/wp-content\/uploads\/2025\/12\/location-draps-et-serviettes.jpeg 1200w, https:\/\/www.camping-carolins.com\/wp-content\/uploads\/2025\/12\/location-draps-et-serviettes-300x200.jpeg 300w, https:\/\/www.camping-carolins.com\/wp-content\/uploads\/2025\/12\/location-draps-et-serviettes-1024x683.jpeg 1024w, https:\/\/www.camping-carolins.com\/wp-content\/uploads\/2025\/12\/location-draps-et-serviettes-768x512.jpeg 768w\" sizes=\"(max-width: 1200px) 100vw, 1200px\" \/><\/figure>\n<\/div>\n<\/div>\n\n\n\n<div class=\"wp-block-column is-vertically-aligned-center right has-link-color wp-elements-0fc9c97573495feb5050acb822b70ab1 is-layout-flow wp-block-column-is-layout-flow\">\n<div class=\"wp-block-group groupe-title has-global-padding is-layout-constrained wp-block-group-is-layout-constrained\">\n<h2 class=\"wp-block-heading has-text-align-center has-custom-color-1-color has-text-color has-link-color wp-elements-d599f69c375bbbbc5564d844e8d70ae5\">Vermietung von <strong>Bettw\u00e4sche und <\/strong><br\/><strong>von Handt\u00fcchern<\/strong><\/h2>\n\n\n\n<div class=\"wp-block-group title-img is-layout-flow wp-block-group-is-layout-flow\">\n<figure class=\"wp-block-image aligncenter size-full\"><img decoding=\"async\" width=\"23\" height=\"22\" src=\"https:\/\/www.camping-carolins.com\/wp-content\/uploads\/2025\/05\/Calque_2-1.svg\" alt=\"Planschbecken\" class=\"wp-image-101\"\/><\/figure>\n<\/div>\n<\/div>\n\n\n\n<p style=\"padding-top:var(--wp--preset--spacing--20);padding-right:var(--wp--preset--spacing--40);padding-left:var(--wp--preset--spacing--40)\">Um Ihren Aufenthalt zu erleichtern und Ihnen zu erm\u00f6glichen, mit weniger Gep\u00e4ck zu reisen, bieten wir einen <strong>Mietservice f\u00fcr Bettw\u00e4sche und Handt\u00fccher<\/strong> an. Ob Sie einen kurzen Aufenthalt oder einen l\u00e4ngeren Urlaub haben, Sie k\u00f6nnen von sauberer, bequemer und gebrauchsfertiger W\u00e4sche profitieren. <\/p>\n\n\n\n<p style=\"padding-top:var(--wp--preset--spacing--20);padding-right:var(--wp--preset--spacing--40);padding-left:var(--wp--preset--spacing--40)\">Wenn Sie die W\u00e4sche im Voraus buchen, k\u00f6nnen wir die Bettw\u00e4sche und Handt\u00fccher vor Ihrer Ankunft direkt in Ihrem Mobilheim deponieren, so dass alles bereit ist, wenn Sie sich einrichten.<br\/>Andernfalls erfolgt die Bereitstellung einfach an der Rezeption, wo Sie auch die aktuellen Preise erfahren k\u00f6nnen.<\/p>\n\n\n\n<p style=\"padding-top:var(--wp--preset--spacing--20);padding-right:var(--wp--preset--spacing--40);padding-left:var(--wp--preset--spacing--40)\">Ein <strong>praktischer und flexibler Service<\/strong>, der Ihren Aufenthalt noch angenehmer machen soll.<\/p>\n<\/div>\n<\/div>\n<\/section>\n\n<section class=\"wp-block-group page-maillage has-global-padding is-layout-constrained wp-block-group-is-layout-constrained\" style=\"padding-top:10rem;padding-bottom:10rem\">\n<div class=\"wp-block-group title-page-maillage has-global-padding is-layout-constrained wp-block-group-is-layout-constrained\" style=\"margin-bottom:var(--wp--preset--spacing--40);line-height:0.8\">\n<p class=\"has-text-align-center has-text-color has-link-color has-pl-miamo-semibold-font-family wp-elements-b2db5b7042bc4866fc6eb8d559420f26\" style=\"color:#d9ae89;font-size:clamp(20.515px, 1.282rem + ((1vw - 3.2px) * 1.058), 33px);\">Entdecken Sie unsere Animationen<\/p>\n\n\n\n<p class=\"has-text-align-center has-custom-color-1-color has-text-color has-link-color has-pl-miamo-semibold-font-family wp-elements-0c1c63069c2e311563a8da5386f5a271\" style=\"font-size:clamp(29.303px, 1.831rem + ((1vw - 3.2px) * 1.839), 51px);text-transform:uppercase\">unser Pool &amp; unsere Mietunterk\u00fcnfte<\/p>\n<\/div>\n\n\n\n<div data-wp-context=\"{}\" data-wp-interactive=\"core\/query\" data-wp-key=\"1\" data-wp-router-region=\"query-1\" class=\"wp-block-query alignwide gt-fse-maillage-query is-layout-flow wp-block-query-is-layout-flow\"><ul class=\"columns-3 wp-block-post-template is-layout-grid wp-container-core-post-template-is-layout-6d3fbd8f wp-block-post-template-is-layout-grid\"><li data-wp-key=\"post-template-item-33415\" class=\"wp-block-post post-33415 page type-page status-publish has-post-thumbnail hentry\">\n<figure class=\"wp-block-post-featured-image\"><img decoding=\"async\" width=\"2045\" height=\"1365\" src=\"https:\/\/www.camping-carolins.com\/wp-content\/uploads\/2025\/06\/camping-animations-cotentin.jpg\" class=\"attachment-full size-full wp-post-image\" alt=\"camping animations cotentin\" style=\"object-fit:cover;\" srcset=\"https:\/\/www.camping-carolins.com\/wp-content\/uploads\/2025\/06\/camping-animations-cotentin.jpg 2045w, https:\/\/www.camping-carolins.com\/wp-content\/uploads\/2025\/06\/camping-animations-cotentin-300x200.jpg 300w, https:\/\/www.camping-carolins.com\/wp-content\/uploads\/2025\/06\/camping-animations-cotentin-1024x684.jpg 1024w, https:\/\/www.camping-carolins.com\/wp-content\/uploads\/2025\/06\/camping-animations-cotentin-768x513.jpg 768w, https:\/\/www.camping-carolins.com\/wp-content\/uploads\/2025\/06\/camping-animations-cotentin-1536x1025.jpg 1536w\" sizes=\"(max-width: 2045px) 100vw, 2045px\" \/><span class=\"wp-block-post-featured-image__overlay has-background-dim has-background-dim-40 has-custom-color-5-background-color\" style=\"\" aria-hidden=\"true\"><\/span><\/figure>\n\n\n<p class=\"maillage-title has-pl-miamo-medium-font-family\" style=\"font-size:clamp(14px, 0.875rem + ((1vw - 3.2px) * 0.508), 20px);letter-spacing:10px;text-transform:uppercase\">Animationen<\/p>\n\n\n<a class=\"is-style-lien-cover wp-block-read-more\" href=\"https:\/\/www.camping-carolins.com\/de\/campingplatz-animationen-port-bail-sur-mer\/\" target=\"_self\">Weiterlesen<span class=\"screen-reader-text\">: Animationen<\/span><\/a>\n<\/li><li data-wp-key=\"post-template-item-33105\" class=\"wp-block-post post-33105 page type-page status-publish has-post-thumbnail hentry\">\n<figure class=\"wp-block-post-featured-image\"><img decoding=\"async\" width=\"1920\" height=\"1280\" src=\"https:\/\/www.camping-carolins.com\/wp-content\/uploads\/2025\/06\/location-mobil-home-port-bail-sur-mer-2.jpg\" class=\"attachment-full size-full wp-post-image\" alt=\"location mobil home port bail sur mer\" style=\"object-fit:cover;\" srcset=\"https:\/\/www.camping-carolins.com\/wp-content\/uploads\/2025\/06\/location-mobil-home-port-bail-sur-mer-2.jpg 1920w, https:\/\/www.camping-carolins.com\/wp-content\/uploads\/2025\/06\/location-mobil-home-port-bail-sur-mer-2-300x200.jpg 300w, https:\/\/www.camping-carolins.com\/wp-content\/uploads\/2025\/06\/location-mobil-home-port-bail-sur-mer-2-1024x683.jpg 1024w, https:\/\/www.camping-carolins.com\/wp-content\/uploads\/2025\/06\/location-mobil-home-port-bail-sur-mer-2-768x512.jpg 768w, https:\/\/www.camping-carolins.com\/wp-content\/uploads\/2025\/06\/location-mobil-home-port-bail-sur-mer-2-1536x1024.jpg 1536w\" sizes=\"(max-width: 1920px) 100vw, 1920px\" \/><span class=\"wp-block-post-featured-image__overlay has-background-dim has-background-dim-40 has-custom-color-5-background-color\" style=\"\" aria-hidden=\"true\"><\/span><\/figure>\n\n\n<p class=\"maillage-title has-pl-miamo-medium-font-family\" style=\"font-size:clamp(14px, 0.875rem + ((1vw - 3.2px) * 0.508), 20px);letter-spacing:10px;text-transform:uppercase\">Mietwohnungen<\/p>\n\n\n<a class=\"is-style-lien-cover wp-block-read-more\" href=\"https:\/\/www.camping-carolins.com\/de\/mobilheimvermietung-port-bail-sur-mer\/\" target=\"_self\">Weiterlesen<span class=\"screen-reader-text\">: Mobilheimvermietung<\/span><\/a>\n<\/li><li data-wp-key=\"post-template-item-32732\" class=\"wp-block-post post-32732 page type-page status-publish has-post-thumbnail hentry\">\n<figure class=\"wp-block-post-featured-image\"><img decoding=\"async\" width=\"2000\" height=\"1333\" src=\"https:\/\/www.camping-carolins.com\/wp-content\/uploads\/2025\/05\/camping-piscine-cotentin.jpg\" class=\"attachment-full size-full wp-post-image\" alt=\"campingplatz swimmingpool cotentin\" style=\"object-fit:cover;\" srcset=\"https:\/\/www.camping-carolins.com\/wp-content\/uploads\/2025\/05\/camping-piscine-cotentin.jpg 2000w, https:\/\/www.camping-carolins.com\/wp-content\/uploads\/2025\/05\/camping-piscine-cotentin-300x200.jpg 300w, https:\/\/www.camping-carolins.com\/wp-content\/uploads\/2025\/05\/camping-piscine-cotentin-1024x682.jpg 1024w, https:\/\/www.camping-carolins.com\/wp-content\/uploads\/2025\/05\/camping-piscine-cotentin-768x512.jpg 768w, https:\/\/www.camping-carolins.com\/wp-content\/uploads\/2025\/05\/camping-piscine-cotentin-1536x1024.jpg 1536w\" sizes=\"(max-width: 2000px) 100vw, 2000px\" \/><span class=\"wp-block-post-featured-image__overlay has-background-dim has-background-dim-40 has-custom-color-5-background-color\" style=\"\" aria-hidden=\"true\"><\/span><\/figure>\n\n\n<p class=\"maillage-title has-pl-miamo-medium-font-family\" style=\"font-size:clamp(14px, 0.875rem + ((1vw - 3.2px) * 0.508), 20px);letter-spacing:10px;text-transform:uppercase\">Swimmingpool<\/p>\n\n\n<a class=\"is-style-lien-cover wp-block-read-more\" href=\"https:\/\/www.camping-carolins.com\/de\/campingplatz-beheiztes-schwimmbad-port-bail-sur-mer\/\" target=\"_self\">Weiterlesen<span class=\"screen-reader-text\">: Swimmingpool<\/span><\/a>\n<\/li><\/ul><\/div>\n<\/section>\n","protected":false},"excerpt":{"rendered":"<p>Campingplatz mit Dienstleistungen in Cotentin Die Rezeption des Campingplatzes Willkommen auf unserem Campingplatz mit Service in der Region Cotentin, in Port-Bail-sur-Mer: Les Carolins. Hier ist alles darauf ausgerichtet, dass Sie Ihren Urlaub mit der Familie oder mit Freunden in aller Ruhe genie\u00dfen k\u00f6nnen. Keine l\u00e4stigen Formalit\u00e4ten mehr: keine Kaution, kein \u00dcbergabeprotokoll bei der Ankunft oder [&hellip;]<\/p>\n","protected":false},"author":1,"featured_media":33427,"parent":0,"menu_order":0,"comment_status":"closed","ping_status":"closed","template":"","meta":{"_acf_changed":false,"_seopress_robots_primary_cat":"","_seopress_titles_title":"Campingplatz Dienstleistungen Cotentin I Familien-Campingplatz in der Basse-Normandie","_seopress_titles_desc":"Entdecken Sie einen Campingplatz mit Service im Herzen von Cotentin und erleben Sie einen unvergesslichen Urlaub mit der Familie oder mit Freunden in unmittelbarer N\u00e4he der Natur.","_seopress_robots_index":"","_gt_ctv_global_id":"18164","_gt_ctv_id_group":false,"inline_featured_image":false,"gt_fse_maillage_image":"https:\/\/www.camping-carolins.com\/wp-content\/uploads\/2025\/06\/carolins-camping-services-port-bail-sur-mer-1.jpg","gt_fse_maillage_titre":"Dienste","gt_fse_maillage_alt":"Dienste","gt_fse_maillage_resume":"","footnotes":""},"categories":[],"tags":[],"class_list":["post-33401","page","type-page","status-publish","has-post-thumbnail","hentry"],"acf":[],"_links":{"self":[{"href":"https:\/\/www.camping-carolins.com\/de\/wp-json\/wp\/v2\/pages\/33401","targetHints":{"allow":["GET"]}}],"collection":[{"href":"https:\/\/www.camping-carolins.com\/de\/wp-json\/wp\/v2\/pages"}],"about":[{"href":"https:\/\/www.camping-carolins.com\/de\/wp-json\/wp\/v2\/types\/page"}],"author":[{"embeddable":true,"href":"https:\/\/www.camping-carolins.com\/de\/wp-json\/wp\/v2\/users\/1"}],"replies":[{"embeddable":true,"href":"https:\/\/www.camping-carolins.com\/de\/wp-json\/wp\/v2\/comments?post=33401"}],"version-history":[{"count":14,"href":"https:\/\/www.camping-carolins.com\/de\/wp-json\/wp\/v2\/pages\/33401\/revisions"}],"predecessor-version":[{"id":69813,"href":"https:\/\/www.camping-carolins.com\/de\/wp-json\/wp\/v2\/pages\/33401\/revisions\/69813"}],"wp:featuredmedia":[{"embeddable":true,"href":"https:\/\/www.camping-carolins.com\/de\/wp-json\/wp\/v2\/media\/33427"}],"wp:attachment":[{"href":"https:\/\/www.camping-carolins.com\/de\/wp-json\/wp\/v2\/media?parent=33401"}],"wp:term":[{"taxonomy":"category","embeddable":true,"href":"https:\/\/www.camping-carolins.com\/de\/wp-json\/wp\/v2\/categories?post=33401"},{"taxonomy":"post_tag","embeddable":true,"href":"https:\/\/www.camping-carolins.com\/de\/wp-json\/wp\/v2\/tags?post=33401"}],"curies":[{"name":"wp","href":"https:\/\/api.w.org\/{rel}","templated":true}]}}